{"id":7968,"date":"2021-04-08T11:54:08","date_gmt":"2021-04-08T09:54:08","guid":{"rendered":"https:\/\/www.ims-chips.de\/?page_id=7968"},"modified":"2023-10-13T11:49:03","modified_gmt":"2023-10-13T09:49:03","slug":"news-archiv","status":"publish","type":"page","link":"https:\/\/www.ims-chips.de\/?page_id=7968","title":{"rendered":"News Archiv"},"content":{"rendered":"\t\t<div data-elementor-type=\"wp-page\" data-elementor-id=\"7968\" class=\"elementor elementor-7968\">\n\t\t\t\t\t\t<section class=\"elementor-section elementor-top-section elementor-element elementor-element-351bb3d elementor-section-boxed elementor-section-height-default elementor-section-height-default exad-glass-effect-no exad-sticky-section-no\" data-id=\"351bb3d\" data-element_type=\"section\" data-e-type=\"section\" data-settings=\"{&quot;background_background&quot;:&quot;classic&quot;,&quot;shape_divider_bottom&quot;:&quot;curve&quot;,&quot;shape_divider_bottom_negative&quot;:&quot;yes&quot;}\">\n\t\t\t\t\t\t\t<div class=\"elementor-background-overlay\"><\/div>\n\t\t\t\t\t\t<div class=\"elementor-shape elementor-shape-bottom\" aria-hidden=\"true\" data-negative=\"true\">\n\t\t\t<svg xmlns=\"http:\/\/www.w3.org\/2000\/svg\" viewBox=\"0 0 1000 100\" preserveAspectRatio=\"none\">\n\t<path class=\"elementor-shape-fill\" d=\"M500,97C126.7,96.3,0.8,19.8,0,0v100l1000,0V1C1000,19.4,873.3,97.8,500,97z\"\/>\n<\/svg>\t\t<\/div>\n\t\t\t\t\t<div class=\"elementor-container elementor-column-gap-default\">\n\t\t\t\t\t<div class=\"elementor-column elementor-col-100 elementor-top-column elementor-element elementor-element-531617f3 exad-glass-effect-no exad-sticky-section-no\" data-id=\"531617f3\" data-element_type=\"column\" data-e-type=\"column\">\n\t\t\t<div class=\"elementor-widget-wrap\">\n\t\t\t\t\t\t\t<\/div>\n\t\t<\/div>\n\t\t\t\t\t<\/div>\n\t\t<\/section>\n\t\t\t\t<section class=\"elementor-section elementor-top-section elementor-element elementor-element-ebb5978 elementor-section-boxed elementor-section-height-default elementor-section-height-default exad-glass-effect-no exad-sticky-section-no\" data-id=\"ebb5978\" data-element_type=\"section\" data-e-type=\"section\">\n\t\t\t\t\t\t<div class=\"elementor-container elementor-column-gap-default\">\n\t\t\t\t\t<div class=\"elementor-column elementor-col-100 elementor-top-column elementor-element elementor-element-6fd0de5 exad-glass-effect-no exad-sticky-section-no\" data-id=\"6fd0de5\" data-element_type=\"column\" data-e-type=\"column\">\n\t\t\t<div class=\"elementor-widget-wrap elementor-element-populated\">\n\t\t\t\t\t\t<div class=\"elementor-element elementor-element-94f58f4 exad-sticky-section-no exad-glass-effect-no elementor-widget elementor-widget-heading\" data-id=\"94f58f4\" data-element_type=\"widget\" data-e-type=\"widget\" data-widget_type=\"heading.default\">\n\t\t\t\t<div class=\"elementor-widget-container\">\n\t\t\t\t\t<h2 class=\"elementor-heading-title elementor-size-xl\">News-Archiv<\/h2>\t\t\t\t<\/div>\n\t\t\t\t<\/div>\n\t\t\t\t\t<\/div>\n\t\t<\/div>\n\t\t\t\t\t<\/div>\n\t\t<\/section>\n\t\t\t\t<section class=\"elementor-section elementor-top-section elementor-element elementor-element-01a7b22 elementor-section-boxed elementor-section-height-default elementor-section-height-default exad-glass-effect-no exad-sticky-section-no\" data-id=\"01a7b22\" data-element_type=\"section\" data-e-type=\"section\">\n\t\t\t\t\t\t<div class=\"elementor-container elementor-column-gap-default\">\n\t\t\t\t\t<div class=\"elementor-column elementor-col-100 elementor-top-column elementor-element elementor-element-816e1f5 exad-glass-effect-no exad-sticky-section-no\" data-id=\"816e1f5\" data-element_type=\"column\" data-e-type=\"column\">\n\t\t\t<div class=\"elementor-widget-wrap elementor-element-populated\">\n\t\t\t\t\t\t<div class=\"elementor-element elementor-element-2eafc15 elementor-icon-list--layout-traditional elementor-list-item-link-full_width exad-sticky-section-no exad-glass-effect-no elementor-widget elementor-widget-icon-list\" data-id=\"2eafc15\" data-element_type=\"widget\" data-e-type=\"widget\" data-widget_type=\"icon-list.default\">\n\t\t\t\t<div class=\"elementor-widget-container\">\n\t\t\t\t\t\t\t<ul class=\"elementor-icon-list-items\">\n\t\t\t\t\t\t\t<li class=\"elementor-icon-list-item\">\n\t\t\t\t\t\t\t\t\t\t\t<a href=\"https:\/\/www.ims-chips.de\/\/?page_id=564\">\n\n\t\t\t\t\t\t\t\t\t\t\t\t<span class=\"elementor-icon-list-icon\">\n\t\t\t\t\t\t\t<i aria-hidden=\"true\" class=\"fas fa-dot-circle\"><\/i>\t\t\t\t\t\t<\/span>\n\t\t\t\t\t\t\t\t\t\t<span class=\"elementor-icon-list-text\">Newsletter abonnieren<\/span>\n\t\t\t\t\t\t\t\t\t\t\t<\/a>\n\t\t\t\t\t\t\t\t\t<\/li>\n\t\t\t\t\t\t<\/ul>\n\t\t\t\t\t\t<\/div>\n\t\t\t\t<\/div>\n\t\t\t\t\t<\/div>\n\t\t<\/div>\n\t\t\t\t\t<\/div>\n\t\t<\/section>\n\t\t\t\t<section class=\"elementor-section elementor-top-section elementor-element elementor-element-e65b342 elementor-section-boxed elementor-section-height-default elementor-section-height-default exad-glass-effect-no exad-sticky-section-no\" data-id=\"e65b342\" data-element_type=\"section\" data-e-type=\"section\" data-settings=\"{&quot;animation&quot;:&quot;none&quot;}\">\n\t\t\t\t\t\t<div class=\"elementor-container elementor-column-gap-default\">\n\t\t\t\t\t<div class=\"elementor-column elementor-col-100 elementor-top-column elementor-element elementor-element-7c55354 exad-glass-effect-no exad-sticky-section-no\" data-id=\"7c55354\" data-element_type=\"column\" data-e-type=\"column\">\n\t\t\t<div class=\"elementor-widget-wrap elementor-element-populated\">\n\t\t\t\t\t\t<div class=\"elementor-element elementor-element-f929a29 anwp-grid_card_bg_effect-darken_only anwp-pg-widget-header-style--b anwp-pg-post-teaser__post-icon--size-16 exad-sticky-section-no exad-glass-effect-no elementor-widget elementor-widget-anwp-pg-classic-grid\" data-id=\"f929a29\" data-element_type=\"widget\" data-e-type=\"widget\" data-widget_type=\"anwp-pg-classic-grid.default\">\n\t\t\t\t<div class=\"elementor-widget-container\">\n\t\t\t\t\t<div class=\"anwp-pg-wrap\">\n\n\t\n\t<div class=\"d-flex anwp-row flex-wrap anwp-pg-classic-grid anwp-pg-posts-wrapper\">\n\t\t<div class=\"anwp-pg-post-teaser anwp-pg-post-teaser--inner-cover-link anwp-pg-post-teaser--layout-d d-flex flex-column anwp-col-lg-3 anwp-col-sm-6 anwp-col-12 anwp-pg-post-teaser--with-read-more \">\n\t<div class=\"anwp-pg-post-teaser__thumbnail position-relative\">\n\n\t\t\n\t\t\n\t\t\t\t\t<img loading=\"lazy\" class=\"anwp-pg-post-teaser__thumbnail-img d-block anwp-pg-height-170 anwp-object-cover m-0 w-100\"\n\t\t\t\talt=\"Photonik f\u00fcr energieeffiziente KI\"\n\t\t\t\tsrc=\"https:\/\/www.ims-chips.de\/wp-content\/uploads\/2026\/03\/ChatGPT-Image-2.-Maerz-2026-09_05_14.png\"\/>\n\t\t\n\t\t<div class=\"anwp-pg-post-teaser__thumbnail-bg anwp-position-cover\"><\/div>\n\n\t\t<a class=\"anwp-position-cover anwp-link-without-effects\" href=\"https:\/\/www.ims-chips.de\/?p=13622\" aria-hidden=\"true\" ><\/a>\n\t<\/div>\n\n\t<div class=\"anwp-pg-post-teaser__content flex-grow-1 pt-1 d-flex flex-column\">\n\n\t\t<div class=\"anwp-pg-post-teaser__title anwp-font-heading mt-2\">\n\t\t\t<a class=\"anwp-link-without-effects\" href=\"https:\/\/www.ims-chips.de\/?p=13622\" aria-hidden=\"true\" >\n\t\t\t\tPhotonik f\u00fcr energieeffiziente KI\t\t\t<\/a>\n\t\t<\/div>\n\n\t\t<div class=\"anwp-pg-post-teaser__bottom-meta d-flex flex-wrap\">\n\n\t\t\t\t\t\t\t<div class=\"anwp-pg-post-teaser__bottom-meta-item d-flex align-items-center mr-3\">\n\t\t\t\t\t<svg class=\"anwp-pg-icon anwp-pg-icon--s16 mr-1\">\n\t\t\t\t\t\t<use xlink:href=\"#icon-anwp-pg-calendar\"><\/use>\n\t\t\t\t\t<\/svg>\n\t\t\t\t\t<span class=\"posted-on m-0\"><span class=\"screen-reader-text\">Posted on<\/span><time class=\"anwp-pg-published\" datetime=\"2026-03-02T09:06:06+01:00\">2. M\u00e4rz 2026<\/time><time class=\"anwp-pg-updated\" datetime=\"2026-04-27T13:29:40+02:00\">27. April 2026<\/time><\/span>\n\t\t\t\t<\/div>\n\t\t\t\t\n\t\t\t\t\t<\/div>\n\n\t\t\t\t\t<div class=\"anwp-pg-post-teaser__excerpt mb-2\">\n\t\t\t\tSZ Dossier \u00fcber Q.ANT &amp; IMS CHIPS: Photonische Prozessoren als KI-Zukunft.\t\t\t<\/div>\n\t\t\n\t\t\t\t\t<div class=\"w-100 anwp-pg-read-more mt-auto\">\n\t\t\t\t<a href=\"https:\/\/www.ims-chips.de\/?p=13622\" \t\t\t\t\tclass=\"anwp-pg-read-more__btn mt-3 mb-0 &lt;button type=&quot;button&quot; class=&quot;btn btn-link&quot; &gt;Link&lt;\/button&gt;\">\n\t\t\t\t\tweiterlesen &gt;&gt;\t\t\t\t<\/a>\n\t\t\t<\/div>\n\t\t\n\t<\/div>\n\n<\/div>\n<div class=\"anwp-pg-post-teaser anwp-pg-post-teaser--inner-cover-link anwp-pg-post-teaser--layout-d d-flex flex-column anwp-col-lg-3 anwp-col-sm-6 anwp-col-12 anwp-pg-post-teaser--with-read-more \">\n\t<div class=\"anwp-pg-post-teaser__thumbnail position-relative\">\n\n\t\t\n\t\t\n\t\t\t\t\t<img loading=\"lazy\" class=\"anwp-pg-post-teaser__thumbnail-img d-block anwp-pg-height-170 anwp-object-cover m-0 w-100\"\n\t\t\t\talt=\"\u00dcberblick und Kernaussagen\"\n\t\t\t\tsrc=\"https:\/\/www.ims-chips.de\/wp-content\/uploads\/2026\/02\/Image-12.-Feb.jpg\"\/>\n\t\t\n\t\t<div class=\"anwp-pg-post-teaser__thumbnail-bg anwp-position-cover\"><\/div>\n\n\t\t<a class=\"anwp-position-cover anwp-link-without-effects\" href=\"https:\/\/www.ims-chips.de\/?p=13612\" aria-hidden=\"true\" ><\/a>\n\t<\/div>\n\n\t<div class=\"anwp-pg-post-teaser__content flex-grow-1 pt-1 d-flex flex-column\">\n\n\t\t<div class=\"anwp-pg-post-teaser__title anwp-font-heading mt-2\">\n\t\t\t<a class=\"anwp-link-without-effects\" href=\"https:\/\/www.ims-chips.de\/?p=13612\" aria-hidden=\"true\" >\n\t\t\t\t\u00dcberblick und Kernaussagen\t\t\t<\/a>\n\t\t<\/div>\n\n\t\t<div class=\"anwp-pg-post-teaser__bottom-meta d-flex flex-wrap\">\n\n\t\t\t\t\t\t\t<div class=\"anwp-pg-post-teaser__bottom-meta-item d-flex align-items-center mr-3\">\n\t\t\t\t\t<svg class=\"anwp-pg-icon anwp-pg-icon--s16 mr-1\">\n\t\t\t\t\t\t<use xlink:href=\"#icon-anwp-pg-calendar\"><\/use>\n\t\t\t\t\t<\/svg>\n\t\t\t\t\t<span class=\"posted-on m-0\"><span class=\"screen-reader-text\">Posted on<\/span><time class=\"anwp-pg-published\" datetime=\"2026-02-12T11:34:40+01:00\">12. Februar 2026<\/time><time class=\"anwp-pg-updated\" datetime=\"2026-04-27T10:59:20+02:00\">27. April 2026<\/time><\/span>\n\t\t\t\t<\/div>\n\t\t\t\t\n\t\t\t\t\t<\/div>\n\n\t\t\t\t\t<div class=\"anwp-pg-post-teaser__excerpt mb-2\">\n\t\t\t\tPDF Dokument\t\t\t<\/div>\n\t\t\n\t\t\t\t\t<div class=\"w-100 anwp-pg-read-more mt-auto\">\n\t\t\t\t<a href=\"https:\/\/www.ims-chips.de\/?p=13612\" \t\t\t\t\tclass=\"anwp-pg-read-more__btn mt-3 mb-0 &lt;button type=&quot;button&quot; class=&quot;btn btn-link&quot; &gt;Link&lt;\/button&gt;\">\n\t\t\t\t\tweiterlesen &gt;&gt;\t\t\t\t<\/a>\n\t\t\t<\/div>\n\t\t\n\t<\/div>\n\n<\/div>\n<div class=\"anwp-pg-post-teaser anwp-pg-post-teaser--inner-cover-link anwp-pg-post-teaser--layout-d d-flex flex-column anwp-col-lg-3 anwp-col-sm-6 anwp-col-12 anwp-pg-post-teaser--with-read-more \">\n\t<div class=\"anwp-pg-post-teaser__thumbnail position-relative\">\n\n\t\t\n\t\t\n\t\t\t\t\t<img loading=\"lazy\" class=\"anwp-pg-post-teaser__thumbnail-img d-block anwp-pg-height-170 anwp-object-cover m-0 w-100\"\n\t\t\t\talt=\"IMS CHIPS auf der SPIE Photonics West 2026\"\n\t\t\t\tsrc=\"https:\/\/www.ims-chips.de\/wp-content\/uploads\/2026\/02\/SPIE-Photonic-West.jpg\"\/>\n\t\t\n\t\t<div class=\"anwp-pg-post-teaser__thumbnail-bg anwp-position-cover\"><\/div>\n\n\t\t<a class=\"anwp-position-cover anwp-link-without-effects\" href=\"https:\/\/www.ims-chips.de\/?p=13597\" aria-hidden=\"true\" ><\/a>\n\t<\/div>\n\n\t<div class=\"anwp-pg-post-teaser__content flex-grow-1 pt-1 d-flex flex-column\">\n\n\t\t<div class=\"anwp-pg-post-teaser__title anwp-font-heading mt-2\">\n\t\t\t<a class=\"anwp-link-without-effects\" href=\"https:\/\/www.ims-chips.de\/?p=13597\" aria-hidden=\"true\" >\n\t\t\t\tIMS CHIPS auf der SPIE Photonics West 2026\t\t\t<\/a>\n\t\t<\/div>\n\n\t\t<div class=\"anwp-pg-post-teaser__bottom-meta d-flex flex-wrap\">\n\n\t\t\t\t\t\t\t<div class=\"anwp-pg-post-teaser__bottom-meta-item d-flex align-items-center mr-3\">\n\t\t\t\t\t<svg class=\"anwp-pg-icon anwp-pg-icon--s16 mr-1\">\n\t\t\t\t\t\t<use xlink:href=\"#icon-anwp-pg-calendar\"><\/use>\n\t\t\t\t\t<\/svg>\n\t\t\t\t\t<span class=\"posted-on m-0\"><span class=\"screen-reader-text\">Posted on<\/span><time class=\"anwp-pg-published\" datetime=\"2026-02-09T11:13:33+01:00\">9. Februar 2026<\/time><time class=\"anwp-pg-updated\" datetime=\"2026-04-24T13:10:24+02:00\">24. April 2026<\/time><\/span>\n\t\t\t\t<\/div>\n\t\t\t\t\n\t\t\t\t\t<\/div>\n\n\t\t\t\t\t<div class=\"anwp-pg-post-teaser__excerpt mb-2\">\n\t\t\t\tIMS CHIPS auf der SPIE Photonics West 2026: Internationale Vernetzung, wissenschaftliche Exzellenz und pers\u00f6nliche Impulse aus San Francisco.\t\t\t<\/div>\n\t\t\n\t\t\t\t\t<div class=\"w-100 anwp-pg-read-more mt-auto\">\n\t\t\t\t<a href=\"https:\/\/www.ims-chips.de\/?p=13597\" \t\t\t\t\tclass=\"anwp-pg-read-more__btn mt-3 mb-0 &lt;button type=&quot;button&quot; class=&quot;btn btn-link&quot; &gt;Link&lt;\/button&gt;\">\n\t\t\t\t\tweiterlesen &gt;&gt;\t\t\t\t<\/a>\n\t\t\t<\/div>\n\t\t\n\t<\/div>\n\n<\/div>\n<div class=\"anwp-pg-post-teaser anwp-pg-post-teaser--inner-cover-link anwp-pg-post-teaser--layout-d d-flex flex-column anwp-col-lg-3 anwp-col-sm-6 anwp-col-12 anwp-pg-post-teaser--with-read-more \">\n\t<div class=\"anwp-pg-post-teaser__thumbnail position-relative\">\n\n\t\t\n\t\t\n\t\t\t\t\t<img loading=\"lazy\" class=\"anwp-pg-post-teaser__thumbnail-img d-block anwp-pg-height-170 anwp-object-cover m-0 w-100\"\n\t\t\t\talt=\"IMS CHIPS auf der MEMS 2026 \u2013 Exzellenz, Vernetzung und Nachwuchsf\u00f6rderung\"\n\t\t\t\tsrc=\"https:\/\/www.ims-chips.de\/wp-content\/uploads\/2026\/02\/MEMS-2026_3.jpg\"\/>\n\t\t\n\t\t<div class=\"anwp-pg-post-teaser__thumbnail-bg anwp-position-cover\"><\/div>\n\n\t\t<a class=\"anwp-position-cover anwp-link-without-effects\" href=\"https:\/\/www.ims-chips.de\/?p=13586\" aria-hidden=\"true\" ><\/a>\n\t<\/div>\n\n\t<div class=\"anwp-pg-post-teaser__content flex-grow-1 pt-1 d-flex flex-column\">\n\n\t\t<div class=\"anwp-pg-post-teaser__title anwp-font-heading mt-2\">\n\t\t\t<a class=\"anwp-link-without-effects\" href=\"https:\/\/www.ims-chips.de\/?p=13586\" aria-hidden=\"true\" >\n\t\t\t\tIMS CHIPS auf der MEMS 2026 \u2013 Exzellenz, Vernetzung und Nachwuchsf\u00f6rderung\t\t\t<\/a>\n\t\t<\/div>\n\n\t\t<div class=\"anwp-pg-post-teaser__bottom-meta d-flex flex-wrap\">\n\n\t\t\t\t\t\t\t<div class=\"anwp-pg-post-teaser__bottom-meta-item d-flex align-items-center mr-3\">\n\t\t\t\t\t<svg class=\"anwp-pg-icon anwp-pg-icon--s16 mr-1\">\n\t\t\t\t\t\t<use xlink:href=\"#icon-anwp-pg-calendar\"><\/use>\n\t\t\t\t\t<\/svg>\n\t\t\t\t\t<span class=\"posted-on m-0\"><span class=\"screen-reader-text\">Posted on<\/span><time class=\"anwp-pg-published\" datetime=\"2026-02-02T07:05:10+01:00\">2. Februar 2026<\/time><time class=\"anwp-pg-updated\" datetime=\"2026-04-16T14:41:51+02:00\">16. April 2026<\/time><\/span>\n\t\t\t\t<\/div>\n\t\t\t\t\n\t\t\t\t\t<\/div>\n\n\t\t\t\t\t<div class=\"anwp-pg-post-teaser__excerpt mb-2\">\n\t\t\t\tIMS CHIPS auf der MEMS 2026: Exzellenz, Industrieaustausch und Nachwuchsf\u00f6rderung auf internationaler B\u00fchne.\t\t\t<\/div>\n\t\t\n\t\t\t\t\t<div class=\"w-100 anwp-pg-read-more mt-auto\">\n\t\t\t\t<a href=\"https:\/\/www.ims-chips.de\/?p=13586\" \t\t\t\t\tclass=\"anwp-pg-read-more__btn mt-3 mb-0 &lt;button type=&quot;button&quot; class=&quot;btn btn-link&quot; &gt;Link&lt;\/button&gt;\">\n\t\t\t\t\tweiterlesen &gt;&gt;\t\t\t\t<\/a>\n\t\t\t<\/div>\n\t\t\n\t<\/div>\n\n<\/div>\n<div class=\"anwp-pg-post-teaser anwp-pg-post-teaser--inner-cover-link anwp-pg-post-teaser--layout-d d-flex flex-column anwp-col-lg-3 anwp-col-sm-6 anwp-col-12 anwp-pg-post-teaser--with-read-more \">\n\t<div class=\"anwp-pg-post-teaser__thumbnail position-relative\">\n\n\t\t\n\t\t\n\t\t\t\t\t<img loading=\"lazy\" class=\"anwp-pg-post-teaser__thumbnail-img d-block anwp-pg-height-170 anwp-object-cover m-0 w-100\"\n\t\t\t\talt=\"50 Millionen Euro \u00a0Europ\u00e4ische Quanten Pilot P4Q startet &#8211; Deutschlands photonische Pilotlinien-Kompetenz sitzt in \u201eTHE L\u00c4ND\u201c am IMS CHIPS\"\n\t\t\t\tsrc=\"https:\/\/www.ims-chips.de\/wp-content\/uploads\/2026\/01\/Unbenannt-4.jpg\"\/>\n\t\t\n\t\t<div class=\"anwp-pg-post-teaser__thumbnail-bg anwp-position-cover\"><\/div>\n\n\t\t<a class=\"anwp-position-cover anwp-link-without-effects\" href=\"https:\/\/www.ims-chips.de\/?p=13547\" aria-hidden=\"true\" ><\/a>\n\t<\/div>\n\n\t<div class=\"anwp-pg-post-teaser__content flex-grow-1 pt-1 d-flex flex-column\">\n\n\t\t<div class=\"anwp-pg-post-teaser__title anwp-font-heading mt-2\">\n\t\t\t<a class=\"anwp-link-without-effects\" href=\"https:\/\/www.ims-chips.de\/?p=13547\" aria-hidden=\"true\" >\n\t\t\t\t50 Millionen Euro \u00a0Europ\u00e4ische Quanten Pilot P4Q startet &#8211; Deutschlands photonische Pilotlinien-Kompetenz sitzt in \u201eTHE L\u00c4ND\u201c am IMS CHIPS\t\t\t<\/a>\n\t\t<\/div>\n\n\t\t<div class=\"anwp-pg-post-teaser__bottom-meta d-flex flex-wrap\">\n\n\t\t\t\t\t\t\t<div class=\"anwp-pg-post-teaser__bottom-meta-item d-flex align-items-center mr-3\">\n\t\t\t\t\t<svg class=\"anwp-pg-icon anwp-pg-icon--s16 mr-1\">\n\t\t\t\t\t\t<use xlink:href=\"#icon-anwp-pg-calendar\"><\/use>\n\t\t\t\t\t<\/svg>\n\t\t\t\t\t<span class=\"posted-on m-0\"><span class=\"screen-reader-text\">Posted on<\/span><time class=\"anwp-pg-published\" datetime=\"2026-01-20T12:09:43+01:00\">20. Januar 2026<\/time><time class=\"anwp-pg-updated\" datetime=\"2026-04-01T13:34:06+02:00\">1. April 2026<\/time><\/span>\n\t\t\t\t<\/div>\n\t\t\t\t\n\t\t\t\t\t<\/div>\n\n\t\t\t\t\t<div class=\"anwp-pg-post-teaser__excerpt mb-2\">\n\t\t\t\tP4Q startet 2026 mit 50 Mio. \u20ac f\u00fcr skalierbare Quantenphotonik \u2013 und Deutschlands photonic Pilotline sitzt am IMS CHIPS in THE L\u00c4ND.\t\t\t<\/div>\n\t\t\n\t\t\t\t\t<div class=\"w-100 anwp-pg-read-more mt-auto\">\n\t\t\t\t<a href=\"https:\/\/www.ims-chips.de\/?p=13547\" \t\t\t\t\tclass=\"anwp-pg-read-more__btn mt-3 mb-0 &lt;button type=&quot;button&quot; class=&quot;btn btn-link&quot; &gt;Link&lt;\/button&gt;\">\n\t\t\t\t\tweiterlesen &gt;&gt;\t\t\t\t<\/a>\n\t\t\t<\/div>\n\t\t\n\t<\/div>\n\n<\/div>\n<div class=\"anwp-pg-post-teaser anwp-pg-post-teaser--inner-cover-link anwp-pg-post-teaser--layout-d d-flex flex-column anwp-col-lg-3 anwp-col-sm-6 anwp-col-12 anwp-pg-post-teaser--with-read-more \">\n\t<div class=\"anwp-pg-post-teaser__thumbnail position-relative\">\n\n\t\t\n\t\t\n\t\t\t\t\t<img loading=\"lazy\" class=\"anwp-pg-post-teaser__thumbnail-img d-block anwp-pg-height-170 anwp-object-cover m-0 w-100\"\n\t\t\t\talt=\"Lesetipp des Monats\"\n\t\t\t\tsrc=\"https:\/\/www.ims-chips.de\/wp-content\/uploads\/2026\/01\/1-s2.0-S2214180425002107-gr1_lrg.jpg\"\/>\n\t\t\n\t\t<div class=\"anwp-pg-post-teaser__thumbnail-bg anwp-position-cover\"><\/div>\n\n\t\t<a class=\"anwp-position-cover anwp-link-without-effects\" href=\"https:\/\/www.ims-chips.de\/?p=13530\" aria-hidden=\"true\" ><\/a>\n\t<\/div>\n\n\t<div class=\"anwp-pg-post-teaser__content flex-grow-1 pt-1 d-flex flex-column\">\n\n\t\t<div class=\"anwp-pg-post-teaser__title anwp-font-heading mt-2\">\n\t\t\t<a class=\"anwp-link-without-effects\" href=\"https:\/\/www.ims-chips.de\/?p=13530\" aria-hidden=\"true\" >\n\t\t\t\tLesetipp des Monats\t\t\t<\/a>\n\t\t<\/div>\n\n\t\t<div class=\"anwp-pg-post-teaser__bottom-meta d-flex flex-wrap\">\n\n\t\t\t\t\t\t\t<div class=\"anwp-pg-post-teaser__bottom-meta-item d-flex align-items-center mr-3\">\n\t\t\t\t\t<svg class=\"anwp-pg-icon anwp-pg-icon--s16 mr-1\">\n\t\t\t\t\t\t<use xlink:href=\"#icon-anwp-pg-calendar\"><\/use>\n\t\t\t\t\t<\/svg>\n\t\t\t\t\t<span class=\"posted-on m-0\"><span class=\"screen-reader-text\">Posted on<\/span><time class=\"anwp-pg-published\" datetime=\"2026-01-12T13:40:17+01:00\">12. Januar 2026<\/time><time class=\"anwp-pg-updated\" datetime=\"2026-03-20T10:43:02+01:00\">20. M\u00e4rz 2026<\/time><\/span>\n\t\t\t\t<\/div>\n\t\t\t\t\n\t\t\t\t\t<\/div>\n\n\t\t\t\t\t<div class=\"anwp-pg-post-teaser__excerpt mb-2\">\n\t\t\t\tNeue Ver\u00f6ffentlichung zeigt innovative 3D-Ans\u00e4tze zur pr\u00e4zisen Integration von Photonik und Mikrofluidik\t\t\t<\/div>\n\t\t\n\t\t\t\t\t<div class=\"w-100 anwp-pg-read-more mt-auto\">\n\t\t\t\t<a href=\"https:\/\/www.ims-chips.de\/?p=13530\" \t\t\t\t\tclass=\"anwp-pg-read-more__btn mt-3 mb-0 &lt;button type=&quot;button&quot; class=&quot;btn btn-link&quot; &gt;Link&lt;\/button&gt;\">\n\t\t\t\t\tweiterlesen &gt;&gt;\t\t\t\t<\/a>\n\t\t\t<\/div>\n\t\t\n\t<\/div>\n\n<\/div>\n<div class=\"anwp-pg-post-teaser anwp-pg-post-teaser--inner-cover-link anwp-pg-post-teaser--layout-d d-flex flex-column anwp-col-lg-3 anwp-col-sm-6 anwp-col-12 anwp-pg-post-teaser--with-read-more \">\n\t<div class=\"anwp-pg-post-teaser__thumbnail position-relative\">\n\n\t\t\n\t\t\n\t\t\t\t\t<img loading=\"lazy\" class=\"anwp-pg-post-teaser__thumbnail-img d-block anwp-pg-height-170 anwp-object-cover m-0 w-100\"\n\t\t\t\talt=\"Photonik im Fokus: Unser Beitrag bei SWR Aktuell\"\n\t\t\t\tsrc=\"https:\/\/www.ims-chips.de\/wp-content\/uploads\/2026\/01\/swr12_25.jpg\"\/>\n\t\t\n\t\t<div class=\"anwp-pg-post-teaser__thumbnail-bg anwp-position-cover\"><\/div>\n\n\t\t<a class=\"anwp-position-cover anwp-link-without-effects\" href=\"https:\/\/www.ims-chips.de\/?p=13524\" aria-hidden=\"true\" ><\/a>\n\t<\/div>\n\n\t<div class=\"anwp-pg-post-teaser__content flex-grow-1 pt-1 d-flex flex-column\">\n\n\t\t<div class=\"anwp-pg-post-teaser__title anwp-font-heading mt-2\">\n\t\t\t<a class=\"anwp-link-without-effects\" href=\"https:\/\/www.ims-chips.de\/?p=13524\" aria-hidden=\"true\" >\n\t\t\t\tPhotonik im Fokus: Unser Beitrag bei SWR Aktuell\t\t\t<\/a>\n\t\t<\/div>\n\n\t\t<div class=\"anwp-pg-post-teaser__bottom-meta d-flex flex-wrap\">\n\n\t\t\t\t\t\t\t<div class=\"anwp-pg-post-teaser__bottom-meta-item d-flex align-items-center mr-3\">\n\t\t\t\t\t<svg class=\"anwp-pg-icon anwp-pg-icon--s16 mr-1\">\n\t\t\t\t\t\t<use xlink:href=\"#icon-anwp-pg-calendar\"><\/use>\n\t\t\t\t\t<\/svg>\n\t\t\t\t\t<span class=\"posted-on m-0\"><span class=\"screen-reader-text\">Posted on<\/span><time class=\"anwp-pg-published\" datetime=\"2026-01-08T09:58:50+01:00\">8. Januar 2026<\/time><time class=\"anwp-pg-updated\" datetime=\"2026-03-20T09:26:13+01:00\">20. M\u00e4rz 2026<\/time><\/span>\n\t\t\t\t<\/div>\n\t\t\t\t\n\t\t\t\t\t<\/div>\n\n\t\t\t\t\t<div class=\"anwp-pg-post-teaser__excerpt mb-2\">\n\t\t\t\tIMS im SWR Aktuell: Prof. Dr. Niels Quack spricht \u00fcber Photonik, KI-Chips und die Zukunft mit Q.ANT.\t\t\t<\/div>\n\t\t\n\t\t\t\t\t<div class=\"w-100 anwp-pg-read-more mt-auto\">\n\t\t\t\t<a href=\"https:\/\/www.ims-chips.de\/?p=13524\" \t\t\t\t\tclass=\"anwp-pg-read-more__btn mt-3 mb-0 &lt;button type=&quot;button&quot; class=&quot;btn btn-link&quot; &gt;Link&lt;\/button&gt;\">\n\t\t\t\t\tweiterlesen &gt;&gt;\t\t\t\t<\/a>\n\t\t\t<\/div>\n\t\t\n\t<\/div>\n\n<\/div>\n<div class=\"anwp-pg-post-teaser anwp-pg-post-teaser--inner-cover-link anwp-pg-post-teaser--layout-d d-flex flex-column anwp-col-lg-3 anwp-col-sm-6 anwp-col-12 anwp-pg-post-teaser--with-read-more \">\n\t<div class=\"anwp-pg-post-teaser__thumbnail position-relative\">\n\n\t\t\n\t\t\n\t\t\t\t\t<img loading=\"lazy\" class=\"anwp-pg-post-teaser__thumbnail-img d-block anwp-pg-height-170 anwp-object-cover m-0 w-100\"\n\t\t\t\talt=\"Baden-W\u00fcrttemberg investiert in die Zukunft der photonischen KI\"\n\t\t\t\tsrc=\"https:\/\/www.ims-chips.de\/wp-content\/uploads\/2025\/12\/Foerdercheck_Uebergabe_1.jpg\"\/>\n\t\t\n\t\t<div class=\"anwp-pg-post-teaser__thumbnail-bg anwp-position-cover\"><\/div>\n\n\t\t<a class=\"anwp-position-cover anwp-link-without-effects\" href=\"https:\/\/www.ims-chips.de\/?p=13465\" aria-hidden=\"true\" ><\/a>\n\t<\/div>\n\n\t<div class=\"anwp-pg-post-teaser__content flex-grow-1 pt-1 d-flex flex-column\">\n\n\t\t<div class=\"anwp-pg-post-teaser__title anwp-font-heading mt-2\">\n\t\t\t<a class=\"anwp-link-without-effects\" href=\"https:\/\/www.ims-chips.de\/?p=13465\" aria-hidden=\"true\" >\n\t\t\t\tBaden-W\u00fcrttemberg investiert in die Zukunft der photonischen KI\t\t\t<\/a>\n\t\t<\/div>\n\n\t\t<div class=\"anwp-pg-post-teaser__bottom-meta d-flex flex-wrap\">\n\n\t\t\t\t\t\t\t<div class=\"anwp-pg-post-teaser__bottom-meta-item d-flex align-items-center mr-3\">\n\t\t\t\t\t<svg class=\"anwp-pg-icon anwp-pg-icon--s16 mr-1\">\n\t\t\t\t\t\t<use xlink:href=\"#icon-anwp-pg-calendar\"><\/use>\n\t\t\t\t\t<\/svg>\n\t\t\t\t\t<span class=\"posted-on m-0\"><span class=\"screen-reader-text\">Posted on<\/span><time class=\"anwp-pg-published\" datetime=\"2025-12-11T11:25:39+01:00\">11. Dezember 2025<\/time><time class=\"anwp-pg-updated\" datetime=\"2026-03-10T11:32:58+01:00\">10. M\u00e4rz 2026<\/time><\/span>\n\t\t\t\t<\/div>\n\t\t\t\t\n\t\t\t\t\t<\/div>\n\n\t\t\t\t\t<div class=\"anwp-pg-post-teaser__excerpt mb-2\">\n\t\t\t\tZur \u00dcbergabe des symbolischen F\u00f6rderchecks waren unsere Institutsleitung und Thomas Deuble vor Ort und nahmen den Scheck von Dr. Nicole Hoffmeister-Kraut, Ministerin f\u00fcr Wirtschaft, Arbeit und Tourismus, entgegen.\t\t\t<\/div>\n\t\t\n\t\t\t\t\t<div class=\"w-100 anwp-pg-read-more mt-auto\">\n\t\t\t\t<a href=\"https:\/\/www.ims-chips.de\/?p=13465\" \t\t\t\t\tclass=\"anwp-pg-read-more__btn mt-3 mb-0 &lt;button type=&quot;button&quot; class=&quot;btn btn-link&quot; &gt;Link&lt;\/button&gt;\">\n\t\t\t\t\tweiterlesen &gt;&gt;\t\t\t\t<\/a>\n\t\t\t<\/div>\n\t\t\n\t<\/div>\n\n<\/div>\n<div class=\"anwp-pg-post-teaser anwp-pg-post-teaser--inner-cover-link anwp-pg-post-teaser--layout-d d-flex flex-column anwp-col-lg-3 anwp-col-sm-6 anwp-col-12 anwp-pg-post-teaser--with-read-more \">\n\t<div class=\"anwp-pg-post-teaser__thumbnail position-relative\">\n\n\t\t\n\t\t\n\t\t\t\t\t<img loading=\"lazy\" class=\"anwp-pg-post-teaser__thumbnail-img d-block anwp-pg-height-170 anwp-object-cover m-0 w-100\"\n\t\t\t\talt=\"IMS CHIPS spontan auf der MEDICA 2025\"\n\t\t\t\tsrc=\"https:\/\/www.ims-chips.de\/wp-content\/uploads\/2025\/11\/Meditec_2025_1.jpg\"\/>\n\t\t\n\t\t<div class=\"anwp-pg-post-teaser__thumbnail-bg anwp-position-cover\"><\/div>\n\n\t\t<a class=\"anwp-position-cover anwp-link-without-effects\" href=\"https:\/\/www.ims-chips.de\/?p=13429\" aria-hidden=\"true\" ><\/a>\n\t<\/div>\n\n\t<div class=\"anwp-pg-post-teaser__content flex-grow-1 pt-1 d-flex flex-column\">\n\n\t\t<div class=\"anwp-pg-post-teaser__title anwp-font-heading mt-2\">\n\t\t\t<a class=\"anwp-link-without-effects\" href=\"https:\/\/www.ims-chips.de\/?p=13429\" aria-hidden=\"true\" >\n\t\t\t\tIMS CHIPS spontan auf der MEDICA 2025\t\t\t<\/a>\n\t\t<\/div>\n\n\t\t<div class=\"anwp-pg-post-teaser__bottom-meta d-flex flex-wrap\">\n\n\t\t\t\t\t\t\t<div class=\"anwp-pg-post-teaser__bottom-meta-item d-flex align-items-center mr-3\">\n\t\t\t\t\t<svg class=\"anwp-pg-icon anwp-pg-icon--s16 mr-1\">\n\t\t\t\t\t\t<use xlink:href=\"#icon-anwp-pg-calendar\"><\/use>\n\t\t\t\t\t<\/svg>\n\t\t\t\t\t<span class=\"posted-on m-0\"><span class=\"screen-reader-text\">Posted on<\/span><time class=\"anwp-pg-published\" datetime=\"2025-11-21T12:02:12+01:00\">21. November 2025<\/time><time class=\"anwp-pg-updated\" datetime=\"2026-03-02T09:12:45+01:00\">2. M\u00e4rz 2026<\/time><\/span>\n\t\t\t\t<\/div>\n\t\t\t\t\n\t\t\t\t\t<\/div>\n\n\t\t\t\t\t<div class=\"anwp-pg-post-teaser__excerpt mb-2\">\n\t\t\t\tIMS CHIPS auf dem Gemeinschaftsstand mit dem NMI auf der MEDICA 2025\t\t\t<\/div>\n\t\t\n\t\t\t\t\t<div class=\"w-100 anwp-pg-read-more mt-auto\">\n\t\t\t\t<a href=\"https:\/\/www.ims-chips.de\/?p=13429\" \t\t\t\t\tclass=\"anwp-pg-read-more__btn mt-3 mb-0 &lt;button type=&quot;button&quot; class=&quot;btn btn-link&quot; &gt;Link&lt;\/button&gt;\">\n\t\t\t\t\tweiterlesen &gt;&gt;\t\t\t\t<\/a>\n\t\t\t<\/div>\n\t\t\n\t<\/div>\n\n<\/div>\n<div class=\"anwp-pg-post-teaser anwp-pg-post-teaser--inner-cover-link anwp-pg-post-teaser--layout-d d-flex flex-column anwp-col-lg-3 anwp-col-sm-6 anwp-col-12 anwp-pg-post-teaser--with-read-more \">\n\t<div class=\"anwp-pg-post-teaser__thumbnail position-relative\">\n\n\t\t\n\t\t\n\t\t\t\t\t<img loading=\"lazy\" class=\"anwp-pg-post-teaser__thumbnail-img d-block anwp-pg-height-170 anwp-object-cover m-0 w-100\"\n\t\t\t\talt=\"Studieninformationstag \u2013 Junge Talente entdecken Mikroelektronik und Nanotechnologien am IMS CHIPS\"\n\t\t\t\tsrc=\"https:\/\/www.ims-chips.de\/wp-content\/uploads\/2025\/11\/Studieninformationstag1.jpg\"\/>\n\t\t\n\t\t<div class=\"anwp-pg-post-teaser__thumbnail-bg anwp-position-cover\"><\/div>\n\n\t\t<a class=\"anwp-position-cover anwp-link-without-effects\" href=\"https:\/\/www.ims-chips.de\/?p=13420\" aria-hidden=\"true\" ><\/a>\n\t<\/div>\n\n\t<div class=\"anwp-pg-post-teaser__content flex-grow-1 pt-1 d-flex flex-column\">\n\n\t\t<div class=\"anwp-pg-post-teaser__title anwp-font-heading mt-2\">\n\t\t\t<a class=\"anwp-link-without-effects\" href=\"https:\/\/www.ims-chips.de\/?p=13420\" aria-hidden=\"true\" >\n\t\t\t\tStudieninformationstag \u2013 Junge Talente entdecken Mikroelektronik und Nanotechnologien am IMS CHIPS\t\t\t<\/a>\n\t\t<\/div>\n\n\t\t<div class=\"anwp-pg-post-teaser__bottom-meta d-flex flex-wrap\">\n\n\t\t\t\t\t\t\t<div class=\"anwp-pg-post-teaser__bottom-meta-item d-flex align-items-center mr-3\">\n\t\t\t\t\t<svg class=\"anwp-pg-icon anwp-pg-icon--s16 mr-1\">\n\t\t\t\t\t\t<use xlink:href=\"#icon-anwp-pg-calendar\"><\/use>\n\t\t\t\t\t<\/svg>\n\t\t\t\t\t<span class=\"posted-on m-0\"><span class=\"screen-reader-text\">Posted on<\/span><time class=\"anwp-pg-published\" datetime=\"2025-11-20T14:10:05+01:00\">20. November 2025<\/time><time class=\"anwp-pg-updated\" datetime=\"2026-02-12T13:09:13+01:00\">12. Februar 2026<\/time><\/span>\n\t\t\t\t<\/div>\n\t\t\t\t\n\t\t\t\t\t<\/div>\n\n\t\t\t\t\t<div class=\"anwp-pg-post-teaser__excerpt mb-2\">\n\t\t\t\tJunge Talente entdecken am Studieninformationstag die faszinierende Welt der Mikroelektronik am IMS CHIPS.\t\t\t<\/div>\n\t\t\n\t\t\t\t\t<div class=\"w-100 anwp-pg-read-more mt-auto\">\n\t\t\t\t<a href=\"https:\/\/www.ims-chips.de\/?p=13420\" \t\t\t\t\tclass=\"anwp-pg-read-more__btn mt-3 mb-0 &lt;button type=&quot;button&quot; class=&quot;btn btn-link&quot; &gt;Link&lt;\/button&gt;\">\n\t\t\t\t\tweiterlesen &gt;&gt;\t\t\t\t<\/a>\n\t\t\t<\/div>\n\t\t\n\t<\/div>\n\n<\/div>\n<div class=\"anwp-pg-post-teaser anwp-pg-post-teaser--inner-cover-link anwp-pg-post-teaser--layout-d d-flex flex-column anwp-col-lg-3 anwp-col-sm-6 anwp-col-12 anwp-pg-post-teaser--with-read-more \">\n\t<div class=\"anwp-pg-post-teaser__thumbnail position-relative\">\n\n\t\t\n\t\t\n\t\t\t\t\t<img loading=\"lazy\" class=\"anwp-pg-post-teaser__thumbnail-img d-block anwp-pg-height-170 anwp-object-cover m-0 w-100\"\n\t\t\t\talt=\"22. Beams &amp; More Workshop erfolgreich abgeschlossen\"\n\t\t\t\tsrc=\"https:\/\/www.ims-chips.de\/wp-content\/uploads\/2025\/11\/beams-and-more.jpg\"\/>\n\t\t\n\t\t<div class=\"anwp-pg-post-teaser__thumbnail-bg anwp-position-cover\"><\/div>\n\n\t\t<a class=\"anwp-position-cover anwp-link-without-effects\" href=\"https:\/\/www.ims-chips.de\/?p=13399\" aria-hidden=\"true\" ><\/a>\n\t<\/div>\n\n\t<div class=\"anwp-pg-post-teaser__content flex-grow-1 pt-1 d-flex flex-column\">\n\n\t\t<div class=\"anwp-pg-post-teaser__title anwp-font-heading mt-2\">\n\t\t\t<a class=\"anwp-link-without-effects\" href=\"https:\/\/www.ims-chips.de\/?p=13399\" aria-hidden=\"true\" >\n\t\t\t\t22. Beams &amp; More Workshop erfolgreich abgeschlossen\t\t\t<\/a>\n\t\t<\/div>\n\n\t\t<div class=\"anwp-pg-post-teaser__bottom-meta d-flex flex-wrap\">\n\n\t\t\t\t\t\t\t<div class=\"anwp-pg-post-teaser__bottom-meta-item d-flex align-items-center mr-3\">\n\t\t\t\t\t<svg class=\"anwp-pg-icon anwp-pg-icon--s16 mr-1\">\n\t\t\t\t\t\t<use xlink:href=\"#icon-anwp-pg-calendar\"><\/use>\n\t\t\t\t\t<\/svg>\n\t\t\t\t\t<span class=\"posted-on m-0\"><span class=\"screen-reader-text\">Posted on<\/span><time class=\"anwp-pg-published\" datetime=\"2025-11-14T11:59:55+01:00\">14. November 2025<\/time><time class=\"anwp-pg-updated\" datetime=\"2026-02-09T11:56:47+01:00\">9. Februar 2026<\/time><\/span>\n\t\t\t\t<\/div>\n\t\t\t\t\n\t\t\t\t\t<\/div>\n\n\t\t\t\t\t<div class=\"anwp-pg-post-teaser__excerpt mb-2\">\n\t\t\t\tBeams &amp; More 2025 R\u00fcckblick und Veranstaltungsbilder\t\t\t<\/div>\n\t\t\n\t\t\t\t\t<div class=\"w-100 anwp-pg-read-more mt-auto\">\n\t\t\t\t<a href=\"https:\/\/www.ims-chips.de\/?p=13399\" \t\t\t\t\tclass=\"anwp-pg-read-more__btn mt-3 mb-0 &lt;button type=&quot;button&quot; class=&quot;btn btn-link&quot; &gt;Link&lt;\/button&gt;\">\n\t\t\t\t\tweiterlesen &gt;&gt;\t\t\t\t<\/a>\n\t\t\t<\/div>\n\t\t\n\t<\/div>\n\n<\/div>\n<div class=\"anwp-pg-post-teaser anwp-pg-post-teaser--inner-cover-link anwp-pg-post-teaser--layout-d d-flex flex-column anwp-col-lg-3 anwp-col-sm-6 anwp-col-12 anwp-pg-post-teaser--with-read-more \">\n\t<div class=\"anwp-pg-post-teaser__thumbnail position-relative\">\n\n\t\t\n\t\t\n\t\t\t\t\t<img loading=\"lazy\" class=\"anwp-pg-post-teaser__thumbnail-img d-block anwp-pg-height-170 anwp-object-cover m-0 w-100\"\n\t\t\t\talt=\"Zwischen Funkenflug und Zukunftsvision \u2013 Jacobs BOGY am IMS CHIPS\"\n\t\t\t\tsrc=\"https:\/\/www.ims-chips.de\/wp-content\/uploads\/2025\/11\/2025_BOGY_2.jpg\"\/>\n\t\t\n\t\t<div class=\"anwp-pg-post-teaser__thumbnail-bg anwp-position-cover\"><\/div>\n\n\t\t<a class=\"anwp-position-cover anwp-link-without-effects\" href=\"https:\/\/www.ims-chips.de\/?p=13384\" aria-hidden=\"true\" ><\/a>\n\t<\/div>\n\n\t<div class=\"anwp-pg-post-teaser__content flex-grow-1 pt-1 d-flex flex-column\">\n\n\t\t<div class=\"anwp-pg-post-teaser__title anwp-font-heading mt-2\">\n\t\t\t<a class=\"anwp-link-without-effects\" href=\"https:\/\/www.ims-chips.de\/?p=13384\" aria-hidden=\"true\" >\n\t\t\t\tZwischen Funkenflug und Zukunftsvision \u2013 Jacobs BOGY am IMS CHIPS\t\t\t<\/a>\n\t\t<\/div>\n\n\t\t<div class=\"anwp-pg-post-teaser__bottom-meta d-flex flex-wrap\">\n\n\t\t\t\t\t\t\t<div class=\"anwp-pg-post-teaser__bottom-meta-item d-flex align-items-center mr-3\">\n\t\t\t\t\t<svg class=\"anwp-pg-icon anwp-pg-icon--s16 mr-1\">\n\t\t\t\t\t\t<use xlink:href=\"#icon-anwp-pg-calendar\"><\/use>\n\t\t\t\t\t<\/svg>\n\t\t\t\t\t<span class=\"posted-on m-0\"><span class=\"screen-reader-text\">Posted on<\/span><time class=\"anwp-pg-published\" datetime=\"2025-11-06T09:01:26+01:00\">6. November 2025<\/time><time class=\"anwp-pg-updated\" datetime=\"2026-02-02T07:08:13+01:00\">2. Februar 2026<\/time><\/span>\n\t\t\t\t<\/div>\n\t\t\t\t\n\t\t\t\t\t<\/div>\n\n\t\t\t\t\t<div class=\"anwp-pg-post-teaser__excerpt mb-2\">\n\t\t\t\tEin Sch\u00fcler erlebt Forschung hautnah \u2013 Jacobs BOGY bei IMS CHIPS zeigt, wie Zukunft entsteht.\t\t\t<\/div>\n\t\t\n\t\t\t\t\t<div class=\"w-100 anwp-pg-read-more mt-auto\">\n\t\t\t\t<a href=\"https:\/\/www.ims-chips.de\/?p=13384\" \t\t\t\t\tclass=\"anwp-pg-read-more__btn mt-3 mb-0 &lt;button type=&quot;button&quot; class=&quot;btn btn-link&quot; &gt;Link&lt;\/button&gt;\">\n\t\t\t\t\tweiterlesen &gt;&gt;\t\t\t\t<\/a>\n\t\t\t<\/div>\n\t\t\n\t<\/div>\n\n<\/div>\n<div class=\"anwp-pg-post-teaser anwp-pg-post-teaser--inner-cover-link anwp-pg-post-teaser--layout-d d-flex flex-column anwp-col-lg-3 anwp-col-sm-6 anwp-col-12 anwp-pg-post-teaser--with-read-more \">\n\t<div class=\"anwp-pg-post-teaser__thumbnail position-relative\">\n\n\t\t\n\t\t\n\t\t\t\t\t<img loading=\"lazy\" class=\"anwp-pg-post-teaser__thumbnail-img d-block anwp-pg-height-170 anwp-object-cover m-0 w-100\"\n\t\t\t\talt=\"IMS CHIPS auf dem MikroSystemTechnik-Kongress 2025 in Duisburg\"\n\t\t\t\tsrc=\"https:\/\/www.ims-chips.de\/wp-content\/uploads\/2025\/11\/MikroSystemTechnik-Kongress_2025_6.jpg\"\/>\n\t\t\n\t\t<div class=\"anwp-pg-post-teaser__thumbnail-bg anwp-position-cover\"><\/div>\n\n\t\t<a class=\"anwp-position-cover anwp-link-without-effects\" href=\"https:\/\/www.ims-chips.de\/?p=13356\" aria-hidden=\"true\" ><\/a>\n\t<\/div>\n\n\t<div class=\"anwp-pg-post-teaser__content flex-grow-1 pt-1 d-flex flex-column\">\n\n\t\t<div class=\"anwp-pg-post-teaser__title anwp-font-heading mt-2\">\n\t\t\t<a class=\"anwp-link-without-effects\" href=\"https:\/\/www.ims-chips.de\/?p=13356\" aria-hidden=\"true\" >\n\t\t\t\tIMS CHIPS auf dem MikroSystemTechnik-Kongress 2025 in Duisburg\t\t\t<\/a>\n\t\t<\/div>\n\n\t\t<div class=\"anwp-pg-post-teaser__bottom-meta d-flex flex-wrap\">\n\n\t\t\t\t\t\t\t<div class=\"anwp-pg-post-teaser__bottom-meta-item d-flex align-items-center mr-3\">\n\t\t\t\t\t<svg class=\"anwp-pg-icon anwp-pg-icon--s16 mr-1\">\n\t\t\t\t\t\t<use xlink:href=\"#icon-anwp-pg-calendar\"><\/use>\n\t\t\t\t\t<\/svg>\n\t\t\t\t\t<span class=\"posted-on m-0\"><span class=\"screen-reader-text\">Posted on<\/span><time class=\"anwp-pg-published\" datetime=\"2025-11-05T11:33:50+01:00\">5. November 2025<\/time><time class=\"anwp-pg-updated\" datetime=\"2026-01-20T12:36:19+01:00\">20. Januar 2026<\/time><\/span>\n\t\t\t\t<\/div>\n\t\t\t\t\n\t\t\t\t\t<\/div>\n\n\t\t\t\t\t<div class=\"anwp-pg-post-teaser__excerpt mb-2\">\n\t\t\t\tIMS CHIPS beim MST-Kongress 2025: Forschung zu flexibler Elektronik und medizinischen Anwendungen.\t\t\t<\/div>\n\t\t\n\t\t\t\t\t<div class=\"w-100 anwp-pg-read-more mt-auto\">\n\t\t\t\t<a href=\"https:\/\/www.ims-chips.de\/?p=13356\" \t\t\t\t\tclass=\"anwp-pg-read-more__btn mt-3 mb-0 &lt;button type=&quot;button&quot; class=&quot;btn btn-link&quot; &gt;Link&lt;\/button&gt;\">\n\t\t\t\t\tweiterlesen &gt;&gt;\t\t\t\t<\/a>\n\t\t\t<\/div>\n\t\t\n\t<\/div>\n\n<\/div>\n<div class=\"anwp-pg-post-teaser anwp-pg-post-teaser--inner-cover-link anwp-pg-post-teaser--layout-d d-flex flex-column anwp-col-lg-3 anwp-col-sm-6 anwp-col-12 anwp-pg-post-teaser--with-read-more \">\n\t<div class=\"anwp-pg-post-teaser__thumbnail position-relative\">\n\n\t\t\n\t\t\n\t\t\t\t\t<img loading=\"lazy\" class=\"anwp-pg-post-teaser__thumbnail-img d-block anwp-pg-height-170 anwp-object-cover m-0 w-100\"\n\t\t\t\talt=\"Einblick in die IEEE Biomedical Circuits and Systems Conference 2025 in Abu Dhabi\"\n\t\t\t\tsrc=\"https:\/\/www.ims-chips.de\/wp-content\/uploads\/2025\/11\/BioCAS_2025_7.jpg\"\/>\n\t\t\n\t\t<div class=\"anwp-pg-post-teaser__thumbnail-bg anwp-position-cover\"><\/div>\n\n\t\t<a class=\"anwp-position-cover anwp-link-without-effects\" href=\"https:\/\/www.ims-chips.de\/?p=13341\" aria-hidden=\"true\" ><\/a>\n\t<\/div>\n\n\t<div class=\"anwp-pg-post-teaser__content flex-grow-1 pt-1 d-flex flex-column\">\n\n\t\t<div class=\"anwp-pg-post-teaser__title anwp-font-heading mt-2\">\n\t\t\t<a class=\"anwp-link-without-effects\" href=\"https:\/\/www.ims-chips.de\/?p=13341\" aria-hidden=\"true\" >\n\t\t\t\tEinblick in die IEEE Biomedical Circuits and Systems Conference 2025 in Abu Dhabi\t\t\t<\/a>\n\t\t<\/div>\n\n\t\t<div class=\"anwp-pg-post-teaser__bottom-meta d-flex flex-wrap\">\n\n\t\t\t\t\t\t\t<div class=\"anwp-pg-post-teaser__bottom-meta-item d-flex align-items-center mr-3\">\n\t\t\t\t\t<svg class=\"anwp-pg-icon anwp-pg-icon--s16 mr-1\">\n\t\t\t\t\t\t<use xlink:href=\"#icon-anwp-pg-calendar\"><\/use>\n\t\t\t\t\t<\/svg>\n\t\t\t\t\t<span class=\"posted-on m-0\"><span class=\"screen-reader-text\">Posted on<\/span><time class=\"anwp-pg-published\" datetime=\"2025-11-03T12:42:30+01:00\">3. November 2025<\/time><time class=\"anwp-pg-updated\" datetime=\"2026-01-12T13:43:18+01:00\">12. Januar 2026<\/time><\/span>\n\t\t\t\t<\/div>\n\t\t\t\t\n\t\t\t\t\t<\/div>\n\n\t\t\t\t\t<div class=\"anwp-pg-post-teaser__excerpt mb-2\">\n\t\t\t\tEinblick in die IEEE Biomedical Circuits and Systems Conference 2025 in Abu Dhabi Vom 15. bis 19. Oktober 2025 fand an der Khalifa University in Abu Dhabi die internationale IEEE ...\t\t\t<\/div>\n\t\t\n\t\t\t\t\t<div class=\"w-100 anwp-pg-read-more mt-auto\">\n\t\t\t\t<a href=\"https:\/\/www.ims-chips.de\/?p=13341\" \t\t\t\t\tclass=\"anwp-pg-read-more__btn mt-3 mb-0 &lt;button type=&quot;button&quot; class=&quot;btn btn-link&quot; &gt;Link&lt;\/button&gt;\">\n\t\t\t\t\tweiterlesen &gt;&gt;\t\t\t\t<\/a>\n\t\t\t<\/div>\n\t\t\n\t<\/div>\n\n<\/div>\n<div class=\"anwp-pg-post-teaser anwp-pg-post-teaser--inner-cover-link anwp-pg-post-teaser--layout-d d-flex flex-column anwp-col-lg-3 anwp-col-sm-6 anwp-col-12 anwp-pg-post-teaser--with-read-more \">\n\t<div class=\"anwp-pg-post-teaser__thumbnail position-relative\">\n\n\t\t\n\t\t\n\t\t\t\t\t<img loading=\"lazy\" class=\"anwp-pg-post-teaser__thumbnail-img d-block anwp-pg-height-170 anwp-object-cover m-0 w-100\"\n\t\t\t\talt=\"Deutschland setzt auf Zukunftstechnologien \u2013 IMS CHIPS in den Abendnews\"\n\t\t\t\tsrc=\"https:\/\/www.ims-chips.de\/wp-content\/uploads\/2025\/10\/ims_chips_tagesschau-scaled.png\"\/>\n\t\t\n\t\t<div class=\"anwp-pg-post-teaser__thumbnail-bg anwp-position-cover\"><\/div>\n\n\t\t<a class=\"anwp-position-cover anwp-link-without-effects\" href=\"https:\/\/www.ims-chips.de\/?p=13329\" aria-hidden=\"true\" ><\/a>\n\t<\/div>\n\n\t<div class=\"anwp-pg-post-teaser__content flex-grow-1 pt-1 d-flex flex-column\">\n\n\t\t<div class=\"anwp-pg-post-teaser__title anwp-font-heading mt-2\">\n\t\t\t<a class=\"anwp-link-without-effects\" href=\"https:\/\/www.ims-chips.de\/?p=13329\" aria-hidden=\"true\" >\n\t\t\t\tDeutschland setzt auf Zukunftstechnologien \u2013 IMS CHIPS in den Abendnews\t\t\t<\/a>\n\t\t<\/div>\n\n\t\t<div class=\"anwp-pg-post-teaser__bottom-meta d-flex flex-wrap\">\n\n\t\t\t\t\t\t\t<div class=\"anwp-pg-post-teaser__bottom-meta-item d-flex align-items-center mr-3\">\n\t\t\t\t\t<svg class=\"anwp-pg-icon anwp-pg-icon--s16 mr-1\">\n\t\t\t\t\t\t<use xlink:href=\"#icon-anwp-pg-calendar\"><\/use>\n\t\t\t\t\t<\/svg>\n\t\t\t\t\t<span class=\"posted-on m-0\"><span class=\"screen-reader-text\">Posted on<\/span><time class=\"anwp-pg-published\" datetime=\"2025-10-30T12:37:01+01:00\">30. Oktober 2025<\/time><time class=\"anwp-pg-updated\" datetime=\"2026-01-08T10:01:06+01:00\">8. Januar 2026<\/time><\/span>\n\t\t\t\t<\/div>\n\t\t\t\t\n\t\t\t\t\t<\/div>\n\n\t\t\t\t\t<div class=\"anwp-pg-post-teaser__excerpt mb-2\">\n\t\t\t\tDeutschland f\u00f6rdert KI &amp; Mikroelektronik f\u00fcr mehr Souver\u00e4nit\u00e4t: IMS CHIPS in den ARD-Abendnews\t\t\t<\/div>\n\t\t\n\t\t\t\t\t<div class=\"w-100 anwp-pg-read-more mt-auto\">\n\t\t\t\t<a href=\"https:\/\/www.ims-chips.de\/?p=13329\" \t\t\t\t\tclass=\"anwp-pg-read-more__btn mt-3 mb-0 &lt;button type=&quot;button&quot; class=&quot;btn btn-link&quot; &gt;Link&lt;\/button&gt;\">\n\t\t\t\t\tweiterlesen &gt;&gt;\t\t\t\t<\/a>\n\t\t\t<\/div>\n\t\t\n\t<\/div>\n\n<\/div>\n<div class=\"anwp-pg-post-teaser anwp-pg-post-teaser--inner-cover-link anwp-pg-post-teaser--layout-d d-flex flex-column anwp-col-lg-3 anwp-col-sm-6 anwp-col-12 anwp-pg-post-teaser--with-read-more \">\n\t<div class=\"anwp-pg-post-teaser__thumbnail position-relative\">\n\n\t\t\n\t\t\n\t\t\t\t\t<img loading=\"lazy\" class=\"anwp-pg-post-teaser__thumbnail-img d-block anwp-pg-height-170 anwp-object-cover m-0 w-100\"\n\t\t\t\talt=\"IMS CHIPS als Partner f\u00fcr Chip-Souver\u00e4nit\u00e4t\"\n\t\t\t\tsrc=\"https:\/\/www.ims-chips.de\/wp-content\/uploads\/2025\/10\/Merz_Kretschmann.jpg\"\/>\n\t\t\n\t\t<div class=\"anwp-pg-post-teaser__thumbnail-bg anwp-position-cover\"><\/div>\n\n\t\t<a class=\"anwp-position-cover anwp-link-without-effects\" href=\"https:\/\/www.ims-chips.de\/?p=13316\" aria-hidden=\"true\" ><\/a>\n\t<\/div>\n\n\t<div class=\"anwp-pg-post-teaser__content flex-grow-1 pt-1 d-flex flex-column\">\n\n\t\t<div class=\"anwp-pg-post-teaser__title anwp-font-heading mt-2\">\n\t\t\t<a class=\"anwp-link-without-effects\" href=\"https:\/\/www.ims-chips.de\/?p=13316\" aria-hidden=\"true\" >\n\t\t\t\tIMS CHIPS als Partner f\u00fcr Chip-Souver\u00e4nit\u00e4t\t\t\t<\/a>\n\t\t<\/div>\n\n\t\t<div class=\"anwp-pg-post-teaser__bottom-meta d-flex flex-wrap\">\n\n\t\t\t\t\t\t\t<div class=\"anwp-pg-post-teaser__bottom-meta-item d-flex align-items-center mr-3\">\n\t\t\t\t\t<svg class=\"anwp-pg-icon anwp-pg-icon--s16 mr-1\">\n\t\t\t\t\t\t<use xlink:href=\"#icon-anwp-pg-calendar\"><\/use>\n\t\t\t\t\t<\/svg>\n\t\t\t\t\t<span class=\"posted-on m-0\"><span class=\"screen-reader-text\">Posted on<\/span><time class=\"anwp-pg-published\" datetime=\"2025-10-22T13:21:40+02:00\">22. Oktober 2025<\/time><time class=\"anwp-pg-updated\" datetime=\"2025-12-11T11:51:20+01:00\">11. Dezember 2025<\/time><\/span>\n\t\t\t\t<\/div>\n\t\t\t\t\n\t\t\t\t\t<\/div>\n\n\t\t\t\t\t<div class=\"anwp-pg-post-teaser__excerpt mb-2\">\n\t\t\t\tBundeskanzler Merz und Ministerpr\u00e4sident Kretschmann betonen Bedeutung der Chip-Souver\u00e4nit\u00e4t \u2013 IMS CHIPS als relevanter Partner\t\t\t<\/div>\n\t\t\n\t\t\t\t\t<div class=\"w-100 anwp-pg-read-more mt-auto\">\n\t\t\t\t<a href=\"https:\/\/www.ims-chips.de\/?p=13316\" \t\t\t\t\tclass=\"anwp-pg-read-more__btn mt-3 mb-0 &lt;button type=&quot;button&quot; class=&quot;btn btn-link&quot; &gt;Link&lt;\/button&gt;\">\n\t\t\t\t\tweiterlesen &gt;&gt;\t\t\t\t<\/a>\n\t\t\t<\/div>\n\t\t\n\t<\/div>\n\n<\/div>\n<div class=\"anwp-pg-post-teaser anwp-pg-post-teaser--inner-cover-link anwp-pg-post-teaser--layout-d d-flex flex-column anwp-col-lg-3 anwp-col-sm-6 anwp-col-12 anwp-pg-post-teaser--with-read-more \">\n\t<div class=\"anwp-pg-post-teaser__thumbnail position-relative\">\n\n\t\t\n\t\t\n\t\t\t\t\t<img loading=\"lazy\" class=\"anwp-pg-post-teaser__thumbnail-img d-block anwp-pg-height-170 anwp-object-cover m-0 w-100\"\n\t\t\t\talt=\"IMS bei der NNT 2025 \u2013 Innovation in der Nanoimprint-Technologie\"\n\t\t\t\tsrc=\"https:\/\/www.ims-chips.de\/wp-content\/uploads\/2025\/10\/NNT-2025_Astrid-Soshi.jpg\"\/>\n\t\t\n\t\t<div class=\"anwp-pg-post-teaser__thumbnail-bg anwp-position-cover\"><\/div>\n\n\t\t<a class=\"anwp-position-cover anwp-link-without-effects\" href=\"https:\/\/www.ims-chips.de\/?p=13309\" aria-hidden=\"true\" ><\/a>\n\t<\/div>\n\n\t<div class=\"anwp-pg-post-teaser__content flex-grow-1 pt-1 d-flex flex-column\">\n\n\t\t<div class=\"anwp-pg-post-teaser__title anwp-font-heading mt-2\">\n\t\t\t<a class=\"anwp-link-without-effects\" href=\"https:\/\/www.ims-chips.de\/?p=13309\" aria-hidden=\"true\" >\n\t\t\t\tIMS bei der NNT 2025 \u2013 Innovation in der Nanoimprint-Technologie\t\t\t<\/a>\n\t\t<\/div>\n\n\t\t<div class=\"anwp-pg-post-teaser__bottom-meta d-flex flex-wrap\">\n\n\t\t\t\t\t\t\t<div class=\"anwp-pg-post-teaser__bottom-meta-item d-flex align-items-center mr-3\">\n\t\t\t\t\t<svg class=\"anwp-pg-icon anwp-pg-icon--s16 mr-1\">\n\t\t\t\t\t\t<use xlink:href=\"#icon-anwp-pg-calendar\"><\/use>\n\t\t\t\t\t<\/svg>\n\t\t\t\t\t<span class=\"posted-on m-0\"><span class=\"screen-reader-text\">Posted on<\/span><time class=\"anwp-pg-published\" datetime=\"2025-10-22T11:11:44+02:00\">22. Oktober 2025<\/time><time class=\"anwp-pg-updated\" datetime=\"2025-11-21T12:07:01+01:00\">21. November 2025<\/time><\/span>\n\t\t\t\t<\/div>\n\t\t\t\t\n\t\t\t\t\t<\/div>\n\n\t\t\t\t\t<div class=\"anwp-pg-post-teaser__excerpt mb-2\">\n\t\t\t\tIMS pr\u00e4sentiert sich auf der weltweit gr\u00f6\u00dften Nanoimprint-Konferenz NNT 2025 in Kalifornien.\t\t\t<\/div>\n\t\t\n\t\t\t\t\t<div class=\"w-100 anwp-pg-read-more mt-auto\">\n\t\t\t\t<a href=\"https:\/\/www.ims-chips.de\/?p=13309\" \t\t\t\t\tclass=\"anwp-pg-read-more__btn mt-3 mb-0 &lt;button type=&quot;button&quot; class=&quot;btn btn-link&quot; &gt;Link&lt;\/button&gt;\">\n\t\t\t\t\tweiterlesen &gt;&gt;\t\t\t\t<\/a>\n\t\t\t<\/div>\n\t\t\n\t<\/div>\n\n<\/div>\n<div class=\"anwp-pg-post-teaser anwp-pg-post-teaser--inner-cover-link anwp-pg-post-teaser--layout-d d-flex flex-column anwp-col-lg-3 anwp-col-sm-6 anwp-col-12 anwp-pg-post-teaser--with-read-more \">\n\t<div class=\"anwp-pg-post-teaser__thumbnail position-relative\">\n\n\t\t\n\t\t\n\t\t\t\t\t<img loading=\"lazy\" class=\"anwp-pg-post-teaser__thumbnail-img d-block anwp-pg-height-170 anwp-object-cover m-0 w-100\"\n\t\t\t\talt=\"IMS CHIPS bei \u201eSmart Textiles &amp; Mikrosystemtechnik 2025\u201c in Stuttgart\"\n\t\t\t\tsrc=\"https:\/\/www.ims-chips.de\/wp-content\/uploads\/2025\/10\/Mikrosystemtechnik_2025_1.jpg\"\/>\n\t\t\n\t\t<div class=\"anwp-pg-post-teaser__thumbnail-bg anwp-position-cover\"><\/div>\n\n\t\t<a class=\"anwp-position-cover anwp-link-without-effects\" href=\"https:\/\/www.ims-chips.de\/?p=13298\" aria-hidden=\"true\" ><\/a>\n\t<\/div>\n\n\t<div class=\"anwp-pg-post-teaser__content flex-grow-1 pt-1 d-flex flex-column\">\n\n\t\t<div class=\"anwp-pg-post-teaser__title anwp-font-heading mt-2\">\n\t\t\t<a class=\"anwp-link-without-effects\" href=\"https:\/\/www.ims-chips.de\/?p=13298\" aria-hidden=\"true\" >\n\t\t\t\tIMS CHIPS bei \u201eSmart Textiles &amp; Mikrosystemtechnik 2025\u201c in Stuttgart\t\t\t<\/a>\n\t\t<\/div>\n\n\t\t<div class=\"anwp-pg-post-teaser__bottom-meta d-flex flex-wrap\">\n\n\t\t\t\t\t\t\t<div class=\"anwp-pg-post-teaser__bottom-meta-item d-flex align-items-center mr-3\">\n\t\t\t\t\t<svg class=\"anwp-pg-icon anwp-pg-icon--s16 mr-1\">\n\t\t\t\t\t\t<use xlink:href=\"#icon-anwp-pg-calendar\"><\/use>\n\t\t\t\t\t<\/svg>\n\t\t\t\t\t<span class=\"posted-on m-0\"><span class=\"screen-reader-text\">Posted on<\/span><time class=\"anwp-pg-published\" datetime=\"2025-10-14T13:48:53+02:00\">14. Oktober 2025<\/time><time class=\"anwp-pg-updated\" datetime=\"2025-11-20T14:19:32+01:00\">20. November 2025<\/time><\/span>\n\t\t\t\t<\/div>\n\t\t\t\t\n\t\t\t\t\t<\/div>\n\n\t\t\t\t\t<div class=\"anwp-pg-post-teaser__excerpt mb-2\">\n\t\t\t\tDr. Zili Yu begeisterte mit ihrer Keynote zu Hochleistungs-Elektronik auf flexiblen Folien.\t\t\t<\/div>\n\t\t\n\t\t\t\t\t<div class=\"w-100 anwp-pg-read-more mt-auto\">\n\t\t\t\t<a href=\"https:\/\/www.ims-chips.de\/?p=13298\" \t\t\t\t\tclass=\"anwp-pg-read-more__btn mt-3 mb-0 &lt;button type=&quot;button&quot; class=&quot;btn btn-link&quot; &gt;Link&lt;\/button&gt;\">\n\t\t\t\t\tweiterlesen &gt;&gt;\t\t\t\t<\/a>\n\t\t\t<\/div>\n\t\t\n\t<\/div>\n\n<\/div>\n<div class=\"anwp-pg-post-teaser anwp-pg-post-teaser--inner-cover-link anwp-pg-post-teaser--layout-d d-flex flex-column anwp-col-lg-3 anwp-col-sm-6 anwp-col-12 anwp-pg-post-teaser--with-read-more \">\n\t<div class=\"anwp-pg-post-teaser__thumbnail position-relative\">\n\n\t\t\n\t\t\n\t\t\t\t\t<img loading=\"lazy\" class=\"anwp-pg-post-teaser__thumbnail-img d-block anwp-pg-height-170 anwp-object-cover m-0 w-100\"\n\t\t\t\talt=\"Mikroelektronik-Technologieseminar 2025 \u2013 Erfolgreiche Weiterbildung bei IMS CHIPS\"\n\t\t\t\tsrc=\"https:\/\/www.ims-chips.de\/wp-content\/uploads\/2025\/10\/TAE_08_10_2025_01.jpg\"\/>\n\t\t\n\t\t<div class=\"anwp-pg-post-teaser__thumbnail-bg anwp-position-cover\"><\/div>\n\n\t\t<a class=\"anwp-position-cover anwp-link-without-effects\" href=\"https:\/\/www.ims-chips.de\/?p=13287\" aria-hidden=\"true\" ><\/a>\n\t<\/div>\n\n\t<div class=\"anwp-pg-post-teaser__content flex-grow-1 pt-1 d-flex flex-column\">\n\n\t\t<div class=\"anwp-pg-post-teaser__title anwp-font-heading mt-2\">\n\t\t\t<a class=\"anwp-link-without-effects\" href=\"https:\/\/www.ims-chips.de\/?p=13287\" aria-hidden=\"true\" >\n\t\t\t\tMikroelektronik-Technologieseminar 2025 \u2013 Erfolgreiche Weiterbildung bei IMS CHIPS\t\t\t<\/a>\n\t\t<\/div>\n\n\t\t<div class=\"anwp-pg-post-teaser__bottom-meta d-flex flex-wrap\">\n\n\t\t\t\t\t\t\t<div class=\"anwp-pg-post-teaser__bottom-meta-item d-flex align-items-center mr-3\">\n\t\t\t\t\t<svg class=\"anwp-pg-icon anwp-pg-icon--s16 mr-1\">\n\t\t\t\t\t\t<use xlink:href=\"#icon-anwp-pg-calendar\"><\/use>\n\t\t\t\t\t<\/svg>\n\t\t\t\t\t<span class=\"posted-on m-0\"><span class=\"screen-reader-text\">Posted on<\/span><time class=\"anwp-pg-published\" datetime=\"2025-10-13T07:24:43+02:00\">13. Oktober 2025<\/time><time class=\"anwp-pg-updated\" datetime=\"2025-11-14T12:09:51+01:00\">14. November 2025<\/time><\/span>\n\t\t\t\t<\/div>\n\t\t\t\t\n\t\t\t\t\t<\/div>\n\n\t\t\t\t\t<div class=\"anwp-pg-post-teaser__excerpt mb-2\">\n\t\t\t\tVom 8. bis 10. Oktober 2025 fand bei IMS CHIPS in Kooperation mit der Technischen Akademie Esslingen das Mikroelektronik-Technologieseminar statt. Fachkr\u00e4fte und Studierende erhielten vertiefende Einblicke in Entwurf, Herstellung und ...\t\t\t<\/div>\n\t\t\n\t\t\t\t\t<div class=\"w-100 anwp-pg-read-more mt-auto\">\n\t\t\t\t<a href=\"https:\/\/www.ims-chips.de\/?p=13287\" \t\t\t\t\tclass=\"anwp-pg-read-more__btn mt-3 mb-0 &lt;button type=&quot;button&quot; class=&quot;btn btn-link&quot; &gt;Link&lt;\/button&gt;\">\n\t\t\t\t\tweiterlesen &gt;&gt;\t\t\t\t<\/a>\n\t\t\t<\/div>\n\t\t\n\t<\/div>\n\n<\/div>\n<div class=\"anwp-pg-post-teaser anwp-pg-post-teaser--inner-cover-link anwp-pg-post-teaser--layout-d d-flex flex-column anwp-col-lg-3 anwp-col-sm-6 anwp-col-12 anwp-pg-post-teaser--with-read-more \">\n\t<div class=\"anwp-pg-post-teaser__thumbnail position-relative\">\n\n\t\t\n\t\t\n\t\t\t\t\t<img loading=\"lazy\" class=\"anwp-pg-post-teaser__thumbnail-img d-block anwp-pg-height-170 anwp-object-cover m-0 w-100\"\n\t\t\t\talt=\"IMS CHIPS auf der ECOC 2025 in Kopenhagen\"\n\t\t\t\tsrc=\"https:\/\/www.ims-chips.de\/wp-content\/uploads\/2025\/09\/ECOC_2025_8.jpg\"\/>\n\t\t\n\t\t<div class=\"anwp-pg-post-teaser__thumbnail-bg anwp-position-cover\"><\/div>\n\n\t\t<a class=\"anwp-position-cover anwp-link-without-effects\" href=\"https:\/\/www.ims-chips.de\/?p=13256\" aria-hidden=\"true\" ><\/a>\n\t<\/div>\n\n\t<div class=\"anwp-pg-post-teaser__content flex-grow-1 pt-1 d-flex flex-column\">\n\n\t\t<div class=\"anwp-pg-post-teaser__title anwp-font-heading mt-2\">\n\t\t\t<a class=\"anwp-link-without-effects\" href=\"https:\/\/www.ims-chips.de\/?p=13256\" aria-hidden=\"true\" >\n\t\t\t\tIMS CHIPS auf der ECOC 2025 in Kopenhagen\t\t\t<\/a>\n\t\t<\/div>\n\n\t\t<div class=\"anwp-pg-post-teaser__bottom-meta d-flex flex-wrap\">\n\n\t\t\t\t\t\t\t<div class=\"anwp-pg-post-teaser__bottom-meta-item d-flex align-items-center mr-3\">\n\t\t\t\t\t<svg class=\"anwp-pg-icon anwp-pg-icon--s16 mr-1\">\n\t\t\t\t\t\t<use xlink:href=\"#icon-anwp-pg-calendar\"><\/use>\n\t\t\t\t\t<\/svg>\n\t\t\t\t\t<span class=\"posted-on m-0\"><span class=\"screen-reader-text\">Posted on<\/span><time class=\"anwp-pg-published\" datetime=\"2025-10-03T08:00:08+02:00\">3. Oktober 2025<\/time><time class=\"anwp-pg-updated\" datetime=\"2025-11-06T09:04:46+01:00\">6. November 2025<\/time><\/span>\n\t\t\t\t<\/div>\n\t\t\t\t\n\t\t\t\t\t<\/div>\n\n\t\t\t\t\t<div class=\"anwp-pg-post-teaser__excerpt mb-2\">\n\t\t\t\tMit unserem Innovationsbooth auf der ECOC 2025 in Kopenhagen sorgte insbesondere unser CGH-Demonstrator f\u00fcr Aufsehen. Begleitet wurde der Auftritt von spannenden Fachgespr\u00e4chen und einem Impulsbeitrag von Prof. Dr. Niels Quack ...\t\t\t<\/div>\n\t\t\n\t\t\t\t\t<div class=\"w-100 anwp-pg-read-more mt-auto\">\n\t\t\t\t<a href=\"https:\/\/www.ims-chips.de\/?p=13256\" \t\t\t\t\tclass=\"anwp-pg-read-more__btn mt-3 mb-0 &lt;button type=&quot;button&quot; class=&quot;btn btn-link&quot; &gt;Link&lt;\/button&gt;\">\n\t\t\t\t\tweiterlesen &gt;&gt;\t\t\t\t<\/a>\n\t\t\t<\/div>\n\t\t\n\t<\/div>\n\n<\/div>\n<div class=\"anwp-pg-post-teaser anwp-pg-post-teaser--inner-cover-link anwp-pg-post-teaser--layout-d d-flex flex-column anwp-col-lg-3 anwp-col-sm-6 anwp-col-12 anwp-pg-post-teaser--with-read-more \">\n\t<div class=\"anwp-pg-post-teaser__thumbnail position-relative\">\n\n\t\t\n\t\t\n\t\t\t\t\t<img loading=\"lazy\" class=\"anwp-pg-post-teaser__thumbnail-img d-block anwp-pg-height-170 anwp-object-cover m-0 w-100\"\n\t\t\t\talt=\"Prognos-Bericht: Innovationsallianz Baden-W\u00fcrttemberg \u00fcberzeugt auf ganzer Linie\"\n\t\t\t\tsrc=\"https:\/\/www.ims-chips.de\/wp-content\/uploads\/2025\/09\/Innovationsallianz_BW.jpg\"\/>\n\t\t\n\t\t<div class=\"anwp-pg-post-teaser__thumbnail-bg anwp-position-cover\"><\/div>\n\n\t\t<a class=\"anwp-position-cover anwp-link-without-effects\" href=\"https:\/\/www.ims-chips.de\/?p=13245\" aria-hidden=\"true\" ><\/a>\n\t<\/div>\n\n\t<div class=\"anwp-pg-post-teaser__content flex-grow-1 pt-1 d-flex flex-column\">\n\n\t\t<div class=\"anwp-pg-post-teaser__title anwp-font-heading mt-2\">\n\t\t\t<a class=\"anwp-link-without-effects\" href=\"https:\/\/www.ims-chips.de\/?p=13245\" aria-hidden=\"true\" >\n\t\t\t\tPrognos-Bericht: Innovationsallianz Baden-W\u00fcrttemberg \u00fcberzeugt auf ganzer Linie\t\t\t<\/a>\n\t\t<\/div>\n\n\t\t<div class=\"anwp-pg-post-teaser__bottom-meta d-flex flex-wrap\">\n\n\t\t\t\t\t\t\t<div class=\"anwp-pg-post-teaser__bottom-meta-item d-flex align-items-center mr-3\">\n\t\t\t\t\t<svg class=\"anwp-pg-icon anwp-pg-icon--s16 mr-1\">\n\t\t\t\t\t\t<use xlink:href=\"#icon-anwp-pg-calendar\"><\/use>\n\t\t\t\t\t<\/svg>\n\t\t\t\t\t<span class=\"posted-on m-0\"><span class=\"screen-reader-text\">Posted on<\/span><time class=\"anwp-pg-published\" datetime=\"2025-09-29T09:38:04+02:00\">29. September 2025<\/time><time class=\"anwp-pg-updated\" datetime=\"2025-11-05T12:22:28+01:00\">5. November 2025<\/time><\/span>\n\t\t\t\t<\/div>\n\t\t\t\t\n\t\t\t\t\t<\/div>\n\n\t\t\t\t\t<div class=\"anwp-pg-post-teaser__excerpt mb-2\">\n\t\t\t\tAlle sieben Jahre beauftragt das Land Baden-W\u00fcrttemberg eine Evaluierung der Innovationsallianz Baden-W\u00fcrttemberg (InnBW) mit ihren Landesinstituten. Nun ist der aktuelle Bericht ver\u00f6ffentlicht.\t\t\t<\/div>\n\t\t\n\t\t\t\t\t<div class=\"w-100 anwp-pg-read-more mt-auto\">\n\t\t\t\t<a href=\"https:\/\/www.ims-chips.de\/?p=13245\" \t\t\t\t\tclass=\"anwp-pg-read-more__btn mt-3 mb-0 &lt;button type=&quot;button&quot; class=&quot;btn btn-link&quot; &gt;Link&lt;\/button&gt;\">\n\t\t\t\t\tweiterlesen &gt;&gt;\t\t\t\t<\/a>\n\t\t\t<\/div>\n\t\t\n\t<\/div>\n\n<\/div>\n<div class=\"anwp-pg-post-teaser anwp-pg-post-teaser--inner-cover-link anwp-pg-post-teaser--layout-d d-flex flex-column anwp-col-lg-3 anwp-col-sm-6 anwp-col-12 anwp-pg-post-teaser--with-read-more \">\n\t<div class=\"anwp-pg-post-teaser__thumbnail position-relative\">\n\n\t\t\n\t\t\n\t\t\t\t\t<img loading=\"lazy\" class=\"anwp-pg-post-teaser__thumbnail-img d-block anwp-pg-height-170 anwp-object-cover m-0 w-100\"\n\t\t\t\talt=\"IMS CHIPS beim SuSi Summit \u2013 Praxisn\u00e4he die begeistert\"\n\t\t\t\tsrc=\"https:\/\/www.ims-chips.de\/wp-content\/uploads\/2025\/09\/1758638864413.jpg\"\/>\n\t\t\n\t\t<div class=\"anwp-pg-post-teaser__thumbnail-bg anwp-position-cover\"><\/div>\n\n\t\t<a class=\"anwp-position-cover anwp-link-without-effects\" href=\"https:\/\/www.ims-chips.de\/?p=13237\" aria-hidden=\"true\" ><\/a>\n\t<\/div>\n\n\t<div class=\"anwp-pg-post-teaser__content flex-grow-1 pt-1 d-flex flex-column\">\n\n\t\t<div class=\"anwp-pg-post-teaser__title anwp-font-heading mt-2\">\n\t\t\t<a class=\"anwp-link-without-effects\" href=\"https:\/\/www.ims-chips.de\/?p=13237\" aria-hidden=\"true\" >\n\t\t\t\tIMS CHIPS beim SuSi Summit \u2013 Praxisn\u00e4he die begeistert\t\t\t<\/a>\n\t\t<\/div>\n\n\t\t<div class=\"anwp-pg-post-teaser__bottom-meta d-flex flex-wrap\">\n\n\t\t\t\t\t\t\t<div class=\"anwp-pg-post-teaser__bottom-meta-item d-flex align-items-center mr-3\">\n\t\t\t\t\t<svg class=\"anwp-pg-icon anwp-pg-icon--s16 mr-1\">\n\t\t\t\t\t\t<use xlink:href=\"#icon-anwp-pg-calendar\"><\/use>\n\t\t\t\t\t<\/svg>\n\t\t\t\t\t<span class=\"posted-on m-0\"><span class=\"screen-reader-text\">Posted on<\/span><time class=\"anwp-pg-published\" datetime=\"2025-09-25T11:14:47+02:00\">25. September 2025<\/time><time class=\"anwp-pg-updated\" datetime=\"2025-11-03T13:13:13+01:00\">3. November 2025<\/time><\/span>\n\t\t\t\t<\/div>\n\t\t\t\t\n\t\t\t\t\t<\/div>\n\n\t\t\t\t\t<div class=\"anwp-pg-post-teaser__excerpt mb-2\">\n\t\t\t\tIMS CHIPS beim SuSi Summit: From Clean Room zum Green Room \u2013 konkrete Ergebnisse und praxisnahe Ma\u00dfnahmen f\u00fcr einen nachhaltigeren Reinraumbetrieb.\t\t\t<\/div>\n\t\t\n\t\t\t\t\t<div class=\"w-100 anwp-pg-read-more mt-auto\">\n\t\t\t\t<a href=\"https:\/\/www.ims-chips.de\/?p=13237\" \t\t\t\t\tclass=\"anwp-pg-read-more__btn mt-3 mb-0 &lt;button type=&quot;button&quot; class=&quot;btn btn-link&quot; &gt;Link&lt;\/button&gt;\">\n\t\t\t\t\tweiterlesen &gt;&gt;\t\t\t\t<\/a>\n\t\t\t<\/div>\n\t\t\n\t<\/div>\n\n<\/div>\n<div class=\"anwp-pg-post-teaser anwp-pg-post-teaser--inner-cover-link anwp-pg-post-teaser--layout-d d-flex flex-column anwp-col-lg-3 anwp-col-sm-6 anwp-col-12 anwp-pg-post-teaser--with-read-more \">\n\t<div class=\"anwp-pg-post-teaser__thumbnail position-relative\">\n\n\t\t\n\t\t\n\t\t\t\t\t<img loading=\"lazy\" class=\"anwp-pg-post-teaser__thumbnail-img d-block anwp-pg-height-170 anwp-object-cover m-0 w-100\"\n\t\t\t\talt=\"Unser Lesetipp: Low-Noise Current Readout Circuits: A Tutorial Overview\"\n\t\t\t\tsrc=\"https:\/\/www.ims-chips.de\/wp-content\/uploads\/2025\/08\/22_08_25.jpg\"\/>\n\t\t\n\t\t<div class=\"anwp-pg-post-teaser__thumbnail-bg anwp-position-cover\"><\/div>\n\n\t\t<a class=\"anwp-position-cover anwp-link-without-effects\" href=\"https:\/\/www.ims-chips.de\/?p=13220\" aria-hidden=\"true\" ><\/a>\n\t<\/div>\n\n\t<div class=\"anwp-pg-post-teaser__content flex-grow-1 pt-1 d-flex flex-column\">\n\n\t\t<div class=\"anwp-pg-post-teaser__title anwp-font-heading mt-2\">\n\t\t\t<a class=\"anwp-link-without-effects\" href=\"https:\/\/www.ims-chips.de\/?p=13220\" aria-hidden=\"true\" >\n\t\t\t\tUnser Lesetipp: Low-Noise Current Readout Circuits: A Tutorial Overview\t\t\t<\/a>\n\t\t<\/div>\n\n\t\t<div class=\"anwp-pg-post-teaser__bottom-meta d-flex flex-wrap\">\n\n\t\t\t\t\t\t\t<div class=\"anwp-pg-post-teaser__bottom-meta-item d-flex align-items-center mr-3\">\n\t\t\t\t\t<svg class=\"anwp-pg-icon anwp-pg-icon--s16 mr-1\">\n\t\t\t\t\t\t<use xlink:href=\"#icon-anwp-pg-calendar\"><\/use>\n\t\t\t\t\t<\/svg>\n\t\t\t\t\t<span class=\"posted-on m-0\"><span class=\"screen-reader-text\">Posted on<\/span><time class=\"anwp-pg-published\" datetime=\"2025-08-22T12:09:38+02:00\">22. August 2025<\/time><time class=\"anwp-pg-updated\" datetime=\"2025-10-30T12:36:42+01:00\">30. Oktober 2025<\/time><\/span>\n\t\t\t\t<\/div>\n\t\t\t\t\n\t\t\t\t\t<\/div>\n\n\t\t\t\t\t<div class=\"anwp-pg-post-teaser__excerpt mb-2\">\n\t\t\t\tLesenswerte Publikation: Jens Anders erkl\u00e4rt pr\u00e4zise Niedrigstrommessungen in Tutorial-Paper.\t\t\t<\/div>\n\t\t\n\t\t\t\t\t<div class=\"w-100 anwp-pg-read-more mt-auto\">\n\t\t\t\t<a href=\"https:\/\/www.ims-chips.de\/?p=13220\" \t\t\t\t\tclass=\"anwp-pg-read-more__btn mt-3 mb-0 &lt;button type=&quot;button&quot; class=&quot;btn btn-link&quot; &gt;Link&lt;\/button&gt;\">\n\t\t\t\t\tweiterlesen &gt;&gt;\t\t\t\t<\/a>\n\t\t\t<\/div>\n\t\t\n\t<\/div>\n\n<\/div>\n<div class=\"anwp-pg-post-teaser anwp-pg-post-teaser--inner-cover-link anwp-pg-post-teaser--layout-d d-flex flex-column anwp-col-lg-3 anwp-col-sm-6 anwp-col-12 anwp-pg-post-teaser--with-read-more \">\n\t<div class=\"anwp-pg-post-teaser__thumbnail position-relative\">\n\n\t\t\n\t\t\n\t\t\t\t\t<img loading=\"lazy\" class=\"anwp-pg-post-teaser__thumbnail-img d-block anwp-pg-height-170 anwp-object-cover m-0 w-100\"\n\t\t\t\talt=\"Quantensensorik auf dem Sprung in die Anwendung: Neue im IEEE Electron Devices Magazine\"\n\t\t\t\tsrc=\"https:\/\/www.ims-chips.de\/wp-content\/uploads\/2025\/08\/Toward_Scalable_Quantum_Sensors.png\"\/>\n\t\t\n\t\t<div class=\"anwp-pg-post-teaser__thumbnail-bg anwp-position-cover\"><\/div>\n\n\t\t<a class=\"anwp-position-cover anwp-link-without-effects\" href=\"https:\/\/www.ims-chips.de\/?p=13211\" aria-hidden=\"true\" ><\/a>\n\t<\/div>\n\n\t<div class=\"anwp-pg-post-teaser__content flex-grow-1 pt-1 d-flex flex-column\">\n\n\t\t<div class=\"anwp-pg-post-teaser__title anwp-font-heading mt-2\">\n\t\t\t<a class=\"anwp-link-without-effects\" href=\"https:\/\/www.ims-chips.de\/?p=13211\" aria-hidden=\"true\" >\n\t\t\t\tQuantensensorik auf dem Sprung in die Anwendung: Neue im IEEE Electron Devices Magazine\t\t\t<\/a>\n\t\t<\/div>\n\n\t\t<div class=\"anwp-pg-post-teaser__bottom-meta d-flex flex-wrap\">\n\n\t\t\t\t\t\t\t<div class=\"anwp-pg-post-teaser__bottom-meta-item d-flex align-items-center mr-3\">\n\t\t\t\t\t<svg class=\"anwp-pg-icon anwp-pg-icon--s16 mr-1\">\n\t\t\t\t\t\t<use xlink:href=\"#icon-anwp-pg-calendar\"><\/use>\n\t\t\t\t\t<\/svg>\n\t\t\t\t\t<span class=\"posted-on m-0\"><span class=\"screen-reader-text\">Posted on<\/span><time class=\"anwp-pg-published\" datetime=\"2025-08-19T12:40:03+02:00\">19. August 2025<\/time><time class=\"anwp-pg-updated\" datetime=\"2025-10-22T13:26:10+02:00\">22. Oktober 2025<\/time><\/span>\n\t\t\t\t<\/div>\n\t\t\t\t\n\t\t\t\t\t<\/div>\n\n\t\t\t\t\t<div class=\"anwp-pg-post-teaser__excerpt mb-2\">\n\t\t\t\tNeue Publikation: Skalierbare Quantensensorik im IEEE Electron Devices Magazine\t\t\t<\/div>\n\t\t\n\t\t\t\t\t<div class=\"w-100 anwp-pg-read-more mt-auto\">\n\t\t\t\t<a href=\"https:\/\/www.ims-chips.de\/?p=13211\" \t\t\t\t\tclass=\"anwp-pg-read-more__btn mt-3 mb-0 &lt;button type=&quot;button&quot; class=&quot;btn btn-link&quot; &gt;Link&lt;\/button&gt;\">\n\t\t\t\t\tweiterlesen &gt;&gt;\t\t\t\t<\/a>\n\t\t\t<\/div>\n\t\t\n\t<\/div>\n\n<\/div>\n<div class=\"anwp-pg-post-teaser anwp-pg-post-teaser--inner-cover-link anwp-pg-post-teaser--layout-d d-flex flex-column anwp-col-lg-3 anwp-col-sm-6 anwp-col-12 anwp-pg-post-teaser--with-read-more \">\n\t<div class=\"anwp-pg-post-teaser__thumbnail position-relative\">\n\n\t\t\n\t\t\n\t\t\t\t\t<img loading=\"lazy\" class=\"anwp-pg-post-teaser__thumbnail-img d-block anwp-pg-height-170 anwp-object-cover m-0 w-100\"\n\t\t\t\talt=\"Austausch \u00fcber die Zukunft der Mikroelektronik in Baden-W\u00fcrttemberg\"\n\t\t\t\tsrc=\"https:\/\/www.ims-chips.de\/wp-content\/uploads\/2025\/08\/06_08_25_Staatsministerium.jpg\"\/>\n\t\t\n\t\t<div class=\"anwp-pg-post-teaser__thumbnail-bg anwp-position-cover\"><\/div>\n\n\t\t<a class=\"anwp-position-cover anwp-link-without-effects\" href=\"https:\/\/www.ims-chips.de\/?p=13191\" aria-hidden=\"true\" ><\/a>\n\t<\/div>\n\n\t<div class=\"anwp-pg-post-teaser__content flex-grow-1 pt-1 d-flex flex-column\">\n\n\t\t<div class=\"anwp-pg-post-teaser__title anwp-font-heading mt-2\">\n\t\t\t<a class=\"anwp-link-without-effects\" href=\"https:\/\/www.ims-chips.de\/?p=13191\" aria-hidden=\"true\" >\n\t\t\t\tAustausch \u00fcber die Zukunft der Mikroelektronik in Baden-W\u00fcrttemberg\t\t\t<\/a>\n\t\t<\/div>\n\n\t\t<div class=\"anwp-pg-post-teaser__bottom-meta d-flex flex-wrap\">\n\n\t\t\t\t\t\t\t<div class=\"anwp-pg-post-teaser__bottom-meta-item d-flex align-items-center mr-3\">\n\t\t\t\t\t<svg class=\"anwp-pg-icon anwp-pg-icon--s16 mr-1\">\n\t\t\t\t\t\t<use xlink:href=\"#icon-anwp-pg-calendar\"><\/use>\n\t\t\t\t\t<\/svg>\n\t\t\t\t\t<span class=\"posted-on m-0\"><span class=\"screen-reader-text\">Posted on<\/span><time class=\"anwp-pg-published\" datetime=\"2025-08-07T13:12:42+02:00\">7. August 2025<\/time><time class=\"anwp-pg-updated\" datetime=\"2025-10-22T11:14:27+02:00\">22. Oktober 2025<\/time><\/span>\n\t\t\t\t<\/div>\n\t\t\t\t\n\t\t\t\t\t<\/div>\n\n\t\t\t\t\t<div class=\"anwp-pg-post-teaser__excerpt mb-2\">\n\t\t\t\tZukunft der Mikroelektronik: Politik und Wissenschaft im Austausch\t\t\t<\/div>\n\t\t\n\t\t\t\t\t<div class=\"w-100 anwp-pg-read-more mt-auto\">\n\t\t\t\t<a href=\"https:\/\/www.ims-chips.de\/?p=13191\" \t\t\t\t\tclass=\"anwp-pg-read-more__btn mt-3 mb-0 &lt;button type=&quot;button&quot; class=&quot;btn btn-link&quot; &gt;Link&lt;\/button&gt;\">\n\t\t\t\t\tweiterlesen &gt;&gt;\t\t\t\t<\/a>\n\t\t\t<\/div>\n\t\t\n\t<\/div>\n\n<\/div>\n<div class=\"anwp-pg-post-teaser anwp-pg-post-teaser--inner-cover-link anwp-pg-post-teaser--layout-d d-flex flex-column anwp-col-lg-3 anwp-col-sm-6 anwp-col-12 anwp-pg-post-teaser--with-read-more \">\n\t<div class=\"anwp-pg-post-teaser__thumbnail position-relative\">\n\n\t\t\n\t\t\n\t\t\t\t\t<img loading=\"lazy\" class=\"anwp-pg-post-teaser__thumbnail-img d-block anwp-pg-height-170 anwp-object-cover m-0 w-100\"\n\t\t\t\talt=\"Photon KI &#8211; F\u00f6rderung f\u00fcr 1,5Millionen Euro\"\n\t\t\t\tsrc=\"https:\/\/www.ims-chips.de\/wp-content\/uploads\/2025\/08\/IMS_Wafer_Photonik.jpg\"\/>\n\t\t\n\t\t<div class=\"anwp-pg-post-teaser__thumbnail-bg anwp-position-cover\"><\/div>\n\n\t\t<a class=\"anwp-position-cover anwp-link-without-effects\" href=\"https:\/\/www.ims-chips.de\/?p=13182\" aria-hidden=\"true\" ><\/a>\n\t<\/div>\n\n\t<div class=\"anwp-pg-post-teaser__content flex-grow-1 pt-1 d-flex flex-column\">\n\n\t\t<div class=\"anwp-pg-post-teaser__title anwp-font-heading mt-2\">\n\t\t\t<a class=\"anwp-link-without-effects\" href=\"https:\/\/www.ims-chips.de\/?p=13182\" aria-hidden=\"true\" >\n\t\t\t\tPhoton KI &#8211; F\u00f6rderung f\u00fcr 1,5Millionen Euro\t\t\t<\/a>\n\t\t<\/div>\n\n\t\t<div class=\"anwp-pg-post-teaser__bottom-meta d-flex flex-wrap\">\n\n\t\t\t\t\t\t\t<div class=\"anwp-pg-post-teaser__bottom-meta-item d-flex align-items-center mr-3\">\n\t\t\t\t\t<svg class=\"anwp-pg-icon anwp-pg-icon--s16 mr-1\">\n\t\t\t\t\t\t<use xlink:href=\"#icon-anwp-pg-calendar\"><\/use>\n\t\t\t\t\t<\/svg>\n\t\t\t\t\t<span class=\"posted-on m-0\"><span class=\"screen-reader-text\">Posted on<\/span><time class=\"anwp-pg-published\" datetime=\"2025-08-04T14:16:06+02:00\">4. August 2025<\/time><time class=\"anwp-pg-updated\" datetime=\"2025-11-04T07:21:46+01:00\">4. November 2025<\/time><\/span>\n\t\t\t\t<\/div>\n\t\t\t\t\n\t\t\t\t\t<\/div>\n\n\t\t\t\t\t<div class=\"anwp-pg-post-teaser__excerpt mb-2\">\n\t\t\t\t1,5 Mio. F\u00f6rderung f\u00fcr nachhaltige KI-Rechentechnik mit Licht \u2013 IMS CHIPS und HLRS forschen gemeinsam.\t\t\t<\/div>\n\t\t\n\t\t\t\t\t<div class=\"w-100 anwp-pg-read-more mt-auto\">\n\t\t\t\t<a href=\"https:\/\/www.ims-chips.de\/?p=13182\" \t\t\t\t\tclass=\"anwp-pg-read-more__btn mt-3 mb-0 &lt;button type=&quot;button&quot; class=&quot;btn btn-link&quot; &gt;Link&lt;\/button&gt;\">\n\t\t\t\t\tweiterlesen &gt;&gt;\t\t\t\t<\/a>\n\t\t\t<\/div>\n\t\t\n\t<\/div>\n\n<\/div>\n<div class=\"anwp-pg-post-teaser anwp-pg-post-teaser--inner-cover-link anwp-pg-post-teaser--layout-d d-flex flex-column anwp-col-lg-3 anwp-col-sm-6 anwp-col-12 anwp-pg-post-teaser--with-read-more \">\n\t<div class=\"anwp-pg-post-teaser__thumbnail position-relative\">\n\n\t\t\n\t\t\n\t\t\t\t\t<img loading=\"lazy\" class=\"anwp-pg-post-teaser__thumbnail-img d-block anwp-pg-height-170 anwp-object-cover m-0 w-100\"\n\t\t\t\talt=\"Von der Vision zur Schl\u00fcsselplattform f\u00fcr Mikrosystemtechnik\"\n\t\t\t\tsrc=\"https:\/\/www.ims-chips.de\/wp-content\/uploads\/2025\/07\/microTEC_20_jahre_2025_.jpg\"\/>\n\t\t\n\t\t<div class=\"anwp-pg-post-teaser__thumbnail-bg anwp-position-cover\"><\/div>\n\n\t\t<a class=\"anwp-position-cover anwp-link-without-effects\" href=\"https:\/\/www.ims-chips.de\/?p=13141\" aria-hidden=\"true\" ><\/a>\n\t<\/div>\n\n\t<div class=\"anwp-pg-post-teaser__content flex-grow-1 pt-1 d-flex flex-column\">\n\n\t\t<div class=\"anwp-pg-post-teaser__title anwp-font-heading mt-2\">\n\t\t\t<a class=\"anwp-link-without-effects\" href=\"https:\/\/www.ims-chips.de\/?p=13141\" aria-hidden=\"true\" >\n\t\t\t\tVon der Vision zur Schl\u00fcsselplattform f\u00fcr Mikrosystemtechnik\t\t\t<\/a>\n\t\t<\/div>\n\n\t\t<div class=\"anwp-pg-post-teaser__bottom-meta d-flex flex-wrap\">\n\n\t\t\t\t\t\t\t<div class=\"anwp-pg-post-teaser__bottom-meta-item d-flex align-items-center mr-3\">\n\t\t\t\t\t<svg class=\"anwp-pg-icon anwp-pg-icon--s16 mr-1\">\n\t\t\t\t\t\t<use xlink:href=\"#icon-anwp-pg-calendar\"><\/use>\n\t\t\t\t\t<\/svg>\n\t\t\t\t\t<span class=\"posted-on m-0\"><span class=\"screen-reader-text\">Posted on<\/span><time class=\"anwp-pg-published\" datetime=\"2025-07-30T13:35:47+02:00\">30. Juli 2025<\/time><time class=\"anwp-pg-updated\" datetime=\"2025-10-13T07:32:15+02:00\">13. Oktober 2025<\/time><\/span>\n\t\t\t\t<\/div>\n\t\t\t\t\n\t\t\t\t\t<\/div>\n\n\t\t\t\t\t<div class=\"anwp-pg-post-teaser__excerpt mb-2\">\n\t\t\t\t20 Jahre microTEC S\u00fcdwest: Netzwerk f\u00fcr Mikrosystemtechnik feiert Innovation &amp; Zusammenarbeit\t\t\t<\/div>\n\t\t\n\t\t\t\t\t<div class=\"w-100 anwp-pg-read-more mt-auto\">\n\t\t\t\t<a href=\"https:\/\/www.ims-chips.de\/?p=13141\" \t\t\t\t\tclass=\"anwp-pg-read-more__btn mt-3 mb-0 &lt;button type=&quot;button&quot; class=&quot;btn btn-link&quot; &gt;Link&lt;\/button&gt;\">\n\t\t\t\t\tweiterlesen &gt;&gt;\t\t\t\t<\/a>\n\t\t\t<\/div>\n\t\t\n\t<\/div>\n\n<\/div>\n<div class=\"anwp-pg-post-teaser anwp-pg-post-teaser--inner-cover-link anwp-pg-post-teaser--layout-d d-flex flex-column anwp-col-lg-3 anwp-col-sm-6 anwp-col-12 anwp-pg-post-teaser--with-read-more \">\n\t<div class=\"anwp-pg-post-teaser__thumbnail position-relative\">\n\n\t\t\n\t\t\n\t\t\t\t\t<img loading=\"lazy\" class=\"anwp-pg-post-teaser__thumbnail-img d-block anwp-pg-height-170 anwp-object-cover m-0 w-100\"\n\t\t\t\talt=\"IMS CHIPS in der Primetime: Reinraumaufnahmen zum Launch des photonischen Rechners von Q.ANT\"\n\t\t\t\tsrc=\"https:\/\/www.ims-chips.de\/wp-content\/uploads\/2025\/07\/TV-Sendung.jpg\"\/>\n\t\t\n\t\t<div class=\"anwp-pg-post-teaser__thumbnail-bg anwp-position-cover\"><\/div>\n\n\t\t<a class=\"anwp-position-cover anwp-link-without-effects\" href=\"https:\/\/www.ims-chips.de\/?p=13121\" aria-hidden=\"true\" ><\/a>\n\t<\/div>\n\n\t<div class=\"anwp-pg-post-teaser__content flex-grow-1 pt-1 d-flex flex-column\">\n\n\t\t<div class=\"anwp-pg-post-teaser__title anwp-font-heading mt-2\">\n\t\t\t<a class=\"anwp-link-without-effects\" href=\"https:\/\/www.ims-chips.de\/?p=13121\" aria-hidden=\"true\" >\n\t\t\t\tIMS CHIPS in der Primetime: Reinraumaufnahmen zum Launch des photonischen Rechners von Q.ANT\t\t\t<\/a>\n\t\t<\/div>\n\n\t\t<div class=\"anwp-pg-post-teaser__bottom-meta d-flex flex-wrap\">\n\n\t\t\t\t\t\t\t<div class=\"anwp-pg-post-teaser__bottom-meta-item d-flex align-items-center mr-3\">\n\t\t\t\t\t<svg class=\"anwp-pg-icon anwp-pg-icon--s16 mr-1\">\n\t\t\t\t\t\t<use xlink:href=\"#icon-anwp-pg-calendar\"><\/use>\n\t\t\t\t\t<\/svg>\n\t\t\t\t\t<span class=\"posted-on m-0\"><span class=\"screen-reader-text\">Posted on<\/span><time class=\"anwp-pg-published\" datetime=\"2025-07-23T14:55:00+02:00\">23. Juli 2025<\/time><time class=\"anwp-pg-updated\" datetime=\"2025-10-13T07:32:20+02:00\">13. Oktober 2025<\/time><\/span>\n\t\t\t\t<\/div>\n\t\t\t\t\n\t\t\t\t\t<\/div>\n\n\t\t\t\t\t<div class=\"anwp-pg-post-teaser__excerpt mb-2\">\n\t\t\t\tIMS CHIPS Bilder der Pilotlinie f\u00fcr Q.ANTs photonischen chips \u2013 jetzt im TV auf SAT.1 und ProSieben!\t\t\t<\/div>\n\t\t\n\t\t\t\t\t<div class=\"w-100 anwp-pg-read-more mt-auto\">\n\t\t\t\t<a href=\"https:\/\/www.ims-chips.de\/?p=13121\" \t\t\t\t\tclass=\"anwp-pg-read-more__btn mt-3 mb-0 &lt;button type=&quot;button&quot; class=&quot;btn btn-link&quot; &gt;Link&lt;\/button&gt;\">\n\t\t\t\t\tweiterlesen &gt;&gt;\t\t\t\t<\/a>\n\t\t\t<\/div>\n\t\t\n\t<\/div>\n\n<\/div>\n<div class=\"anwp-pg-post-teaser anwp-pg-post-teaser--inner-cover-link anwp-pg-post-teaser--layout-d d-flex flex-column anwp-col-lg-3 anwp-col-sm-6 anwp-col-12 anwp-pg-post-teaser--with-read-more \">\n\t<div class=\"anwp-pg-post-teaser__thumbnail position-relative\">\n\n\t\t\n\t\t\n\t\t\t\t\t<img loading=\"lazy\" class=\"anwp-pg-post-teaser__thumbnail-img d-block anwp-pg-height-170 anwp-object-cover m-0 w-100\"\n\t\t\t\talt=\"Bildverarbeitungsforum\"\n\t\t\t\tsrc=\"https:\/\/www.ims-chips.de\/wp-content\/uploads\/2025\/07\/BVF90_Teaser.jpg\"\/>\n\t\t\n\t\t<div class=\"anwp-pg-post-teaser__thumbnail-bg anwp-position-cover\"><\/div>\n\n\t\t<a class=\"anwp-position-cover anwp-link-without-effects\" href=\"https:\/\/www.ims-chips.de\/?p=13106\" aria-hidden=\"true\" ><\/a>\n\t<\/div>\n\n\t<div class=\"anwp-pg-post-teaser__content flex-grow-1 pt-1 d-flex flex-column\">\n\n\t\t<div class=\"anwp-pg-post-teaser__title anwp-font-heading mt-2\">\n\t\t\t<a class=\"anwp-link-without-effects\" href=\"https:\/\/www.ims-chips.de\/?p=13106\" aria-hidden=\"true\" >\n\t\t\t\tBildverarbeitungsforum\t\t\t<\/a>\n\t\t<\/div>\n\n\t\t<div class=\"anwp-pg-post-teaser__bottom-meta d-flex flex-wrap\">\n\n\t\t\t\t\t\t\t<div class=\"anwp-pg-post-teaser__bottom-meta-item d-flex align-items-center mr-3\">\n\t\t\t\t\t<svg class=\"anwp-pg-icon anwp-pg-icon--s16 mr-1\">\n\t\t\t\t\t\t<use xlink:href=\"#icon-anwp-pg-calendar\"><\/use>\n\t\t\t\t\t<\/svg>\n\t\t\t\t\t<span class=\"posted-on m-0\"><span class=\"screen-reader-text\">Posted on<\/span><time class=\"anwp-pg-published\" datetime=\"2025-07-11T10:47:43+02:00\">11. Juli 2025<\/time><time class=\"anwp-pg-updated\" datetime=\"2025-09-29T10:02:02+02:00\">29. September 2025<\/time><\/span>\n\t\t\t\t<\/div>\n\t\t\t\t\n\t\t\t\t\t<\/div>\n\n\t\t\t\t\t<div class=\"anwp-pg-post-teaser__excerpt mb-2\">\n\t\t\t\tIMS CHIPS pr\u00e4sentiert HDRC-Q-PyroCam auf dem 90. Heidelberger Bildverarbeitungsforum.\t\t\t<\/div>\n\t\t\n\t\t\t\t\t<div class=\"w-100 anwp-pg-read-more mt-auto\">\n\t\t\t\t<a href=\"https:\/\/www.ims-chips.de\/?p=13106\" \t\t\t\t\tclass=\"anwp-pg-read-more__btn mt-3 mb-0 &lt;button type=&quot;button&quot; class=&quot;btn btn-link&quot; &gt;Link&lt;\/button&gt;\">\n\t\t\t\t\tweiterlesen &gt;&gt;\t\t\t\t<\/a>\n\t\t\t<\/div>\n\t\t\n\t<\/div>\n\n<\/div>\n<div class=\"anwp-pg-post-teaser anwp-pg-post-teaser--inner-cover-link anwp-pg-post-teaser--layout-d d-flex flex-column anwp-col-lg-3 anwp-col-sm-6 anwp-col-12 anwp-pg-post-teaser--with-read-more \">\n\t<div class=\"anwp-pg-post-teaser__thumbnail position-relative\">\n\n\t\t\n\t\t\n\t\t\t\t\t<img loading=\"lazy\" class=\"anwp-pg-post-teaser__thumbnail-img d-block anwp-pg-height-170 anwp-object-cover m-0 w-100\"\n\t\t\t\talt=\"IMS CHIPS auf der World of Quantum\"\n\t\t\t\tsrc=\"https:\/\/www.ims-chips.de\/wp-content\/uploads\/2025\/06\/bild1.jpg\"\/>\n\t\t\n\t\t<div class=\"anwp-pg-post-teaser__thumbnail-bg anwp-position-cover\"><\/div>\n\n\t\t<a class=\"anwp-position-cover anwp-link-without-effects\" href=\"https:\/\/www.ims-chips.de\/?p=13035\" aria-hidden=\"true\" ><\/a>\n\t<\/div>\n\n\t<div class=\"anwp-pg-post-teaser__content flex-grow-1 pt-1 d-flex flex-column\">\n\n\t\t<div class=\"anwp-pg-post-teaser__title anwp-font-heading mt-2\">\n\t\t\t<a class=\"anwp-link-without-effects\" href=\"https:\/\/www.ims-chips.de\/?p=13035\" aria-hidden=\"true\" >\n\t\t\t\tIMS CHIPS auf der World of Quantum\t\t\t<\/a>\n\t\t<\/div>\n\n\t\t<div class=\"anwp-pg-post-teaser__bottom-meta d-flex flex-wrap\">\n\n\t\t\t\t\t\t\t<div class=\"anwp-pg-post-teaser__bottom-meta-item d-flex align-items-center mr-3\">\n\t\t\t\t\t<svg class=\"anwp-pg-icon anwp-pg-icon--s16 mr-1\">\n\t\t\t\t\t\t<use xlink:href=\"#icon-anwp-pg-calendar\"><\/use>\n\t\t\t\t\t<\/svg>\n\t\t\t\t\t<span class=\"posted-on m-0\"><span class=\"screen-reader-text\">Posted on<\/span><time class=\"anwp-pg-published\" datetime=\"2025-06-30T13:23:53+02:00\">30. Juni 2025<\/time><time class=\"anwp-pg-updated\" datetime=\"2025-09-25T11:30:04+02:00\">25. September 2025<\/time><\/span>\n\t\t\t\t<\/div>\n\t\t\t\t\n\t\t\t\t\t<\/div>\n\n\t\t\t\t\t<div class=\"anwp-pg-post-teaser__excerpt mb-2\">\n\t\t\t\t: Internationale Impulse auf der World of Quantum: IMS CHIPS pr\u00e4sentierte CGH-Technologie und begr\u00fc\u00dfte Delegation aus Montana (USA).\t\t\t<\/div>\n\t\t\n\t\t\t\t\t<div class=\"w-100 anwp-pg-read-more mt-auto\">\n\t\t\t\t<a href=\"https:\/\/www.ims-chips.de\/?p=13035\" \t\t\t\t\tclass=\"anwp-pg-read-more__btn mt-3 mb-0 &lt;button type=&quot;button&quot; class=&quot;btn btn-link&quot; &gt;Link&lt;\/button&gt;\">\n\t\t\t\t\tweiterlesen &gt;&gt;\t\t\t\t<\/a>\n\t\t\t<\/div>\n\t\t\n\t<\/div>\n\n<\/div>\n<div class=\"anwp-pg-post-teaser anwp-pg-post-teaser--inner-cover-link anwp-pg-post-teaser--layout-d d-flex flex-column anwp-col-lg-3 anwp-col-sm-6 anwp-col-12 anwp-pg-post-teaser--with-read-more \">\n\t<div class=\"anwp-pg-post-teaser__thumbnail position-relative\">\n\n\t\t\n\t\t\n\t\t\t\t\t<img loading=\"lazy\" class=\"anwp-pg-post-teaser__thumbnail-img d-block anwp-pg-height-170 anwp-object-cover m-0 w-100\"\n\t\t\t\talt=\"Zukunft live erleben und gestalten \u2013 ZVEI BW zu Gast am IMS CHIPS\"\n\t\t\t\tsrc=\"https:\/\/www.ims-chips.de\/wp-content\/uploads\/2025\/06\/25_06_2025_1.jpg\"\/>\n\t\t\n\t\t<div class=\"anwp-pg-post-teaser__thumbnail-bg anwp-position-cover\"><\/div>\n\n\t\t<a class=\"anwp-position-cover anwp-link-without-effects\" href=\"https:\/\/www.ims-chips.de\/?p=13022\" aria-hidden=\"true\" ><\/a>\n\t<\/div>\n\n\t<div class=\"anwp-pg-post-teaser__content flex-grow-1 pt-1 d-flex flex-column\">\n\n\t\t<div class=\"anwp-pg-post-teaser__title anwp-font-heading mt-2\">\n\t\t\t<a class=\"anwp-link-without-effects\" href=\"https:\/\/www.ims-chips.de\/?p=13022\" aria-hidden=\"true\" >\n\t\t\t\tZukunft live erleben und gestalten \u2013 ZVEI BW zu Gast am IMS CHIPS\t\t\t<\/a>\n\t\t<\/div>\n\n\t\t<div class=\"anwp-pg-post-teaser__bottom-meta d-flex flex-wrap\">\n\n\t\t\t\t\t\t\t<div class=\"anwp-pg-post-teaser__bottom-meta-item d-flex align-items-center mr-3\">\n\t\t\t\t\t<svg class=\"anwp-pg-icon anwp-pg-icon--s16 mr-1\">\n\t\t\t\t\t\t<use xlink:href=\"#icon-anwp-pg-calendar\"><\/use>\n\t\t\t\t\t<\/svg>\n\t\t\t\t\t<span class=\"posted-on m-0\"><span class=\"screen-reader-text\">Posted on<\/span><time class=\"anwp-pg-published\" datetime=\"2025-06-26T12:10:36+02:00\">26. Juni 2025<\/time><time class=\"anwp-pg-updated\" datetime=\"2025-08-22T12:13:05+02:00\">22. August 2025<\/time><\/span>\n\t\t\t\t<\/div>\n\t\t\t\t\n\t\t\t\t\t<\/div>\n\n\t\t\t\t\t<div class=\"anwp-pg-post-teaser__excerpt mb-2\">\n\t\t\t\tZukunft live erleben und gestalten \u2013 ZVEI BW zu Gast am IMS CHIPS Im Rahmen der Veranstaltungsreihe \u201eZVEI BW vor Ort \u2013 live aus der Praxis\u201c durften wir am 25.06.2025 ...\t\t\t<\/div>\n\t\t\n\t\t\t\t\t<div class=\"w-100 anwp-pg-read-more mt-auto\">\n\t\t\t\t<a href=\"https:\/\/www.ims-chips.de\/?p=13022\" \t\t\t\t\tclass=\"anwp-pg-read-more__btn mt-3 mb-0 &lt;button type=&quot;button&quot; class=&quot;btn btn-link&quot; &gt;Link&lt;\/button&gt;\">\n\t\t\t\t\tweiterlesen &gt;&gt;\t\t\t\t<\/a>\n\t\t\t<\/div>\n\t\t\n\t<\/div>\n\n<\/div>\n<div class=\"anwp-pg-post-teaser anwp-pg-post-teaser--inner-cover-link anwp-pg-post-teaser--layout-d d-flex flex-column anwp-col-lg-3 anwp-col-sm-6 anwp-col-12 anwp-pg-post-teaser--with-read-more \">\n\t<div class=\"anwp-pg-post-teaser__thumbnail position-relative\">\n\n\t\t\n\t\t\n\t\t\t\t\t<img loading=\"lazy\" class=\"anwp-pg-post-teaser__thumbnail-img d-block anwp-pg-height-170 anwp-object-cover m-0 w-100\"\n\t\t\t\talt=\"C-Level-Talk mit Q.ANT INSEAD Business school Alumni und T\u00f6nissteiner Kreis im IMS CHIPS\"\n\t\t\t\tsrc=\"https:\/\/www.ims-chips.de\/wp-content\/uploads\/2025\/06\/image00034_bearbeitet-scaled.jpg\"\/>\n\t\t\n\t\t<div class=\"anwp-pg-post-teaser__thumbnail-bg anwp-position-cover\"><\/div>\n\n\t\t<a class=\"anwp-position-cover anwp-link-without-effects\" href=\"https:\/\/www.ims-chips.de\/?p=13006\" aria-hidden=\"true\" ><\/a>\n\t<\/div>\n\n\t<div class=\"anwp-pg-post-teaser__content flex-grow-1 pt-1 d-flex flex-column\">\n\n\t\t<div class=\"anwp-pg-post-teaser__title anwp-font-heading mt-2\">\n\t\t\t<a class=\"anwp-link-without-effects\" href=\"https:\/\/www.ims-chips.de\/?p=13006\" aria-hidden=\"true\" >\n\t\t\t\tC-Level-Talk mit Q.ANT INSEAD Business school Alumni und T\u00f6nissteiner Kreis im IMS CHIPS\t\t\t<\/a>\n\t\t<\/div>\n\n\t\t<div class=\"anwp-pg-post-teaser__bottom-meta d-flex flex-wrap\">\n\n\t\t\t\t\t\t\t<div class=\"anwp-pg-post-teaser__bottom-meta-item d-flex align-items-center mr-3\">\n\t\t\t\t\t<svg class=\"anwp-pg-icon anwp-pg-icon--s16 mr-1\">\n\t\t\t\t\t\t<use xlink:href=\"#icon-anwp-pg-calendar\"><\/use>\n\t\t\t\t\t<\/svg>\n\t\t\t\t\t<span class=\"posted-on m-0\"><span class=\"screen-reader-text\">Posted on<\/span><time class=\"anwp-pg-published\" datetime=\"2025-06-24T11:53:03+02:00\">24. Juni 2025<\/time><time class=\"anwp-pg-updated\" datetime=\"2025-08-19T12:44:16+02:00\">19. August 2025<\/time><\/span>\n\t\t\t\t<\/div>\n\t\t\t\t\n\t\t\t\t\t<\/div>\n\n\t\t\t\t\t<div class=\"anwp-pg-post-teaser__excerpt mb-2\">\n\t\t\t\tInternationale G\u00e4ste diskutierten bei IMS CHIPS \u00fcber Photonik, KI und Europas Rolle in Deep-Tech.\t\t\t<\/div>\n\t\t\n\t\t\t\t\t<div class=\"w-100 anwp-pg-read-more mt-auto\">\n\t\t\t\t<a href=\"https:\/\/www.ims-chips.de\/?p=13006\" \t\t\t\t\tclass=\"anwp-pg-read-more__btn mt-3 mb-0 &lt;button type=&quot;button&quot; class=&quot;btn btn-link&quot; &gt;Link&lt;\/button&gt;\">\n\t\t\t\t\tweiterlesen &gt;&gt;\t\t\t\t<\/a>\n\t\t\t<\/div>\n\t\t\n\t<\/div>\n\n<\/div>\n<div class=\"anwp-pg-post-teaser anwp-pg-post-teaser--inner-cover-link anwp-pg-post-teaser--layout-d d-flex flex-column anwp-col-lg-3 anwp-col-sm-6 anwp-col-12 anwp-pg-post-teaser--with-read-more \">\n\t<div class=\"anwp-pg-post-teaser__thumbnail position-relative\">\n\n\t\t\n\t\t\n\t\t\t\t\t<img loading=\"lazy\" class=\"anwp-pg-post-teaser__thumbnail-img d-block anwp-pg-height-170 anwp-object-cover m-0 w-100\"\n\t\t\t\talt=\"innBW zu Besuch: Neue Impulse f\u00fcr die DeepTech-Zusammenarbeit\"\n\t\t\t\tsrc=\"https:\/\/www.ims-chips.de\/wp-content\/uploads\/2025\/06\/Fellmann_Quack_Dehe.jpg\"\/>\n\t\t\n\t\t<div class=\"anwp-pg-post-teaser__thumbnail-bg anwp-position-cover\"><\/div>\n\n\t\t<a class=\"anwp-position-cover anwp-link-without-effects\" href=\"https:\/\/www.ims-chips.de\/?p=12994\" aria-hidden=\"true\" ><\/a>\n\t<\/div>\n\n\t<div class=\"anwp-pg-post-teaser__content flex-grow-1 pt-1 d-flex flex-column\">\n\n\t\t<div class=\"anwp-pg-post-teaser__title anwp-font-heading mt-2\">\n\t\t\t<a class=\"anwp-link-without-effects\" href=\"https:\/\/www.ims-chips.de\/?p=12994\" aria-hidden=\"true\" >\n\t\t\t\tinnBW zu Besuch: Neue Impulse f\u00fcr die DeepTech-Zusammenarbeit\t\t\t<\/a>\n\t\t<\/div>\n\n\t\t<div class=\"anwp-pg-post-teaser__bottom-meta d-flex flex-wrap\">\n\n\t\t\t\t\t\t\t<div class=\"anwp-pg-post-teaser__bottom-meta-item d-flex align-items-center mr-3\">\n\t\t\t\t\t<svg class=\"anwp-pg-icon anwp-pg-icon--s16 mr-1\">\n\t\t\t\t\t\t<use xlink:href=\"#icon-anwp-pg-calendar\"><\/use>\n\t\t\t\t\t<\/svg>\n\t\t\t\t\t<span class=\"posted-on m-0\"><span class=\"screen-reader-text\">Posted on<\/span><time class=\"anwp-pg-published\" datetime=\"2025-06-13T10:13:42+02:00\">13. Juni 2025<\/time><time class=\"anwp-pg-updated\" datetime=\"2025-08-07T13:15:06+02:00\">7. August 2025<\/time><\/span>\n\t\t\t\t<\/div>\n\t\t\t\t\n\t\t\t\t\t<\/div>\n\n\t\t\t\t\t<div class=\"anwp-pg-post-teaser__excerpt mb-2\">\n\t\t\t\tinnBW begr\u00fc\u00dft Prof. Dr. Niels Quack: Austausch zu DeepTech-Strategien und neue Impulse f\u00fcr landesweite Zusammenarbeit.\t\t\t<\/div>\n\t\t\n\t\t\t\t\t<div class=\"w-100 anwp-pg-read-more mt-auto\">\n\t\t\t\t<a href=\"https:\/\/www.ims-chips.de\/?p=12994\" \t\t\t\t\tclass=\"anwp-pg-read-more__btn mt-3 mb-0 &lt;button type=&quot;button&quot; class=&quot;btn btn-link&quot; &gt;Link&lt;\/button&gt;\">\n\t\t\t\t\tweiterlesen &gt;&gt;\t\t\t\t<\/a>\n\t\t\t<\/div>\n\t\t\n\t<\/div>\n\n<\/div>\n<div class=\"anwp-pg-post-teaser anwp-pg-post-teaser--inner-cover-link anwp-pg-post-teaser--layout-d d-flex flex-column anwp-col-lg-3 anwp-col-sm-6 anwp-col-12 anwp-pg-post-teaser--with-read-more \">\n\t<div class=\"anwp-pg-post-teaser__thumbnail position-relative\">\n\n\t\t\n\t\t\n\t\t\t\t\t<img loading=\"lazy\" class=\"anwp-pg-post-teaser__thumbnail-img d-block anwp-pg-height-170 anwp-object-cover m-0 w-100\"\n\t\t\t\talt=\"Wissenstransfer \u00fcber Generationen: Bernd H\u00f6fflinger begr\u00fc\u00dft Niels Quack\"\n\t\t\t\tsrc=\"https:\/\/www.ims-chips.de\/wp-content\/uploads\/2025\/06\/Quack_Hoeflinger0.jpg\"\/>\n\t\t\n\t\t<div class=\"anwp-pg-post-teaser__thumbnail-bg anwp-position-cover\"><\/div>\n\n\t\t<a class=\"anwp-position-cover anwp-link-without-effects\" href=\"https:\/\/www.ims-chips.de\/?p=12967\" aria-hidden=\"true\" ><\/a>\n\t<\/div>\n\n\t<div class=\"anwp-pg-post-teaser__content flex-grow-1 pt-1 d-flex flex-column\">\n\n\t\t<div class=\"anwp-pg-post-teaser__title anwp-font-heading mt-2\">\n\t\t\t<a class=\"anwp-link-without-effects\" href=\"https:\/\/www.ims-chips.de\/?p=12967\" aria-hidden=\"true\" >\n\t\t\t\tWissenstransfer \u00fcber Generationen: Bernd H\u00f6fflinger begr\u00fc\u00dft Niels Quack\t\t\t<\/a>\n\t\t<\/div>\n\n\t\t<div class=\"anwp-pg-post-teaser__bottom-meta d-flex flex-wrap\">\n\n\t\t\t\t\t\t\t<div class=\"anwp-pg-post-teaser__bottom-meta-item d-flex align-items-center mr-3\">\n\t\t\t\t\t<svg class=\"anwp-pg-icon anwp-pg-icon--s16 mr-1\">\n\t\t\t\t\t\t<use xlink:href=\"#icon-anwp-pg-calendar\"><\/use>\n\t\t\t\t\t<\/svg>\n\t\t\t\t\t<span class=\"posted-on m-0\"><span class=\"screen-reader-text\">Posted on<\/span><time class=\"anwp-pg-published\" datetime=\"2025-06-12T14:48:25+02:00\">12. Juni 2025<\/time><time class=\"anwp-pg-updated\" datetime=\"2025-08-05T09:18:40+02:00\">5. August 2025<\/time><\/span>\n\t\t\t\t<\/div>\n\t\t\t\t\n\t\t\t\t\t<\/div>\n\n\t\t\t\t\t<div class=\"anwp-pg-post-teaser__excerpt mb-2\">\n\t\t\t\tEin besonderer Moment am IMS CHIPS: Prof. Dr. H\u00f6fflinger (ehemaliger Institutsleiter IMS CHIPS) \u00fcberreicht Prof. Quack seine Publikation \u2013 ein Zeichen f\u00fcr gelebten Wissenstransfer.\t\t\t<\/div>\n\t\t\n\t\t\t\t\t<div class=\"w-100 anwp-pg-read-more mt-auto\">\n\t\t\t\t<a href=\"https:\/\/www.ims-chips.de\/?p=12967\" \t\t\t\t\tclass=\"anwp-pg-read-more__btn mt-3 mb-0 &lt;button type=&quot;button&quot; class=&quot;btn btn-link&quot; &gt;Link&lt;\/button&gt;\">\n\t\t\t\t\tweiterlesen &gt;&gt;\t\t\t\t<\/a>\n\t\t\t<\/div>\n\t\t\n\t<\/div>\n\n<\/div>\n<div class=\"anwp-pg-post-teaser anwp-pg-post-teaser--inner-cover-link anwp-pg-post-teaser--layout-d d-flex flex-column anwp-col-lg-3 anwp-col-sm-6 anwp-col-12 anwp-pg-post-teaser--with-read-more \">\n\t<div class=\"anwp-pg-post-teaser__thumbnail position-relative\">\n\n\t\t\n\t\t\n\t\t\t\t\t<img loading=\"lazy\" class=\"anwp-pg-post-teaser__thumbnail-img d-block anwp-pg-height-170 anwp-object-cover m-0 w-100\"\n\t\t\t\talt=\"Erfolgreichstes Jahr in der Geschichte des IMS CHIPS\"\n\t\t\t\tsrc=\"https:\/\/www.ims-chips.de\/wp-content\/uploads\/2025\/06\/05_06_2025_00.jpg\"\/>\n\t\t\n\t\t<div class=\"anwp-pg-post-teaser__thumbnail-bg anwp-position-cover\"><\/div>\n\n\t\t<a class=\"anwp-position-cover anwp-link-without-effects\" href=\"https:\/\/www.ims-chips.de\/?p=12951\" aria-hidden=\"true\" ><\/a>\n\t<\/div>\n\n\t<div class=\"anwp-pg-post-teaser__content flex-grow-1 pt-1 d-flex flex-column\">\n\n\t\t<div class=\"anwp-pg-post-teaser__title anwp-font-heading mt-2\">\n\t\t\t<a class=\"anwp-link-without-effects\" href=\"https:\/\/www.ims-chips.de\/?p=12951\" aria-hidden=\"true\" >\n\t\t\t\tErfolgreichstes Jahr in der Geschichte des IMS CHIPS\t\t\t<\/a>\n\t\t<\/div>\n\n\t\t<div class=\"anwp-pg-post-teaser__bottom-meta d-flex flex-wrap\">\n\n\t\t\t\t\t\t\t<div class=\"anwp-pg-post-teaser__bottom-meta-item d-flex align-items-center mr-3\">\n\t\t\t\t\t<svg class=\"anwp-pg-icon anwp-pg-icon--s16 mr-1\">\n\t\t\t\t\t\t<use xlink:href=\"#icon-anwp-pg-calendar\"><\/use>\n\t\t\t\t\t<\/svg>\n\t\t\t\t\t<span class=\"posted-on m-0\"><span class=\"screen-reader-text\">Posted on<\/span><time class=\"anwp-pg-published\" datetime=\"2025-06-06T09:44:39+02:00\">6. Juni 2025<\/time><time class=\"anwp-pg-updated\" datetime=\"2025-07-30T13:41:16+02:00\">30. Juli 2025<\/time><\/span>\n\t\t\t\t<\/div>\n\t\t\t\t\n\t\t\t\t\t<\/div>\n\n\t\t\t\t\t<div class=\"anwp-pg-post-teaser__excerpt mb-2\">\n\t\t\t\tKuratorium w\u00fcrdigt Rekordjahr 2024, Mitarbeitende &amp; neue Leitung \u2013 Highlights &amp; Einblicke zur Fr\u00fchjahrssitzung am IMS CHIPS.\t\t\t<\/div>\n\t\t\n\t\t\t\t\t<div class=\"w-100 anwp-pg-read-more mt-auto\">\n\t\t\t\t<a href=\"https:\/\/www.ims-chips.de\/?p=12951\" \t\t\t\t\tclass=\"anwp-pg-read-more__btn mt-3 mb-0 &lt;button type=&quot;button&quot; class=&quot;btn btn-link&quot; &gt;Link&lt;\/button&gt;\">\n\t\t\t\t\tweiterlesen &gt;&gt;\t\t\t\t<\/a>\n\t\t\t<\/div>\n\t\t\n\t<\/div>\n\n<\/div>\n<div class=\"anwp-pg-post-teaser anwp-pg-post-teaser--inner-cover-link anwp-pg-post-teaser--layout-d d-flex flex-column anwp-col-lg-3 anwp-col-sm-6 anwp-col-12 anwp-pg-post-teaser--with-read-more \">\n\t<div class=\"anwp-pg-post-teaser__thumbnail position-relative\">\n\n\t\t\n\t\t\n\t\t\t\t\t<img loading=\"lazy\" class=\"anwp-pg-post-teaser__thumbnail-img d-block anwp-pg-height-170 anwp-object-cover m-0 w-100\"\n\t\t\t\talt=\"IMS CHIPS auf der Clusterkonferenz in Baden-Baden\"\n\t\t\t\tsrc=\"https:\/\/www.ims-chips.de\/wp-content\/uploads\/2025\/05\/20250519_1.jpg\"\/>\n\t\t\n\t\t<div class=\"anwp-pg-post-teaser__thumbnail-bg anwp-position-cover\"><\/div>\n\n\t\t<a class=\"anwp-position-cover anwp-link-without-effects\" href=\"https:\/\/www.ims-chips.de\/?p=12871\" aria-hidden=\"true\" ><\/a>\n\t<\/div>\n\n\t<div class=\"anwp-pg-post-teaser__content flex-grow-1 pt-1 d-flex flex-column\">\n\n\t\t<div class=\"anwp-pg-post-teaser__title anwp-font-heading mt-2\">\n\t\t\t<a class=\"anwp-link-without-effects\" href=\"https:\/\/www.ims-chips.de\/?p=12871\" aria-hidden=\"true\" >\n\t\t\t\tIMS CHIPS auf der Clusterkonferenz in Baden-Baden\t\t\t<\/a>\n\t\t<\/div>\n\n\t\t<div class=\"anwp-pg-post-teaser__bottom-meta d-flex flex-wrap\">\n\n\t\t\t\t\t\t\t<div class=\"anwp-pg-post-teaser__bottom-meta-item d-flex align-items-center mr-3\">\n\t\t\t\t\t<svg class=\"anwp-pg-icon anwp-pg-icon--s16 mr-1\">\n\t\t\t\t\t\t<use xlink:href=\"#icon-anwp-pg-calendar\"><\/use>\n\t\t\t\t\t<\/svg>\n\t\t\t\t\t<span class=\"posted-on m-0\"><span class=\"screen-reader-text\">Posted on<\/span><time class=\"anwp-pg-published\" datetime=\"2025-05-22T10:49:38+02:00\">22. Mai 2025<\/time><time class=\"anwp-pg-updated\" datetime=\"2025-07-23T14:57:17+02:00\">23. Juli 2025<\/time><\/span>\n\t\t\t\t<\/div>\n\t\t\t\t\n\t\t\t\t\t<\/div>\n\n\t\t\t\t\t<div class=\"anwp-pg-post-teaser__excerpt mb-2\">\n\t\t\t\tIMS CHIPS trifft Staatsminister Krauss bei der Clusterkonferenz \u2013 pr\u00e4sentiert Ge-on-Si-Technologie und gibt Interviews f\u00fcr microTEC S\u00fcdwest e.V..\t\t\t<\/div>\n\t\t\n\t\t\t\t\t<div class=\"w-100 anwp-pg-read-more mt-auto\">\n\t\t\t\t<a href=\"https:\/\/www.ims-chips.de\/?p=12871\" \t\t\t\t\tclass=\"anwp-pg-read-more__btn mt-3 mb-0 &lt;button type=&quot;button&quot; class=&quot;btn btn-link&quot; &gt;Link&lt;\/button&gt;\">\n\t\t\t\t\tweiterlesen &gt;&gt;\t\t\t\t<\/a>\n\t\t\t<\/div>\n\t\t\n\t<\/div>\n\n<\/div>\n<div class=\"anwp-pg-post-teaser anwp-pg-post-teaser--inner-cover-link anwp-pg-post-teaser--layout-d d-flex flex-column anwp-col-lg-3 anwp-col-sm-6 anwp-col-12 anwp-pg-post-teaser--with-read-more \">\n\t<div class=\"anwp-pg-post-teaser__thumbnail position-relative\">\n\n\t\t\n\t\t\n\t\t\t\t\t<img loading=\"lazy\" class=\"anwp-pg-post-teaser__thumbnail-img d-block anwp-pg-height-170 anwp-object-cover m-0 w-100\"\n\t\t\t\talt=\"Besuch des Prorektorats der Universit\u00e4t Stuttgart am IMS\"\n\t\t\t\tsrc=\"https:\/\/www.ims-chips.de\/wp-content\/uploads\/2025\/05\/Prof_Dr_Brem_IMS.jpg\"\/>\n\t\t\n\t\t<div class=\"anwp-pg-post-teaser__thumbnail-bg anwp-position-cover\"><\/div>\n\n\t\t<a class=\"anwp-position-cover anwp-link-without-effects\" href=\"https:\/\/www.ims-chips.de\/?p=12849\" aria-hidden=\"true\" ><\/a>\n\t<\/div>\n\n\t<div class=\"anwp-pg-post-teaser__content flex-grow-1 pt-1 d-flex flex-column\">\n\n\t\t<div class=\"anwp-pg-post-teaser__title anwp-font-heading mt-2\">\n\t\t\t<a class=\"anwp-link-without-effects\" href=\"https:\/\/www.ims-chips.de\/?p=12849\" aria-hidden=\"true\" >\n\t\t\t\tBesuch des Prorektorats der Universit\u00e4t Stuttgart am IMS\t\t\t<\/a>\n\t\t<\/div>\n\n\t\t<div class=\"anwp-pg-post-teaser__bottom-meta d-flex flex-wrap\">\n\n\t\t\t\t\t\t\t<div class=\"anwp-pg-post-teaser__bottom-meta-item d-flex align-items-center mr-3\">\n\t\t\t\t\t<svg class=\"anwp-pg-icon anwp-pg-icon--s16 mr-1\">\n\t\t\t\t\t\t<use xlink:href=\"#icon-anwp-pg-calendar\"><\/use>\n\t\t\t\t\t<\/svg>\n\t\t\t\t\t<span class=\"posted-on m-0\"><span class=\"screen-reader-text\">Posted on<\/span><time class=\"anwp-pg-published\" datetime=\"2025-05-16T11:21:02+02:00\">16. Mai 2025<\/time><time class=\"anwp-pg-updated\" datetime=\"2025-07-11T10:52:09+02:00\">11. Juli 2025<\/time><\/span>\n\t\t\t\t<\/div>\n\t\t\t\t\n\t\t\t\t\t<\/div>\n\n\t\t\t\t\t<div class=\"anwp-pg-post-teaser__excerpt mb-2\">\n\t\t\t\tWir durften das Instituts f\u00fcr Entrepreneurship und Innovationsforschung (ENI) bei uns am IMS CHIPS begr\u00fc\u00dfen. Mit dabei war auch Herr Prof. Dr. Brem \u2013 sowohl in seiner Funktion als Institutsleistung ...\t\t\t<\/div>\n\t\t\n\t\t\t\t\t<div class=\"w-100 anwp-pg-read-more mt-auto\">\n\t\t\t\t<a href=\"https:\/\/www.ims-chips.de\/?p=12849\" \t\t\t\t\tclass=\"anwp-pg-read-more__btn mt-3 mb-0 &lt;button type=&quot;button&quot; class=&quot;btn btn-link&quot; &gt;Link&lt;\/button&gt;\">\n\t\t\t\t\tweiterlesen &gt;&gt;\t\t\t\t<\/a>\n\t\t\t<\/div>\n\t\t\n\t<\/div>\n\n<\/div>\n<div class=\"anwp-pg-post-teaser anwp-pg-post-teaser--inner-cover-link anwp-pg-post-teaser--layout-d d-flex flex-column anwp-col-lg-3 anwp-col-sm-6 anwp-col-12 anwp-pg-post-teaser--with-read-more \">\n\t<div class=\"anwp-pg-post-teaser__thumbnail position-relative\">\n\n\t\t\n\t\t\n\t\t\t\t\t<img loading=\"lazy\" class=\"anwp-pg-post-teaser__thumbnail-img d-block anwp-pg-height-170 anwp-object-cover m-0 w-100\"\n\t\t\t\talt=\"Neue Partikelmessanlage am IMS CHIPS\"\n\t\t\t\tsrc=\"https:\/\/www.ims-chips.de\/wp-content\/uploads\/2025\/05\/Partikelmessgeraet.jpg\"\/>\n\t\t\n\t\t<div class=\"anwp-pg-post-teaser__thumbnail-bg anwp-position-cover\"><\/div>\n\n\t\t<a class=\"anwp-position-cover anwp-link-without-effects\" href=\"https:\/\/www.ims-chips.de\/?p=12832\" aria-hidden=\"true\" ><\/a>\n\t<\/div>\n\n\t<div class=\"anwp-pg-post-teaser__content flex-grow-1 pt-1 d-flex flex-column\">\n\n\t\t<div class=\"anwp-pg-post-teaser__title anwp-font-heading mt-2\">\n\t\t\t<a class=\"anwp-link-without-effects\" href=\"https:\/\/www.ims-chips.de\/?p=12832\" aria-hidden=\"true\" >\n\t\t\t\tNeue Partikelmessanlage am IMS CHIPS\t\t\t<\/a>\n\t\t<\/div>\n\n\t\t<div class=\"anwp-pg-post-teaser__bottom-meta d-flex flex-wrap\">\n\n\t\t\t\t\t\t\t<div class=\"anwp-pg-post-teaser__bottom-meta-item d-flex align-items-center mr-3\">\n\t\t\t\t\t<svg class=\"anwp-pg-icon anwp-pg-icon--s16 mr-1\">\n\t\t\t\t\t\t<use xlink:href=\"#icon-anwp-pg-calendar\"><\/use>\n\t\t\t\t\t<\/svg>\n\t\t\t\t\t<span class=\"posted-on m-0\"><span class=\"screen-reader-text\">Posted on<\/span><time class=\"anwp-pg-published\" datetime=\"2025-05-15T12:54:18+02:00\">15. Mai 2025<\/time><time class=\"anwp-pg-updated\" datetime=\"2025-06-30T13:30:33+02:00\">30. Juni 2025<\/time><\/span>\n\t\t\t\t<\/div>\n\t\t\t\t\n\t\t\t\t\t<\/div>\n\n\t\t\t\t\t<div class=\"anwp-pg-post-teaser__excerpt mb-2\">\n\t\t\t\tIMS CHIPS freut sich \u00fcber die erfolgreiche Abnahme der neuen Partikelmessanlage Takano WM-7SR des japanischen Herstellers Takano Inc.. Die Ausschreibung wurde von ClassOne Equipment (USA) gewonnen und anschlie\u00dfend professionell begleitet.\t\t\t<\/div>\n\t\t\n\t\t\t\t\t<div class=\"w-100 anwp-pg-read-more mt-auto\">\n\t\t\t\t<a href=\"https:\/\/www.ims-chips.de\/?p=12832\" \t\t\t\t\tclass=\"anwp-pg-read-more__btn mt-3 mb-0 &lt;button type=&quot;button&quot; class=&quot;btn btn-link&quot; &gt;Link&lt;\/button&gt;\">\n\t\t\t\t\tweiterlesen &gt;&gt;\t\t\t\t<\/a>\n\t\t\t<\/div>\n\t\t\n\t<\/div>\n\n<\/div>\n<div class=\"anwp-pg-post-teaser anwp-pg-post-teaser--inner-cover-link anwp-pg-post-teaser--layout-d d-flex flex-column anwp-col-lg-3 anwp-col-sm-6 anwp-col-12 anwp-pg-post-teaser--with-read-more \">\n\t<div class=\"anwp-pg-post-teaser__thumbnail position-relative\">\n\n\t\t\n\t\t\n\t\t\t\t\t<img loading=\"lazy\" class=\"anwp-pg-post-teaser__thumbnail-img d-block anwp-pg-height-170 anwp-object-cover m-0 w-100\"\n\t\t\t\talt=\"IMS CHIPS beim CMi Annual Review Meeting 2025\"\n\t\t\t\tsrc=\"https:\/\/www.ims-chips.de\/wp-content\/uploads\/2025\/05\/NQ_EPFL_1.jpg\"\/>\n\t\t\n\t\t<div class=\"anwp-pg-post-teaser__thumbnail-bg anwp-position-cover\"><\/div>\n\n\t\t<a class=\"anwp-position-cover anwp-link-without-effects\" href=\"https:\/\/www.ims-chips.de\/?p=12777\" aria-hidden=\"true\" ><\/a>\n\t<\/div>\n\n\t<div class=\"anwp-pg-post-teaser__content flex-grow-1 pt-1 d-flex flex-column\">\n\n\t\t<div class=\"anwp-pg-post-teaser__title anwp-font-heading mt-2\">\n\t\t\t<a class=\"anwp-link-without-effects\" href=\"https:\/\/www.ims-chips.de\/?p=12777\" aria-hidden=\"true\" >\n\t\t\t\tIMS CHIPS beim CMi Annual Review Meeting 2025\t\t\t<\/a>\n\t\t<\/div>\n\n\t\t<div class=\"anwp-pg-post-teaser__bottom-meta d-flex flex-wrap\">\n\n\t\t\t\t\t\t\t<div class=\"anwp-pg-post-teaser__bottom-meta-item d-flex align-items-center mr-3\">\n\t\t\t\t\t<svg class=\"anwp-pg-icon anwp-pg-icon--s16 mr-1\">\n\t\t\t\t\t\t<use xlink:href=\"#icon-anwp-pg-calendar\"><\/use>\n\t\t\t\t\t<\/svg>\n\t\t\t\t\t<span class=\"posted-on m-0\"><span class=\"screen-reader-text\">Posted on<\/span><time class=\"anwp-pg-published\" datetime=\"2025-05-14T08:16:21+02:00\">14. Mai 2025<\/time><time class=\"anwp-pg-updated\" datetime=\"2025-06-26T12:20:47+02:00\">26. Juni 2025<\/time><\/span>\n\t\t\t\t<\/div>\n\t\t\t\t\n\t\t\t\t\t<\/div>\n\n\t\t\t\t\t<div class=\"anwp-pg-post-teaser__excerpt mb-2\">\n\t\t\t\tIMS CHIPS beim CMi Annual Review Meeting 2025 war mit einem Vortrag von Institutsleiter Prof. Dr. Quack vertreten.\t\t\t<\/div>\n\t\t\n\t\t\t\t\t<div class=\"w-100 anwp-pg-read-more mt-auto\">\n\t\t\t\t<a href=\"https:\/\/www.ims-chips.de\/?p=12777\" \t\t\t\t\tclass=\"anwp-pg-read-more__btn mt-3 mb-0 &lt;button type=&quot;button&quot; class=&quot;btn btn-link&quot; &gt;Link&lt;\/button&gt;\">\n\t\t\t\t\tweiterlesen &gt;&gt;\t\t\t\t<\/a>\n\t\t\t<\/div>\n\t\t\n\t<\/div>\n\n<\/div>\n<div class=\"anwp-pg-post-teaser anwp-pg-post-teaser--inner-cover-link anwp-pg-post-teaser--layout-d d-flex flex-column anwp-col-lg-3 anwp-col-sm-6 anwp-col-12 anwp-pg-post-teaser--with-read-more \">\n\t<div class=\"anwp-pg-post-teaser__thumbnail position-relative\">\n\n\t\t\n\t\t\n\t\t\t\t\t<img loading=\"lazy\" class=\"anwp-pg-post-teaser__thumbnail-img d-block anwp-pg-height-170 anwp-object-cover m-0 w-100\"\n\t\t\t\talt=\"IMS CHIPS beim NIL Industrial Day\"\n\t\t\t\tsrc=\"https:\/\/www.ims-chips.de\/wp-content\/uploads\/2025\/05\/NIL_Industrial_Day02.jpg\"\/>\n\t\t\n\t\t<div class=\"anwp-pg-post-teaser__thumbnail-bg anwp-position-cover\"><\/div>\n\n\t\t<a class=\"anwp-position-cover anwp-link-without-effects\" href=\"https:\/\/www.ims-chips.de\/?p=12740\" aria-hidden=\"true\" ><\/a>\n\t<\/div>\n\n\t<div class=\"anwp-pg-post-teaser__content flex-grow-1 pt-1 d-flex flex-column\">\n\n\t\t<div class=\"anwp-pg-post-teaser__title anwp-font-heading mt-2\">\n\t\t\t<a class=\"anwp-link-without-effects\" href=\"https:\/\/www.ims-chips.de\/?p=12740\" aria-hidden=\"true\" >\n\t\t\t\tIMS CHIPS beim NIL Industrial Day\t\t\t<\/a>\n\t\t<\/div>\n\n\t\t<div class=\"anwp-pg-post-teaser__bottom-meta d-flex flex-wrap\">\n\n\t\t\t\t\t\t\t<div class=\"anwp-pg-post-teaser__bottom-meta-item d-flex align-items-center mr-3\">\n\t\t\t\t\t<svg class=\"anwp-pg-icon anwp-pg-icon--s16 mr-1\">\n\t\t\t\t\t\t<use xlink:href=\"#icon-anwp-pg-calendar\"><\/use>\n\t\t\t\t\t<\/svg>\n\t\t\t\t\t<span class=\"posted-on m-0\"><span class=\"screen-reader-text\">Posted on<\/span><time class=\"anwp-pg-published\" datetime=\"2025-05-09T14:17:31+02:00\">9. Mai 2025<\/time><time class=\"anwp-pg-updated\" datetime=\"2025-06-24T12:13:37+02:00\">24. Juni 2025<\/time><\/span>\n\t\t\t\t<\/div>\n\t\t\t\t\n\t\t\t\t\t<\/div>\n\n\t\t\t\t\t<div class=\"anwp-pg-post-teaser__excerpt mb-2\">\n\t\t\t\tIMS CHIPS nahm erneut am NIL-Industrial Day teil, einer internationalen Fachveranstaltung f\u00fcr Nanoimprint-Lithographie.\t\t\t<\/div>\n\t\t\n\t\t\t\t\t<div class=\"w-100 anwp-pg-read-more mt-auto\">\n\t\t\t\t<a href=\"https:\/\/www.ims-chips.de\/?p=12740\" \t\t\t\t\tclass=\"anwp-pg-read-more__btn mt-3 mb-0 &lt;button type=&quot;button&quot; class=&quot;btn btn-link&quot; &gt;Link&lt;\/button&gt;\">\n\t\t\t\t\tweiterlesen &gt;&gt;\t\t\t\t<\/a>\n\t\t\t<\/div>\n\t\t\n\t<\/div>\n\n<\/div>\n<div class=\"anwp-pg-post-teaser anwp-pg-post-teaser--inner-cover-link anwp-pg-post-teaser--layout-d d-flex flex-column anwp-col-lg-3 anwp-col-sm-6 anwp-col-12 anwp-pg-post-teaser--with-read-more \">\n\t<div class=\"anwp-pg-post-teaser__thumbnail position-relative\">\n\n\t\t\n\t\t\n\t\t\t\t\t<img loading=\"lazy\" class=\"anwp-pg-post-teaser__thumbnail-img d-block anwp-pg-height-170 anwp-object-cover m-0 w-100\"\n\t\t\t\talt=\"HyPerStripes \u2013 Eine erfolgreiche Projektabschlusspr\u00fcfung\"\n\t\t\t\tsrc=\"https:\/\/www.ims-chips.de\/wp-content\/uploads\/2025\/04\/250325_HyPerStripe-Consortium.jpg\"\/>\n\t\t\n\t\t<div class=\"anwp-pg-post-teaser__thumbnail-bg anwp-position-cover\"><\/div>\n\n\t\t<a class=\"anwp-position-cover anwp-link-without-effects\" href=\"https:\/\/www.ims-chips.de\/?p=12693\" aria-hidden=\"true\" ><\/a>\n\t<\/div>\n\n\t<div class=\"anwp-pg-post-teaser__content flex-grow-1 pt-1 d-flex flex-column\">\n\n\t\t<div class=\"anwp-pg-post-teaser__title anwp-font-heading mt-2\">\n\t\t\t<a class=\"anwp-link-without-effects\" href=\"https:\/\/www.ims-chips.de\/?p=12693\" aria-hidden=\"true\" >\n\t\t\t\tHyPerStripes \u2013 Eine erfolgreiche Projektabschlusspr\u00fcfung\t\t\t<\/a>\n\t\t<\/div>\n\n\t\t<div class=\"anwp-pg-post-teaser__bottom-meta d-flex flex-wrap\">\n\n\t\t\t\t\t\t\t<div class=\"anwp-pg-post-teaser__bottom-meta-item d-flex align-items-center mr-3\">\n\t\t\t\t\t<svg class=\"anwp-pg-icon anwp-pg-icon--s16 mr-1\">\n\t\t\t\t\t\t<use xlink:href=\"#icon-anwp-pg-calendar\"><\/use>\n\t\t\t\t\t<\/svg>\n\t\t\t\t\t<span class=\"posted-on m-0\"><span class=\"screen-reader-text\">Posted on<\/span><time class=\"anwp-pg-published\" datetime=\"2025-04-16T08:20:40+02:00\">16. April 2025<\/time><time class=\"anwp-pg-updated\" datetime=\"2025-06-13T10:21:18+02:00\">13. Juni 2025<\/time><\/span>\n\t\t\t\t<\/div>\n\t\t\t\t\n\t\t\t\t\t<\/div>\n\n\t\t\t\t\t<div class=\"anwp-pg-post-teaser__excerpt mb-2\">\n\t\t\t\tDie 16 Partner des EU-Projekts HyPerStripes trafen sich Ende M\u00e4rz bei der OSYPKA AG in Rheinfelden zur abschlie\u00dfenden Projektevaluierung.\t\t\t<\/div>\n\t\t\n\t\t\t\t\t<div class=\"w-100 anwp-pg-read-more mt-auto\">\n\t\t\t\t<a href=\"https:\/\/www.ims-chips.de\/?p=12693\" \t\t\t\t\tclass=\"anwp-pg-read-more__btn mt-3 mb-0 &lt;button type=&quot;button&quot; class=&quot;btn btn-link&quot; &gt;Link&lt;\/button&gt;\">\n\t\t\t\t\tweiterlesen &gt;&gt;\t\t\t\t<\/a>\n\t\t\t<\/div>\n\t\t\n\t<\/div>\n\n<\/div>\n<div class=\"anwp-pg-post-teaser anwp-pg-post-teaser--inner-cover-link anwp-pg-post-teaser--layout-d d-flex flex-column anwp-col-lg-3 anwp-col-sm-6 anwp-col-12 anwp-pg-post-teaser--with-read-more \">\n\t<div class=\"anwp-pg-post-teaser__thumbnail position-relative\">\n\n\t\t\n\t\t\n\t\t\t\t\t<img loading=\"lazy\" class=\"anwp-pg-post-teaser__thumbnail-img d-block anwp-pg-height-170 anwp-object-cover m-0 w-100\"\n\t\t\t\talt=\"Neuer Institutsleiter f\u00fcr das IMS CHIPS\"\n\t\t\t\tsrc=\"https:\/\/www.ims-chips.de\/wp-content\/uploads\/2025\/04\/ims_chips_Institutsleitung.jpg\"\/>\n\t\t\n\t\t<div class=\"anwp-pg-post-teaser__thumbnail-bg anwp-position-cover\"><\/div>\n\n\t\t<a class=\"anwp-position-cover anwp-link-without-effects\" href=\"https:\/\/www.ims-chips.de\/?p=12641\" aria-hidden=\"true\" ><\/a>\n\t<\/div>\n\n\t<div class=\"anwp-pg-post-teaser__content flex-grow-1 pt-1 d-flex flex-column\">\n\n\t\t<div class=\"anwp-pg-post-teaser__title anwp-font-heading mt-2\">\n\t\t\t<a class=\"anwp-link-without-effects\" href=\"https:\/\/www.ims-chips.de\/?p=12641\" aria-hidden=\"true\" >\n\t\t\t\tNeuer Institutsleiter f\u00fcr das IMS CHIPS\t\t\t<\/a>\n\t\t<\/div>\n\n\t\t<div class=\"anwp-pg-post-teaser__bottom-meta d-flex flex-wrap\">\n\n\t\t\t\t\t\t\t<div class=\"anwp-pg-post-teaser__bottom-meta-item d-flex align-items-center mr-3\">\n\t\t\t\t\t<svg class=\"anwp-pg-icon anwp-pg-icon--s16 mr-1\">\n\t\t\t\t\t\t<use xlink:href=\"#icon-anwp-pg-calendar\"><\/use>\n\t\t\t\t\t<\/svg>\n\t\t\t\t\t<span class=\"posted-on m-0\"><span class=\"screen-reader-text\">Posted on<\/span><time class=\"anwp-pg-published\" datetime=\"2025-04-01T08:32:00+02:00\">1. April 2025<\/time><time class=\"anwp-pg-updated\" datetime=\"2025-06-13T07:27:08+02:00\">13. Juni 2025<\/time><\/span>\n\t\t\t\t<\/div>\n\t\t\t\t\n\t\t\t\t\t<\/div>\n\n\t\t\t\t\t<div class=\"anwp-pg-post-teaser__excerpt mb-2\">\n\t\t\t\tWillkommen Prof. Dr. Niels Quack!\t\t\t<\/div>\n\t\t\n\t\t\t\t\t<div class=\"w-100 anwp-pg-read-more mt-auto\">\n\t\t\t\t<a href=\"https:\/\/www.ims-chips.de\/?p=12641\" \t\t\t\t\tclass=\"anwp-pg-read-more__btn mt-3 mb-0 &lt;button type=&quot;button&quot; class=&quot;btn btn-link&quot; &gt;Link&lt;\/button&gt;\">\n\t\t\t\t\tweiterlesen &gt;&gt;\t\t\t\t<\/a>\n\t\t\t<\/div>\n\t\t\n\t<\/div>\n\n<\/div>\n<div class=\"anwp-pg-post-teaser anwp-pg-post-teaser--inner-cover-link anwp-pg-post-teaser--layout-d d-flex flex-column anwp-col-lg-3 anwp-col-sm-6 anwp-col-12 anwp-pg-post-teaser--with-read-more \">\n\t<div class=\"anwp-pg-post-teaser__thumbnail position-relative\">\n\n\t\t\n\t\t\n\t\t\t\t\t<img loading=\"lazy\" class=\"anwp-pg-post-teaser__thumbnail-img d-block anwp-pg-height-170 anwp-object-cover m-0 w-100\"\n\t\t\t\talt=\"IMS CHIPS im ARD und Tagesschau 24\"\n\t\t\t\tsrc=\"https:\/\/www.ims-chips.de\/wp-content\/uploads\/2025\/03\/ARD_im_IMS.jpg\"\/>\n\t\t\n\t\t<div class=\"anwp-pg-post-teaser__thumbnail-bg anwp-position-cover\"><\/div>\n\n\t\t<a class=\"anwp-position-cover anwp-link-without-effects\" href=\"https:\/\/www.ims-chips.de\/?p=12587\" aria-hidden=\"true\" ><\/a>\n\t<\/div>\n\n\t<div class=\"anwp-pg-post-teaser__content flex-grow-1 pt-1 d-flex flex-column\">\n\n\t\t<div class=\"anwp-pg-post-teaser__title anwp-font-heading mt-2\">\n\t\t\t<a class=\"anwp-link-without-effects\" href=\"https:\/\/www.ims-chips.de\/?p=12587\" aria-hidden=\"true\" >\n\t\t\t\tIMS CHIPS im ARD und Tagesschau 24\t\t\t<\/a>\n\t\t<\/div>\n\n\t\t<div class=\"anwp-pg-post-teaser__bottom-meta d-flex flex-wrap\">\n\n\t\t\t\t\t\t\t<div class=\"anwp-pg-post-teaser__bottom-meta-item d-flex align-items-center mr-3\">\n\t\t\t\t\t<svg class=\"anwp-pg-icon anwp-pg-icon--s16 mr-1\">\n\t\t\t\t\t\t<use xlink:href=\"#icon-anwp-pg-calendar\"><\/use>\n\t\t\t\t\t<\/svg>\n\t\t\t\t\t<span class=\"posted-on m-0\"><span class=\"screen-reader-text\">Posted on<\/span><time class=\"anwp-pg-published\" datetime=\"2025-03-28T09:16:59+01:00\">28. M\u00e4rz 2025<\/time><time class=\"anwp-pg-updated\" datetime=\"2025-06-06T10:03:54+02:00\">6. Juni 2025<\/time><\/span>\n\t\t\t\t<\/div>\n\t\t\t\t\n\t\t\t\t\t<\/div>\n\n\t\t\t\t\t<div class=\"anwp-pg-post-teaser__excerpt mb-2\">\n\t\t\t\tARD zu Besuch im IMS CHIPS\t\t\t<\/div>\n\t\t\n\t\t\t\t\t<div class=\"w-100 anwp-pg-read-more mt-auto\">\n\t\t\t\t<a href=\"https:\/\/www.ims-chips.de\/?p=12587\" \t\t\t\t\tclass=\"anwp-pg-read-more__btn mt-3 mb-0 &lt;button type=&quot;button&quot; class=&quot;btn btn-link&quot; &gt;Link&lt;\/button&gt;\">\n\t\t\t\t\tweiterlesen &gt;&gt;\t\t\t\t<\/a>\n\t\t\t<\/div>\n\t\t\n\t<\/div>\n\n<\/div>\n<div class=\"anwp-pg-post-teaser anwp-pg-post-teaser--inner-cover-link anwp-pg-post-teaser--layout-d d-flex flex-column anwp-col-lg-3 anwp-col-sm-6 anwp-col-12 anwp-pg-post-teaser--with-read-more \">\n\t<div class=\"anwp-pg-post-teaser__thumbnail position-relative\">\n\n\t\t\n\t\t\n\t\t\t\t\t<img loading=\"lazy\" class=\"anwp-pg-post-teaser__thumbnail-img d-block anwp-pg-height-170 anwp-object-cover m-0 w-100\"\n\t\t\t\talt=\"IMS CHIPS im Fernsehen\"\n\t\t\t\tsrc=\"https:\/\/www.ims-chips.de\/wp-content\/uploads\/2025\/03\/IMS_im_Fernsehen-scaled.jpeg\"\/>\n\t\t\n\t\t<div class=\"anwp-pg-post-teaser__thumbnail-bg anwp-position-cover\"><\/div>\n\n\t\t<a class=\"anwp-position-cover anwp-link-without-effects\" href=\"https:\/\/www.ims-chips.de\/?p=12563\" aria-hidden=\"true\" ><\/a>\n\t<\/div>\n\n\t<div class=\"anwp-pg-post-teaser__content flex-grow-1 pt-1 d-flex flex-column\">\n\n\t\t<div class=\"anwp-pg-post-teaser__title anwp-font-heading mt-2\">\n\t\t\t<a class=\"anwp-link-without-effects\" href=\"https:\/\/www.ims-chips.de\/?p=12563\" aria-hidden=\"true\" >\n\t\t\t\tIMS CHIPS im Fernsehen\t\t\t<\/a>\n\t\t<\/div>\n\n\t\t<div class=\"anwp-pg-post-teaser__bottom-meta d-flex flex-wrap\">\n\n\t\t\t\t\t\t\t<div class=\"anwp-pg-post-teaser__bottom-meta-item d-flex align-items-center mr-3\">\n\t\t\t\t\t<svg class=\"anwp-pg-icon anwp-pg-icon--s16 mr-1\">\n\t\t\t\t\t\t<use xlink:href=\"#icon-anwp-pg-calendar\"><\/use>\n\t\t\t\t\t<\/svg>\n\t\t\t\t\t<span class=\"posted-on m-0\"><span class=\"screen-reader-text\">Posted on<\/span><time class=\"anwp-pg-published\" datetime=\"2025-03-10T13:58:54+01:00\">10. M\u00e4rz 2025<\/time><time class=\"anwp-pg-updated\" datetime=\"2025-05-22T11:10:38+02:00\">22. Mai 2025<\/time><\/span>\n\t\t\t\t<\/div>\n\t\t\t\t\n\t\t\t\t\t<\/div>\n\n\t\t\t\t\t<div class=\"anwp-pg-post-teaser__excerpt mb-2\">\n\t\t\t\tSWR Aktuell zu Besuch im Reinraum\t\t\t<\/div>\n\t\t\n\t\t\t\t\t<div class=\"w-100 anwp-pg-read-more mt-auto\">\n\t\t\t\t<a href=\"https:\/\/www.ims-chips.de\/?p=12563\" \t\t\t\t\tclass=\"anwp-pg-read-more__btn mt-3 mb-0 &lt;button type=&quot;button&quot; class=&quot;btn btn-link&quot; &gt;Link&lt;\/button&gt;\">\n\t\t\t\t\tweiterlesen &gt;&gt;\t\t\t\t<\/a>\n\t\t\t<\/div>\n\t\t\n\t<\/div>\n\n<\/div>\n<div class=\"anwp-pg-post-teaser anwp-pg-post-teaser--inner-cover-link anwp-pg-post-teaser--layout-d d-flex flex-column anwp-col-lg-3 anwp-col-sm-6 anwp-col-12 anwp-pg-post-teaser--with-read-more \">\n\t<div class=\"anwp-pg-post-teaser__thumbnail position-relative\">\n\n\t\t\n\t\t\n\t\t\t\t\t<img loading=\"lazy\" class=\"anwp-pg-post-teaser__thumbnail-img d-block anwp-pg-height-170 anwp-object-cover m-0 w-100\"\n\t\t\t\talt=\"Blaupause f\u00fcr die Zukunft\"\n\t\t\t\tsrc=\"https:\/\/www.ims-chips.de\/wp-content\/uploads\/2025\/02\/QANT_IMS_Lithium_Niobat_Pilotlinien-Kick-off_IMG_3226-scaled.jpg\"\/>\n\t\t\n\t\t<div class=\"anwp-pg-post-teaser__thumbnail-bg anwp-position-cover\"><\/div>\n\n\t\t<a class=\"anwp-position-cover anwp-link-without-effects\" href=\"https:\/\/www.ims-chips.de\/?p=12547\" aria-hidden=\"true\" ><\/a>\n\t<\/div>\n\n\t<div class=\"anwp-pg-post-teaser__content flex-grow-1 pt-1 d-flex flex-column\">\n\n\t\t<div class=\"anwp-pg-post-teaser__title anwp-font-heading mt-2\">\n\t\t\t<a class=\"anwp-link-without-effects\" href=\"https:\/\/www.ims-chips.de\/?p=12547\" aria-hidden=\"true\" >\n\t\t\t\tBlaupause f\u00fcr die Zukunft\t\t\t<\/a>\n\t\t<\/div>\n\n\t\t<div class=\"anwp-pg-post-teaser__bottom-meta d-flex flex-wrap\">\n\n\t\t\t\t\t\t\t<div class=\"anwp-pg-post-teaser__bottom-meta-item d-flex align-items-center mr-3\">\n\t\t\t\t\t<svg class=\"anwp-pg-icon anwp-pg-icon--s16 mr-1\">\n\t\t\t\t\t\t<use xlink:href=\"#icon-anwp-pg-calendar\"><\/use>\n\t\t\t\t\t<\/svg>\n\t\t\t\t\t<span class=\"posted-on m-0\"><span class=\"screen-reader-text\">Posted on<\/span><time class=\"anwp-pg-published\" datetime=\"2025-02-25T12:46:43+01:00\">25. Februar 2025<\/time><time class=\"anwp-pg-updated\" datetime=\"2025-06-06T10:08:22+02:00\">6. Juni 2025<\/time><\/span>\n\t\t\t\t<\/div>\n\t\t\t\t\n\t\t\t\t\t<\/div>\n\n\t\t\t\t\t<div class=\"anwp-pg-post-teaser__excerpt mb-2\">\n\t\t\t\tErfolgreicher Kick-off der Pilotlinie f\u00fcr photonische KI-Chips am IMS CHIPS\t\t\t<\/div>\n\t\t\n\t\t\t\t\t<div class=\"w-100 anwp-pg-read-more mt-auto\">\n\t\t\t\t<a href=\"https:\/\/www.ims-chips.de\/?p=12547\" \t\t\t\t\tclass=\"anwp-pg-read-more__btn mt-3 mb-0 &lt;button type=&quot;button&quot; class=&quot;btn btn-link&quot; &gt;Link&lt;\/button&gt;\">\n\t\t\t\t\tweiterlesen &gt;&gt;\t\t\t\t<\/a>\n\t\t\t<\/div>\n\t\t\n\t<\/div>\n\n<\/div>\n<div class=\"anwp-pg-post-teaser anwp-pg-post-teaser--inner-cover-link anwp-pg-post-teaser--layout-d d-flex flex-column anwp-col-lg-3 anwp-col-sm-6 anwp-col-12 anwp-pg-post-teaser--with-read-more \">\n\t<div class=\"anwp-pg-post-teaser__thumbnail position-relative\">\n\n\t\t\n\t\t\n\t\t\t\t\t<img loading=\"lazy\" class=\"anwp-pg-post-teaser__thumbnail-img d-block anwp-pg-height-170 anwp-object-cover m-0 w-100\"\n\t\t\t\talt=\"QHMI2\"\n\t\t\t\tsrc=\"https:\/\/www.ims-chips.de\/wp-content\/uploads\/2025\/01\/News_QHMI2.jpg\"\/>\n\t\t\n\t\t<div class=\"anwp-pg-post-teaser__thumbnail-bg anwp-position-cover\"><\/div>\n\n\t\t<a class=\"anwp-position-cover anwp-link-without-effects\" href=\"https:\/\/www.ims-chips.de\/?p=12407\" aria-hidden=\"true\" ><\/a>\n\t<\/div>\n\n\t<div class=\"anwp-pg-post-teaser__content flex-grow-1 pt-1 d-flex flex-column\">\n\n\t\t<div class=\"anwp-pg-post-teaser__title anwp-font-heading mt-2\">\n\t\t\t<a class=\"anwp-link-without-effects\" href=\"https:\/\/www.ims-chips.de\/?p=12407\" aria-hidden=\"true\" >\n\t\t\t\tQHMI2\t\t\t<\/a>\n\t\t<\/div>\n\n\t\t<div class=\"anwp-pg-post-teaser__bottom-meta d-flex flex-wrap\">\n\n\t\t\t\t\t\t\t<div class=\"anwp-pg-post-teaser__bottom-meta-item d-flex align-items-center mr-3\">\n\t\t\t\t\t<svg class=\"anwp-pg-icon anwp-pg-icon--s16 mr-1\">\n\t\t\t\t\t\t<use xlink:href=\"#icon-anwp-pg-calendar\"><\/use>\n\t\t\t\t\t<\/svg>\n\t\t\t\t\t<span class=\"posted-on m-0\"><span class=\"screen-reader-text\">Posted on<\/span><time class=\"anwp-pg-published\" datetime=\"2025-01-14T10:27:33+01:00\">14. Januar 2025<\/time><time class=\"anwp-pg-updated\" datetime=\"2025-05-15T13:00:56+02:00\">15. Mai 2025<\/time><\/span>\n\t\t\t\t<\/div>\n\t\t\t\t\n\t\t\t\t\t<\/div>\n\n\t\t\t\t\t<div class=\"anwp-pg-post-teaser__excerpt mb-2\">\n\t\t\t\tDas QHMI2-Projekt besch\u00e4ftigt sich mit magnetischen Quantensensoren f\u00fcr Mensch-Maschinen-Schnittstellen.\t\t\t<\/div>\n\t\t\n\t\t\t\t\t<div class=\"w-100 anwp-pg-read-more mt-auto\">\n\t\t\t\t<a href=\"https:\/\/www.ims-chips.de\/?p=12407\" \t\t\t\t\tclass=\"anwp-pg-read-more__btn mt-3 mb-0 &lt;button type=&quot;button&quot; class=&quot;btn btn-link&quot; &gt;Link&lt;\/button&gt;\">\n\t\t\t\t\tweiterlesen &gt;&gt;\t\t\t\t<\/a>\n\t\t\t<\/div>\n\t\t\n\t<\/div>\n\n<\/div>\n<div class=\"anwp-pg-post-teaser anwp-pg-post-teaser--inner-cover-link anwp-pg-post-teaser--layout-d d-flex flex-column anwp-col-lg-3 anwp-col-sm-6 anwp-col-12 anwp-pg-post-teaser--with-read-more \">\n\t<div class=\"anwp-pg-post-teaser__thumbnail position-relative\">\n\n\t\t\n\t\t\n\t\t\t\t\t<img loading=\"lazy\" class=\"anwp-pg-post-teaser__thumbnail-img d-block anwp-pg-height-170 anwp-object-cover m-0 w-100\"\n\t\t\t\talt=\"QVOL2\"\n\t\t\t\tsrc=\"https:\/\/www.ims-chips.de\/wp-content\/uploads\/2025\/01\/News_QVOL_2.jpg\"\/>\n\t\t\n\t\t<div class=\"anwp-pg-post-teaser__thumbnail-bg anwp-position-cover\"><\/div>\n\n\t\t<a class=\"anwp-position-cover anwp-link-without-effects\" href=\"https:\/\/www.ims-chips.de\/?p=12396\" aria-hidden=\"true\" ><\/a>\n\t<\/div>\n\n\t<div class=\"anwp-pg-post-teaser__content flex-grow-1 pt-1 d-flex flex-column\">\n\n\t\t<div class=\"anwp-pg-post-teaser__title anwp-font-heading mt-2\">\n\t\t\t<a class=\"anwp-link-without-effects\" href=\"https:\/\/www.ims-chips.de\/?p=12396\" aria-hidden=\"true\" >\n\t\t\t\tQVOL2\t\t\t<\/a>\n\t\t<\/div>\n\n\t\t<div class=\"anwp-pg-post-teaser__bottom-meta d-flex flex-wrap\">\n\n\t\t\t\t\t\t\t<div class=\"anwp-pg-post-teaser__bottom-meta-item d-flex align-items-center mr-3\">\n\t\t\t\t\t<svg class=\"anwp-pg-icon anwp-pg-icon--s16 mr-1\">\n\t\t\t\t\t\t<use xlink:href=\"#icon-anwp-pg-calendar\"><\/use>\n\t\t\t\t\t<\/svg>\n\t\t\t\t\t<span class=\"posted-on m-0\"><span class=\"screen-reader-text\">Posted on<\/span><time class=\"anwp-pg-published\" datetime=\"2025-01-14T10:19:22+01:00\">14. Januar 2025<\/time><time class=\"anwp-pg-updated\" datetime=\"2025-05-14T08:24:07+02:00\">14. Mai 2025<\/time><\/span>\n\t\t\t\t<\/div>\n\t\t\t\t\n\t\t\t\t\t<\/div>\n\n\t\t\t\t\t<div class=\"anwp-pg-post-teaser__excerpt mb-2\">\n\t\t\t\tVolumenfertigung von Quantensensoren am Beispiel von Magnetfeldsensoren in Siliziumcarbid.\t\t\t<\/div>\n\t\t\n\t\t\t\t\t<div class=\"w-100 anwp-pg-read-more mt-auto\">\n\t\t\t\t<a href=\"https:\/\/www.ims-chips.de\/?p=12396\" \t\t\t\t\tclass=\"anwp-pg-read-more__btn mt-3 mb-0 &lt;button type=&quot;button&quot; class=&quot;btn btn-link&quot; &gt;Link&lt;\/button&gt;\">\n\t\t\t\t\tweiterlesen &gt;&gt;\t\t\t\t<\/a>\n\t\t\t<\/div>\n\t\t\n\t<\/div>\n\n<\/div>\n<div class=\"anwp-pg-post-teaser anwp-pg-post-teaser--inner-cover-link anwp-pg-post-teaser--layout-d d-flex flex-column anwp-col-lg-3 anwp-col-sm-6 anwp-col-12 anwp-pg-post-teaser--with-read-more \">\n\t<div class=\"anwp-pg-post-teaser__thumbnail position-relative\">\n\n\t\t\n\t\t\n\t\t\t\t\t<img loading=\"lazy\" class=\"anwp-pg-post-teaser__thumbnail-img d-block anwp-pg-height-170 anwp-object-cover m-0 w-100\"\n\t\t\t\talt=\"Meet &#038; Greet am IMS\"\n\t\t\t\tsrc=\"https:\/\/www.ims-chips.de\/wp-content\/uploads\/2025\/01\/IMS_CHIPS_20241219_15_1-1.jpg\"\/>\n\t\t\n\t\t<div class=\"anwp-pg-post-teaser__thumbnail-bg anwp-position-cover\"><\/div>\n\n\t\t<a class=\"anwp-position-cover anwp-link-without-effects\" href=\"https:\/\/www.ims-chips.de\/?p=12378\" aria-hidden=\"true\" ><\/a>\n\t<\/div>\n\n\t<div class=\"anwp-pg-post-teaser__content flex-grow-1 pt-1 d-flex flex-column\">\n\n\t\t<div class=\"anwp-pg-post-teaser__title anwp-font-heading mt-2\">\n\t\t\t<a class=\"anwp-link-without-effects\" href=\"https:\/\/www.ims-chips.de\/?p=12378\" aria-hidden=\"true\" >\n\t\t\t\tMeet &#038; Greet am IMS\t\t\t<\/a>\n\t\t<\/div>\n\n\t\t<div class=\"anwp-pg-post-teaser__bottom-meta d-flex flex-wrap\">\n\n\t\t\t\t\t\t\t<div class=\"anwp-pg-post-teaser__bottom-meta-item d-flex align-items-center mr-3\">\n\t\t\t\t\t<svg class=\"anwp-pg-icon anwp-pg-icon--s16 mr-1\">\n\t\t\t\t\t\t<use xlink:href=\"#icon-anwp-pg-calendar\"><\/use>\n\t\t\t\t\t<\/svg>\n\t\t\t\t\t<span class=\"posted-on m-0\"><span class=\"screen-reader-text\">Posted on<\/span><time class=\"anwp-pg-published\" datetime=\"2025-01-09T13:00:01+01:00\">9. Januar 2025<\/time><time class=\"anwp-pg-updated\" datetime=\"2025-06-06T10:07:57+02:00\">6. Juni 2025<\/time><\/span>\n\t\t\t\t<\/div>\n\t\t\t\t\n\t\t\t\t\t<\/div>\n\n\t\t\t\t\t<div class=\"anwp-pg-post-teaser__excerpt mb-2\">\n\t\t\t\tMeet &amp; Greet am IMS - Besuch vom Staatsministerium Baden-W\u00fcrttemberg\t\t\t<\/div>\n\t\t\n\t\t\t\t\t<div class=\"w-100 anwp-pg-read-more mt-auto\">\n\t\t\t\t<a href=\"https:\/\/www.ims-chips.de\/?p=12378\" \t\t\t\t\tclass=\"anwp-pg-read-more__btn mt-3 mb-0 &lt;button type=&quot;button&quot; class=&quot;btn btn-link&quot; &gt;Link&lt;\/button&gt;\">\n\t\t\t\t\tweiterlesen &gt;&gt;\t\t\t\t<\/a>\n\t\t\t<\/div>\n\t\t\n\t<\/div>\n\n<\/div>\n<div class=\"anwp-pg-post-teaser anwp-pg-post-teaser--inner-cover-link anwp-pg-post-teaser--layout-d d-flex flex-column anwp-col-lg-3 anwp-col-sm-6 anwp-col-12 anwp-pg-post-teaser--with-read-more \">\n\t<div class=\"anwp-pg-post-teaser__thumbnail position-relative\">\n\n\t\t\n\t\t\n\t\t\t\t\t<img loading=\"lazy\" class=\"anwp-pg-post-teaser__thumbnail-img d-block anwp-pg-height-170 anwp-object-cover m-0 w-100\"\n\t\t\t\talt=\"19 Jahre Prof. Dr. Joachim Burghartz\"\n\t\t\t\tsrc=\"https:\/\/www.ims-chips.de\/wp-content\/uploads\/2024\/12\/Joachim_Burghartz.jpg\"\/>\n\t\t\n\t\t<div class=\"anwp-pg-post-teaser__thumbnail-bg anwp-position-cover\"><\/div>\n\n\t\t<a class=\"anwp-position-cover anwp-link-without-effects\" href=\"https:\/\/www.ims-chips.de\/?p=12352\" aria-hidden=\"true\" ><\/a>\n\t<\/div>\n\n\t<div class=\"anwp-pg-post-teaser__content flex-grow-1 pt-1 d-flex flex-column\">\n\n\t\t<div class=\"anwp-pg-post-teaser__title anwp-font-heading mt-2\">\n\t\t\t<a class=\"anwp-link-without-effects\" href=\"https:\/\/www.ims-chips.de\/?p=12352\" aria-hidden=\"true\" >\n\t\t\t\t19 Jahre Prof. Dr. Joachim Burghartz\t\t\t<\/a>\n\t\t<\/div>\n\n\t\t<div class=\"anwp-pg-post-teaser__bottom-meta d-flex flex-wrap\">\n\n\t\t\t\t\t\t\t<div class=\"anwp-pg-post-teaser__bottom-meta-item d-flex align-items-center mr-3\">\n\t\t\t\t\t<svg class=\"anwp-pg-icon anwp-pg-icon--s16 mr-1\">\n\t\t\t\t\t\t<use xlink:href=\"#icon-anwp-pg-calendar\"><\/use>\n\t\t\t\t\t<\/svg>\n\t\t\t\t\t<span class=\"posted-on m-0\"><span class=\"screen-reader-text\">Posted on<\/span><time class=\"anwp-pg-published\" datetime=\"2024-12-13T12:14:41+01:00\">13. Dezember 2024<\/time><time class=\"anwp-pg-updated\" datetime=\"2025-06-06T10:07:04+02:00\">6. Juni 2025<\/time><\/span>\n\t\t\t\t<\/div>\n\t\t\t\t\n\t\t\t\t\t<\/div>\n\n\t\t\t\t\t<div class=\"anwp-pg-post-teaser__excerpt mb-2\">\n\t\t\t\t19 Jahre Prof. Dr. Joachim Burghartz: Institutsleiter und vision\u00e4rer Impulsgeber\t\t\t<\/div>\n\t\t\n\t\t\t\t\t<div class=\"w-100 anwp-pg-read-more mt-auto\">\n\t\t\t\t<a href=\"https:\/\/www.ims-chips.de\/?p=12352\" \t\t\t\t\tclass=\"anwp-pg-read-more__btn mt-3 mb-0 &lt;button type=&quot;button&quot; class=&quot;btn btn-link&quot; &gt;Link&lt;\/button&gt;\">\n\t\t\t\t\tweiterlesen &gt;&gt;\t\t\t\t<\/a>\n\t\t\t<\/div>\n\t\t\n\t<\/div>\n\n<\/div>\n<div class=\"anwp-pg-post-teaser anwp-pg-post-teaser--inner-cover-link anwp-pg-post-teaser--layout-d d-flex flex-column anwp-col-lg-3 anwp-col-sm-6 anwp-col-12 anwp-pg-post-teaser--with-read-more \">\n\t<div class=\"anwp-pg-post-teaser__thumbnail position-relative\">\n\n\t\t\n\t\t\n\t\t\t\t\t<img loading=\"lazy\" class=\"anwp-pg-post-teaser__thumbnail-img d-block anwp-pg-height-170 anwp-object-cover m-0 w-100\"\n\t\t\t\talt=\"Projekt ENSPECT\"\n\t\t\t\tsrc=\"https:\/\/www.ims-chips.de\/wp-content\/uploads\/2024\/12\/Projekte_Bild_ENSPECT_24.jpg\"\/>\n\t\t\n\t\t<div class=\"anwp-pg-post-teaser__thumbnail-bg anwp-position-cover\"><\/div>\n\n\t\t<a class=\"anwp-position-cover anwp-link-without-effects\" href=\"https:\/\/www.ims-chips.de\/?p=12313\" aria-hidden=\"true\" ><\/a>\n\t<\/div>\n\n\t<div class=\"anwp-pg-post-teaser__content flex-grow-1 pt-1 d-flex flex-column\">\n\n\t\t<div class=\"anwp-pg-post-teaser__title anwp-font-heading mt-2\">\n\t\t\t<a class=\"anwp-link-without-effects\" href=\"https:\/\/www.ims-chips.de\/?p=12313\" aria-hidden=\"true\" >\n\t\t\t\tProjekt ENSPECT\t\t\t<\/a>\n\t\t<\/div>\n\n\t\t<div class=\"anwp-pg-post-teaser__bottom-meta d-flex flex-wrap\">\n\n\t\t\t\t\t\t\t<div class=\"anwp-pg-post-teaser__bottom-meta-item d-flex align-items-center mr-3\">\n\t\t\t\t\t<svg class=\"anwp-pg-icon anwp-pg-icon--s16 mr-1\">\n\t\t\t\t\t\t<use xlink:href=\"#icon-anwp-pg-calendar\"><\/use>\n\t\t\t\t\t<\/svg>\n\t\t\t\t\t<span class=\"posted-on m-0\"><span class=\"screen-reader-text\">Posted on<\/span><time class=\"anwp-pg-published\" datetime=\"2024-12-06T09:12:51+01:00\">6. Dezember 2024<\/time><time class=\"anwp-pg-updated\" datetime=\"2025-04-01T10:11:12+02:00\">1. April 2025<\/time><\/span>\n\t\t\t\t<\/div>\n\t\t\t\t\n\t\t\t\t\t<\/div>\n\n\t\t\t\t\t<div class=\"anwp-pg-post-teaser__excerpt mb-2\">\n\t\t\t\tKick-off Meeting am f\u00fcr ENSPECT beim Deutschen Zentrum f\u00fcr Luft- und Raumfahrt in Bonn\t\t\t<\/div>\n\t\t\n\t\t\t\t\t<div class=\"w-100 anwp-pg-read-more mt-auto\">\n\t\t\t\t<a href=\"https:\/\/www.ims-chips.de\/?p=12313\" \t\t\t\t\tclass=\"anwp-pg-read-more__btn mt-3 mb-0 &lt;button type=&quot;button&quot; class=&quot;btn btn-link&quot; &gt;Link&lt;\/button&gt;\">\n\t\t\t\t\tweiterlesen &gt;&gt;\t\t\t\t<\/a>\n\t\t\t<\/div>\n\t\t\n\t<\/div>\n\n<\/div>\n<div class=\"anwp-pg-post-teaser anwp-pg-post-teaser--inner-cover-link anwp-pg-post-teaser--layout-d d-flex flex-column anwp-col-lg-3 anwp-col-sm-6 anwp-col-12 anwp-pg-post-teaser--with-read-more \">\n\t<div class=\"anwp-pg-post-teaser__thumbnail position-relative\">\n\n\t\t\n\t\t\n\t\t\t\t\t<img loading=\"lazy\" class=\"anwp-pg-post-teaser__thumbnail-img d-block anwp-pg-height-170 anwp-object-cover m-0 w-100\"\n\t\t\t\talt=\"Projekt LichtBriQ\"\n\t\t\t\tsrc=\"https:\/\/www.ims-chips.de\/wp-content\/uploads\/2024\/11\/News_Bilde_LichtBriQ_24-1.jpg\"\/>\n\t\t\n\t\t<div class=\"anwp-pg-post-teaser__thumbnail-bg anwp-position-cover\"><\/div>\n\n\t\t<a class=\"anwp-position-cover anwp-link-without-effects\" href=\"https:\/\/www.ims-chips.de\/?p=12254\" aria-hidden=\"true\" ><\/a>\n\t<\/div>\n\n\t<div class=\"anwp-pg-post-teaser__content flex-grow-1 pt-1 d-flex flex-column\">\n\n\t\t<div class=\"anwp-pg-post-teaser__title anwp-font-heading mt-2\">\n\t\t\t<a class=\"anwp-link-without-effects\" href=\"https:\/\/www.ims-chips.de\/?p=12254\" aria-hidden=\"true\" >\n\t\t\t\tProjekt LichtBriQ\t\t\t<\/a>\n\t\t<\/div>\n\n\t\t<div class=\"anwp-pg-post-teaser__bottom-meta d-flex flex-wrap\">\n\n\t\t\t\t\t\t\t<div class=\"anwp-pg-post-teaser__bottom-meta-item d-flex align-items-center mr-3\">\n\t\t\t\t\t<svg class=\"anwp-pg-icon anwp-pg-icon--s16 mr-1\">\n\t\t\t\t\t\t<use xlink:href=\"#icon-anwp-pg-calendar\"><\/use>\n\t\t\t\t\t<\/svg>\n\t\t\t\t\t<span class=\"posted-on m-0\"><span class=\"screen-reader-text\">Posted on<\/span><time class=\"anwp-pg-published\" datetime=\"2024-11-21T09:38:10+01:00\">21. November 2024<\/time><time class=\"anwp-pg-updated\" datetime=\"2025-06-06T10:07:19+02:00\">6. Juni 2025<\/time><\/span>\n\t\t\t\t<\/div>\n\t\t\t\t\n\t\t\t\t\t<\/div>\n\n\t\t\t\t\t<div class=\"anwp-pg-post-teaser__excerpt mb-2\">\n\t\t\t\tInnovative Materialplattform f\u00fcr die Quantenoptik\t\t\t<\/div>\n\t\t\n\t\t\t\t\t<div class=\"w-100 anwp-pg-read-more mt-auto\">\n\t\t\t\t<a href=\"https:\/\/www.ims-chips.de\/?p=12254\" \t\t\t\t\tclass=\"anwp-pg-read-more__btn mt-3 mb-0 &lt;button type=&quot;button&quot; class=&quot;btn btn-link&quot; &gt;Link&lt;\/button&gt;\">\n\t\t\t\t\tweiterlesen &gt;&gt;\t\t\t\t<\/a>\n\t\t\t<\/div>\n\t\t\n\t<\/div>\n\n<\/div>\n<div class=\"anwp-pg-post-teaser anwp-pg-post-teaser--inner-cover-link anwp-pg-post-teaser--layout-d d-flex flex-column anwp-col-lg-3 anwp-col-sm-6 anwp-col-12 anwp-pg-post-teaser--with-read-more \">\n\t<div class=\"anwp-pg-post-teaser__thumbnail position-relative\">\n\n\t\t\n\t\t\n\t\t\t\t\t<img loading=\"lazy\" class=\"anwp-pg-post-teaser__thumbnail-img d-block anwp-pg-height-170 anwp-object-cover m-0 w-100\"\n\t\t\t\talt=\"Workshop Beams &amp; More IMS CHIPS 2024\"\n\t\t\t\tsrc=\"https:\/\/www.ims-chips.de\/wp-content\/uploads\/2024\/10\/News_Bild_BeamsMore_24.jpg\"\/>\n\t\t\n\t\t<div class=\"anwp-pg-post-teaser__thumbnail-bg anwp-position-cover\"><\/div>\n\n\t\t<a class=\"anwp-position-cover anwp-link-without-effects\" href=\"https:\/\/www.ims-chips.de\/?p=12231\" aria-hidden=\"true\" ><\/a>\n\t<\/div>\n\n\t<div class=\"anwp-pg-post-teaser__content flex-grow-1 pt-1 d-flex flex-column\">\n\n\t\t<div class=\"anwp-pg-post-teaser__title anwp-font-heading mt-2\">\n\t\t\t<a class=\"anwp-link-without-effects\" href=\"https:\/\/www.ims-chips.de\/?p=12231\" aria-hidden=\"true\" >\n\t\t\t\tWorkshop Beams &amp; More IMS CHIPS 2024\t\t\t<\/a>\n\t\t<\/div>\n\n\t\t<div class=\"anwp-pg-post-teaser__bottom-meta d-flex flex-wrap\">\n\n\t\t\t\t\t\t\t<div class=\"anwp-pg-post-teaser__bottom-meta-item d-flex align-items-center mr-3\">\n\t\t\t\t\t<svg class=\"anwp-pg-icon anwp-pg-icon--s16 mr-1\">\n\t\t\t\t\t\t<use xlink:href=\"#icon-anwp-pg-calendar\"><\/use>\n\t\t\t\t\t<\/svg>\n\t\t\t\t\t<span class=\"posted-on m-0\"><span class=\"screen-reader-text\">Posted on<\/span><time class=\"anwp-pg-published\" datetime=\"2024-10-21T09:13:53+02:00\">21. Oktober 2024<\/time><time class=\"anwp-pg-updated\" datetime=\"2025-06-06T10:07:39+02:00\">6. Juni 2025<\/time><\/span>\n\t\t\t\t<\/div>\n\t\t\t\t\n\t\t\t\t\t<\/div>\n\n\t\t\t\t\t<div class=\"anwp-pg-post-teaser__excerpt mb-2\">\n\t\t\t\tWillkommen zu unserem 21. Workshop Beams &amp; More. Der Workshop findet am 28. November 2024 statt.\t\t\t<\/div>\n\t\t\n\t\t\t\t\t<div class=\"w-100 anwp-pg-read-more mt-auto\">\n\t\t\t\t<a href=\"https:\/\/www.ims-chips.de\/?p=12231\" \t\t\t\t\tclass=\"anwp-pg-read-more__btn mt-3 mb-0 &lt;button type=&quot;button&quot; class=&quot;btn btn-link&quot; &gt;Link&lt;\/button&gt;\">\n\t\t\t\t\tweiterlesen &gt;&gt;\t\t\t\t<\/a>\n\t\t\t<\/div>\n\t\t\n\t<\/div>\n\n<\/div>\n<div class=\"anwp-pg-post-teaser anwp-pg-post-teaser--inner-cover-link anwp-pg-post-teaser--layout-d d-flex flex-column anwp-col-lg-3 anwp-col-sm-6 anwp-col-12 anwp-pg-post-teaser--with-read-more \">\n\t<div class=\"anwp-pg-post-teaser__thumbnail position-relative\">\n\n\t\t\n\t\t\n\t\t\t\t\t<img loading=\"lazy\" class=\"anwp-pg-post-teaser__thumbnail-img d-block anwp-pg-height-170 anwp-object-cover m-0 w-100\"\n\t\t\t\talt=\"Stuttgarter Wissenschaftsfestival 2024\"\n\t\t\t\tsrc=\"https:\/\/www.ims-chips.de\/wp-content\/uploads\/2024\/09\/News_Bild_Wissenschaftsfestival_24.jpg\"\/>\n\t\t\n\t\t<div class=\"anwp-pg-post-teaser__thumbnail-bg anwp-position-cover\"><\/div>\n\n\t\t<a class=\"anwp-position-cover anwp-link-without-effects\" href=\"https:\/\/www.ims-chips.de\/?p=12107\" aria-hidden=\"true\" ><\/a>\n\t<\/div>\n\n\t<div class=\"anwp-pg-post-teaser__content flex-grow-1 pt-1 d-flex flex-column\">\n\n\t\t<div class=\"anwp-pg-post-teaser__title anwp-font-heading mt-2\">\n\t\t\t<a class=\"anwp-link-without-effects\" href=\"https:\/\/www.ims-chips.de\/?p=12107\" aria-hidden=\"true\" >\n\t\t\t\tStuttgarter Wissenschaftsfestival 2024\t\t\t<\/a>\n\t\t<\/div>\n\n\t\t<div class=\"anwp-pg-post-teaser__bottom-meta d-flex flex-wrap\">\n\n\t\t\t\t\t\t\t<div class=\"anwp-pg-post-teaser__bottom-meta-item d-flex align-items-center mr-3\">\n\t\t\t\t\t<svg class=\"anwp-pg-icon anwp-pg-icon--s16 mr-1\">\n\t\t\t\t\t\t<use xlink:href=\"#icon-anwp-pg-calendar\"><\/use>\n\t\t\t\t\t<\/svg>\n\t\t\t\t\t<span class=\"posted-on m-0\"><span class=\"screen-reader-text\">Posted on<\/span><time class=\"anwp-pg-published\" datetime=\"2024-09-19T08:26:08+02:00\">19. September 2024<\/time><time class=\"anwp-pg-updated\" datetime=\"2025-02-25T12:53:19+01:00\">25. Februar 2025<\/time><\/span>\n\t\t\t\t<\/div>\n\t\t\t\t\n\t\t\t\t\t<\/div>\n\n\t\t\t\t\t<div class=\"anwp-pg-post-teaser__excerpt mb-2\">\n\t\t\t\t15.10.2024. Das IMS beteiligt sich am Stuttgarter Wissenschaftsfestival 2024.\t\t\t<\/div>\n\t\t\n\t\t\t\t\t<div class=\"w-100 anwp-pg-read-more mt-auto\">\n\t\t\t\t<a href=\"https:\/\/www.ims-chips.de\/?p=12107\" \t\t\t\t\tclass=\"anwp-pg-read-more__btn mt-3 mb-0 &lt;button type=&quot;button&quot; class=&quot;btn btn-link&quot; &gt;Link&lt;\/button&gt;\">\n\t\t\t\t\tweiterlesen &gt;&gt;\t\t\t\t<\/a>\n\t\t\t<\/div>\n\t\t\n\t<\/div>\n\n<\/div>\n<div class=\"anwp-pg-post-teaser anwp-pg-post-teaser--inner-cover-link anwp-pg-post-teaser--layout-d d-flex flex-column anwp-col-lg-3 anwp-col-sm-6 anwp-col-12 anwp-pg-post-teaser--with-read-more \">\n\t<div class=\"anwp-pg-post-teaser__thumbnail position-relative\">\n\n\t\t\n\t\t\n\t\t\t\t\t<img loading=\"lazy\" class=\"anwp-pg-post-teaser__thumbnail-img d-block anwp-pg-height-170 anwp-object-cover m-0 w-100\"\n\t\t\t\talt=\"IMS Newsletter 1\/24\"\n\t\t\t\tsrc=\"https:\/\/www.ims-chips.de\/wp-content\/uploads\/2024\/09\/News_Bild_Newsletter_1_24.jpg\"\/>\n\t\t\n\t\t<div class=\"anwp-pg-post-teaser__thumbnail-bg anwp-position-cover\"><\/div>\n\n\t\t<a class=\"anwp-position-cover anwp-link-without-effects\" href=\"https:\/\/www.ims-chips.de\/?p=12095\" aria-hidden=\"true\" ><\/a>\n\t<\/div>\n\n\t<div class=\"anwp-pg-post-teaser__content flex-grow-1 pt-1 d-flex flex-column\">\n\n\t\t<div class=\"anwp-pg-post-teaser__title anwp-font-heading mt-2\">\n\t\t\t<a class=\"anwp-link-without-effects\" href=\"https:\/\/www.ims-chips.de\/?p=12095\" aria-hidden=\"true\" >\n\t\t\t\tIMS Newsletter 1\/24\t\t\t<\/a>\n\t\t<\/div>\n\n\t\t<div class=\"anwp-pg-post-teaser__bottom-meta d-flex flex-wrap\">\n\n\t\t\t\t\t\t\t<div class=\"anwp-pg-post-teaser__bottom-meta-item d-flex align-items-center mr-3\">\n\t\t\t\t\t<svg class=\"anwp-pg-icon anwp-pg-icon--s16 mr-1\">\n\t\t\t\t\t\t<use xlink:href=\"#icon-anwp-pg-calendar\"><\/use>\n\t\t\t\t\t<\/svg>\n\t\t\t\t\t<span class=\"posted-on m-0\"><span class=\"screen-reader-text\">Posted on<\/span><time class=\"anwp-pg-published\" datetime=\"2024-09-13T09:12:09+02:00\">13. September 2024<\/time><time class=\"anwp-pg-updated\" datetime=\"2025-01-14T10:34:06+01:00\">14. Januar 2025<\/time><\/span>\n\t\t\t\t<\/div>\n\t\t\t\t\n\t\t\t\t\t<\/div>\n\n\t\t\t\t\t<div class=\"anwp-pg-post-teaser__excerpt mb-2\">\n\t\t\t\tMit dem Newsletter 1\/2024 m\u00f6chten wir Sie \u00fcber aktuelle Aktivit\u00e4ten am Institut f\u00fcr Mikroelektronik Stuttgart informieren.\t\t\t<\/div>\n\t\t\n\t\t\t\t\t<div class=\"w-100 anwp-pg-read-more mt-auto\">\n\t\t\t\t<a href=\"https:\/\/www.ims-chips.de\/?p=12095\" \t\t\t\t\tclass=\"anwp-pg-read-more__btn mt-3 mb-0 &lt;button type=&quot;button&quot; class=&quot;btn btn-link&quot; &gt;Link&lt;\/button&gt;\">\n\t\t\t\t\tweiterlesen &gt;&gt;\t\t\t\t<\/a>\n\t\t\t<\/div>\n\t\t\n\t<\/div>\n\n<\/div>\n<div class=\"anwp-pg-post-teaser anwp-pg-post-teaser--inner-cover-link anwp-pg-post-teaser--layout-d d-flex flex-column anwp-col-lg-3 anwp-col-sm-6 anwp-col-12 anwp-pg-post-teaser--with-read-more \">\n\t<div class=\"anwp-pg-post-teaser__thumbnail position-relative\">\n\n\t\t\n\t\t\n\t\t\t\t\t<img loading=\"lazy\" class=\"anwp-pg-post-teaser__thumbnail-img d-block anwp-pg-height-170 anwp-object-cover m-0 w-100\"\n\t\t\t\talt=\"DRY PROCESSING WORKSHOP: Plasma &amp; Atomic Scale Process Techniques 2024, Stuttgart\"\n\t\t\t\tsrc=\"https:\/\/www.ims-chips.de\/wp-content\/uploads\/2024\/08\/News_Bild_Dry_Processing_WS_2024.jpg\"\/>\n\t\t\n\t\t<div class=\"anwp-pg-post-teaser__thumbnail-bg anwp-position-cover\"><\/div>\n\n\t\t<a class=\"anwp-position-cover anwp-link-without-effects\" href=\"https:\/\/www.ims-chips.de\/?p=11792\" aria-hidden=\"true\" ><\/a>\n\t<\/div>\n\n\t<div class=\"anwp-pg-post-teaser__content flex-grow-1 pt-1 d-flex flex-column\">\n\n\t\t<div class=\"anwp-pg-post-teaser__title anwp-font-heading mt-2\">\n\t\t\t<a class=\"anwp-link-without-effects\" href=\"https:\/\/www.ims-chips.de\/?p=11792\" aria-hidden=\"true\" >\n\t\t\t\tDRY PROCESSING WORKSHOP: Plasma &amp; Atomic Scale Process Techniques 2024, Stuttgart\t\t\t<\/a>\n\t\t<\/div>\n\n\t\t<div class=\"anwp-pg-post-teaser__bottom-meta d-flex flex-wrap\">\n\n\t\t\t\t\t\t\t<div class=\"anwp-pg-post-teaser__bottom-meta-item d-flex align-items-center mr-3\">\n\t\t\t\t\t<svg class=\"anwp-pg-icon anwp-pg-icon--s16 mr-1\">\n\t\t\t\t\t\t<use xlink:href=\"#icon-anwp-pg-calendar\"><\/use>\n\t\t\t\t\t<\/svg>\n\t\t\t\t\t<span class=\"posted-on m-0\"><span class=\"screen-reader-text\">Posted on<\/span><time class=\"anwp-pg-published\" datetime=\"2024-08-29T08:46:17+02:00\">29. August 2024<\/time><time class=\"anwp-pg-updated\" datetime=\"2025-01-14T10:33:08+01:00\">14. Januar 2025<\/time><\/span>\n\t\t\t\t<\/div>\n\t\t\t\t\n\t\t\t\t\t<\/div>\n\n\t\t\t\t\t<div class=\"anwp-pg-post-teaser__excerpt mb-2\">\n\t\t\t\t24.-25.09.2024. Das IMS ist als Mitveranstalter mit drei Vortr\u00e4gen bei dem Workshop vertreten.\t\t\t<\/div>\n\t\t\n\t\t\t\t\t<div class=\"w-100 anwp-pg-read-more mt-auto\">\n\t\t\t\t<a href=\"https:\/\/www.ims-chips.de\/?p=11792\" \t\t\t\t\tclass=\"anwp-pg-read-more__btn mt-3 mb-0 &lt;button type=&quot;button&quot; class=&quot;btn btn-link&quot; &gt;Link&lt;\/button&gt;\">\n\t\t\t\t\tweiterlesen &gt;&gt;\t\t\t\t<\/a>\n\t\t\t<\/div>\n\t\t\n\t<\/div>\n\n<\/div>\n<div class=\"anwp-pg-post-teaser anwp-pg-post-teaser--inner-cover-link anwp-pg-post-teaser--layout-d d-flex flex-column anwp-col-lg-3 anwp-col-sm-6 anwp-col-12 anwp-pg-post-teaser--with-read-more \">\n\t<div class=\"anwp-pg-post-teaser__thumbnail position-relative\">\n\n\t\t\n\t\t\n\t\t\t\t\t<img loading=\"lazy\" class=\"anwp-pg-post-teaser__thumbnail-img d-block anwp-pg-height-170 anwp-object-cover m-0 w-100\"\n\t\t\t\talt=\"58. Jahrestagung der Deutschen Gesellschaft f\u00fcr Biomedizinische Technik\"\n\t\t\t\tsrc=\"https:\/\/www.ims-chips.de\/wp-content\/uploads\/2024\/08\/News_Bild_IBMT_2024.jpg\"\/>\n\t\t\n\t\t<div class=\"anwp-pg-post-teaser__thumbnail-bg anwp-position-cover\"><\/div>\n\n\t\t<a class=\"anwp-position-cover anwp-link-without-effects\" href=\"https:\/\/www.ims-chips.de\/?p=12038\" aria-hidden=\"true\" ><\/a>\n\t<\/div>\n\n\t<div class=\"anwp-pg-post-teaser__content flex-grow-1 pt-1 d-flex flex-column\">\n\n\t\t<div class=\"anwp-pg-post-teaser__title anwp-font-heading mt-2\">\n\t\t\t<a class=\"anwp-link-without-effects\" href=\"https:\/\/www.ims-chips.de\/?p=12038\" aria-hidden=\"true\" >\n\t\t\t\t58. Jahrestagung der Deutschen Gesellschaft f\u00fcr Biomedizinische Technik\t\t\t<\/a>\n\t\t<\/div>\n\n\t\t<div class=\"anwp-pg-post-teaser__bottom-meta d-flex flex-wrap\">\n\n\t\t\t\t\t\t\t<div class=\"anwp-pg-post-teaser__bottom-meta-item d-flex align-items-center mr-3\">\n\t\t\t\t\t<svg class=\"anwp-pg-icon anwp-pg-icon--s16 mr-1\">\n\t\t\t\t\t\t<use xlink:href=\"#icon-anwp-pg-calendar\"><\/use>\n\t\t\t\t\t<\/svg>\n\t\t\t\t\t<span class=\"posted-on m-0\"><span class=\"screen-reader-text\">Posted on<\/span><time class=\"anwp-pg-published\" datetime=\"2024-08-27T09:18:56+02:00\">27. August 2024<\/time><time class=\"anwp-pg-updated\" datetime=\"2025-01-09T13:16:44+01:00\">9. Januar 2025<\/time><\/span>\n\t\t\t\t<\/div>\n\t\t\t\t\n\t\t\t\t\t<\/div>\n\n\t\t\t\t\t<div class=\"anwp-pg-post-teaser__excerpt mb-2\">\n\t\t\t\t18. bis 20. September 2024 - Universit\u00e4t Stuttgart. Das IMS ist mit einem Vortrag auf der BMT 2024 vertreten.\t\t\t<\/div>\n\t\t\n\t\t\t\t\t<div class=\"w-100 anwp-pg-read-more mt-auto\">\n\t\t\t\t<a href=\"https:\/\/www.ims-chips.de\/?p=12038\" \t\t\t\t\tclass=\"anwp-pg-read-more__btn mt-3 mb-0 &lt;button type=&quot;button&quot; class=&quot;btn btn-link&quot; &gt;Link&lt;\/button&gt;\">\n\t\t\t\t\tweiterlesen &gt;&gt;\t\t\t\t<\/a>\n\t\t\t<\/div>\n\t\t\n\t<\/div>\n\n<\/div>\n<div class=\"anwp-pg-post-teaser anwp-pg-post-teaser--inner-cover-link anwp-pg-post-teaser--layout-d d-flex flex-column anwp-col-lg-3 anwp-col-sm-6 anwp-col-12 anwp-pg-post-teaser--with-read-more \">\n\t<div class=\"anwp-pg-post-teaser__thumbnail position-relative\">\n\n\t\t\n\t\t\n\t\t\t\t\t<img loading=\"lazy\" class=\"anwp-pg-post-teaser__thumbnail-img d-block anwp-pg-height-170 anwp-object-cover m-0 w-100\"\n\t\t\t\talt=\"IEEE-ESTC Konferenz in Berlin\"\n\t\t\t\tsrc=\"https:\/\/www.ims-chips.de\/wp-content\/uploads\/2024\/08\/News_Bild_IEEE-ESTC-_2024.jpg\"\/>\n\t\t\n\t\t<div class=\"anwp-pg-post-teaser__thumbnail-bg anwp-position-cover\"><\/div>\n\n\t\t<a class=\"anwp-position-cover anwp-link-without-effects\" href=\"https:\/\/www.ims-chips.de\/?p=11819\" aria-hidden=\"true\" ><\/a>\n\t<\/div>\n\n\t<div class=\"anwp-pg-post-teaser__content flex-grow-1 pt-1 d-flex flex-column\">\n\n\t\t<div class=\"anwp-pg-post-teaser__title anwp-font-heading mt-2\">\n\t\t\t<a class=\"anwp-link-without-effects\" href=\"https:\/\/www.ims-chips.de\/?p=11819\" aria-hidden=\"true\" >\n\t\t\t\tIEEE-ESTC Konferenz in Berlin\t\t\t<\/a>\n\t\t<\/div>\n\n\t\t<div class=\"anwp-pg-post-teaser__bottom-meta d-flex flex-wrap\">\n\n\t\t\t\t\t\t\t<div class=\"anwp-pg-post-teaser__bottom-meta-item d-flex align-items-center mr-3\">\n\t\t\t\t\t<svg class=\"anwp-pg-icon anwp-pg-icon--s16 mr-1\">\n\t\t\t\t\t\t<use xlink:href=\"#icon-anwp-pg-calendar\"><\/use>\n\t\t\t\t\t<\/svg>\n\t\t\t\t\t<span class=\"posted-on m-0\"><span class=\"screen-reader-text\">Posted on<\/span><time class=\"anwp-pg-published\" datetime=\"2024-08-19T10:59:54+02:00\">19. August 2024<\/time><time class=\"anwp-pg-updated\" datetime=\"2024-12-13T12:27:10+01:00\">13. Dezember 2024<\/time><\/span>\n\t\t\t\t<\/div>\n\t\t\t\t\n\t\t\t\t\t<\/div>\n\n\t\t\t\t\t<div class=\"anwp-pg-post-teaser__excerpt mb-2\">\n\t\t\t\t11. - 13. September 2024. Das IMS ist mit einem Poster bei der IEEE-ESTC Konferenz und mit einem Vortrag beim HIMT Workshop vertreten.\t\t\t<\/div>\n\t\t\n\t\t\t\t\t<div class=\"w-100 anwp-pg-read-more mt-auto\">\n\t\t\t\t<a href=\"https:\/\/www.ims-chips.de\/?p=11819\" \t\t\t\t\tclass=\"anwp-pg-read-more__btn mt-3 mb-0 &lt;button type=&quot;button&quot; class=&quot;btn btn-link&quot; &gt;Link&lt;\/button&gt;\">\n\t\t\t\t\tweiterlesen &gt;&gt;\t\t\t\t<\/a>\n\t\t\t<\/div>\n\t\t\n\t<\/div>\n\n<\/div>\n<div class=\"anwp-pg-post-teaser anwp-pg-post-teaser--inner-cover-link anwp-pg-post-teaser--layout-d d-flex flex-column anwp-col-lg-3 anwp-col-sm-6 anwp-col-12 anwp-pg-post-teaser--with-read-more \">\n\t<div class=\"anwp-pg-post-teaser__thumbnail position-relative\">\n\n\t\t\n\t\t\n\t\t\t\t\t<img loading=\"lazy\" class=\"anwp-pg-post-teaser__thumbnail-img d-block anwp-pg-height-170 anwp-object-cover m-0 w-100\"\n\t\t\t\talt=\"IEEE International Flexible Electronics Technology Conference 2024, Bologna, Italien\"\n\t\t\t\tsrc=\"https:\/\/www.ims-chips.de\/wp-content\/uploads\/2024\/08\/News_Bild_IEEE_IFETC_2024.jpg\"\/>\n\t\t\n\t\t<div class=\"anwp-pg-post-teaser__thumbnail-bg anwp-position-cover\"><\/div>\n\n\t\t<a class=\"anwp-position-cover anwp-link-without-effects\" href=\"https:\/\/www.ims-chips.de\/?p=11784\" aria-hidden=\"true\" ><\/a>\n\t<\/div>\n\n\t<div class=\"anwp-pg-post-teaser__content flex-grow-1 pt-1 d-flex flex-column\">\n\n\t\t<div class=\"anwp-pg-post-teaser__title anwp-font-heading mt-2\">\n\t\t\t<a class=\"anwp-link-without-effects\" href=\"https:\/\/www.ims-chips.de\/?p=11784\" aria-hidden=\"true\" >\n\t\t\t\tIEEE International Flexible Electronics Technology Conference 2024, Bologna, Italien\t\t\t<\/a>\n\t\t<\/div>\n\n\t\t<div class=\"anwp-pg-post-teaser__bottom-meta d-flex flex-wrap\">\n\n\t\t\t\t\t\t\t<div class=\"anwp-pg-post-teaser__bottom-meta-item d-flex align-items-center mr-3\">\n\t\t\t\t\t<svg class=\"anwp-pg-icon anwp-pg-icon--s16 mr-1\">\n\t\t\t\t\t\t<use xlink:href=\"#icon-anwp-pg-calendar\"><\/use>\n\t\t\t\t\t<\/svg>\n\t\t\t\t\t<span class=\"posted-on m-0\"><span class=\"screen-reader-text\">Posted on<\/span><time class=\"anwp-pg-published\" datetime=\"2024-08-15T09:07:33+02:00\">15. August 2024<\/time><time class=\"anwp-pg-updated\" datetime=\"2024-12-06T09:41:05+01:00\">6. Dezember 2024<\/time><\/span>\n\t\t\t\t<\/div>\n\t\t\t\t\n\t\t\t\t\t<\/div>\n\n\t\t\t\t\t<div class=\"anwp-pg-post-teaser__excerpt mb-2\">\n\t\t\t\t15.-18.09.2024. Das IMS ist mit einem Plenary Vortrag bei der IEEE IFETC in Bologna vertreten.\t\t\t<\/div>\n\t\t\n\t\t\t\t\t<div class=\"w-100 anwp-pg-read-more mt-auto\">\n\t\t\t\t<a href=\"https:\/\/www.ims-chips.de\/?p=11784\" \t\t\t\t\tclass=\"anwp-pg-read-more__btn mt-3 mb-0 &lt;button type=&quot;button&quot; class=&quot;btn btn-link&quot; &gt;Link&lt;\/button&gt;\">\n\t\t\t\t\tweiterlesen &gt;&gt;\t\t\t\t<\/a>\n\t\t\t<\/div>\n\t\t\n\t<\/div>\n\n<\/div>\n<div class=\"anwp-pg-post-teaser anwp-pg-post-teaser--inner-cover-link anwp-pg-post-teaser--layout-d d-flex flex-column anwp-col-lg-3 anwp-col-sm-6 anwp-col-12 anwp-pg-post-teaser--with-read-more \">\n\t<div class=\"anwp-pg-post-teaser__thumbnail position-relative\">\n\n\t\t\n\t\t\n\t\t\t\t\t<img loading=\"lazy\" class=\"anwp-pg-post-teaser__thumbnail-img d-block anwp-pg-height-170 anwp-object-cover m-0 w-100\"\n\t\t\t\talt=\"IEEE International Conference on Flexible and Printable Sensors and Systems 2024\"\n\t\t\t\tsrc=\"https:\/\/www.ims-chips.de\/wp-content\/uploads\/2024\/06\/News_Bild_IEEE_FLEPS_2024.jpg\"\/>\n\t\t\n\t\t<div class=\"anwp-pg-post-teaser__thumbnail-bg anwp-position-cover\"><\/div>\n\n\t\t<a class=\"anwp-position-cover anwp-link-without-effects\" href=\"https:\/\/www.ims-chips.de\/?p=11755\" aria-hidden=\"true\" ><\/a>\n\t<\/div>\n\n\t<div class=\"anwp-pg-post-teaser__content flex-grow-1 pt-1 d-flex flex-column\">\n\n\t\t<div class=\"anwp-pg-post-teaser__title anwp-font-heading mt-2\">\n\t\t\t<a class=\"anwp-link-without-effects\" href=\"https:\/\/www.ims-chips.de\/?p=11755\" aria-hidden=\"true\" >\n\t\t\t\tIEEE International Conference on Flexible and Printable Sensors and Systems 2024\t\t\t<\/a>\n\t\t<\/div>\n\n\t\t<div class=\"anwp-pg-post-teaser__bottom-meta d-flex flex-wrap\">\n\n\t\t\t\t\t\t\t<div class=\"anwp-pg-post-teaser__bottom-meta-item d-flex align-items-center mr-3\">\n\t\t\t\t\t<svg class=\"anwp-pg-icon anwp-pg-icon--s16 mr-1\">\n\t\t\t\t\t\t<use xlink:href=\"#icon-anwp-pg-calendar\"><\/use>\n\t\t\t\t\t<\/svg>\n\t\t\t\t\t<span class=\"posted-on m-0\"><span class=\"screen-reader-text\">Posted on<\/span><time class=\"anwp-pg-published\" datetime=\"2024-06-28T11:12:37+02:00\">28. Juni 2024<\/time><time class=\"anwp-pg-updated\" datetime=\"2024-11-21T09:52:00+01:00\">21. November 2024<\/time><\/span>\n\t\t\t\t<\/div>\n\t\t\t\t\n\t\t\t\t\t<\/div>\n\n\t\t\t\t\t<div class=\"anwp-pg-post-teaser__excerpt mb-2\">\n\t\t\t\t30.06.-03.07.2024. Das IMS ist mit einem Invited Vortrag bei der IEEE FLEPS in Tampere vertreten.\t\t\t<\/div>\n\t\t\n\t\t\t\t\t<div class=\"w-100 anwp-pg-read-more mt-auto\">\n\t\t\t\t<a href=\"https:\/\/www.ims-chips.de\/?p=11755\" \t\t\t\t\tclass=\"anwp-pg-read-more__btn mt-3 mb-0 &lt;button type=&quot;button&quot; class=&quot;btn btn-link&quot; &gt;Link&lt;\/button&gt;\">\n\t\t\t\t\tweiterlesen &gt;&gt;\t\t\t\t<\/a>\n\t\t\t<\/div>\n\t\t\n\t<\/div>\n\n<\/div>\n<div class=\"anwp-pg-post-teaser anwp-pg-post-teaser--inner-cover-link anwp-pg-post-teaser--layout-d d-flex flex-column anwp-col-lg-3 anwp-col-sm-6 anwp-col-12 anwp-pg-post-teaser--with-read-more \">\n\t<div class=\"anwp-pg-post-teaser__thumbnail position-relative\">\n\n\t\t\n\t\t\n\t\t\t\t\t<img loading=\"lazy\" class=\"anwp-pg-post-teaser__thumbnail-img d-block anwp-pg-height-170 anwp-object-cover m-0 w-100\"\n\t\t\t\talt=\"NIL ID 2024 &amp; NNT 2024\"\n\t\t\t\tsrc=\"https:\/\/www.ims-chips.de\/wp-content\/uploads\/2024\/06\/News_Bild_NIL_24.jpg\"\/>\n\t\t\n\t\t<div class=\"anwp-pg-post-teaser__thumbnail-bg anwp-position-cover\"><\/div>\n\n\t\t<a class=\"anwp-position-cover anwp-link-without-effects\" href=\"https:\/\/www.ims-chips.de\/?p=11729\" aria-hidden=\"true\" ><\/a>\n\t<\/div>\n\n\t<div class=\"anwp-pg-post-teaser__content flex-grow-1 pt-1 d-flex flex-column\">\n\n\t\t<div class=\"anwp-pg-post-teaser__title anwp-font-heading mt-2\">\n\t\t\t<a class=\"anwp-link-without-effects\" href=\"https:\/\/www.ims-chips.de\/?p=11729\" aria-hidden=\"true\" >\n\t\t\t\tNIL ID 2024 &amp; NNT 2024\t\t\t<\/a>\n\t\t<\/div>\n\n\t\t<div class=\"anwp-pg-post-teaser__bottom-meta d-flex flex-wrap\">\n\n\t\t\t\t\t\t\t<div class=\"anwp-pg-post-teaser__bottom-meta-item d-flex align-items-center mr-3\">\n\t\t\t\t\t<svg class=\"anwp-pg-icon anwp-pg-icon--s16 mr-1\">\n\t\t\t\t\t\t<use xlink:href=\"#icon-anwp-pg-calendar\"><\/use>\n\t\t\t\t\t<\/svg>\n\t\t\t\t\t<span class=\"posted-on m-0\"><span class=\"screen-reader-text\">Posted on<\/span><time class=\"anwp-pg-published\" datetime=\"2024-06-05T10:45:55+02:00\">5. Juni 2024<\/time><time class=\"anwp-pg-updated\" datetime=\"2024-10-21T09:20:07+02:00\">21. Oktober 2024<\/time><\/span>\n\t\t\t\t<\/div>\n\t\t\t\t\n\t\t\t\t\t<\/div>\n\n\t\t\t\t\t<div class=\"anwp-pg-post-teaser__excerpt mb-2\">\n\t\t\t\t24. - 27.06.2024. Das IMS ist mit einem Stand auf der NIL ID 2024 &amp; NNT 2024 vertreten.\t\t\t<\/div>\n\t\t\n\t\t\t\t\t<div class=\"w-100 anwp-pg-read-more mt-auto\">\n\t\t\t\t<a href=\"https:\/\/www.ims-chips.de\/?p=11729\" \t\t\t\t\tclass=\"anwp-pg-read-more__btn mt-3 mb-0 &lt;button type=&quot;button&quot; class=&quot;btn btn-link&quot; &gt;Link&lt;\/button&gt;\">\n\t\t\t\t\tweiterlesen &gt;&gt;\t\t\t\t<\/a>\n\t\t\t<\/div>\n\t\t\n\t<\/div>\n\n<\/div>\n<div class=\"anwp-pg-post-teaser anwp-pg-post-teaser--inner-cover-link anwp-pg-post-teaser--layout-d d-flex flex-column anwp-col-lg-3 anwp-col-sm-6 anwp-col-12 anwp-pg-post-teaser--with-read-more \">\n\t<div class=\"anwp-pg-post-teaser__thumbnail position-relative\">\n\n\t\t\n\t\t\n\t\t\t\t\t<img loading=\"lazy\" class=\"anwp-pg-post-teaser__thumbnail-img d-block anwp-pg-height-170 anwp-object-cover m-0 w-100\"\n\t\t\t\talt=\"MedtecLIVE 2024\"\n\t\t\t\tsrc=\"https:\/\/www.ims-chips.de\/wp-content\/uploads\/2024\/06\/News_Bild_MedtecLIVE_24.jpg\"\/>\n\t\t\n\t\t<div class=\"anwp-pg-post-teaser__thumbnail-bg anwp-position-cover\"><\/div>\n\n\t\t<a class=\"anwp-position-cover anwp-link-without-effects\" href=\"https:\/\/www.ims-chips.de\/?p=11701\" aria-hidden=\"true\" ><\/a>\n\t<\/div>\n\n\t<div class=\"anwp-pg-post-teaser__content flex-grow-1 pt-1 d-flex flex-column\">\n\n\t\t<div class=\"anwp-pg-post-teaser__title anwp-font-heading mt-2\">\n\t\t\t<a class=\"anwp-link-without-effects\" href=\"https:\/\/www.ims-chips.de\/?p=11701\" aria-hidden=\"true\" >\n\t\t\t\tMedtecLIVE 2024\t\t\t<\/a>\n\t\t<\/div>\n\n\t\t<div class=\"anwp-pg-post-teaser__bottom-meta d-flex flex-wrap\">\n\n\t\t\t\t\t\t\t<div class=\"anwp-pg-post-teaser__bottom-meta-item d-flex align-items-center mr-3\">\n\t\t\t\t\t<svg class=\"anwp-pg-icon anwp-pg-icon--s16 mr-1\">\n\t\t\t\t\t\t<use xlink:href=\"#icon-anwp-pg-calendar\"><\/use>\n\t\t\t\t\t<\/svg>\n\t\t\t\t\t<span class=\"posted-on m-0\"><span class=\"screen-reader-text\">Posted on<\/span><time class=\"anwp-pg-published\" datetime=\"2024-06-04T10:02:19+02:00\">4. Juni 2024<\/time><time class=\"anwp-pg-updated\" datetime=\"2024-09-19T08:40:25+02:00\">19. September 2024<\/time><\/span>\n\t\t\t\t<\/div>\n\t\t\t\t\n\t\t\t\t\t<\/div>\n\n\t\t\t\t\t<div class=\"anwp-pg-post-teaser__excerpt mb-2\">\n\t\t\t\tDas IMS ist mit einem Stand auf der MedtecLIVE 2024 vertreten.\t\t\t<\/div>\n\t\t\n\t\t\t\t\t<div class=\"w-100 anwp-pg-read-more mt-auto\">\n\t\t\t\t<a href=\"https:\/\/www.ims-chips.de\/?p=11701\" \t\t\t\t\tclass=\"anwp-pg-read-more__btn mt-3 mb-0 &lt;button type=&quot;button&quot; class=&quot;btn btn-link&quot; &gt;Link&lt;\/button&gt;\">\n\t\t\t\t\tweiterlesen &gt;&gt;\t\t\t\t<\/a>\n\t\t\t<\/div>\n\t\t\n\t<\/div>\n\n<\/div>\n<div class=\"anwp-pg-post-teaser anwp-pg-post-teaser--inner-cover-link anwp-pg-post-teaser--layout-d d-flex flex-column anwp-col-lg-3 anwp-col-sm-6 anwp-col-12 anwp-pg-post-teaser--with-read-more \">\n\t<div class=\"anwp-pg-post-teaser__thumbnail position-relative\">\n\n\t\t\n\t\t\n\t\t\t\t\t<img loading=\"lazy\" class=\"anwp-pg-post-teaser__thumbnail-img d-block anwp-pg-height-170 anwp-object-cover m-0 w-100\"\n\t\t\t\talt=\"European Mask and Lithography Conference (EMLC) 2024\"\n\t\t\t\tsrc=\"https:\/\/www.ims-chips.de\/wp-content\/uploads\/2024\/06\/News_Bild_EMLC_2024.jpg\"\/>\n\t\t\n\t\t<div class=\"anwp-pg-post-teaser__thumbnail-bg anwp-position-cover\"><\/div>\n\n\t\t<a class=\"anwp-position-cover anwp-link-without-effects\" href=\"https:\/\/www.ims-chips.de\/?p=11739\" aria-hidden=\"true\" ><\/a>\n\t<\/div>\n\n\t<div class=\"anwp-pg-post-teaser__content flex-grow-1 pt-1 d-flex flex-column\">\n\n\t\t<div class=\"anwp-pg-post-teaser__title anwp-font-heading mt-2\">\n\t\t\t<a class=\"anwp-link-without-effects\" href=\"https:\/\/www.ims-chips.de\/?p=11739\" aria-hidden=\"true\" >\n\t\t\t\tEuropean Mask and Lithography Conference (EMLC) 2024\t\t\t<\/a>\n\t\t<\/div>\n\n\t\t<div class=\"anwp-pg-post-teaser__bottom-meta d-flex flex-wrap\">\n\n\t\t\t\t\t\t\t<div class=\"anwp-pg-post-teaser__bottom-meta-item d-flex align-items-center mr-3\">\n\t\t\t\t\t<svg class=\"anwp-pg-icon anwp-pg-icon--s16 mr-1\">\n\t\t\t\t\t\t<use xlink:href=\"#icon-anwp-pg-calendar\"><\/use>\n\t\t\t\t\t<\/svg>\n\t\t\t\t\t<span class=\"posted-on m-0\"><span class=\"screen-reader-text\">Posted on<\/span><time class=\"anwp-pg-published\" datetime=\"2024-06-03T08:42:51+02:00\">3. Juni 2024<\/time><time class=\"anwp-pg-updated\" datetime=\"2024-09-13T09:28:32+02:00\">13. September 2024<\/time><\/span>\n\t\t\t\t<\/div>\n\t\t\t\t\n\t\t\t\t\t<\/div>\n\n\t\t\t\t\t<div class=\"anwp-pg-post-teaser__excerpt mb-2\">\n\t\t\t\t17.-19.06.2024. Das IMS ist mit einem &quot;Invited Talk&quot; auf der European Mask and Lithography Conference (EMLC) 2024 vertreten.\t\t\t<\/div>\n\t\t\n\t\t\t\t\t<div class=\"w-100 anwp-pg-read-more mt-auto\">\n\t\t\t\t<a href=\"https:\/\/www.ims-chips.de\/?p=11739\" \t\t\t\t\tclass=\"anwp-pg-read-more__btn mt-3 mb-0 &lt;button type=&quot;button&quot; class=&quot;btn btn-link&quot; &gt;Link&lt;\/button&gt;\">\n\t\t\t\t\tweiterlesen &gt;&gt;\t\t\t\t<\/a>\n\t\t\t<\/div>\n\t\t\n\t<\/div>\n\n<\/div>\n<div class=\"anwp-pg-post-teaser anwp-pg-post-teaser--inner-cover-link anwp-pg-post-teaser--layout-d d-flex flex-column anwp-col-lg-3 anwp-col-sm-6 anwp-col-12 anwp-pg-post-teaser--with-read-more \">\n\t<div class=\"anwp-pg-post-teaser__thumbnail position-relative\">\n\n\t\t\n\t\t\n\t\t\t\t\t<img loading=\"lazy\" class=\"anwp-pg-post-teaser__thumbnail-img d-block anwp-pg-height-170 anwp-object-cover m-0 w-100\"\n\t\t\t\talt=\"GaN Marathon 2024\"\n\t\t\t\tsrc=\"https:\/\/www.ims-chips.de\/wp-content\/uploads\/2024\/06\/News_Bild_GaN_Marathon_24.jpg\"\/>\n\t\t\n\t\t<div class=\"anwp-pg-post-teaser__thumbnail-bg anwp-position-cover\"><\/div>\n\n\t\t<a class=\"anwp-position-cover anwp-link-without-effects\" href=\"https:\/\/www.ims-chips.de\/?p=11717\" aria-hidden=\"true\" ><\/a>\n\t<\/div>\n\n\t<div class=\"anwp-pg-post-teaser__content flex-grow-1 pt-1 d-flex flex-column\">\n\n\t\t<div class=\"anwp-pg-post-teaser__title anwp-font-heading mt-2\">\n\t\t\t<a class=\"anwp-link-without-effects\" href=\"https:\/\/www.ims-chips.de\/?p=11717\" aria-hidden=\"true\" >\n\t\t\t\tGaN Marathon 2024\t\t\t<\/a>\n\t\t<\/div>\n\n\t\t<div class=\"anwp-pg-post-teaser__bottom-meta d-flex flex-wrap\">\n\n\t\t\t\t\t\t\t<div class=\"anwp-pg-post-teaser__bottom-meta-item d-flex align-items-center mr-3\">\n\t\t\t\t\t<svg class=\"anwp-pg-icon anwp-pg-icon--s16 mr-1\">\n\t\t\t\t\t\t<use xlink:href=\"#icon-anwp-pg-calendar\"><\/use>\n\t\t\t\t\t<\/svg>\n\t\t\t\t\t<span class=\"posted-on m-0\"><span class=\"screen-reader-text\">Posted on<\/span><time class=\"anwp-pg-published\" datetime=\"2024-06-02T10:00:00+02:00\">2. Juni 2024<\/time><time class=\"anwp-pg-updated\" datetime=\"2024-08-27T09:33:22+02:00\">27. August 2024<\/time><\/span>\n\t\t\t\t<\/div>\n\t\t\t\t\n\t\t\t\t\t<\/div>\n\n\t\t\t\t\t<div class=\"anwp-pg-post-teaser__excerpt mb-2\">\n\t\t\t\tDas IMS ist mit einem Poster auf dem GaN Marathon 2024 in Verona, Italien vertreten.\t\t\t<\/div>\n\t\t\n\t\t\t\t\t<div class=\"w-100 anwp-pg-read-more mt-auto\">\n\t\t\t\t<a href=\"https:\/\/www.ims-chips.de\/?p=11717\" \t\t\t\t\tclass=\"anwp-pg-read-more__btn mt-3 mb-0 &lt;button type=&quot;button&quot; class=&quot;btn btn-link&quot; &gt;Link&lt;\/button&gt;\">\n\t\t\t\t\tweiterlesen &gt;&gt;\t\t\t\t<\/a>\n\t\t\t<\/div>\n\t\t\n\t<\/div>\n\n<\/div>\n<div class=\"anwp-pg-post-teaser anwp-pg-post-teaser--inner-cover-link anwp-pg-post-teaser--layout-d d-flex flex-column anwp-col-lg-3 anwp-col-sm-6 anwp-col-12 anwp-pg-post-teaser--with-read-more \">\n\t<div class=\"anwp-pg-post-teaser__thumbnail position-relative\">\n\n\t\t\n\t\t\n\t\t\t\t\t<img loading=\"lazy\" class=\"anwp-pg-post-teaser__thumbnail-img d-block anwp-pg-height-170 anwp-object-cover m-0 w-100\"\n\t\t\t\talt=\"Projekt HyPerStripes \u2013 erfolgreicher Review des zweiten Projektjahres\"\n\t\t\t\tsrc=\"https:\/\/www.ims-chips.de\/wp-content\/uploads\/2024\/04\/News_Bild_HyPerStripes_Meeting_IMS_2024.jpg\"\/>\n\t\t\n\t\t<div class=\"anwp-pg-post-teaser__thumbnail-bg anwp-position-cover\"><\/div>\n\n\t\t<a class=\"anwp-position-cover anwp-link-without-effects\" href=\"https:\/\/www.ims-chips.de\/?p=11686\" aria-hidden=\"true\" ><\/a>\n\t<\/div>\n\n\t<div class=\"anwp-pg-post-teaser__content flex-grow-1 pt-1 d-flex flex-column\">\n\n\t\t<div class=\"anwp-pg-post-teaser__title anwp-font-heading mt-2\">\n\t\t\t<a class=\"anwp-link-without-effects\" href=\"https:\/\/www.ims-chips.de\/?p=11686\" aria-hidden=\"true\" >\n\t\t\t\tProjekt HyPerStripes \u2013 erfolgreicher Review des zweiten Projektjahres\t\t\t<\/a>\n\t\t<\/div>\n\n\t\t<div class=\"anwp-pg-post-teaser__bottom-meta d-flex flex-wrap\">\n\n\t\t\t\t\t\t\t<div class=\"anwp-pg-post-teaser__bottom-meta-item d-flex align-items-center mr-3\">\n\t\t\t\t\t<svg class=\"anwp-pg-icon anwp-pg-icon--s16 mr-1\">\n\t\t\t\t\t\t<use xlink:href=\"#icon-anwp-pg-calendar\"><\/use>\n\t\t\t\t\t<\/svg>\n\t\t\t\t\t<span class=\"posted-on m-0\"><span class=\"screen-reader-text\">Posted on<\/span><time class=\"anwp-pg-published\" datetime=\"2024-04-26T07:07:14+02:00\">26. April 2024<\/time><time class=\"anwp-pg-updated\" datetime=\"2024-08-19T11:26:16+02:00\">19. August 2024<\/time><\/span>\n\t\t\t\t<\/div>\n\t\t\t\t\n\t\t\t\t\t<\/div>\n\n\t\t\t\t\t<div class=\"anwp-pg-post-teaser__excerpt mb-2\">\n\t\t\t\tDie 16 Partner des Projekts HyPerStripes traf sich vom 23.-24. April 2024 am IMS CHIPS in Stuttgart zum zweiten Projektreview.\t\t\t<\/div>\n\t\t\n\t\t\t\t\t<div class=\"w-100 anwp-pg-read-more mt-auto\">\n\t\t\t\t<a href=\"https:\/\/www.ims-chips.de\/?p=11686\" \t\t\t\t\tclass=\"anwp-pg-read-more__btn mt-3 mb-0 &lt;button type=&quot;button&quot; class=&quot;btn btn-link&quot; &gt;Link&lt;\/button&gt;\">\n\t\t\t\t\tweiterlesen &gt;&gt;\t\t\t\t<\/a>\n\t\t\t<\/div>\n\t\t\n\t<\/div>\n\n<\/div>\n<div class=\"anwp-pg-post-teaser anwp-pg-post-teaser--inner-cover-link anwp-pg-post-teaser--layout-d d-flex flex-column anwp-col-lg-3 anwp-col-sm-6 anwp-col-12 anwp-pg-post-teaser--with-read-more \">\n\t<div class=\"anwp-pg-post-teaser__thumbnail position-relative\">\n\n\t\t\n\t\t\n\t\t\t\t\t<img loading=\"lazy\" class=\"anwp-pg-post-teaser__thumbnail-img d-block anwp-pg-height-170 anwp-object-cover m-0 w-100\"\n\t\t\t\talt=\"Heraeus Electronics f\u00fchrte das ALL2GaN-Meeting durch und pr\u00e4sentierte Fortschritte in der hocheffizienten Leistungselektronik\"\n\t\t\t\tsrc=\"https:\/\/www.ims-chips.de\/wp-content\/uploads\/2024\/04\/News_Bild_ALL2GaN-Meeting_24.jpg\"\/>\n\t\t\n\t\t<div class=\"anwp-pg-post-teaser__thumbnail-bg anwp-position-cover\"><\/div>\n\n\t\t<a class=\"anwp-position-cover anwp-link-without-effects\" href=\"https:\/\/www.ims-chips.de\/?p=11674\" aria-hidden=\"true\" ><\/a>\n\t<\/div>\n\n\t<div class=\"anwp-pg-post-teaser__content flex-grow-1 pt-1 d-flex flex-column\">\n\n\t\t<div class=\"anwp-pg-post-teaser__title anwp-font-heading mt-2\">\n\t\t\t<a class=\"anwp-link-without-effects\" href=\"https:\/\/www.ims-chips.de\/?p=11674\" aria-hidden=\"true\" >\n\t\t\t\tHeraeus Electronics f\u00fchrte das ALL2GaN-Meeting durch und pr\u00e4sentierte Fortschritte in der hocheffizienten Leistungselektronik\t\t\t<\/a>\n\t\t<\/div>\n\n\t\t<div class=\"anwp-pg-post-teaser__bottom-meta d-flex flex-wrap\">\n\n\t\t\t\t\t\t\t<div class=\"anwp-pg-post-teaser__bottom-meta-item d-flex align-items-center mr-3\">\n\t\t\t\t\t<svg class=\"anwp-pg-icon anwp-pg-icon--s16 mr-1\">\n\t\t\t\t\t\t<use xlink:href=\"#icon-anwp-pg-calendar\"><\/use>\n\t\t\t\t\t<\/svg>\n\t\t\t\t\t<span class=\"posted-on m-0\"><span class=\"screen-reader-text\">Posted on<\/span><time class=\"anwp-pg-published\" datetime=\"2024-04-19T11:06:30+02:00\">19. April 2024<\/time><time class=\"anwp-pg-updated\" datetime=\"2024-08-16T08:57:23+02:00\">16. August 2024<\/time><\/span>\n\t\t\t\t<\/div>\n\t\t\t\t\n\t\t\t\t\t<\/div>\n\n\t\t\t\t\t<div class=\"anwp-pg-post-teaser__excerpt mb-2\">\n\t\t\t\tDas ALL2GaN-Meeting fand vom 9. bis 10. April 2024 in den R\u00e4umlichkeiten von Heraeus in Hanau statt.\t\t\t<\/div>\n\t\t\n\t\t\t\t\t<div class=\"w-100 anwp-pg-read-more mt-auto\">\n\t\t\t\t<a href=\"https:\/\/www.ims-chips.de\/?p=11674\" \t\t\t\t\tclass=\"anwp-pg-read-more__btn mt-3 mb-0 &lt;button type=&quot;button&quot; class=&quot;btn btn-link&quot; &gt;Link&lt;\/button&gt;\">\n\t\t\t\t\tweiterlesen &gt;&gt;\t\t\t\t<\/a>\n\t\t\t<\/div>\n\t\t\n\t<\/div>\n\n<\/div>\n<div class=\"anwp-pg-post-teaser anwp-pg-post-teaser--inner-cover-link anwp-pg-post-teaser--layout-d d-flex flex-column anwp-col-lg-3 anwp-col-sm-6 anwp-col-12 anwp-pg-post-teaser--with-read-more \">\n\t<div class=\"anwp-pg-post-teaser__thumbnail position-relative\">\n\n\t\t\n\t\t\n\t\t\t\t\t<img loading=\"lazy\" class=\"anwp-pg-post-teaser__thumbnail-img d-block anwp-pg-height-170 anwp-object-cover m-0 w-100\"\n\t\t\t\talt=\"Tagung EBL 2024 &#8211; Elektronische Baugruppen und Leiterplatten\"\n\t\t\t\tsrc=\"https:\/\/www.ims-chips.de\/wp-content\/uploads\/2024\/03\/News_Bild_Tagung_EBL_Preis_24.jpg\"\/>\n\t\t\n\t\t<div class=\"anwp-pg-post-teaser__thumbnail-bg anwp-position-cover\"><\/div>\n\n\t\t<a class=\"anwp-position-cover anwp-link-without-effects\" href=\"https:\/\/www.ims-chips.de\/?p=11635\" aria-hidden=\"true\" ><\/a>\n\t<\/div>\n\n\t<div class=\"anwp-pg-post-teaser__content flex-grow-1 pt-1 d-flex flex-column\">\n\n\t\t<div class=\"anwp-pg-post-teaser__title anwp-font-heading mt-2\">\n\t\t\t<a class=\"anwp-link-without-effects\" href=\"https:\/\/www.ims-chips.de\/?p=11635\" aria-hidden=\"true\" >\n\t\t\t\tTagung EBL 2024 &#8211; Elektronische Baugruppen und Leiterplatten\t\t\t<\/a>\n\t\t<\/div>\n\n\t\t<div class=\"anwp-pg-post-teaser__bottom-meta d-flex flex-wrap\">\n\n\t\t\t\t\t\t\t<div class=\"anwp-pg-post-teaser__bottom-meta-item d-flex align-items-center mr-3\">\n\t\t\t\t\t<svg class=\"anwp-pg-icon anwp-pg-icon--s16 mr-1\">\n\t\t\t\t\t\t<use xlink:href=\"#icon-anwp-pg-calendar\"><\/use>\n\t\t\t\t\t<\/svg>\n\t\t\t\t\t<span class=\"posted-on m-0\"><span class=\"screen-reader-text\">Posted on<\/span><time class=\"anwp-pg-published\" datetime=\"2024-03-28T10:10:45+01:00\">28. M\u00e4rz 2024<\/time><time class=\"anwp-pg-updated\" datetime=\"2024-08-15T09:21:24+02:00\">15. August 2024<\/time><\/span>\n\t\t\t\t<\/div>\n\t\t\t\t\n\t\t\t\t\t<\/div>\n\n\t\t\t\t\t<div class=\"anwp-pg-post-teaser__excerpt mb-2\">\n\t\t\t\tIMS CHIPS war mit einem Beitrag von Ulrike Passlack vertreten. Dieser Beitrag wurde mit dem Nachwuchsforscherpreis ausgezeichnet.\t\t\t<\/div>\n\t\t\n\t\t\t\t\t<div class=\"w-100 anwp-pg-read-more mt-auto\">\n\t\t\t\t<a href=\"https:\/\/www.ims-chips.de\/?p=11635\" \t\t\t\t\tclass=\"anwp-pg-read-more__btn mt-3 mb-0 &lt;button type=&quot;button&quot; class=&quot;btn btn-link&quot; &gt;Link&lt;\/button&gt;\">\n\t\t\t\t\tweiterlesen &gt;&gt;\t\t\t\t<\/a>\n\t\t\t<\/div>\n\t\t\n\t<\/div>\n\n<\/div>\n<div class=\"anwp-pg-post-teaser anwp-pg-post-teaser--inner-cover-link anwp-pg-post-teaser--layout-d d-flex flex-column anwp-col-lg-3 anwp-col-sm-6 anwp-col-12 anwp-pg-post-teaser--with-read-more \">\n\t<div class=\"anwp-pg-post-teaser__thumbnail position-relative\">\n\n\t\t\n\t\t\n\t\t\t\t\t<img loading=\"lazy\" class=\"anwp-pg-post-teaser__thumbnail-img d-block anwp-pg-height-170 anwp-object-cover m-0 w-100\"\n\t\t\t\talt=\"PhotonQ Projekt-Meeting am Institut f\u00fcr Mikroelektronik Stuttgart\"\n\t\t\t\tsrc=\"https:\/\/www.ims-chips.de\/wp-content\/uploads\/2024\/04\/News_Bild_PhotonQ-Projekt-Meeting_24.jpg\"\/>\n\t\t\n\t\t<div class=\"anwp-pg-post-teaser__thumbnail-bg anwp-position-cover\"><\/div>\n\n\t\t<a class=\"anwp-position-cover anwp-link-without-effects\" href=\"https:\/\/www.ims-chips.de\/?p=11656\" aria-hidden=\"true\" ><\/a>\n\t<\/div>\n\n\t<div class=\"anwp-pg-post-teaser__content flex-grow-1 pt-1 d-flex flex-column\">\n\n\t\t<div class=\"anwp-pg-post-teaser__title anwp-font-heading mt-2\">\n\t\t\t<a class=\"anwp-link-without-effects\" href=\"https:\/\/www.ims-chips.de\/?p=11656\" aria-hidden=\"true\" >\n\t\t\t\tPhotonQ Projekt-Meeting am Institut f\u00fcr Mikroelektronik Stuttgart\t\t\t<\/a>\n\t\t<\/div>\n\n\t\t<div class=\"anwp-pg-post-teaser__bottom-meta d-flex flex-wrap\">\n\n\t\t\t\t\t\t\t<div class=\"anwp-pg-post-teaser__bottom-meta-item d-flex align-items-center mr-3\">\n\t\t\t\t\t<svg class=\"anwp-pg-icon anwp-pg-icon--s16 mr-1\">\n\t\t\t\t\t\t<use xlink:href=\"#icon-anwp-pg-calendar\"><\/use>\n\t\t\t\t\t<\/svg>\n\t\t\t\t\t<span class=\"posted-on m-0\"><span class=\"screen-reader-text\">Posted on<\/span><time class=\"anwp-pg-published\" datetime=\"2024-03-27T10:16:48+01:00\">27. M\u00e4rz 2024<\/time><time class=\"anwp-pg-updated\" datetime=\"2024-06-28T11:21:08+02:00\">28. Juni 2024<\/time><\/span>\n\t\t\t\t<\/div>\n\t\t\t\t\n\t\t\t\t\t<\/div>\n\n\t\t\t\t\t<div class=\"anwp-pg-post-teaser__excerpt mb-2\">\n\t\t\t\tAm 26.und 27. M\u00e4rz fand das PhotonQ Projekt-Meeting am Institut f\u00fcr Mikroelektronik Stuttgart statt.\t\t\t<\/div>\n\t\t\n\t\t\t\t\t<div class=\"w-100 anwp-pg-read-more mt-auto\">\n\t\t\t\t<a href=\"https:\/\/www.ims-chips.de\/?p=11656\" \t\t\t\t\tclass=\"anwp-pg-read-more__btn mt-3 mb-0 &lt;button type=&quot;button&quot; class=&quot;btn btn-link&quot; &gt;Link&lt;\/button&gt;\">\n\t\t\t\t\tweiterlesen &gt;&gt;\t\t\t\t<\/a>\n\t\t\t<\/div>\n\t\t\n\t<\/div>\n\n<\/div>\n<div class=\"anwp-pg-post-teaser anwp-pg-post-teaser--inner-cover-link anwp-pg-post-teaser--layout-d d-flex flex-column anwp-col-lg-3 anwp-col-sm-6 anwp-col-12 anwp-pg-post-teaser--with-read-more \">\n\t<div class=\"anwp-pg-post-teaser__thumbnail position-relative\">\n\n\t\t\n\t\t\n\t\t\t\t\t<img loading=\"lazy\" class=\"anwp-pg-post-teaser__thumbnail-img d-block anwp-pg-height-170 anwp-object-cover m-0 w-100\"\n\t\t\t\talt=\"microTEC S\u00fcdwest Clusterkonferenz 2024\"\n\t\t\t\tsrc=\"https:\/\/www.ims-chips.de\/wp-content\/uploads\/2024\/03\/News_Bild_Clusterkonferenz_24.jpg\"\/>\n\t\t\n\t\t<div class=\"anwp-pg-post-teaser__thumbnail-bg anwp-position-cover\"><\/div>\n\n\t\t<a class=\"anwp-position-cover anwp-link-without-effects\" href=\"https:\/\/www.ims-chips.de\/?p=11625\" aria-hidden=\"true\" ><\/a>\n\t<\/div>\n\n\t<div class=\"anwp-pg-post-teaser__content flex-grow-1 pt-1 d-flex flex-column\">\n\n\t\t<div class=\"anwp-pg-post-teaser__title anwp-font-heading mt-2\">\n\t\t\t<a class=\"anwp-link-without-effects\" href=\"https:\/\/www.ims-chips.de\/?p=11625\" aria-hidden=\"true\" >\n\t\t\t\tmicroTEC S\u00fcdwest Clusterkonferenz 2024\t\t\t<\/a>\n\t\t<\/div>\n\n\t\t<div class=\"anwp-pg-post-teaser__bottom-meta d-flex flex-wrap\">\n\n\t\t\t\t\t\t\t<div class=\"anwp-pg-post-teaser__bottom-meta-item d-flex align-items-center mr-3\">\n\t\t\t\t\t<svg class=\"anwp-pg-icon anwp-pg-icon--s16 mr-1\">\n\t\t\t\t\t\t<use xlink:href=\"#icon-anwp-pg-calendar\"><\/use>\n\t\t\t\t\t<\/svg>\n\t\t\t\t\t<span class=\"posted-on m-0\"><span class=\"screen-reader-text\">Posted on<\/span><time class=\"anwp-pg-published\" datetime=\"2024-03-04T09:02:23+01:00\">4. M\u00e4rz 2024<\/time><time class=\"anwp-pg-updated\" datetime=\"2024-06-06T08:48:45+02:00\">6. Juni 2024<\/time><\/span>\n\t\t\t\t<\/div>\n\t\t\t\t\n\t\t\t\t\t<\/div>\n\n\t\t\t\t\t<div class=\"anwp-pg-post-teaser__excerpt mb-2\">\n\t\t\t\tDas IMS ist mit 2 Vortr\u00e4gen auf der Clusterkonferenz 2024 vertreten.\t\t\t<\/div>\n\t\t\n\t\t\t\t\t<div class=\"w-100 anwp-pg-read-more mt-auto\">\n\t\t\t\t<a href=\"https:\/\/www.ims-chips.de\/?p=11625\" \t\t\t\t\tclass=\"anwp-pg-read-more__btn mt-3 mb-0 &lt;button type=&quot;button&quot; class=&quot;btn btn-link&quot; &gt;Link&lt;\/button&gt;\">\n\t\t\t\t\tweiterlesen &gt;&gt;\t\t\t\t<\/a>\n\t\t\t<\/div>\n\t\t\n\t<\/div>\n\n<\/div>\n<div class=\"anwp-pg-post-teaser anwp-pg-post-teaser--inner-cover-link anwp-pg-post-teaser--layout-d d-flex flex-column anwp-col-lg-3 anwp-col-sm-6 anwp-col-12 anwp-pg-post-teaser--with-read-more \">\n\t<div class=\"anwp-pg-post-teaser__thumbnail position-relative\">\n\n\t\t\n\t\t\n\t\t\t\t\t<img loading=\"lazy\" class=\"anwp-pg-post-teaser__thumbnail-img d-block anwp-pg-height-170 anwp-object-cover m-0 w-100\"\n\t\t\t\talt=\"GenISys BEAMeeting IMS CHIPS Stuttgart 2024\"\n\t\t\t\tsrc=\"https:\/\/www.ims-chips.de\/wp-content\/uploads\/2024\/02\/News_Bild_GenISys-BEAMeeting_24.jpg\"\/>\n\t\t\n\t\t<div class=\"anwp-pg-post-teaser__thumbnail-bg anwp-position-cover\"><\/div>\n\n\t\t<a class=\"anwp-position-cover anwp-link-without-effects\" href=\"https:\/\/www.ims-chips.de\/?p=11590\" aria-hidden=\"true\" ><\/a>\n\t<\/div>\n\n\t<div class=\"anwp-pg-post-teaser__content flex-grow-1 pt-1 d-flex flex-column\">\n\n\t\t<div class=\"anwp-pg-post-teaser__title anwp-font-heading mt-2\">\n\t\t\t<a class=\"anwp-link-without-effects\" href=\"https:\/\/www.ims-chips.de\/?p=11590\" aria-hidden=\"true\" >\n\t\t\t\tGenISys BEAMeeting IMS CHIPS Stuttgart 2024\t\t\t<\/a>\n\t\t<\/div>\n\n\t\t<div class=\"anwp-pg-post-teaser__bottom-meta d-flex flex-wrap\">\n\n\t\t\t\t\t\t\t<div class=\"anwp-pg-post-teaser__bottom-meta-item d-flex align-items-center mr-3\">\n\t\t\t\t\t<svg class=\"anwp-pg-icon anwp-pg-icon--s16 mr-1\">\n\t\t\t\t\t\t<use xlink:href=\"#icon-anwp-pg-calendar\"><\/use>\n\t\t\t\t\t<\/svg>\n\t\t\t\t\t<span class=\"posted-on m-0\"><span class=\"screen-reader-text\">Posted on<\/span><time class=\"anwp-pg-published\" datetime=\"2024-02-06T10:20:22+01:00\">6. Februar 2024<\/time><time class=\"anwp-pg-updated\" datetime=\"2024-06-05T10:51:50+02:00\">5. Juni 2024<\/time><\/span>\n\t\t\t\t<\/div>\n\t\t\t\t\n\t\t\t\t\t<\/div>\n\n\t\t\t\t\t<div class=\"anwp-pg-post-teaser__excerpt mb-2\">\n\t\t\t\tDieses Jahr wird das GenISys BEAMeeting am IMS CHIPS in Stuttgart abgehalten. Der Workshop wird vom 10. bis 11. April 2024 stattfinden.\t\t\t<\/div>\n\t\t\n\t\t\t\t\t<div class=\"w-100 anwp-pg-read-more mt-auto\">\n\t\t\t\t<a href=\"https:\/\/www.ims-chips.de\/?p=11590\" \t\t\t\t\tclass=\"anwp-pg-read-more__btn mt-3 mb-0 &lt;button type=&quot;button&quot; class=&quot;btn btn-link&quot; &gt;Link&lt;\/button&gt;\">\n\t\t\t\t\tweiterlesen &gt;&gt;\t\t\t\t<\/a>\n\t\t\t<\/div>\n\t\t\n\t<\/div>\n\n<\/div>\n<div class=\"anwp-pg-post-teaser anwp-pg-post-teaser--inner-cover-link anwp-pg-post-teaser--layout-d d-flex flex-column anwp-col-lg-3 anwp-col-sm-6 anwp-col-12 anwp-pg-post-teaser--with-read-more \">\n\t<div class=\"anwp-pg-post-teaser__thumbnail position-relative\">\n\n\t\t\n\t\t\n\t\t\t\t\t<img loading=\"lazy\" class=\"anwp-pg-post-teaser__thumbnail-img d-block anwp-pg-height-170 anwp-object-cover m-0 w-100\"\n\t\t\t\talt=\"SPIE Advanced Lithography 2024\"\n\t\t\t\tsrc=\"https:\/\/www.ims-chips.de\/wp-content\/uploads\/2024\/01\/News_Bild_SPIE_24.jpg\"\/>\n\t\t\n\t\t<div class=\"anwp-pg-post-teaser__thumbnail-bg anwp-position-cover\"><\/div>\n\n\t\t<a class=\"anwp-position-cover anwp-link-without-effects\" href=\"https:\/\/www.ims-chips.de\/?p=11559\" aria-hidden=\"true\" ><\/a>\n\t<\/div>\n\n\t<div class=\"anwp-pg-post-teaser__content flex-grow-1 pt-1 d-flex flex-column\">\n\n\t\t<div class=\"anwp-pg-post-teaser__title anwp-font-heading mt-2\">\n\t\t\t<a class=\"anwp-link-without-effects\" href=\"https:\/\/www.ims-chips.de\/?p=11559\" aria-hidden=\"true\" >\n\t\t\t\tSPIE Advanced Lithography 2024\t\t\t<\/a>\n\t\t<\/div>\n\n\t\t<div class=\"anwp-pg-post-teaser__bottom-meta d-flex flex-wrap\">\n\n\t\t\t\t\t\t\t<div class=\"anwp-pg-post-teaser__bottom-meta-item d-flex align-items-center mr-3\">\n\t\t\t\t\t<svg class=\"anwp-pg-icon anwp-pg-icon--s16 mr-1\">\n\t\t\t\t\t\t<use xlink:href=\"#icon-anwp-pg-calendar\"><\/use>\n\t\t\t\t\t<\/svg>\n\t\t\t\t\t<span class=\"posted-on m-0\"><span class=\"screen-reader-text\">Posted on<\/span><time class=\"anwp-pg-published\" datetime=\"2024-01-24T10:31:58+01:00\">24. Januar 2024<\/time><time class=\"anwp-pg-updated\" datetime=\"2024-06-05T10:30:41+02:00\">5. Juni 2024<\/time><\/span>\n\t\t\t\t<\/div>\n\t\t\t\t\n\t\t\t\t\t<\/div>\n\n\t\t\t\t\t<div class=\"anwp-pg-post-teaser__excerpt mb-2\">\n\t\t\t\tDas IMS ist mit einem Poster auf der SPIE Advanced Lithography 2024 in San Jose, USA vertreten.\t\t\t<\/div>\n\t\t\n\t\t\t\t\t<div class=\"w-100 anwp-pg-read-more mt-auto\">\n\t\t\t\t<a href=\"https:\/\/www.ims-chips.de\/?p=11559\" \t\t\t\t\tclass=\"anwp-pg-read-more__btn mt-3 mb-0 &lt;button type=&quot;button&quot; class=&quot;btn btn-link&quot; &gt;Link&lt;\/button&gt;\">\n\t\t\t\t\tweiterlesen &gt;&gt;\t\t\t\t<\/a>\n\t\t\t<\/div>\n\t\t\n\t<\/div>\n\n<\/div>\n<div class=\"anwp-pg-post-teaser anwp-pg-post-teaser--inner-cover-link anwp-pg-post-teaser--layout-d d-flex flex-column anwp-col-lg-3 anwp-col-sm-6 anwp-col-12 anwp-pg-post-teaser--with-read-more \">\n\t<div class=\"anwp-pg-post-teaser__thumbnail position-relative\">\n\n\t\t\n\t\t\n\t\t\t\t\t<img loading=\"lazy\" class=\"anwp-pg-post-teaser__thumbnail-img d-block anwp-pg-height-170 anwp-object-cover m-0 w-100\"\n\t\t\t\talt=\"Workshop Beams &amp; More IMS CHIPS 2023\"\n\t\t\t\tsrc=\"https:\/\/www.ims-chips.de\/wp-content\/uploads\/2023\/10\/News_Bild_BeamsMore_23.jpg\"\/>\n\t\t\n\t\t<div class=\"anwp-pg-post-teaser__thumbnail-bg anwp-position-cover\"><\/div>\n\n\t\t<a class=\"anwp-position-cover anwp-link-without-effects\" href=\"https:\/\/www.ims-chips.de\/?p=11509\" aria-hidden=\"true\" ><\/a>\n\t<\/div>\n\n\t<div class=\"anwp-pg-post-teaser__content flex-grow-1 pt-1 d-flex flex-column\">\n\n\t\t<div class=\"anwp-pg-post-teaser__title anwp-font-heading mt-2\">\n\t\t\t<a class=\"anwp-link-without-effects\" href=\"https:\/\/www.ims-chips.de\/?p=11509\" aria-hidden=\"true\" >\n\t\t\t\tWorkshop Beams &amp; More IMS CHIPS 2023\t\t\t<\/a>\n\t\t<\/div>\n\n\t\t<div class=\"anwp-pg-post-teaser__bottom-meta d-flex flex-wrap\">\n\n\t\t\t\t\t\t\t<div class=\"anwp-pg-post-teaser__bottom-meta-item d-flex align-items-center mr-3\">\n\t\t\t\t\t<svg class=\"anwp-pg-icon anwp-pg-icon--s16 mr-1\">\n\t\t\t\t\t\t<use xlink:href=\"#icon-anwp-pg-calendar\"><\/use>\n\t\t\t\t\t<\/svg>\n\t\t\t\t\t<span class=\"posted-on m-0\"><span class=\"screen-reader-text\">Posted on<\/span><time class=\"anwp-pg-published\" datetime=\"2023-10-26T08:34:55+02:00\">26. Oktober 2023<\/time><time class=\"anwp-pg-updated\" datetime=\"2024-06-05T10:18:05+02:00\">5. Juni 2024<\/time><\/span>\n\t\t\t\t<\/div>\n\t\t\t\t\n\t\t\t\t\t<\/div>\n\n\t\t\t\t\t<div class=\"anwp-pg-post-teaser__excerpt mb-2\">\n\t\t\t\tWillkommen zu unserem 20. Workshop Beams &amp; More. Der Workshop findet am 16. November 2023 statt.\t\t\t<\/div>\n\t\t\n\t\t\t\t\t<div class=\"w-100 anwp-pg-read-more mt-auto\">\n\t\t\t\t<a href=\"https:\/\/www.ims-chips.de\/?p=11509\" \t\t\t\t\tclass=\"anwp-pg-read-more__btn mt-3 mb-0 &lt;button type=&quot;button&quot; class=&quot;btn btn-link&quot; &gt;Link&lt;\/button&gt;\">\n\t\t\t\t\tweiterlesen &gt;&gt;\t\t\t\t<\/a>\n\t\t\t<\/div>\n\t\t\n\t<\/div>\n\n<\/div>\n<div class=\"anwp-pg-post-teaser anwp-pg-post-teaser--inner-cover-link anwp-pg-post-teaser--layout-d d-flex flex-column anwp-col-lg-3 anwp-col-sm-6 anwp-col-12 anwp-pg-post-teaser--with-read-more \">\n\t<div class=\"anwp-pg-post-teaser__thumbnail position-relative\">\n\n\t\t\n\t\t\n\t\t\t\t\t<img loading=\"lazy\" class=\"anwp-pg-post-teaser__thumbnail-img d-block anwp-pg-height-170 anwp-object-cover m-0 w-100\"\n\t\t\t\talt=\"IMS Newsletter 1\/23\"\n\t\t\t\tsrc=\"https:\/\/www.ims-chips.de\/wp-content\/uploads\/2023\/10\/News_Bild_Newsletter_01_23.jpg\"\/>\n\t\t\n\t\t<div class=\"anwp-pg-post-teaser__thumbnail-bg anwp-position-cover\"><\/div>\n\n\t\t<a class=\"anwp-position-cover anwp-link-without-effects\" href=\"https:\/\/www.ims-chips.de\/?p=11488\" aria-hidden=\"true\" ><\/a>\n\t<\/div>\n\n\t<div class=\"anwp-pg-post-teaser__content flex-grow-1 pt-1 d-flex flex-column\">\n\n\t\t<div class=\"anwp-pg-post-teaser__title anwp-font-heading mt-2\">\n\t\t\t<a class=\"anwp-link-without-effects\" href=\"https:\/\/www.ims-chips.de\/?p=11488\" aria-hidden=\"true\" >\n\t\t\t\tIMS Newsletter 1\/23\t\t\t<\/a>\n\t\t<\/div>\n\n\t\t<div class=\"anwp-pg-post-teaser__bottom-meta d-flex flex-wrap\">\n\n\t\t\t\t\t\t\t<div class=\"anwp-pg-post-teaser__bottom-meta-item d-flex align-items-center mr-3\">\n\t\t\t\t\t<svg class=\"anwp-pg-icon anwp-pg-icon--s16 mr-1\">\n\t\t\t\t\t\t<use xlink:href=\"#icon-anwp-pg-calendar\"><\/use>\n\t\t\t\t\t<\/svg>\n\t\t\t\t\t<span class=\"posted-on m-0\"><span class=\"screen-reader-text\">Posted on<\/span><time class=\"anwp-pg-published\" datetime=\"2023-10-20T06:46:27+02:00\">20. Oktober 2023<\/time><time class=\"anwp-pg-updated\" datetime=\"2024-04-26T07:15:14+02:00\">26. April 2024<\/time><\/span>\n\t\t\t\t<\/div>\n\t\t\t\t\n\t\t\t\t\t<\/div>\n\n\t\t\t\t\t<div class=\"anwp-pg-post-teaser__excerpt mb-2\">\n\t\t\t\tMit dem Newsletter 1\/2023 m\u00f6chten wir Sie \u00fcber aktuelle Aktivit\u00e4ten am Institut f\u00fcr Mikroelektronik Stuttgart informieren.\t\t\t<\/div>\n\t\t\n\t\t\t\t\t<div class=\"w-100 anwp-pg-read-more mt-auto\">\n\t\t\t\t<a href=\"https:\/\/www.ims-chips.de\/?p=11488\" \t\t\t\t\tclass=\"anwp-pg-read-more__btn mt-3 mb-0 &lt;button type=&quot;button&quot; class=&quot;btn btn-link&quot; &gt;Link&lt;\/button&gt;\">\n\t\t\t\t\tweiterlesen &gt;&gt;\t\t\t\t<\/a>\n\t\t\t<\/div>\n\t\t\n\t<\/div>\n\n<\/div>\n<div class=\"anwp-pg-post-teaser anwp-pg-post-teaser--inner-cover-link anwp-pg-post-teaser--layout-d d-flex flex-column anwp-col-lg-3 anwp-col-sm-6 anwp-col-12 anwp-pg-post-teaser--with-read-more \">\n\t<div class=\"anwp-pg-post-teaser__thumbnail position-relative\">\n\n\t\t\n\t\t\n\t\t\t\t\t<img loading=\"lazy\" class=\"anwp-pg-post-teaser__thumbnail-img d-block anwp-pg-height-170 anwp-object-cover m-0 w-100\"\n\t\t\t\talt=\"MikroSystemTechnik Kongress 2023\"\n\t\t\t\tsrc=\"https:\/\/www.ims-chips.de\/wp-content\/uploads\/2023\/10\/News_Bild_MST-Kongress_23.jpg\"\/>\n\t\t\n\t\t<div class=\"anwp-pg-post-teaser__thumbnail-bg anwp-position-cover\"><\/div>\n\n\t\t<a class=\"anwp-position-cover anwp-link-without-effects\" href=\"https:\/\/www.ims-chips.de\/?p=11141\" aria-hidden=\"true\" ><\/a>\n\t<\/div>\n\n\t<div class=\"anwp-pg-post-teaser__content flex-grow-1 pt-1 d-flex flex-column\">\n\n\t\t<div class=\"anwp-pg-post-teaser__title anwp-font-heading mt-2\">\n\t\t\t<a class=\"anwp-link-without-effects\" href=\"https:\/\/www.ims-chips.de\/?p=11141\" aria-hidden=\"true\" >\n\t\t\t\tMikroSystemTechnik Kongress 2023\t\t\t<\/a>\n\t\t<\/div>\n\n\t\t<div class=\"anwp-pg-post-teaser__bottom-meta d-flex flex-wrap\">\n\n\t\t\t\t\t\t\t<div class=\"anwp-pg-post-teaser__bottom-meta-item d-flex align-items-center mr-3\">\n\t\t\t\t\t<svg class=\"anwp-pg-icon anwp-pg-icon--s16 mr-1\">\n\t\t\t\t\t\t<use xlink:href=\"#icon-anwp-pg-calendar\"><\/use>\n\t\t\t\t\t<\/svg>\n\t\t\t\t\t<span class=\"posted-on m-0\"><span class=\"screen-reader-text\">Posted on<\/span><time class=\"anwp-pg-published\" datetime=\"2023-10-16T08:54:29+02:00\">16. Oktober 2023<\/time><time class=\"anwp-pg-updated\" datetime=\"2024-04-19T11:18:17+02:00\">19. April 2024<\/time><\/span>\n\t\t\t\t<\/div>\n\t\t\t\t\n\t\t\t\t\t<\/div>\n\n\t\t\t\t\t<div class=\"anwp-pg-post-teaser__excerpt mb-2\">\n\t\t\t\tDer MikroSystemTechnik Kongress wird vom 23. \u2013 25. Oktober 2023 in Dresden stattfinden.\t\t\t<\/div>\n\t\t\n\t\t\t\t\t<div class=\"w-100 anwp-pg-read-more mt-auto\">\n\t\t\t\t<a href=\"https:\/\/www.ims-chips.de\/?p=11141\" \t\t\t\t\tclass=\"anwp-pg-read-more__btn mt-3 mb-0 &lt;button type=&quot;button&quot; class=&quot;btn btn-link&quot; &gt;Link&lt;\/button&gt;\">\n\t\t\t\t\tweiterlesen &gt;&gt;\t\t\t\t<\/a>\n\t\t\t<\/div>\n\t\t\n\t<\/div>\n\n<\/div>\n<div class=\"anwp-pg-post-teaser anwp-pg-post-teaser--inner-cover-link anwp-pg-post-teaser--layout-d d-flex flex-column anwp-col-lg-3 anwp-col-sm-6 anwp-col-12 anwp-pg-post-teaser--with-read-more \">\n\t<div class=\"anwp-pg-post-teaser__thumbnail position-relative\">\n\n\t\t\n\t\t\n\t\t\t\t\t<img loading=\"lazy\" class=\"anwp-pg-post-teaser__thumbnail-img d-block anwp-pg-height-170 anwp-object-cover m-0 w-100\"\n\t\t\t\talt=\"Quantum Effects 2023\"\n\t\t\t\tsrc=\"https:\/\/www.ims-chips.de\/wp-content\/uploads\/2023\/10\/News_Bild_Quantum-Effects-2023.jpg\"\/>\n\t\t\n\t\t<div class=\"anwp-pg-post-teaser__thumbnail-bg anwp-position-cover\"><\/div>\n\n\t\t<a class=\"anwp-position-cover anwp-link-without-effects\" href=\"https:\/\/www.ims-chips.de\/?p=11157\" aria-hidden=\"true\" ><\/a>\n\t<\/div>\n\n\t<div class=\"anwp-pg-post-teaser__content flex-grow-1 pt-1 d-flex flex-column\">\n\n\t\t<div class=\"anwp-pg-post-teaser__title anwp-font-heading mt-2\">\n\t\t\t<a class=\"anwp-link-without-effects\" href=\"https:\/\/www.ims-chips.de\/?p=11157\" aria-hidden=\"true\" >\n\t\t\t\tQuantum Effects 2023\t\t\t<\/a>\n\t\t<\/div>\n\n\t\t<div class=\"anwp-pg-post-teaser__bottom-meta d-flex flex-wrap\">\n\n\t\t\t\t\t\t\t<div class=\"anwp-pg-post-teaser__bottom-meta-item d-flex align-items-center mr-3\">\n\t\t\t\t\t<svg class=\"anwp-pg-icon anwp-pg-icon--s16 mr-1\">\n\t\t\t\t\t\t<use xlink:href=\"#icon-anwp-pg-calendar\"><\/use>\n\t\t\t\t\t<\/svg>\n\t\t\t\t\t<span class=\"posted-on m-0\"><span class=\"screen-reader-text\">Posted on<\/span><time class=\"anwp-pg-published\" datetime=\"2023-10-09T08:52:53+02:00\">9. Oktober 2023<\/time><time class=\"anwp-pg-updated\" datetime=\"2024-04-05T10:22:15+02:00\">5. April 2024<\/time><\/span>\n\t\t\t\t<\/div>\n\t\t\t\t\n\t\t\t\t\t<\/div>\n\n\t\t\t\t\t<div class=\"anwp-pg-post-teaser__excerpt mb-2\">\n\t\t\t\t10. - 11.10.2023. Das IMS ist auf dem Gemeinschaftsstand des Zukunftsclusters QSens bei der Quantum Effects 2023 in Stuttgart vertreten.\t\t\t<\/div>\n\t\t\n\t\t\t\t\t<div class=\"w-100 anwp-pg-read-more mt-auto\">\n\t\t\t\t<a href=\"https:\/\/www.ims-chips.de\/?p=11157\" \t\t\t\t\tclass=\"anwp-pg-read-more__btn mt-3 mb-0 &lt;button type=&quot;button&quot; class=&quot;btn btn-link&quot; &gt;Link&lt;\/button&gt;\">\n\t\t\t\t\tweiterlesen &gt;&gt;\t\t\t\t<\/a>\n\t\t\t<\/div>\n\t\t\n\t<\/div>\n\n<\/div>\n<div class=\"anwp-pg-post-teaser anwp-pg-post-teaser--inner-cover-link anwp-pg-post-teaser--layout-d d-flex flex-column anwp-col-lg-3 anwp-col-sm-6 anwp-col-12 anwp-pg-post-teaser--with-read-more \">\n\t<div class=\"anwp-pg-post-teaser__thumbnail position-relative\">\n\n\t\t\n\t\t\n\t\t\t\t\t<img loading=\"lazy\" class=\"anwp-pg-post-teaser__thumbnail-img d-block anwp-pg-height-170 anwp-object-cover m-0 w-100\"\n\t\t\t\talt=\"Mikroelektronik-Technologieseminar\"\n\t\t\t\tsrc=\"https:\/\/www.ims-chips.de\/wp-content\/uploads\/2022\/09\/News_Bild_TAE_Lehrgang_22.jpg\"\/>\n\t\t\n\t\t<div class=\"anwp-pg-post-teaser__thumbnail-bg anwp-position-cover\"><\/div>\n\n\t\t<a class=\"anwp-position-cover anwp-link-without-effects\" href=\"https:\/\/www.ims-chips.de\/?p=11118\" aria-hidden=\"true\" ><\/a>\n\t<\/div>\n\n\t<div class=\"anwp-pg-post-teaser__content flex-grow-1 pt-1 d-flex flex-column\">\n\n\t\t<div class=\"anwp-pg-post-teaser__title anwp-font-heading mt-2\">\n\t\t\t<a class=\"anwp-link-without-effects\" href=\"https:\/\/www.ims-chips.de\/?p=11118\" aria-hidden=\"true\" >\n\t\t\t\tMikroelektronik-Technologieseminar\t\t\t<\/a>\n\t\t<\/div>\n\n\t\t<div class=\"anwp-pg-post-teaser__bottom-meta d-flex flex-wrap\">\n\n\t\t\t\t\t\t\t<div class=\"anwp-pg-post-teaser__bottom-meta-item d-flex align-items-center mr-3\">\n\t\t\t\t\t<svg class=\"anwp-pg-icon anwp-pg-icon--s16 mr-1\">\n\t\t\t\t\t\t<use xlink:href=\"#icon-anwp-pg-calendar\"><\/use>\n\t\t\t\t\t<\/svg>\n\t\t\t\t\t<span class=\"posted-on m-0\"><span class=\"screen-reader-text\">Posted on<\/span><time class=\"anwp-pg-published\" datetime=\"2023-09-14T09:04:08+02:00\">14. September 2023<\/time><time class=\"anwp-pg-updated\" datetime=\"2024-03-28T10:18:39+01:00\">28. M\u00e4rz 2024<\/time><\/span>\n\t\t\t\t<\/div>\n\t\t\t\t\n\t\t\t\t\t<\/div>\n\n\t\t\t\t\t<div class=\"anwp-pg-post-teaser__excerpt mb-2\">\n\t\t\t\t11.10.2023 - 13.10.2023. Seminar der Technischen Akademie Esslingen. Veranstaltungsort: Institut f\u00fcr Mikroelektronik, Allmandring 30a, 70569 Stuttgart.\t\t\t<\/div>\n\t\t\n\t\t\t\t\t<div class=\"w-100 anwp-pg-read-more mt-auto\">\n\t\t\t\t<a href=\"https:\/\/www.ims-chips.de\/?p=11118\" \t\t\t\t\tclass=\"anwp-pg-read-more__btn mt-3 mb-0 &lt;button type=&quot;button&quot; class=&quot;btn btn-link&quot; &gt;Link&lt;\/button&gt;\">\n\t\t\t\t\tweiterlesen &gt;&gt;\t\t\t\t<\/a>\n\t\t\t<\/div>\n\t\t\n\t<\/div>\n\n<\/div>\n<div class=\"anwp-pg-post-teaser anwp-pg-post-teaser--inner-cover-link anwp-pg-post-teaser--layout-d d-flex flex-column anwp-col-lg-3 anwp-col-sm-6 anwp-col-12 anwp-pg-post-teaser--with-read-more \">\n\t<div class=\"anwp-pg-post-teaser__thumbnail position-relative\">\n\n\t\t\n\t\t\n\t\t\t\t\t<img loading=\"lazy\" class=\"anwp-pg-post-teaser__thumbnail-img d-block anwp-pg-height-170 anwp-object-cover m-0 w-100\"\n\t\t\t\talt=\"Micro and Nano Engineering Conference 2023\"\n\t\t\t\tsrc=\"https:\/\/www.ims-chips.de\/wp-content\/uploads\/2023\/09\/News_Bild_MNE_23.jpg\"\/>\n\t\t\n\t\t<div class=\"anwp-pg-post-teaser__thumbnail-bg anwp-position-cover\"><\/div>\n\n\t\t<a class=\"anwp-position-cover anwp-link-without-effects\" href=\"https:\/\/www.ims-chips.de\/?p=10928\" aria-hidden=\"true\" ><\/a>\n\t<\/div>\n\n\t<div class=\"anwp-pg-post-teaser__content flex-grow-1 pt-1 d-flex flex-column\">\n\n\t\t<div class=\"anwp-pg-post-teaser__title anwp-font-heading mt-2\">\n\t\t\t<a class=\"anwp-link-without-effects\" href=\"https:\/\/www.ims-chips.de\/?p=10928\" aria-hidden=\"true\" >\n\t\t\t\tMicro and Nano Engineering Conference 2023\t\t\t<\/a>\n\t\t<\/div>\n\n\t\t<div class=\"anwp-pg-post-teaser__bottom-meta d-flex flex-wrap\">\n\n\t\t\t\t\t\t\t<div class=\"anwp-pg-post-teaser__bottom-meta-item d-flex align-items-center mr-3\">\n\t\t\t\t\t<svg class=\"anwp-pg-icon anwp-pg-icon--s16 mr-1\">\n\t\t\t\t\t\t<use xlink:href=\"#icon-anwp-pg-calendar\"><\/use>\n\t\t\t\t\t<\/svg>\n\t\t\t\t\t<span class=\"posted-on m-0\"><span class=\"screen-reader-text\">Posted on<\/span><time class=\"anwp-pg-published\" datetime=\"2023-09-13T10:08:04+02:00\">13. September 2023<\/time><time class=\"anwp-pg-updated\" datetime=\"2024-03-04T09:12:28+01:00\">4. M\u00e4rz 2024<\/time><\/span>\n\t\t\t\t<\/div>\n\t\t\t\t\n\t\t\t\t\t<\/div>\n\n\t\t\t\t\t<div class=\"anwp-pg-post-teaser__excerpt mb-2\">\n\t\t\t\t25. - 28. September 2023. Das IMS ist mit einem Stand bei der MNE 2023 in Berlin vertreten.\t\t\t<\/div>\n\t\t\n\t\t\t\t\t<div class=\"w-100 anwp-pg-read-more mt-auto\">\n\t\t\t\t<a href=\"https:\/\/www.ims-chips.de\/?p=10928\" \t\t\t\t\tclass=\"anwp-pg-read-more__btn mt-3 mb-0 &lt;button type=&quot;button&quot; class=&quot;btn btn-link&quot; &gt;Link&lt;\/button&gt;\">\n\t\t\t\t\tweiterlesen &gt;&gt;\t\t\t\t<\/a>\n\t\t\t<\/div>\n\t\t\n\t<\/div>\n\n<\/div>\n<div class=\"anwp-pg-post-teaser anwp-pg-post-teaser--inner-cover-link anwp-pg-post-teaser--layout-d d-flex flex-column anwp-col-lg-3 anwp-col-sm-6 anwp-col-12 anwp-pg-post-teaser--with-read-more \">\n\t<div class=\"anwp-pg-post-teaser__thumbnail position-relative\">\n\n\t\t\n\t\t\n\t\t\t\t\t<img loading=\"lazy\" class=\"anwp-pg-post-teaser__thumbnail-img d-block anwp-pg-height-170 anwp-object-cover m-0 w-100\"\n\t\t\t\talt=\"Die durch Mittel der REACT-EU-F\u00f6rderung angeschafften Ger\u00e4te wurden in Betrieb genommen\"\n\t\t\t\tsrc=\"https:\/\/www.ims-chips.de\/wp-content\/uploads\/2023\/08\/News_Bild_REACT_Foerderung_23.jpg\"\/>\n\t\t\n\t\t<div class=\"anwp-pg-post-teaser__thumbnail-bg anwp-position-cover\"><\/div>\n\n\t\t<a class=\"anwp-position-cover anwp-link-without-effects\" href=\"https:\/\/www.ims-chips.de\/?p=10532\" aria-hidden=\"true\" ><\/a>\n\t<\/div>\n\n\t<div class=\"anwp-pg-post-teaser__content flex-grow-1 pt-1 d-flex flex-column\">\n\n\t\t<div class=\"anwp-pg-post-teaser__title anwp-font-heading mt-2\">\n\t\t\t<a class=\"anwp-link-without-effects\" href=\"https:\/\/www.ims-chips.de\/?p=10532\" aria-hidden=\"true\" >\n\t\t\t\tDie durch Mittel der REACT-EU-F\u00f6rderung angeschafften Ger\u00e4te wurden in Betrieb genommen\t\t\t<\/a>\n\t\t<\/div>\n\n\t\t<div class=\"anwp-pg-post-teaser__bottom-meta d-flex flex-wrap\">\n\n\t\t\t\t\t\t\t<div class=\"anwp-pg-post-teaser__bottom-meta-item d-flex align-items-center mr-3\">\n\t\t\t\t\t<svg class=\"anwp-pg-icon anwp-pg-icon--s16 mr-1\">\n\t\t\t\t\t\t<use xlink:href=\"#icon-anwp-pg-calendar\"><\/use>\n\t\t\t\t\t<\/svg>\n\t\t\t\t\t<span class=\"posted-on m-0\"><span class=\"screen-reader-text\">Posted on<\/span><time class=\"anwp-pg-published\" datetime=\"2023-08-24T13:19:48+02:00\">24. August 2023<\/time><time class=\"anwp-pg-updated\" datetime=\"2024-02-06T10:32:29+01:00\">6. Februar 2024<\/time><\/span>\n\t\t\t\t<\/div>\n\t\t\t\t\n\t\t\t\t\t<\/div>\n\n\t\t\t\t\t<div class=\"anwp-pg-post-teaser__excerpt mb-2\">\n\t\t\t\t24. August 2023 \u2013 Das Institut f\u00fcr Mikroelektronik Stuttgart hat erfolgreich alle im Rahmen des Europ\u00e4ischen Fonds f\u00fcr regionale Entwicklung (EFRE) gef\u00f6rderten Reinraum-Maschinen in Betrieb genommen.\t\t\t<\/div>\n\t\t\n\t\t\t\t\t<div class=\"w-100 anwp-pg-read-more mt-auto\">\n\t\t\t\t<a href=\"https:\/\/www.ims-chips.de\/?p=10532\" \t\t\t\t\tclass=\"anwp-pg-read-more__btn mt-3 mb-0 &lt;button type=&quot;button&quot; class=&quot;btn btn-link&quot; &gt;Link&lt;\/button&gt;\">\n\t\t\t\t\tweiterlesen &gt;&gt;\t\t\t\t<\/a>\n\t\t\t<\/div>\n\t\t\n\t<\/div>\n\n<\/div>\n<div class=\"anwp-pg-post-teaser anwp-pg-post-teaser--inner-cover-link anwp-pg-post-teaser--layout-d d-flex flex-column anwp-col-lg-3 anwp-col-sm-6 anwp-col-12 anwp-pg-post-teaser--with-read-more \">\n\t<div class=\"anwp-pg-post-teaser__thumbnail position-relative\">\n\n\t\t\n\t\t\n\t\t\t\t\t<img loading=\"lazy\" class=\"anwp-pg-post-teaser__thumbnail-img d-block anwp-pg-height-170 anwp-object-cover m-0 w-100\"\n\t\t\t\talt=\"Erfolge bei Energieeinsparung am Institut f\u00fcr Mikroelektronik Stuttgart\"\n\t\t\t\tsrc=\"https:\/\/www.ims-chips.de\/wp-content\/uploads\/2023\/06\/News_Energieeinsparung_am_IMS_23.jpg\"\/>\n\t\t\n\t\t<div class=\"anwp-pg-post-teaser__thumbnail-bg anwp-position-cover\"><\/div>\n\n\t\t<a class=\"anwp-position-cover anwp-link-without-effects\" href=\"https:\/\/www.ims-chips.de\/?p=10278\" aria-hidden=\"true\" ><\/a>\n\t<\/div>\n\n\t<div class=\"anwp-pg-post-teaser__content flex-grow-1 pt-1 d-flex flex-column\">\n\n\t\t<div class=\"anwp-pg-post-teaser__title anwp-font-heading mt-2\">\n\t\t\t<a class=\"anwp-link-without-effects\" href=\"https:\/\/www.ims-chips.de\/?p=10278\" aria-hidden=\"true\" >\n\t\t\t\tErfolge bei Energieeinsparung am Institut f\u00fcr Mikroelektronik Stuttgart\t\t\t<\/a>\n\t\t<\/div>\n\n\t\t<div class=\"anwp-pg-post-teaser__bottom-meta d-flex flex-wrap\">\n\n\t\t\t\t\t\t\t<div class=\"anwp-pg-post-teaser__bottom-meta-item d-flex align-items-center mr-3\">\n\t\t\t\t\t<svg class=\"anwp-pg-icon anwp-pg-icon--s16 mr-1\">\n\t\t\t\t\t\t<use xlink:href=\"#icon-anwp-pg-calendar\"><\/use>\n\t\t\t\t\t<\/svg>\n\t\t\t\t\t<span class=\"posted-on m-0\"><span class=\"screen-reader-text\">Posted on<\/span><time class=\"anwp-pg-published\" datetime=\"2023-07-04T08:57:32+02:00\">4. Juli 2023<\/time><time class=\"anwp-pg-updated\" datetime=\"2024-01-24T10:46:58+01:00\">24. Januar 2024<\/time><\/span>\n\t\t\t\t<\/div>\n\t\t\t\t\n\t\t\t\t\t<\/div>\n\n\t\t\t\t\t<div class=\"anwp-pg-post-teaser__excerpt mb-2\">\n\t\t\t\tStuttgart 04. Juli 2023 - Fortschritte bei der Energieeinsparung erzielt.\t\t\t<\/div>\n\t\t\n\t\t\t\t\t<div class=\"w-100 anwp-pg-read-more mt-auto\">\n\t\t\t\t<a href=\"https:\/\/www.ims-chips.de\/?p=10278\" \t\t\t\t\tclass=\"anwp-pg-read-more__btn mt-3 mb-0 &lt;button type=&quot;button&quot; class=&quot;btn btn-link&quot; &gt;Link&lt;\/button&gt;\">\n\t\t\t\t\tweiterlesen &gt;&gt;\t\t\t\t<\/a>\n\t\t\t<\/div>\n\t\t\n\t<\/div>\n\n<\/div>\n<div class=\"anwp-pg-post-teaser anwp-pg-post-teaser--inner-cover-link anwp-pg-post-teaser--layout-d d-flex flex-column anwp-col-lg-3 anwp-col-sm-6 anwp-col-12 anwp-pg-post-teaser--with-read-more \">\n\t<div class=\"anwp-pg-post-teaser__thumbnail position-relative\">\n\n\t\t\n\t\t\n\t\t\t\t\t<img loading=\"lazy\" class=\"anwp-pg-post-teaser__thumbnail-img d-block anwp-pg-height-170 anwp-object-cover m-0 w-100\"\n\t\t\t\talt=\"Q.ANT und IMS CHIPS bauen Quantenchip-Fertigung auf\"\n\t\t\t\tsrc=\"https:\/\/www.ims-chips.de\/wp-content\/uploads\/2023\/06\/News_Bild_PK_QANT_IMS_1_23.jpg\"\/>\n\t\t\n\t\t<div class=\"anwp-pg-post-teaser__thumbnail-bg anwp-position-cover\"><\/div>\n\n\t\t<a class=\"anwp-position-cover anwp-link-without-effects\" href=\"https:\/\/www.ims-chips.de\/?p=10299\" aria-hidden=\"true\" ><\/a>\n\t<\/div>\n\n\t<div class=\"anwp-pg-post-teaser__content flex-grow-1 pt-1 d-flex flex-column\">\n\n\t\t<div class=\"anwp-pg-post-teaser__title anwp-font-heading mt-2\">\n\t\t\t<a class=\"anwp-link-without-effects\" href=\"https:\/\/www.ims-chips.de\/?p=10299\" aria-hidden=\"true\" >\n\t\t\t\tQ.ANT und IMS CHIPS bauen Quantenchip-Fertigung auf\t\t\t<\/a>\n\t\t<\/div>\n\n\t\t<div class=\"anwp-pg-post-teaser__bottom-meta d-flex flex-wrap\">\n\n\t\t\t\t\t\t\t<div class=\"anwp-pg-post-teaser__bottom-meta-item d-flex align-items-center mr-3\">\n\t\t\t\t\t<svg class=\"anwp-pg-icon anwp-pg-icon--s16 mr-1\">\n\t\t\t\t\t\t<use xlink:href=\"#icon-anwp-pg-calendar\"><\/use>\n\t\t\t\t\t<\/svg>\n\t\t\t\t\t<span class=\"posted-on m-0\"><span class=\"screen-reader-text\">Posted on<\/span><time class=\"anwp-pg-published\" datetime=\"2023-06-22T13:03:51+02:00\">22. Juni 2023<\/time><time class=\"anwp-pg-updated\" datetime=\"2023-10-26T08:49:12+02:00\">26. Oktober 2023<\/time><\/span>\n\t\t\t\t<\/div>\n\t\t\t\t\n\t\t\t\t\t<\/div>\n\n\t\t\t\t\t<div class=\"anwp-pg-post-teaser__excerpt mb-2\">\n\t\t\t\t21. Juni 2023 \u2013 Unterzeichnung Vereinbarung zur gemeinsamen Fertigung von Quantenchips.\t\t\t<\/div>\n\t\t\n\t\t\t\t\t<div class=\"w-100 anwp-pg-read-more mt-auto\">\n\t\t\t\t<a href=\"https:\/\/www.ims-chips.de\/?p=10299\" \t\t\t\t\tclass=\"anwp-pg-read-more__btn mt-3 mb-0 &lt;button type=&quot;button&quot; class=&quot;btn btn-link&quot; &gt;Link&lt;\/button&gt;\">\n\t\t\t\t\tweiterlesen &gt;&gt;\t\t\t\t<\/a>\n\t\t\t<\/div>\n\t\t\n\t<\/div>\n\n<\/div>\n<div class=\"anwp-pg-post-teaser anwp-pg-post-teaser--inner-cover-link anwp-pg-post-teaser--layout-d d-flex flex-column anwp-col-lg-3 anwp-col-sm-6 anwp-col-12 anwp-pg-post-teaser--with-read-more \">\n\t<div class=\"anwp-pg-post-teaser__thumbnail position-relative\">\n\n\t\t\n\t\t\n\t\t\t\t\t<img loading=\"lazy\" class=\"anwp-pg-post-teaser__thumbnail-img d-block anwp-pg-height-170 anwp-object-cover m-0 w-100\"\n\t\t\t\talt=\"Projektstart All2GaN\"\n\t\t\t\tsrc=\"https:\/\/www.ims-chips.de\/wp-content\/uploads\/2023\/06\/News_Bild_Projekt_All2GaN_23.jpg\"\/>\n\t\t\n\t\t<div class=\"anwp-pg-post-teaser__thumbnail-bg anwp-position-cover\"><\/div>\n\n\t\t<a class=\"anwp-position-cover anwp-link-without-effects\" href=\"https:\/\/www.ims-chips.de\/?p=10263\" aria-hidden=\"true\" ><\/a>\n\t<\/div>\n\n\t<div class=\"anwp-pg-post-teaser__content flex-grow-1 pt-1 d-flex flex-column\">\n\n\t\t<div class=\"anwp-pg-post-teaser__title anwp-font-heading mt-2\">\n\t\t\t<a class=\"anwp-link-without-effects\" href=\"https:\/\/www.ims-chips.de\/?p=10263\" aria-hidden=\"true\" >\n\t\t\t\tProjektstart All2GaN\t\t\t<\/a>\n\t\t<\/div>\n\n\t\t<div class=\"anwp-pg-post-teaser__bottom-meta d-flex flex-wrap\">\n\n\t\t\t\t\t\t\t<div class=\"anwp-pg-post-teaser__bottom-meta-item d-flex align-items-center mr-3\">\n\t\t\t\t\t<svg class=\"anwp-pg-icon anwp-pg-icon--s16 mr-1\">\n\t\t\t\t\t\t<use xlink:href=\"#icon-anwp-pg-calendar\"><\/use>\n\t\t\t\t\t<\/svg>\n\t\t\t\t\t<span class=\"posted-on m-0\"><span class=\"screen-reader-text\">Posted on<\/span><time class=\"anwp-pg-published\" datetime=\"2023-06-13T08:52:30+02:00\">13. Juni 2023<\/time><time class=\"anwp-pg-updated\" datetime=\"2023-10-26T08:49:01+02:00\">26. Oktober 2023<\/time><\/span>\n\t\t\t\t<\/div>\n\t\t\t\t\n\t\t\t\t\t<\/div>\n\n\t\t\t\t\t<div class=\"anwp-pg-post-teaser__excerpt mb-2\">\n\t\t\t\tVillach 22. Mai 2023 - ALL2GaN Kick-Off Meeting bei Infineon in Villach.\t\t\t<\/div>\n\t\t\n\t\t\t\t\t<div class=\"w-100 anwp-pg-read-more mt-auto\">\n\t\t\t\t<a href=\"https:\/\/www.ims-chips.de\/?p=10263\" \t\t\t\t\tclass=\"anwp-pg-read-more__btn mt-3 mb-0 &lt;button type=&quot;button&quot; class=&quot;btn btn-link&quot; &gt;Link&lt;\/button&gt;\">\n\t\t\t\t\tweiterlesen &gt;&gt;\t\t\t\t<\/a>\n\t\t\t<\/div>\n\t\t\n\t<\/div>\n\n<\/div>\n<div class=\"anwp-pg-post-teaser anwp-pg-post-teaser--inner-cover-link anwp-pg-post-teaser--layout-d d-flex flex-column anwp-col-lg-3 anwp-col-sm-6 anwp-col-12 anwp-pg-post-teaser--with-read-more \">\n\t<div class=\"anwp-pg-post-teaser__thumbnail position-relative\">\n\n\t\t\n\t\t\n\t\t\t\t\t<img loading=\"lazy\" class=\"anwp-pg-post-teaser__thumbnail-img d-block anwp-pg-height-170 anwp-object-cover m-0 w-100\"\n\t\t\t\talt=\"microTEC S\u00fcdwest Clusterkonferenz 2023\"\n\t\t\t\tsrc=\"https:\/\/www.ims-chips.de\/wp-content\/uploads\/2023\/04\/News_Bild_Clusterkonferenz_23.jpg\"\/>\n\t\t\n\t\t<div class=\"anwp-pg-post-teaser__thumbnail-bg anwp-position-cover\"><\/div>\n\n\t\t<a class=\"anwp-position-cover anwp-link-without-effects\" href=\"https:\/\/www.ims-chips.de\/?p=10235\" aria-hidden=\"true\" ><\/a>\n\t<\/div>\n\n\t<div class=\"anwp-pg-post-teaser__content flex-grow-1 pt-1 d-flex flex-column\">\n\n\t\t<div class=\"anwp-pg-post-teaser__title anwp-font-heading mt-2\">\n\t\t\t<a class=\"anwp-link-without-effects\" href=\"https:\/\/www.ims-chips.de\/?p=10235\" aria-hidden=\"true\" >\n\t\t\t\tmicroTEC S\u00fcdwest Clusterkonferenz 2023\t\t\t<\/a>\n\t\t<\/div>\n\n\t\t<div class=\"anwp-pg-post-teaser__bottom-meta d-flex flex-wrap\">\n\n\t\t\t\t\t\t\t<div class=\"anwp-pg-post-teaser__bottom-meta-item d-flex align-items-center mr-3\">\n\t\t\t\t\t<svg class=\"anwp-pg-icon anwp-pg-icon--s16 mr-1\">\n\t\t\t\t\t\t<use xlink:href=\"#icon-anwp-pg-calendar\"><\/use>\n\t\t\t\t\t<\/svg>\n\t\t\t\t\t<span class=\"posted-on m-0\"><span class=\"screen-reader-text\">Posted on<\/span><time class=\"anwp-pg-published\" datetime=\"2023-04-12T10:06:31+02:00\">12. April 2023<\/time><time class=\"anwp-pg-updated\" datetime=\"2023-10-09T09:05:46+02:00\">9. Oktober 2023<\/time><\/span>\n\t\t\t\t<\/div>\n\t\t\t\t\n\t\t\t\t\t<\/div>\n\n\t\t\t\t\t<div class=\"anwp-pg-post-teaser__excerpt mb-2\">\n\t\t\t\tDas IMS ist mit 2 Vortr\u00e4gen auf der Clusterkonferenz 2023 vertreten.\t\t\t<\/div>\n\t\t\n\t\t\t\t\t<div class=\"w-100 anwp-pg-read-more mt-auto\">\n\t\t\t\t<a href=\"https:\/\/www.ims-chips.de\/?p=10235\" \t\t\t\t\tclass=\"anwp-pg-read-more__btn mt-3 mb-0 &lt;button type=&quot;button&quot; class=&quot;btn btn-link&quot; &gt;Link&lt;\/button&gt;\">\n\t\t\t\t\tweiterlesen &gt;&gt;\t\t\t\t<\/a>\n\t\t\t<\/div>\n\t\t\n\t<\/div>\n\n<\/div>\n<div class=\"anwp-pg-post-teaser anwp-pg-post-teaser--inner-cover-link anwp-pg-post-teaser--layout-d d-flex flex-column anwp-col-lg-3 anwp-col-sm-6 anwp-col-12 anwp-pg-post-teaser--with-read-more \">\n\t<div class=\"anwp-pg-post-teaser__thumbnail position-relative\">\n\n\t\t\n\t\t\n\t\t\t\t\t<img loading=\"lazy\" class=\"anwp-pg-post-teaser__thumbnail-img d-block anwp-pg-height-170 anwp-object-cover m-0 w-100\"\n\t\t\t\talt=\"Hannover Messe 2023\"\n\t\t\t\tsrc=\"https:\/\/www.ims-chips.de\/wp-content\/uploads\/2023\/03\/News_Bild_Hannover_Messe_23.jpg\"\/>\n\t\t\n\t\t<div class=\"anwp-pg-post-teaser__thumbnail-bg anwp-position-cover\"><\/div>\n\n\t\t<a class=\"anwp-position-cover anwp-link-without-effects\" href=\"https:\/\/www.ims-chips.de\/?p=10215\" aria-hidden=\"true\" ><\/a>\n\t<\/div>\n\n\t<div class=\"anwp-pg-post-teaser__content flex-grow-1 pt-1 d-flex flex-column\">\n\n\t\t<div class=\"anwp-pg-post-teaser__title anwp-font-heading mt-2\">\n\t\t\t<a class=\"anwp-link-without-effects\" href=\"https:\/\/www.ims-chips.de\/?p=10215\" aria-hidden=\"true\" >\n\t\t\t\tHannover Messe 2023\t\t\t<\/a>\n\t\t<\/div>\n\n\t\t<div class=\"anwp-pg-post-teaser__bottom-meta d-flex flex-wrap\">\n\n\t\t\t\t\t\t\t<div class=\"anwp-pg-post-teaser__bottom-meta-item d-flex align-items-center mr-3\">\n\t\t\t\t\t<svg class=\"anwp-pg-icon anwp-pg-icon--s16 mr-1\">\n\t\t\t\t\t\t<use xlink:href=\"#icon-anwp-pg-calendar\"><\/use>\n\t\t\t\t\t<\/svg>\n\t\t\t\t\t<span class=\"posted-on m-0\"><span class=\"screen-reader-text\">Posted on<\/span><time class=\"anwp-pg-published\" datetime=\"2023-03-29T09:16:05+02:00\">29. M\u00e4rz 2023<\/time><time class=\"anwp-pg-updated\" datetime=\"2023-10-04T09:11:38+02:00\">4. Oktober 2023<\/time><\/span>\n\t\t\t\t<\/div>\n\t\t\t\t\n\t\t\t\t\t<\/div>\n\n\t\t\t\t\t<div class=\"anwp-pg-post-teaser__excerpt mb-2\">\n\t\t\t\t17.-21.04.2023. Das IMS ist auf dem Gemeinschaftsstand von Baden-W\u00fcrttemberg International vertreten.\t\t\t<\/div>\n\t\t\n\t\t\t\t\t<div class=\"w-100 anwp-pg-read-more mt-auto\">\n\t\t\t\t<a href=\"https:\/\/www.ims-chips.de\/?p=10215\" \t\t\t\t\tclass=\"anwp-pg-read-more__btn mt-3 mb-0 &lt;button type=&quot;button&quot; class=&quot;btn btn-link&quot; &gt;Link&lt;\/button&gt;\">\n\t\t\t\t\tweiterlesen &gt;&gt;\t\t\t\t<\/a>\n\t\t\t<\/div>\n\t\t\n\t<\/div>\n\n<\/div>\n<div class=\"anwp-pg-post-teaser anwp-pg-post-teaser--inner-cover-link anwp-pg-post-teaser--layout-d d-flex flex-column anwp-col-lg-3 anwp-col-sm-6 anwp-col-12 anwp-pg-post-teaser--with-read-more \">\n\t<div class=\"anwp-pg-post-teaser__thumbnail position-relative\">\n\n\t\t\n\t\t\n\t\t\t\t\t<img loading=\"lazy\" class=\"anwp-pg-post-teaser__thumbnail-img d-block anwp-pg-height-170 anwp-object-cover m-0 w-100\"\n\t\t\t\talt=\"Projekt HyPerStripes\"\n\t\t\t\tsrc=\"https:\/\/www.ims-chips.de\/wp-content\/uploads\/2023\/03\/News_Bild_Projekt_HyPerStripes_23.jpg\"\/>\n\t\t\n\t\t<div class=\"anwp-pg-post-teaser__thumbnail-bg anwp-position-cover\"><\/div>\n\n\t\t<a class=\"anwp-position-cover anwp-link-without-effects\" href=\"https:\/\/www.ims-chips.de\/?p=10223\" aria-hidden=\"true\" ><\/a>\n\t<\/div>\n\n\t<div class=\"anwp-pg-post-teaser__content flex-grow-1 pt-1 d-flex flex-column\">\n\n\t\t<div class=\"anwp-pg-post-teaser__title anwp-font-heading mt-2\">\n\t\t\t<a class=\"anwp-link-without-effects\" href=\"https:\/\/www.ims-chips.de\/?p=10223\" aria-hidden=\"true\" >\n\t\t\t\tProjekt HyPerStripes\t\t\t<\/a>\n\t\t<\/div>\n\n\t\t<div class=\"anwp-pg-post-teaser__bottom-meta d-flex flex-wrap\">\n\n\t\t\t\t\t\t\t<div class=\"anwp-pg-post-teaser__bottom-meta-item d-flex align-items-center mr-3\">\n\t\t\t\t\t<svg class=\"anwp-pg-icon anwp-pg-icon--s16 mr-1\">\n\t\t\t\t\t\t<use xlink:href=\"#icon-anwp-pg-calendar\"><\/use>\n\t\t\t\t\t<\/svg>\n\t\t\t\t\t<span class=\"posted-on m-0\"><span class=\"screen-reader-text\">Posted on<\/span><time class=\"anwp-pg-published\" datetime=\"2023-03-27T09:46:38+02:00\">27. M\u00e4rz 2023<\/time><time class=\"anwp-pg-updated\" datetime=\"2023-09-14T09:09:23+02:00\">14. September 2023<\/time><\/span>\n\t\t\t\t<\/div>\n\t\t\t\t\n\t\t\t\t\t<\/div>\n\n\t\t\t\t\t<div class=\"anwp-pg-post-teaser__excerpt mb-2\">\n\t\t\t\t16.-17 M\u00e4rz 2023, Eindhoven. Erfolgreicher Review des ersten Projektjahres.\t\t\t<\/div>\n\t\t\n\t\t\t\t\t<div class=\"w-100 anwp-pg-read-more mt-auto\">\n\t\t\t\t<a href=\"https:\/\/www.ims-chips.de\/?p=10223\" \t\t\t\t\tclass=\"anwp-pg-read-more__btn mt-3 mb-0 &lt;button type=&quot;button&quot; class=&quot;btn btn-link&quot; &gt;Link&lt;\/button&gt;\">\n\t\t\t\t\tweiterlesen &gt;&gt;\t\t\t\t<\/a>\n\t\t\t<\/div>\n\t\t\n\t<\/div>\n\n<\/div>\n<div class=\"anwp-pg-post-teaser anwp-pg-post-teaser--inner-cover-link anwp-pg-post-teaser--layout-d d-flex flex-column anwp-col-lg-3 anwp-col-sm-6 anwp-col-12 anwp-pg-post-teaser--with-read-more \">\n\t<div class=\"anwp-pg-post-teaser__thumbnail position-relative\">\n\n\t\t\n\t\t\n\t\t\t\t\t<img loading=\"lazy\" class=\"anwp-pg-post-teaser__thumbnail-img d-block anwp-pg-height-170 anwp-object-cover m-0 w-100\"\n\t\t\t\talt=\"NILindustrialday 2023\"\n\t\t\t\tsrc=\"https:\/\/www.ims-chips.de\/wp-content\/uploads\/2023\/03\/News_Bild_NILindustrialday_2023.jpg\"\/>\n\t\t\n\t\t<div class=\"anwp-pg-post-teaser__thumbnail-bg anwp-position-cover\"><\/div>\n\n\t\t<a class=\"anwp-position-cover anwp-link-without-effects\" href=\"https:\/\/www.ims-chips.de\/?p=10205\" aria-hidden=\"true\" ><\/a>\n\t<\/div>\n\n\t<div class=\"anwp-pg-post-teaser__content flex-grow-1 pt-1 d-flex flex-column\">\n\n\t\t<div class=\"anwp-pg-post-teaser__title anwp-font-heading mt-2\">\n\t\t\t<a class=\"anwp-link-without-effects\" href=\"https:\/\/www.ims-chips.de\/?p=10205\" aria-hidden=\"true\" >\n\t\t\t\tNILindustrialday 2023\t\t\t<\/a>\n\t\t<\/div>\n\n\t\t<div class=\"anwp-pg-post-teaser__bottom-meta d-flex flex-wrap\">\n\n\t\t\t\t\t\t\t<div class=\"anwp-pg-post-teaser__bottom-meta-item d-flex align-items-center mr-3\">\n\t\t\t\t\t<svg class=\"anwp-pg-icon anwp-pg-icon--s16 mr-1\">\n\t\t\t\t\t\t<use xlink:href=\"#icon-anwp-pg-calendar\"><\/use>\n\t\t\t\t\t<\/svg>\n\t\t\t\t\t<span class=\"posted-on m-0\"><span class=\"screen-reader-text\">Posted on<\/span><time class=\"anwp-pg-published\" datetime=\"2023-03-23T10:40:57+01:00\">23. M\u00e4rz 2023<\/time><time class=\"anwp-pg-updated\" datetime=\"2023-10-20T07:48:10+02:00\">20. Oktober 2023<\/time><\/span>\n\t\t\t\t<\/div>\n\t\t\t\t\n\t\t\t\t\t<\/div>\n\n\t\t\t\t\t<div class=\"anwp-pg-post-teaser__excerpt mb-2\">\n\t\t\t\t17.-18.-04.2023. Das IMS ist, als Silver Sponsor, mit einem Stand beim NILindustrialday 2023 in Wien vertreten.\t\t\t<\/div>\n\t\t\n\t\t\t\t\t<div class=\"w-100 anwp-pg-read-more mt-auto\">\n\t\t\t\t<a href=\"https:\/\/www.ims-chips.de\/?p=10205\" \t\t\t\t\tclass=\"anwp-pg-read-more__btn mt-3 mb-0 &lt;button type=&quot;button&quot; class=&quot;btn btn-link&quot; &gt;Link&lt;\/button&gt;\">\n\t\t\t\t\tweiterlesen &gt;&gt;\t\t\t\t<\/a>\n\t\t\t<\/div>\n\t\t\n\t<\/div>\n\n<\/div>\n<div class=\"anwp-pg-post-teaser anwp-pg-post-teaser--inner-cover-link anwp-pg-post-teaser--layout-d d-flex flex-column anwp-col-lg-3 anwp-col-sm-6 anwp-col-12 anwp-pg-post-teaser--with-read-more \">\n\t<div class=\"anwp-pg-post-teaser__thumbnail position-relative\">\n\n\t\t\n\t\t\n\t\t\t\t\t<img loading=\"lazy\" class=\"anwp-pg-post-teaser__thumbnail-img d-block anwp-pg-height-170 anwp-object-cover m-0 w-100\"\n\t\t\t\talt=\"24. Fachgruppensitzung Mikromedizintechnik\"\n\t\t\t\tsrc=\"https:\/\/www.ims-chips.de\/wp-content\/uploads\/2023\/03\/News_Bild_Fachgrupppentagung_23.jpg\"\/>\n\t\t\n\t\t<div class=\"anwp-pg-post-teaser__thumbnail-bg anwp-position-cover\"><\/div>\n\n\t\t<a class=\"anwp-position-cover anwp-link-without-effects\" href=\"https:\/\/www.ims-chips.de\/?p=10159\" aria-hidden=\"true\" ><\/a>\n\t<\/div>\n\n\t<div class=\"anwp-pg-post-teaser__content flex-grow-1 pt-1 d-flex flex-column\">\n\n\t\t<div class=\"anwp-pg-post-teaser__title anwp-font-heading mt-2\">\n\t\t\t<a class=\"anwp-link-without-effects\" href=\"https:\/\/www.ims-chips.de\/?p=10159\" aria-hidden=\"true\" >\n\t\t\t\t24. Fachgruppensitzung Mikromedizintechnik\t\t\t<\/a>\n\t\t<\/div>\n\n\t\t<div class=\"anwp-pg-post-teaser__bottom-meta d-flex flex-wrap\">\n\n\t\t\t\t\t\t\t<div class=\"anwp-pg-post-teaser__bottom-meta-item d-flex align-items-center mr-3\">\n\t\t\t\t\t<svg class=\"anwp-pg-icon anwp-pg-icon--s16 mr-1\">\n\t\t\t\t\t\t<use xlink:href=\"#icon-anwp-pg-calendar\"><\/use>\n\t\t\t\t\t<\/svg>\n\t\t\t\t\t<span class=\"posted-on m-0\"><span class=\"screen-reader-text\">Posted on<\/span><time class=\"anwp-pg-published\" datetime=\"2023-03-13T09:02:40+01:00\">13. M\u00e4rz 2023<\/time><time class=\"anwp-pg-updated\" datetime=\"2023-08-24T13:47:57+02:00\">24. August 2023<\/time><\/span>\n\t\t\t\t<\/div>\n\t\t\t\t\n\t\t\t\t\t<\/div>\n\n\t\t\t\t\t<div class=\"anwp-pg-post-teaser__excerpt mb-2\">\n\t\t\t\tDie 24. Sitzung der Fachgruppe Mikromedizintechnik findet am 21. M\u00e4rz 2023 bei IMS CHIPS in Stuttgart statt.\t\t\t<\/div>\n\t\t\n\t\t\t\t\t<div class=\"w-100 anwp-pg-read-more mt-auto\">\n\t\t\t\t<a href=\"https:\/\/www.ims-chips.de\/?p=10159\" \t\t\t\t\tclass=\"anwp-pg-read-more__btn mt-3 mb-0 &lt;button type=&quot;button&quot; class=&quot;btn btn-link&quot; &gt;Link&lt;\/button&gt;\">\n\t\t\t\t\tweiterlesen &gt;&gt;\t\t\t\t<\/a>\n\t\t\t<\/div>\n\t\t\n\t<\/div>\n\n<\/div>\n<div class=\"anwp-pg-post-teaser anwp-pg-post-teaser--inner-cover-link anwp-pg-post-teaser--layout-d d-flex flex-column anwp-col-lg-3 anwp-col-sm-6 anwp-col-12 anwp-pg-post-teaser--with-read-more \">\n\t<div class=\"anwp-pg-post-teaser__thumbnail position-relative\">\n\n\t\t\n\t\t\n\t\t\t\t\t<img loading=\"lazy\" class=\"anwp-pg-post-teaser__thumbnail-img d-block anwp-pg-height-170 anwp-object-cover m-0 w-100\"\n\t\t\t\talt=\"Green Smart Systems Webinar 2023\"\n\t\t\t\tsrc=\"https:\/\/www.ims-chips.de\/wp-content\/uploads\/2023\/02\/News_Bild_Green_Smart_Webinar_23.jpg\"\/>\n\t\t\n\t\t<div class=\"anwp-pg-post-teaser__thumbnail-bg anwp-position-cover\"><\/div>\n\n\t\t<a class=\"anwp-position-cover anwp-link-without-effects\" href=\"https:\/\/www.ims-chips.de\/?p=9988\" aria-hidden=\"true\" ><\/a>\n\t<\/div>\n\n\t<div class=\"anwp-pg-post-teaser__content flex-grow-1 pt-1 d-flex flex-column\">\n\n\t\t<div class=\"anwp-pg-post-teaser__title anwp-font-heading mt-2\">\n\t\t\t<a class=\"anwp-link-without-effects\" href=\"https:\/\/www.ims-chips.de\/?p=9988\" aria-hidden=\"true\" >\n\t\t\t\tGreen Smart Systems Webinar 2023\t\t\t<\/a>\n\t\t<\/div>\n\n\t\t<div class=\"anwp-pg-post-teaser__bottom-meta d-flex flex-wrap\">\n\n\t\t\t\t\t\t\t<div class=\"anwp-pg-post-teaser__bottom-meta-item d-flex align-items-center mr-3\">\n\t\t\t\t\t<svg class=\"anwp-pg-icon anwp-pg-icon--s16 mr-1\">\n\t\t\t\t\t\t<use xlink:href=\"#icon-anwp-pg-calendar\"><\/use>\n\t\t\t\t\t<\/svg>\n\t\t\t\t\t<span class=\"posted-on m-0\"><span class=\"screen-reader-text\">Posted on<\/span><time class=\"anwp-pg-published\" datetime=\"2023-02-28T10:19:08+01:00\">28. Februar 2023<\/time><time class=\"anwp-pg-updated\" datetime=\"2023-07-04T09:55:36+02:00\">4. Juli 2023<\/time><\/span>\n\t\t\t\t<\/div>\n\t\t\t\t\n\t\t\t\t\t<\/div>\n\n\t\t\t\t\t<div class=\"anwp-pg-post-teaser__excerpt mb-2\">\n\t\t\t\t02.03.2023. Das IMS ist mit einem Vortrag beim dem Webinar vertreten.\t\t\t<\/div>\n\t\t\n\t\t\t\t\t<div class=\"w-100 anwp-pg-read-more mt-auto\">\n\t\t\t\t<a href=\"https:\/\/www.ims-chips.de\/?p=9988\" \t\t\t\t\tclass=\"anwp-pg-read-more__btn mt-3 mb-0 &lt;button type=&quot;button&quot; class=&quot;btn btn-link&quot; &gt;Link&lt;\/button&gt;\">\n\t\t\t\t\tweiterlesen &gt;&gt;\t\t\t\t<\/a>\n\t\t\t<\/div>\n\t\t\n\t<\/div>\n\n<\/div>\n<div class=\"anwp-pg-post-teaser anwp-pg-post-teaser--inner-cover-link anwp-pg-post-teaser--layout-d d-flex flex-column anwp-col-lg-3 anwp-col-sm-6 anwp-col-12 anwp-pg-post-teaser--with-read-more \">\n\t<div class=\"anwp-pg-post-teaser__thumbnail position-relative\">\n\n\t\t\n\t\t\n\t\t\t\t\t<img loading=\"lazy\" class=\"anwp-pg-post-teaser__thumbnail-img d-block anwp-pg-height-170 anwp-object-cover m-0 w-100\"\n\t\t\t\talt=\"Ministerpr\u00e4sident und Wissenschaftsministerin erleben Highlights aus der Quantenforschung\"\n\t\t\t\tsrc=\"https:\/\/www.ims-chips.de\/wp-content\/uploads\/2023\/02\/News_Bild_Kretschmann-Besuch-an-der-Uni_23.jpg\"\/>\n\t\t\n\t\t<div class=\"anwp-pg-post-teaser__thumbnail-bg anwp-position-cover\"><\/div>\n\n\t\t<a class=\"anwp-position-cover anwp-link-without-effects\" href=\"https:\/\/www.ims-chips.de\/?p=9963\" aria-hidden=\"true\" ><\/a>\n\t<\/div>\n\n\t<div class=\"anwp-pg-post-teaser__content flex-grow-1 pt-1 d-flex flex-column\">\n\n\t\t<div class=\"anwp-pg-post-teaser__title anwp-font-heading mt-2\">\n\t\t\t<a class=\"anwp-link-without-effects\" href=\"https:\/\/www.ims-chips.de\/?p=9963\" aria-hidden=\"true\" >\n\t\t\t\tMinisterpr\u00e4sident und Wissenschaftsministerin erleben Highlights aus der Quantenforschung\t\t\t<\/a>\n\t\t<\/div>\n\n\t\t<div class=\"anwp-pg-post-teaser__bottom-meta d-flex flex-wrap\">\n\n\t\t\t\t\t\t\t<div class=\"anwp-pg-post-teaser__bottom-meta-item d-flex align-items-center mr-3\">\n\t\t\t\t\t<svg class=\"anwp-pg-icon anwp-pg-icon--s16 mr-1\">\n\t\t\t\t\t\t<use xlink:href=\"#icon-anwp-pg-calendar\"><\/use>\n\t\t\t\t\t<\/svg>\n\t\t\t\t\t<span class=\"posted-on m-0\"><span class=\"screen-reader-text\">Posted on<\/span><time class=\"anwp-pg-published\" datetime=\"2023-02-17T08:27:41+01:00\">17. Februar 2023<\/time><time class=\"anwp-pg-updated\" datetime=\"2023-06-22T13:23:11+02:00\">22. Juni 2023<\/time><\/span>\n\t\t\t\t<\/div>\n\t\t\t\t\n\t\t\t\t\t<\/div>\n\n\t\t\t\t\t<div class=\"anwp-pg-post-teaser__excerpt mb-2\">\n\t\t\t\tBesuch des Ministerpr\u00e4sidenten Winfried Kretschmann und der Wissenschaftsministerin Petra Olschowski an der Uni Stuttgart.\t\t\t<\/div>\n\t\t\n\t\t\t\t\t<div class=\"w-100 anwp-pg-read-more mt-auto\">\n\t\t\t\t<a href=\"https:\/\/www.ims-chips.de\/?p=9963\" \t\t\t\t\tclass=\"anwp-pg-read-more__btn mt-3 mb-0 &lt;button type=&quot;button&quot; class=&quot;btn btn-link&quot; &gt;Link&lt;\/button&gt;\">\n\t\t\t\t\tweiterlesen &gt;&gt;\t\t\t\t<\/a>\n\t\t\t<\/div>\n\t\t\n\t<\/div>\n\n<\/div>\n<div class=\"anwp-pg-post-teaser anwp-pg-post-teaser--inner-cover-link anwp-pg-post-teaser--layout-d d-flex flex-column anwp-col-lg-3 anwp-col-sm-6 anwp-col-12 anwp-pg-post-teaser--with-read-more \">\n\t<div class=\"anwp-pg-post-teaser__thumbnail position-relative\">\n\n\t\t\n\t\t\n\t\t\t\t\t<img loading=\"lazy\" class=\"anwp-pg-post-teaser__thumbnail-img d-block anwp-pg-height-170 anwp-object-cover m-0 w-100\"\n\t\t\t\talt=\"TAPES3 erhielt den KDT Technology Pioneer Award 2022\"\n\t\t\t\tsrc=\"https:\/\/www.ims-chips.de\/wp-content\/uploads\/2023\/01\/News_Bild_KDT_Award_22.jpg\"\/>\n\t\t\n\t\t<div class=\"anwp-pg-post-teaser__thumbnail-bg anwp-position-cover\"><\/div>\n\n\t\t<a class=\"anwp-position-cover anwp-link-without-effects\" href=\"https:\/\/www.ims-chips.de\/?p=9942\" aria-hidden=\"true\" ><\/a>\n\t<\/div>\n\n\t<div class=\"anwp-pg-post-teaser__content flex-grow-1 pt-1 d-flex flex-column\">\n\n\t\t<div class=\"anwp-pg-post-teaser__title anwp-font-heading mt-2\">\n\t\t\t<a class=\"anwp-link-without-effects\" href=\"https:\/\/www.ims-chips.de\/?p=9942\" aria-hidden=\"true\" >\n\t\t\t\tTAPES3 erhielt den KDT Technology Pioneer Award 2022\t\t\t<\/a>\n\t\t<\/div>\n\n\t\t<div class=\"anwp-pg-post-teaser__bottom-meta d-flex flex-wrap\">\n\n\t\t\t\t\t\t\t<div class=\"anwp-pg-post-teaser__bottom-meta-item d-flex align-items-center mr-3\">\n\t\t\t\t\t<svg class=\"anwp-pg-icon anwp-pg-icon--s16 mr-1\">\n\t\t\t\t\t\t<use xlink:href=\"#icon-anwp-pg-calendar\"><\/use>\n\t\t\t\t\t<\/svg>\n\t\t\t\t\t<span class=\"posted-on m-0\"><span class=\"screen-reader-text\">Posted on<\/span><time class=\"anwp-pg-published\" datetime=\"2023-01-19T08:33:02+01:00\">19. Januar 2023<\/time><time class=\"anwp-pg-updated\" datetime=\"2023-06-13T09:12:18+02:00\">13. Juni 2023<\/time><\/span>\n\t\t\t\t<\/div>\n\t\t\t\t\n\t\t\t\t\t<\/div>\n\n\t\t\t\t\t<div class=\"anwp-pg-post-teaser__excerpt mb-2\">\n\t\t\t\tTAPES3 wurde auf der EFECS 2022-Konferenz in Amsterdam mit dem &quot;KDT Technology Pioneer Award&quot; ausgezeichnet.\t\t\t<\/div>\n\t\t\n\t\t\t\t\t<div class=\"w-100 anwp-pg-read-more mt-auto\">\n\t\t\t\t<a href=\"https:\/\/www.ims-chips.de\/?p=9942\" \t\t\t\t\tclass=\"anwp-pg-read-more__btn mt-3 mb-0 &lt;button type=&quot;button&quot; class=&quot;btn btn-link&quot; &gt;Link&lt;\/button&gt;\">\n\t\t\t\t\tweiterlesen &gt;&gt;\t\t\t\t<\/a>\n\t\t\t<\/div>\n\t\t\n\t<\/div>\n\n<\/div>\n<div class=\"anwp-pg-post-teaser anwp-pg-post-teaser--inner-cover-link anwp-pg-post-teaser--layout-d d-flex flex-column anwp-col-lg-3 anwp-col-sm-6 anwp-col-12 anwp-pg-post-teaser--with-read-more \">\n\t<div class=\"anwp-pg-post-teaser__thumbnail position-relative\">\n\n\t\t\n\t\t\n\t\t\t\t\t<img loading=\"lazy\" class=\"anwp-pg-post-teaser__thumbnail-img d-block anwp-pg-height-170 anwp-object-cover m-0 w-100\"\n\t\t\t\talt=\"GMM-Fachtagung Mikro-Nano-Integration (MNI) 2022\"\n\t\t\t\tsrc=\"https:\/\/www.ims-chips.de\/wp-content\/uploads\/2022\/11\/News_Bild_MNI_22.jpg\"\/>\n\t\t\n\t\t<div class=\"anwp-pg-post-teaser__thumbnail-bg anwp-position-cover\"><\/div>\n\n\t\t<a class=\"anwp-position-cover anwp-link-without-effects\" href=\"https:\/\/www.ims-chips.de\/?p=9895\" aria-hidden=\"true\" ><\/a>\n\t<\/div>\n\n\t<div class=\"anwp-pg-post-teaser__content flex-grow-1 pt-1 d-flex flex-column\">\n\n\t\t<div class=\"anwp-pg-post-teaser__title anwp-font-heading mt-2\">\n\t\t\t<a class=\"anwp-link-without-effects\" href=\"https:\/\/www.ims-chips.de\/?p=9895\" aria-hidden=\"true\" >\n\t\t\t\tGMM-Fachtagung Mikro-Nano-Integration (MNI) 2022\t\t\t<\/a>\n\t\t<\/div>\n\n\t\t<div class=\"anwp-pg-post-teaser__bottom-meta d-flex flex-wrap\">\n\n\t\t\t\t\t\t\t<div class=\"anwp-pg-post-teaser__bottom-meta-item d-flex align-items-center mr-3\">\n\t\t\t\t\t<svg class=\"anwp-pg-icon anwp-pg-icon--s16 mr-1\">\n\t\t\t\t\t\t<use xlink:href=\"#icon-anwp-pg-calendar\"><\/use>\n\t\t\t\t\t<\/svg>\n\t\t\t\t\t<span class=\"posted-on m-0\"><span class=\"screen-reader-text\">Posted on<\/span><time class=\"anwp-pg-published\" datetime=\"2022-11-08T08:40:13+01:00\">8. November 2022<\/time><time class=\"anwp-pg-updated\" datetime=\"2023-04-12T10:15:50+02:00\">12. April 2023<\/time><\/span>\n\t\t\t\t<\/div>\n\t\t\t\t\n\t\t\t\t\t<\/div>\n\n\t\t\t\t\t<div class=\"anwp-pg-post-teaser__excerpt mb-2\">\n\t\t\t\t21. \u2013 22. November 2022. Das IMS ist mit einem Kurzvortrag und einem Poster auf der Mikro-Nano-Integration Fachtagung in RWTH Aachen vertreten.\t\t\t<\/div>\n\t\t\n\t\t\t\t\t<div class=\"w-100 anwp-pg-read-more mt-auto\">\n\t\t\t\t<a href=\"https:\/\/www.ims-chips.de\/?p=9895\" \t\t\t\t\tclass=\"anwp-pg-read-more__btn mt-3 mb-0 &lt;button type=&quot;button&quot; class=&quot;btn btn-link&quot; &gt;Link&lt;\/button&gt;\">\n\t\t\t\t\tweiterlesen &gt;&gt;\t\t\t\t<\/a>\n\t\t\t<\/div>\n\t\t\n\t<\/div>\n\n<\/div>\n<div class=\"anwp-pg-post-teaser anwp-pg-post-teaser--inner-cover-link anwp-pg-post-teaser--layout-d d-flex flex-column anwp-col-lg-3 anwp-col-sm-6 anwp-col-12 anwp-pg-post-teaser--with-read-more \">\n\t<div class=\"anwp-pg-post-teaser__thumbnail position-relative\">\n\n\t\t\n\t\t\n\t\t\t\t\t<img loading=\"lazy\" class=\"anwp-pg-post-teaser__thumbnail-img d-block anwp-pg-height-170 anwp-object-cover m-0 w-100\"\n\t\t\t\talt=\"Workshop Beams &#038; More IMS CHIPS 2022\"\n\t\t\t\tsrc=\"https:\/\/www.ims-chips.de\/wp-content\/uploads\/2022\/10\/News_Bild_BeamsMore_22.jpg\"\/>\n\t\t\n\t\t<div class=\"anwp-pg-post-teaser__thumbnail-bg anwp-position-cover\"><\/div>\n\n\t\t<a class=\"anwp-position-cover anwp-link-without-effects\" href=\"https:\/\/www.ims-chips.de\/?p=9835\" aria-hidden=\"true\" ><\/a>\n\t<\/div>\n\n\t<div class=\"anwp-pg-post-teaser__content flex-grow-1 pt-1 d-flex flex-column\">\n\n\t\t<div class=\"anwp-pg-post-teaser__title anwp-font-heading mt-2\">\n\t\t\t<a class=\"anwp-link-without-effects\" href=\"https:\/\/www.ims-chips.de\/?p=9835\" aria-hidden=\"true\" >\n\t\t\t\tWorkshop Beams &#038; More IMS CHIPS 2022\t\t\t<\/a>\n\t\t<\/div>\n\n\t\t<div class=\"anwp-pg-post-teaser__bottom-meta d-flex flex-wrap\">\n\n\t\t\t\t\t\t\t<div class=\"anwp-pg-post-teaser__bottom-meta-item d-flex align-items-center mr-3\">\n\t\t\t\t\t<svg class=\"anwp-pg-icon anwp-pg-icon--s16 mr-1\">\n\t\t\t\t\t\t<use xlink:href=\"#icon-anwp-pg-calendar\"><\/use>\n\t\t\t\t\t<\/svg>\n\t\t\t\t\t<span class=\"posted-on m-0\"><span class=\"screen-reader-text\">Posted on<\/span><time class=\"anwp-pg-published\" datetime=\"2022-10-25T08:33:05+02:00\">25. Oktober 2022<\/time><time class=\"anwp-pg-updated\" datetime=\"2023-09-14T09:05:55+02:00\">14. September 2023<\/time><\/span>\n\t\t\t\t<\/div>\n\t\t\t\t\n\t\t\t\t\t<\/div>\n\n\t\t\t\t\t<div class=\"anwp-pg-post-teaser__excerpt mb-2\">\n\t\t\t\tWir freuen uns, Sie zu unserem 19. Workshop Beams &amp; More einladen zu d\u00fcrfen. Das Webinar findet am 17. November 2022 statt.\t\t\t<\/div>\n\t\t\n\t\t\t\t\t<div class=\"w-100 anwp-pg-read-more mt-auto\">\n\t\t\t\t<a href=\"https:\/\/www.ims-chips.de\/?p=9835\" \t\t\t\t\tclass=\"anwp-pg-read-more__btn mt-3 mb-0 &lt;button type=&quot;button&quot; class=&quot;btn btn-link&quot; &gt;Link&lt;\/button&gt;\">\n\t\t\t\t\tweiterlesen &gt;&gt;\t\t\t\t<\/a>\n\t\t\t<\/div>\n\t\t\n\t<\/div>\n\n<\/div>\n<div class=\"anwp-pg-post-teaser anwp-pg-post-teaser--inner-cover-link anwp-pg-post-teaser--layout-d d-flex flex-column anwp-col-lg-3 anwp-col-sm-6 anwp-col-12 anwp-pg-post-teaser--with-read-more \">\n\t<div class=\"anwp-pg-post-teaser__thumbnail position-relative\">\n\n\t\t\n\t\t\n\t\t\t\t\t<img loading=\"lazy\" class=\"anwp-pg-post-teaser__thumbnail-img d-block anwp-pg-height-170 anwp-object-cover m-0 w-100\"\n\t\t\t\talt=\"IMS Newsletter 2\/22\"\n\t\t\t\tsrc=\"https:\/\/www.ims-chips.de\/wp-content\/uploads\/2022\/10\/News_Bild_Newsletter_2_22.jpg\"\/>\n\t\t\n\t\t<div class=\"anwp-pg-post-teaser__thumbnail-bg anwp-position-cover\"><\/div>\n\n\t\t<a class=\"anwp-position-cover anwp-link-without-effects\" href=\"https:\/\/www.ims-chips.de\/?p=9864\" aria-hidden=\"true\" ><\/a>\n\t<\/div>\n\n\t<div class=\"anwp-pg-post-teaser__content flex-grow-1 pt-1 d-flex flex-column\">\n\n\t\t<div class=\"anwp-pg-post-teaser__title anwp-font-heading mt-2\">\n\t\t\t<a class=\"anwp-link-without-effects\" href=\"https:\/\/www.ims-chips.de\/?p=9864\" aria-hidden=\"true\" >\n\t\t\t\tIMS Newsletter 2\/22\t\t\t<\/a>\n\t\t<\/div>\n\n\t\t<div class=\"anwp-pg-post-teaser__bottom-meta d-flex flex-wrap\">\n\n\t\t\t\t\t\t\t<div class=\"anwp-pg-post-teaser__bottom-meta-item d-flex align-items-center mr-3\">\n\t\t\t\t\t<svg class=\"anwp-pg-icon anwp-pg-icon--s16 mr-1\">\n\t\t\t\t\t\t<use xlink:href=\"#icon-anwp-pg-calendar\"><\/use>\n\t\t\t\t\t<\/svg>\n\t\t\t\t\t<span class=\"posted-on m-0\"><span class=\"screen-reader-text\">Posted on<\/span><time class=\"anwp-pg-published\" datetime=\"2022-10-24T08:54:58+02:00\">24. Oktober 2022<\/time><time class=\"anwp-pg-updated\" datetime=\"2023-03-24T09:24:53+01:00\">24. M\u00e4rz 2023<\/time><\/span>\n\t\t\t\t<\/div>\n\t\t\t\t\n\t\t\t\t\t<\/div>\n\n\t\t\t\t\t<div class=\"anwp-pg-post-teaser__excerpt mb-2\">\n\t\t\t\tMit dem Newsletter 2\/2022 m\u00f6chten wir Sie \u00fcber aktuelle Aktivit\u00e4ten am Institut f\u00fcr Mikroelektronik Stuttgart informieren.\t\t\t<\/div>\n\t\t\n\t\t\t\t\t<div class=\"w-100 anwp-pg-read-more mt-auto\">\n\t\t\t\t<a href=\"https:\/\/www.ims-chips.de\/?p=9864\" \t\t\t\t\tclass=\"anwp-pg-read-more__btn mt-3 mb-0 &lt;button type=&quot;button&quot; class=&quot;btn btn-link&quot; &gt;Link&lt;\/button&gt;\">\n\t\t\t\t\tweiterlesen &gt;&gt;\t\t\t\t<\/a>\n\t\t\t<\/div>\n\t\t\n\t<\/div>\n\n<\/div>\n<div class=\"anwp-pg-post-teaser anwp-pg-post-teaser--inner-cover-link anwp-pg-post-teaser--layout-d d-flex flex-column anwp-col-lg-3 anwp-col-sm-6 anwp-col-12 anwp-pg-post-teaser--with-read-more \">\n\t<div class=\"anwp-pg-post-teaser__thumbnail position-relative\">\n\n\t\t\n\t\t\n\t\t\t\t\t<img loading=\"lazy\" class=\"anwp-pg-post-teaser__thumbnail-img d-block anwp-pg-height-170 anwp-object-cover m-0 w-100\"\n\t\t\t\talt=\"CiS WORKSHOP 2022\"\n\t\t\t\tsrc=\"https:\/\/www.ims-chips.de\/wp-content\/uploads\/2022\/10\/News_Bild_CiS_WS_22.jpg\"\/>\n\t\t\n\t\t<div class=\"anwp-pg-post-teaser__thumbnail-bg anwp-position-cover\"><\/div>\n\n\t\t<a class=\"anwp-position-cover anwp-link-without-effects\" href=\"https:\/\/www.ims-chips.de\/?p=9879\" aria-hidden=\"true\" ><\/a>\n\t<\/div>\n\n\t<div class=\"anwp-pg-post-teaser__content flex-grow-1 pt-1 d-flex flex-column\">\n\n\t\t<div class=\"anwp-pg-post-teaser__title anwp-font-heading mt-2\">\n\t\t\t<a class=\"anwp-link-without-effects\" href=\"https:\/\/www.ims-chips.de\/?p=9879\" aria-hidden=\"true\" >\n\t\t\t\tCiS WORKSHOP 2022\t\t\t<\/a>\n\t\t<\/div>\n\n\t\t<div class=\"anwp-pg-post-teaser__bottom-meta d-flex flex-wrap\">\n\n\t\t\t\t\t\t\t<div class=\"anwp-pg-post-teaser__bottom-meta-item d-flex align-items-center mr-3\">\n\t\t\t\t\t<svg class=\"anwp-pg-icon anwp-pg-icon--s16 mr-1\">\n\t\t\t\t\t\t<use xlink:href=\"#icon-anwp-pg-calendar\"><\/use>\n\t\t\t\t\t<\/svg>\n\t\t\t\t\t<span class=\"posted-on m-0\"><span class=\"screen-reader-text\">Posted on<\/span><time class=\"anwp-pg-published\" datetime=\"2022-10-19T10:09:23+02:00\">19. Oktober 2022<\/time><time class=\"anwp-pg-updated\" datetime=\"2023-03-23T10:47:47+01:00\">23. M\u00e4rz 2023<\/time><\/span>\n\t\t\t\t<\/div>\n\t\t\t\t\n\t\t\t\t\t<\/div>\n\n\t\t\t\t\t<div class=\"anwp-pg-post-teaser__excerpt mb-2\">\n\t\t\t\t09.11.2022. Das IMS ist mit einem Vortrag beim CiS MOEMS Workshop 2022 in Erfurt vertreten.\t\t\t<\/div>\n\t\t\n\t\t\t\t\t<div class=\"w-100 anwp-pg-read-more mt-auto\">\n\t\t\t\t<a href=\"https:\/\/www.ims-chips.de\/?p=9879\" \t\t\t\t\tclass=\"anwp-pg-read-more__btn mt-3 mb-0 &lt;button type=&quot;button&quot; class=&quot;btn btn-link&quot; &gt;Link&lt;\/button&gt;\">\n\t\t\t\t\tweiterlesen &gt;&gt;\t\t\t\t<\/a>\n\t\t\t<\/div>\n\t\t\n\t<\/div>\n\n<\/div>\n<div class=\"anwp-pg-post-teaser anwp-pg-post-teaser--inner-cover-link anwp-pg-post-teaser--layout-d d-flex flex-column anwp-col-lg-3 anwp-col-sm-6 anwp-col-12 anwp-pg-post-teaser--with-read-more \">\n\t<div class=\"anwp-pg-post-teaser__thumbnail position-relative\">\n\n\t\t\n\t\t\n\t\t\t\t\t<img loading=\"lazy\" class=\"anwp-pg-post-teaser__thumbnail-img d-block anwp-pg-height-170 anwp-object-cover m-0 w-100\"\n\t\t\t\talt=\"Workshop TopMapDay 2022\"\n\t\t\t\tsrc=\"https:\/\/www.ims-chips.de\/wp-content\/uploads\/2022\/10\/News_Bild_TopMapDay_22.jpg\"\/>\n\t\t\n\t\t<div class=\"anwp-pg-post-teaser__thumbnail-bg anwp-position-cover\"><\/div>\n\n\t\t<a class=\"anwp-position-cover anwp-link-without-effects\" href=\"https:\/\/www.ims-chips.de\/?p=9697\" aria-hidden=\"true\" ><\/a>\n\t<\/div>\n\n\t<div class=\"anwp-pg-post-teaser__content flex-grow-1 pt-1 d-flex flex-column\">\n\n\t\t<div class=\"anwp-pg-post-teaser__title anwp-font-heading mt-2\">\n\t\t\t<a class=\"anwp-link-without-effects\" href=\"https:\/\/www.ims-chips.de\/?p=9697\" aria-hidden=\"true\" >\n\t\t\t\tWorkshop TopMapDay 2022\t\t\t<\/a>\n\t\t<\/div>\n\n\t\t<div class=\"anwp-pg-post-teaser__bottom-meta d-flex flex-wrap\">\n\n\t\t\t\t\t\t\t<div class=\"anwp-pg-post-teaser__bottom-meta-item d-flex align-items-center mr-3\">\n\t\t\t\t\t<svg class=\"anwp-pg-icon anwp-pg-icon--s16 mr-1\">\n\t\t\t\t\t\t<use xlink:href=\"#icon-anwp-pg-calendar\"><\/use>\n\t\t\t\t\t<\/svg>\n\t\t\t\t\t<span class=\"posted-on m-0\"><span class=\"screen-reader-text\">Posted on<\/span><time class=\"anwp-pg-published\" datetime=\"2022-10-14T09:19:52+02:00\">14. Oktober 2022<\/time><time class=\"anwp-pg-updated\" datetime=\"2023-03-13T09:11:04+01:00\">13. M\u00e4rz 2023<\/time><\/span>\n\t\t\t\t<\/div>\n\t\t\t\t\n\t\t\t\t\t<\/div>\n\n\t\t\t\t\t<div class=\"anwp-pg-post-teaser__excerpt mb-2\">\n\t\t\t\t26.10.2022. Das IMS ist mit einem Gastvortrag bei dem Workshop TopMapDay bei der Polytec GmbH vertreten.\t\t\t<\/div>\n\t\t\n\t\t\t\t\t<div class=\"w-100 anwp-pg-read-more mt-auto\">\n\t\t\t\t<a href=\"https:\/\/www.ims-chips.de\/?p=9697\" \t\t\t\t\tclass=\"anwp-pg-read-more__btn mt-3 mb-0 &lt;button type=&quot;button&quot; class=&quot;btn btn-link&quot; &gt;Link&lt;\/button&gt;\">\n\t\t\t\t\tweiterlesen &gt;&gt;\t\t\t\t<\/a>\n\t\t\t<\/div>\n\t\t\n\t<\/div>\n\n<\/div>\n<div class=\"anwp-pg-post-teaser anwp-pg-post-teaser--inner-cover-link anwp-pg-post-teaser--layout-d d-flex flex-column anwp-col-lg-3 anwp-col-sm-6 anwp-col-12 anwp-pg-post-teaser--with-read-more \">\n\t<div class=\"anwp-pg-post-teaser__thumbnail position-relative\">\n\n\t\t\n\t\t\n\t\t\t\t\t<img loading=\"lazy\" class=\"anwp-pg-post-teaser__thumbnail-img d-block anwp-pg-height-170 anwp-object-cover m-0 w-100\"\n\t\t\t\talt=\"Professor James Sturm am IMS\"\n\t\t\t\tsrc=\"https:\/\/www.ims-chips.de\/wp-content\/uploads\/2022\/10\/News_Bilde_James_Sturm_IMS_22.jpg\"\/>\n\t\t\n\t\t<div class=\"anwp-pg-post-teaser__thumbnail-bg anwp-position-cover\"><\/div>\n\n\t\t<a class=\"anwp-position-cover anwp-link-without-effects\" href=\"https:\/\/www.ims-chips.de\/?p=9685\" aria-hidden=\"true\" ><\/a>\n\t<\/div>\n\n\t<div class=\"anwp-pg-post-teaser__content flex-grow-1 pt-1 d-flex flex-column\">\n\n\t\t<div class=\"anwp-pg-post-teaser__title anwp-font-heading mt-2\">\n\t\t\t<a class=\"anwp-link-without-effects\" href=\"https:\/\/www.ims-chips.de\/?p=9685\" aria-hidden=\"true\" >\n\t\t\t\tProfessor James Sturm am IMS\t\t\t<\/a>\n\t\t<\/div>\n\n\t\t<div class=\"anwp-pg-post-teaser__bottom-meta d-flex flex-wrap\">\n\n\t\t\t\t\t\t\t<div class=\"anwp-pg-post-teaser__bottom-meta-item d-flex align-items-center mr-3\">\n\t\t\t\t\t<svg class=\"anwp-pg-icon anwp-pg-icon--s16 mr-1\">\n\t\t\t\t\t\t<use xlink:href=\"#icon-anwp-pg-calendar\"><\/use>\n\t\t\t\t\t<\/svg>\n\t\t\t\t\t<span class=\"posted-on m-0\"><span class=\"screen-reader-text\">Posted on<\/span><time class=\"anwp-pg-published\" datetime=\"2022-10-04T08:34:40+02:00\">4. Oktober 2022<\/time><time class=\"anwp-pg-updated\" datetime=\"2023-02-28T10:31:31+01:00\">28. Februar 2023<\/time><\/span>\n\t\t\t\t<\/div>\n\t\t\t\t\n\t\t\t\t\t<\/div>\n\n\t\t\t\t\t<div class=\"anwp-pg-post-teaser__excerpt mb-2\">\n\t\t\t\tProfessor James (Jim) Sturm von der Princeton University, USA, besucht das IMS, um auf dem Gebiet der Flexiblen Elektronik gemeinsam zu forschen.\t\t\t<\/div>\n\t\t\n\t\t\t\t\t<div class=\"w-100 anwp-pg-read-more mt-auto\">\n\t\t\t\t<a href=\"https:\/\/www.ims-chips.de\/?p=9685\" \t\t\t\t\tclass=\"anwp-pg-read-more__btn mt-3 mb-0 &lt;button type=&quot;button&quot; class=&quot;btn btn-link&quot; &gt;Link&lt;\/button&gt;\">\n\t\t\t\t\tweiterlesen &gt;&gt;\t\t\t\t<\/a>\n\t\t\t<\/div>\n\t\t\n\t<\/div>\n\n<\/div>\n<div class=\"anwp-pg-post-teaser anwp-pg-post-teaser--inner-cover-link anwp-pg-post-teaser--layout-d d-flex flex-column anwp-col-lg-3 anwp-col-sm-6 anwp-col-12 anwp-pg-post-teaser--with-read-more \">\n\t<div class=\"anwp-pg-post-teaser__thumbnail position-relative\">\n\n\t\t\n\t\t\n\t\t\t\t\t<img loading=\"lazy\" class=\"anwp-pg-post-teaser__thumbnail-img d-block anwp-pg-height-170 anwp-object-cover m-0 w-100\"\n\t\t\t\talt=\"Mikroelektronik-Technologieseminar\"\n\t\t\t\tsrc=\"https:\/\/www.ims-chips.de\/wp-content\/uploads\/2022\/09\/News_Bild_TAE_Lehrgang_22.jpg\"\/>\n\t\t\n\t\t<div class=\"anwp-pg-post-teaser__thumbnail-bg anwp-position-cover\"><\/div>\n\n\t\t<a class=\"anwp-position-cover anwp-link-without-effects\" href=\"https:\/\/www.ims-chips.de\/?p=9667\" aria-hidden=\"true\" ><\/a>\n\t<\/div>\n\n\t<div class=\"anwp-pg-post-teaser__content flex-grow-1 pt-1 d-flex flex-column\">\n\n\t\t<div class=\"anwp-pg-post-teaser__title anwp-font-heading mt-2\">\n\t\t\t<a class=\"anwp-link-without-effects\" href=\"https:\/\/www.ims-chips.de\/?p=9667\" aria-hidden=\"true\" >\n\t\t\t\tMikroelektronik-Technologieseminar\t\t\t<\/a>\n\t\t<\/div>\n\n\t\t<div class=\"anwp-pg-post-teaser__bottom-meta d-flex flex-wrap\">\n\n\t\t\t\t\t\t\t<div class=\"anwp-pg-post-teaser__bottom-meta-item d-flex align-items-center mr-3\">\n\t\t\t\t\t<svg class=\"anwp-pg-icon anwp-pg-icon--s16 mr-1\">\n\t\t\t\t\t\t<use xlink:href=\"#icon-anwp-pg-calendar\"><\/use>\n\t\t\t\t\t<\/svg>\n\t\t\t\t\t<span class=\"posted-on m-0\"><span class=\"screen-reader-text\">Posted on<\/span><time class=\"anwp-pg-published\" datetime=\"2022-09-29T13:32:59+02:00\">29. September 2022<\/time><time class=\"anwp-pg-updated\" datetime=\"2023-02-17T08:44:57+01:00\">17. Februar 2023<\/time><\/span>\n\t\t\t\t<\/div>\n\t\t\t\t\n\t\t\t\t\t<\/div>\n\n\t\t\t\t\t<div class=\"anwp-pg-post-teaser__excerpt mb-2\">\n\t\t\t\t12.10.2022 - 14.10.2022. Seminar der Technischen Akademie Esslingen. Veranstaltungsort: Institut f\u00fcr Mikroelektronik, Allmandring 30a, 70569 Stuttgart\t\t\t<\/div>\n\t\t\n\t\t\t\t\t<div class=\"w-100 anwp-pg-read-more mt-auto\">\n\t\t\t\t<a href=\"https:\/\/www.ims-chips.de\/?p=9667\" \t\t\t\t\tclass=\"anwp-pg-read-more__btn mt-3 mb-0 &lt;button type=&quot;button&quot; class=&quot;btn btn-link&quot; &gt;Link&lt;\/button&gt;\">\n\t\t\t\t\tweiterlesen &gt;&gt;\t\t\t\t<\/a>\n\t\t\t<\/div>\n\t\t\n\t<\/div>\n\n<\/div>\n<div class=\"anwp-pg-post-teaser anwp-pg-post-teaser--inner-cover-link anwp-pg-post-teaser--layout-d d-flex flex-column anwp-col-lg-3 anwp-col-sm-6 anwp-col-12 anwp-pg-post-teaser--with-read-more \">\n\t<div class=\"anwp-pg-post-teaser__thumbnail position-relative\">\n\n\t\t\n\t\t\n\t\t\t\t\t<img loading=\"lazy\" class=\"anwp-pg-post-teaser__thumbnail-img d-block anwp-pg-height-170 anwp-object-cover m-0 w-100\"\n\t\t\t\talt=\"Photonics Days Berlin Brandenburg 2022\"\n\t\t\t\tsrc=\"https:\/\/www.ims-chips.de\/wp-content\/uploads\/2022\/09\/News_Bild_Photonics_Days_22.jpg\"\/>\n\t\t\n\t\t<div class=\"anwp-pg-post-teaser__thumbnail-bg anwp-position-cover\"><\/div>\n\n\t\t<a class=\"anwp-position-cover anwp-link-without-effects\" href=\"https:\/\/www.ims-chips.de\/?p=9654\" aria-hidden=\"true\" ><\/a>\n\t<\/div>\n\n\t<div class=\"anwp-pg-post-teaser__content flex-grow-1 pt-1 d-flex flex-column\">\n\n\t\t<div class=\"anwp-pg-post-teaser__title anwp-font-heading mt-2\">\n\t\t\t<a class=\"anwp-link-without-effects\" href=\"https:\/\/www.ims-chips.de\/?p=9654\" aria-hidden=\"true\" >\n\t\t\t\tPhotonics Days Berlin Brandenburg 2022\t\t\t<\/a>\n\t\t<\/div>\n\n\t\t<div class=\"anwp-pg-post-teaser__bottom-meta d-flex flex-wrap\">\n\n\t\t\t\t\t\t\t<div class=\"anwp-pg-post-teaser__bottom-meta-item d-flex align-items-center mr-3\">\n\t\t\t\t\t<svg class=\"anwp-pg-icon anwp-pg-icon--s16 mr-1\">\n\t\t\t\t\t\t<use xlink:href=\"#icon-anwp-pg-calendar\"><\/use>\n\t\t\t\t\t<\/svg>\n\t\t\t\t\t<span class=\"posted-on m-0\"><span class=\"screen-reader-text\">Posted on<\/span><time class=\"anwp-pg-published\" datetime=\"2022-09-28T09:13:11+02:00\">28. September 2022<\/time><time class=\"anwp-pg-updated\" datetime=\"2023-01-19T08:42:50+01:00\">19. Januar 2023<\/time><\/span>\n\t\t\t\t<\/div>\n\t\t\t\t\n\t\t\t\t\t<\/div>\n\n\t\t\t\t\t<div class=\"anwp-pg-post-teaser__excerpt mb-2\">\n\t\t\t\t05.10.-06.10.22. Das IMS ist mit einem Vortrag auf den Photonics Days Berlin Brandenburg 2022 vertreten\t\t\t<\/div>\n\t\t\n\t\t\t\t\t<div class=\"w-100 anwp-pg-read-more mt-auto\">\n\t\t\t\t<a href=\"https:\/\/www.ims-chips.de\/?p=9654\" \t\t\t\t\tclass=\"anwp-pg-read-more__btn mt-3 mb-0 &lt;button type=&quot;button&quot; class=&quot;btn btn-link&quot; &gt;Link&lt;\/button&gt;\">\n\t\t\t\t\tweiterlesen &gt;&gt;\t\t\t\t<\/a>\n\t\t\t<\/div>\n\t\t\n\t<\/div>\n\n<\/div>\n<div class=\"anwp-pg-post-teaser anwp-pg-post-teaser--inner-cover-link anwp-pg-post-teaser--layout-d d-flex flex-column anwp-col-lg-3 anwp-col-sm-6 anwp-col-12 anwp-pg-post-teaser--with-read-more \">\n\t<div class=\"anwp-pg-post-teaser__thumbnail position-relative\">\n\n\t\t\n\t\t\n\t\t\t\t\t<img loading=\"lazy\" class=\"anwp-pg-post-teaser__thumbnail-img d-block anwp-pg-height-170 anwp-object-cover m-0 w-100\"\n\t\t\t\talt=\"MNE\/Eurosensores 22 Konferenz\"\n\t\t\t\tsrc=\"https:\/\/www.ims-chips.de\/wp-content\/uploads\/2022\/09\/News_Bild_MNE_Konferenz_22.jpg\"\/>\n\t\t\n\t\t<div class=\"anwp-pg-post-teaser__thumbnail-bg anwp-position-cover\"><\/div>\n\n\t\t<a class=\"anwp-position-cover anwp-link-without-effects\" href=\"https:\/\/www.ims-chips.de\/?p=9635\" aria-hidden=\"true\" ><\/a>\n\t<\/div>\n\n\t<div class=\"anwp-pg-post-teaser__content flex-grow-1 pt-1 d-flex flex-column\">\n\n\t\t<div class=\"anwp-pg-post-teaser__title anwp-font-heading mt-2\">\n\t\t\t<a class=\"anwp-link-without-effects\" href=\"https:\/\/www.ims-chips.de\/?p=9635\" aria-hidden=\"true\" >\n\t\t\t\tMNE\/Eurosensores 22 Konferenz\t\t\t<\/a>\n\t\t<\/div>\n\n\t\t<div class=\"anwp-pg-post-teaser__bottom-meta d-flex flex-wrap\">\n\n\t\t\t\t\t\t\t<div class=\"anwp-pg-post-teaser__bottom-meta-item d-flex align-items-center mr-3\">\n\t\t\t\t\t<svg class=\"anwp-pg-icon anwp-pg-icon--s16 mr-1\">\n\t\t\t\t\t\t<use xlink:href=\"#icon-anwp-pg-calendar\"><\/use>\n\t\t\t\t\t<\/svg>\n\t\t\t\t\t<span class=\"posted-on m-0\"><span class=\"screen-reader-text\">Posted on<\/span><time class=\"anwp-pg-published\" datetime=\"2022-09-14T11:09:17+02:00\">14. September 2022<\/time><time class=\"anwp-pg-updated\" datetime=\"2022-11-08T08:54:38+01:00\">8. November 2022<\/time><\/span>\n\t\t\t\t<\/div>\n\t\t\t\t\n\t\t\t\t\t<\/div>\n\n\t\t\t\t\t<div class=\"anwp-pg-post-teaser__excerpt mb-2\">\n\t\t\t\t21.09.2022. IMS CHIPS ist mit einem Poster auf der MNE\/Eurosensores22 Konferenz vertreten.\t\t\t<\/div>\n\t\t\n\t\t\t\t\t<div class=\"w-100 anwp-pg-read-more mt-auto\">\n\t\t\t\t<a href=\"https:\/\/www.ims-chips.de\/?p=9635\" \t\t\t\t\tclass=\"anwp-pg-read-more__btn mt-3 mb-0 &lt;button type=&quot;button&quot; class=&quot;btn btn-link&quot; &gt;Link&lt;\/button&gt;\">\n\t\t\t\t\tweiterlesen &gt;&gt;\t\t\t\t<\/a>\n\t\t\t<\/div>\n\t\t\n\t<\/div>\n\n<\/div>\n<div class=\"anwp-pg-post-teaser anwp-pg-post-teaser--inner-cover-link anwp-pg-post-teaser--layout-d d-flex flex-column anwp-col-lg-3 anwp-col-sm-6 anwp-col-12 anwp-pg-post-teaser--with-read-more \">\n\t<div class=\"anwp-pg-post-teaser__thumbnail position-relative\">\n\n\t\t\n\t\t\n\t\t\t\t\t<img loading=\"lazy\" class=\"anwp-pg-post-teaser__thumbnail-img d-block anwp-pg-height-170 anwp-object-cover m-0 w-100\"\n\t\t\t\talt=\"Springer Theses Prize\"\n\t\t\t\tsrc=\"https:\/\/www.ims-chips.de\/wp-content\/uploads\/2022\/07\/News_Bild_Springer-Theses-Prize_22.jpg\"\/>\n\t\t\n\t\t<div class=\"anwp-pg-post-teaser__thumbnail-bg anwp-position-cover\"><\/div>\n\n\t\t<a class=\"anwp-position-cover anwp-link-without-effects\" href=\"https:\/\/www.ims-chips.de\/?p=9401\" aria-hidden=\"true\" ><\/a>\n\t<\/div>\n\n\t<div class=\"anwp-pg-post-teaser__content flex-grow-1 pt-1 d-flex flex-column\">\n\n\t\t<div class=\"anwp-pg-post-teaser__title anwp-font-heading mt-2\">\n\t\t\t<a class=\"anwp-link-without-effects\" href=\"https:\/\/www.ims-chips.de\/?p=9401\" aria-hidden=\"true\" >\n\t\t\t\tSpringer Theses Prize\t\t\t<\/a>\n\t\t<\/div>\n\n\t\t<div class=\"anwp-pg-post-teaser__bottom-meta d-flex flex-wrap\">\n\n\t\t\t\t\t\t\t<div class=\"anwp-pg-post-teaser__bottom-meta-item d-flex align-items-center mr-3\">\n\t\t\t\t\t<svg class=\"anwp-pg-icon anwp-pg-icon--s16 mr-1\">\n\t\t\t\t\t\t<use xlink:href=\"#icon-anwp-pg-calendar\"><\/use>\n\t\t\t\t\t<\/svg>\n\t\t\t\t\t<span class=\"posted-on m-0\"><span class=\"screen-reader-text\">Posted on<\/span><time class=\"anwp-pg-published\" datetime=\"2022-07-19T10:20:42+02:00\">19. Juli 2022<\/time><time class=\"anwp-pg-updated\" datetime=\"2022-10-27T10:19:33+02:00\">27. Oktober 2022<\/time><\/span>\n\t\t\t\t<\/div>\n\t\t\t\t\n\t\t\t\t\t<\/div>\n\n\t\t\t\t\t<div class=\"anwp-pg-post-teaser__excerpt mb-2\">\n\t\t\t\tDr. Mourad Elsobky wurde mit dem Springer Theses Prize ausgezeichnet.\t\t\t<\/div>\n\t\t\n\t\t\t\t\t<div class=\"w-100 anwp-pg-read-more mt-auto\">\n\t\t\t\t<a href=\"https:\/\/www.ims-chips.de\/?p=9401\" \t\t\t\t\tclass=\"anwp-pg-read-more__btn mt-3 mb-0 &lt;button type=&quot;button&quot; class=&quot;btn btn-link&quot; &gt;Link&lt;\/button&gt;\">\n\t\t\t\t\tweiterlesen &gt;&gt;\t\t\t\t<\/a>\n\t\t\t<\/div>\n\t\t\n\t<\/div>\n\n<\/div>\n<div class=\"anwp-pg-post-teaser anwp-pg-post-teaser--inner-cover-link anwp-pg-post-teaser--layout-d d-flex flex-column anwp-col-lg-3 anwp-col-sm-6 anwp-col-12 anwp-pg-post-teaser--with-read-more \">\n\t<div class=\"anwp-pg-post-teaser__thumbnail position-relative\">\n\n\t\t\n\t\t\n\t\t\t\t\t<img loading=\"lazy\" class=\"anwp-pg-post-teaser__thumbnail-img d-block anwp-pg-height-170 anwp-object-cover m-0 w-100\"\n\t\t\t\talt=\"Sommersymposium 2022\"\n\t\t\t\tsrc=\"https:\/\/www.ims-chips.de\/wp-content\/uploads\/2022\/07\/News_Bild_Sommersymposium_22.jpg\"\/>\n\t\t\n\t\t<div class=\"anwp-pg-post-teaser__thumbnail-bg anwp-position-cover\"><\/div>\n\n\t\t<a class=\"anwp-position-cover anwp-link-without-effects\" href=\"https:\/\/www.ims-chips.de\/?p=9387\" aria-hidden=\"true\" ><\/a>\n\t<\/div>\n\n\t<div class=\"anwp-pg-post-teaser__content flex-grow-1 pt-1 d-flex flex-column\">\n\n\t\t<div class=\"anwp-pg-post-teaser__title anwp-font-heading mt-2\">\n\t\t\t<a class=\"anwp-link-without-effects\" href=\"https:\/\/www.ims-chips.de\/?p=9387\" aria-hidden=\"true\" >\n\t\t\t\tSommersymposium 2022\t\t\t<\/a>\n\t\t<\/div>\n\n\t\t<div class=\"anwp-pg-post-teaser__bottom-meta d-flex flex-wrap\">\n\n\t\t\t\t\t\t\t<div class=\"anwp-pg-post-teaser__bottom-meta-item d-flex align-items-center mr-3\">\n\t\t\t\t\t<svg class=\"anwp-pg-icon anwp-pg-icon--s16 mr-1\">\n\t\t\t\t\t\t<use xlink:href=\"#icon-anwp-pg-calendar\"><\/use>\n\t\t\t\t\t<\/svg>\n\t\t\t\t\t<span class=\"posted-on m-0\"><span class=\"screen-reader-text\">Posted on<\/span><time class=\"anwp-pg-published\" datetime=\"2022-07-01T11:02:16+02:00\">1. Juli 2022<\/time><time class=\"anwp-pg-updated\" datetime=\"2022-09-28T09:23:08+02:00\">28. September 2022<\/time><\/span>\n\t\t\t\t<\/div>\n\t\t\t\t\n\t\t\t\t\t<\/div>\n\n\t\t\t\t\t<div class=\"anwp-pg-post-teaser__excerpt mb-2\">\n\t\t\t\t15.07.2022. Fakult\u00e4t 5: Sommersymposium mit Absolventenfeier des Fachbereichs Elektrotechnik und Informationstechnik.\t\t\t<\/div>\n\t\t\n\t\t\t\t\t<div class=\"w-100 anwp-pg-read-more mt-auto\">\n\t\t\t\t<a href=\"https:\/\/www.ims-chips.de\/?p=9387\" \t\t\t\t\tclass=\"anwp-pg-read-more__btn mt-3 mb-0 &lt;button type=&quot;button&quot; class=&quot;btn btn-link&quot; &gt;Link&lt;\/button&gt;\">\n\t\t\t\t\tweiterlesen &gt;&gt;\t\t\t\t<\/a>\n\t\t\t<\/div>\n\t\t\n\t<\/div>\n\n<\/div>\n<div class=\"anwp-pg-post-teaser anwp-pg-post-teaser--inner-cover-link anwp-pg-post-teaser--layout-d d-flex flex-column anwp-col-lg-3 anwp-col-sm-6 anwp-col-12 anwp-pg-post-teaser--with-read-more \">\n\t<div class=\"anwp-pg-post-teaser__thumbnail position-relative\">\n\n\t\t\n\t\t\n\t\t\t\t\t<img loading=\"lazy\" class=\"anwp-pg-post-teaser__thumbnail-img d-block anwp-pg-height-170 anwp-object-cover m-0 w-100\"\n\t\t\t\talt=\"Stuttgarter Wissenschaftsfestival 2022\"\n\t\t\t\tsrc=\"https:\/\/www.ims-chips.de\/wp-content\/uploads\/2022\/05\/News_Bilde_Wissenschaftsfestival_22.jpg\"\/>\n\t\t\n\t\t<div class=\"anwp-pg-post-teaser__thumbnail-bg anwp-position-cover\"><\/div>\n\n\t\t<a class=\"anwp-position-cover anwp-link-without-effects\" href=\"https:\/\/www.ims-chips.de\/?p=9362\" aria-hidden=\"true\" ><\/a>\n\t<\/div>\n\n\t<div class=\"anwp-pg-post-teaser__content flex-grow-1 pt-1 d-flex flex-column\">\n\n\t\t<div class=\"anwp-pg-post-teaser__title anwp-font-heading mt-2\">\n\t\t\t<a class=\"anwp-link-without-effects\" href=\"https:\/\/www.ims-chips.de\/?p=9362\" aria-hidden=\"true\" >\n\t\t\t\tStuttgarter Wissenschaftsfestival 2022\t\t\t<\/a>\n\t\t<\/div>\n\n\t\t<div class=\"anwp-pg-post-teaser__bottom-meta d-flex flex-wrap\">\n\n\t\t\t\t\t\t\t<div class=\"anwp-pg-post-teaser__bottom-meta-item d-flex align-items-center mr-3\">\n\t\t\t\t\t<svg class=\"anwp-pg-icon anwp-pg-icon--s16 mr-1\">\n\t\t\t\t\t\t<use xlink:href=\"#icon-anwp-pg-calendar\"><\/use>\n\t\t\t\t\t<\/svg>\n\t\t\t\t\t<span class=\"posted-on m-0\"><span class=\"screen-reader-text\">Posted on<\/span><time class=\"anwp-pg-published\" datetime=\"2022-05-20T13:04:38+02:00\">20. Mai 2022<\/time><time class=\"anwp-pg-updated\" datetime=\"2022-10-04T08:40:35+02:00\">4. Oktober 2022<\/time><\/span>\n\t\t\t\t<\/div>\n\t\t\t\t\n\t\t\t\t\t<\/div>\n\n\t\t\t\t\t<div class=\"anwp-pg-post-teaser__excerpt mb-2\">\n\t\t\t\t30.06.2022. Das IMS beteiligt sich am Stuttgarter Wissenschaftsfestival 2022.\t\t\t<\/div>\n\t\t\n\t\t\t\t\t<div class=\"w-100 anwp-pg-read-more mt-auto\">\n\t\t\t\t<a href=\"https:\/\/www.ims-chips.de\/?p=9362\" \t\t\t\t\tclass=\"anwp-pg-read-more__btn mt-3 mb-0 &lt;button type=&quot;button&quot; class=&quot;btn btn-link&quot; &gt;Link&lt;\/button&gt;\">\n\t\t\t\t\tweiterlesen &gt;&gt;\t\t\t\t<\/a>\n\t\t\t<\/div>\n\t\t\n\t<\/div>\n\n<\/div>\n<div class=\"anwp-pg-post-teaser anwp-pg-post-teaser--inner-cover-link anwp-pg-post-teaser--layout-d d-flex flex-column anwp-col-lg-3 anwp-col-sm-6 anwp-col-12 anwp-pg-post-teaser--with-read-more \">\n\t<div class=\"anwp-pg-post-teaser__thumbnail position-relative\">\n\n\t\t\n\t\t\n\t\t\t\t\t<img loading=\"lazy\" class=\"anwp-pg-post-teaser__thumbnail-img d-block anwp-pg-height-170 anwp-object-cover m-0 w-100\"\n\t\t\t\talt=\"IMS Newsletter 1\/22\"\n\t\t\t\tsrc=\"https:\/\/www.ims-chips.de\/wp-content\/uploads\/2022\/05\/News_Bild_Newsletter_1_22.jpg\"\/>\n\t\t\n\t\t<div class=\"anwp-pg-post-teaser__thumbnail-bg anwp-position-cover\"><\/div>\n\n\t\t<a class=\"anwp-position-cover anwp-link-without-effects\" href=\"https:\/\/www.ims-chips.de\/?p=9333\" aria-hidden=\"true\" ><\/a>\n\t<\/div>\n\n\t<div class=\"anwp-pg-post-teaser__content flex-grow-1 pt-1 d-flex flex-column\">\n\n\t\t<div class=\"anwp-pg-post-teaser__title anwp-font-heading mt-2\">\n\t\t\t<a class=\"anwp-link-without-effects\" href=\"https:\/\/www.ims-chips.de\/?p=9333\" aria-hidden=\"true\" >\n\t\t\t\tIMS Newsletter 1\/22\t\t\t<\/a>\n\t\t<\/div>\n\n\t\t<div class=\"anwp-pg-post-teaser__bottom-meta d-flex flex-wrap\">\n\n\t\t\t\t\t\t\t<div class=\"anwp-pg-post-teaser__bottom-meta-item d-flex align-items-center mr-3\">\n\t\t\t\t\t<svg class=\"anwp-pg-icon anwp-pg-icon--s16 mr-1\">\n\t\t\t\t\t\t<use xlink:href=\"#icon-anwp-pg-calendar\"><\/use>\n\t\t\t\t\t<\/svg>\n\t\t\t\t\t<span class=\"posted-on m-0\"><span class=\"screen-reader-text\">Posted on<\/span><time class=\"anwp-pg-published\" datetime=\"2022-05-04T11:12:19+02:00\">4. Mai 2022<\/time><time class=\"anwp-pg-updated\" datetime=\"2022-10-14T09:34:04+02:00\">14. Oktober 2022<\/time><\/span>\n\t\t\t\t<\/div>\n\t\t\t\t\n\t\t\t\t\t<\/div>\n\n\t\t\t\t\t<div class=\"anwp-pg-post-teaser__excerpt mb-2\">\n\t\t\t\tMit dem Newsletter1\/2022 m\u00f6chten wir Sie \u00fcber aktuelle Aktivit\u00e4ten am Institut f\u00fcr Mikroelektronik Stuttgart informieren.\t\t\t<\/div>\n\t\t\n\t\t\t\t\t<div class=\"w-100 anwp-pg-read-more mt-auto\">\n\t\t\t\t<a href=\"https:\/\/www.ims-chips.de\/?p=9333\" \t\t\t\t\tclass=\"anwp-pg-read-more__btn mt-3 mb-0 &lt;button type=&quot;button&quot; class=&quot;btn btn-link&quot; &gt;Link&lt;\/button&gt;\">\n\t\t\t\t\tweiterlesen &gt;&gt;\t\t\t\t<\/a>\n\t\t\t<\/div>\n\t\t\n\t<\/div>\n\n<\/div>\n<div class=\"anwp-pg-post-teaser anwp-pg-post-teaser--inner-cover-link anwp-pg-post-teaser--layout-d d-flex flex-column anwp-col-lg-3 anwp-col-sm-6 anwp-col-12 anwp-pg-post-teaser--with-read-more \">\n\t<div class=\"anwp-pg-post-teaser__thumbnail position-relative\">\n\n\t\t\n\t\t\n\t\t\t\t\t<img loading=\"lazy\" class=\"anwp-pg-post-teaser__thumbnail-img d-block anwp-pg-height-170 anwp-object-cover m-0 w-100\"\n\t\t\t\talt=\"REACT-EU-F\u00f6rderung f\u00fcr Institut f\u00fcr Mikroelektronik Stuttgart\"\n\t\t\t\tsrc=\"https:\/\/www.ims-chips.de\/wp-content\/uploads\/2022\/03\/News_Bild_NanoClu-Phase-2_22.jpg\"\/>\n\t\t\n\t\t<div class=\"anwp-pg-post-teaser__thumbnail-bg anwp-position-cover\"><\/div>\n\n\t\t<a class=\"anwp-position-cover anwp-link-without-effects\" href=\"https:\/\/www.ims-chips.de\/?p=9065\" aria-hidden=\"true\" ><\/a>\n\t<\/div>\n\n\t<div class=\"anwp-pg-post-teaser__content flex-grow-1 pt-1 d-flex flex-column\">\n\n\t\t<div class=\"anwp-pg-post-teaser__title anwp-font-heading mt-2\">\n\t\t\t<a class=\"anwp-link-without-effects\" href=\"https:\/\/www.ims-chips.de\/?p=9065\" aria-hidden=\"true\" >\n\t\t\t\tREACT-EU-F\u00f6rderung f\u00fcr Institut f\u00fcr Mikroelektronik Stuttgart\t\t\t<\/a>\n\t\t<\/div>\n\n\t\t<div class=\"anwp-pg-post-teaser__bottom-meta d-flex flex-wrap\">\n\n\t\t\t\t\t\t\t<div class=\"anwp-pg-post-teaser__bottom-meta-item d-flex align-items-center mr-3\">\n\t\t\t\t\t<svg class=\"anwp-pg-icon anwp-pg-icon--s16 mr-1\">\n\t\t\t\t\t\t<use xlink:href=\"#icon-anwp-pg-calendar\"><\/use>\n\t\t\t\t\t<\/svg>\n\t\t\t\t\t<span class=\"posted-on m-0\"><span class=\"screen-reader-text\">Posted on<\/span><time class=\"anwp-pg-published\" datetime=\"2022-04-27T09:00:26+02:00\">27. April 2022<\/time><time class=\"anwp-pg-updated\" datetime=\"2022-10-24T09:06:12+02:00\">24. Oktober 2022<\/time><\/span>\n\t\t\t\t<\/div>\n\t\t\t\t\n\t\t\t\t\t<\/div>\n\n\t\t\t\t\t<div class=\"anwp-pg-post-teaser__excerpt mb-2\">\n\t\t\t\tDas Institut f\u00fcr Mikroelektronik Stuttgart erh\u00e4lt eine Zuwendung im Rahmen des Europ\u00e4ischen Fonds f\u00fcr regionale Entwicklung (EFRE).\t\t\t<\/div>\n\t\t\n\t\t\t\t\t<div class=\"w-100 anwp-pg-read-more mt-auto\">\n\t\t\t\t<a href=\"https:\/\/www.ims-chips.de\/?p=9065\" \t\t\t\t\tclass=\"anwp-pg-read-more__btn mt-3 mb-0 &lt;button type=&quot;button&quot; class=&quot;btn btn-link&quot; &gt;Link&lt;\/button&gt;\">\n\t\t\t\t\tweiterlesen &gt;&gt;\t\t\t\t<\/a>\n\t\t\t<\/div>\n\t\t\n\t<\/div>\n\n<\/div>\n<div class=\"anwp-pg-post-teaser anwp-pg-post-teaser--inner-cover-link anwp-pg-post-teaser--layout-d d-flex flex-column anwp-col-lg-3 anwp-col-sm-6 anwp-col-12 anwp-pg-post-teaser--with-read-more \">\n\t<div class=\"anwp-pg-post-teaser__thumbnail position-relative\">\n\n\t\t\n\t\t\n\t\t\t\t\t<img loading=\"lazy\" class=\"anwp-pg-post-teaser__thumbnail-img d-block anwp-pg-height-170 anwp-object-cover m-0 w-100\"\n\t\t\t\talt=\"Qoool Camp \u201922\"\n\t\t\t\tsrc=\"https:\/\/www.ims-chips.de\/wp-content\/uploads\/2022\/04\/News_Bild_Qoool_Camp_22.jpg\"\/>\n\t\t\n\t\t<div class=\"anwp-pg-post-teaser__thumbnail-bg anwp-position-cover\"><\/div>\n\n\t\t<a class=\"anwp-position-cover anwp-link-without-effects\" href=\"https:\/\/www.ims-chips.de\/?p=9177\" aria-hidden=\"true\" ><\/a>\n\t<\/div>\n\n\t<div class=\"anwp-pg-post-teaser__content flex-grow-1 pt-1 d-flex flex-column\">\n\n\t\t<div class=\"anwp-pg-post-teaser__title anwp-font-heading mt-2\">\n\t\t\t<a class=\"anwp-link-without-effects\" href=\"https:\/\/www.ims-chips.de\/?p=9177\" aria-hidden=\"true\" >\n\t\t\t\tQoool Camp \u201922\t\t\t<\/a>\n\t\t<\/div>\n\n\t\t<div class=\"anwp-pg-post-teaser__bottom-meta d-flex flex-wrap\">\n\n\t\t\t\t\t\t\t<div class=\"anwp-pg-post-teaser__bottom-meta-item d-flex align-items-center mr-3\">\n\t\t\t\t\t<svg class=\"anwp-pg-icon anwp-pg-icon--s16 mr-1\">\n\t\t\t\t\t\t<use xlink:href=\"#icon-anwp-pg-calendar\"><\/use>\n\t\t\t\t\t<\/svg>\n\t\t\t\t\t<span class=\"posted-on m-0\"><span class=\"screen-reader-text\">Posted on<\/span><time class=\"anwp-pg-published\" datetime=\"2022-04-20T13:22:49+02:00\">20. April 2022<\/time><time class=\"anwp-pg-updated\" datetime=\"2022-09-29T13:40:13+02:00\">29. September 2022<\/time><\/span>\n\t\t\t\t<\/div>\n\t\t\t\t\n\t\t\t\t\t<\/div>\n\n\t\t\t\t\t<div class=\"anwp-pg-post-teaser__excerpt mb-2\">\n\t\t\t\t09.05.2022. Qoool Camp \u201822 - der Startupgenerator f\u00fcr Quantencomputing und Quantensensorik.\t\t\t<\/div>\n\t\t\n\t\t\t\t\t<div class=\"w-100 anwp-pg-read-more mt-auto\">\n\t\t\t\t<a href=\"https:\/\/www.ims-chips.de\/?p=9177\" \t\t\t\t\tclass=\"anwp-pg-read-more__btn mt-3 mb-0 &lt;button type=&quot;button&quot; class=&quot;btn btn-link&quot; &gt;Link&lt;\/button&gt;\">\n\t\t\t\t\tweiterlesen &gt;&gt;\t\t\t\t<\/a>\n\t\t\t<\/div>\n\t\t\n\t<\/div>\n\n<\/div>\n<div class=\"anwp-pg-post-teaser anwp-pg-post-teaser--inner-cover-link anwp-pg-post-teaser--layout-d d-flex flex-column anwp-col-lg-3 anwp-col-sm-6 anwp-col-12 anwp-pg-post-teaser--with-read-more \">\n\t<div class=\"anwp-pg-post-teaser__thumbnail position-relative\">\n\n\t\t\n\t\t\n\t\t\t\t\t<img loading=\"lazy\" class=\"anwp-pg-post-teaser__thumbnail-img d-block anwp-pg-height-170 anwp-object-cover m-0 w-100\"\n\t\t\t\talt=\"microTEC S\u00fcdwest Clusterkonferenz 2022\"\n\t\t\t\tsrc=\"https:\/\/www.ims-chips.de\/wp-content\/uploads\/2022\/04\/News_Bild_Clusterkonferenz_22.jpg\"\/>\n\t\t\n\t\t<div class=\"anwp-pg-post-teaser__thumbnail-bg anwp-position-cover\"><\/div>\n\n\t\t<a class=\"anwp-position-cover anwp-link-without-effects\" href=\"https:\/\/www.ims-chips.de\/?p=9149\" aria-hidden=\"true\" ><\/a>\n\t<\/div>\n\n\t<div class=\"anwp-pg-post-teaser__content flex-grow-1 pt-1 d-flex flex-column\">\n\n\t\t<div class=\"anwp-pg-post-teaser__title anwp-font-heading mt-2\">\n\t\t\t<a class=\"anwp-link-without-effects\" href=\"https:\/\/www.ims-chips.de\/?p=9149\" aria-hidden=\"true\" >\n\t\t\t\tmicroTEC S\u00fcdwest Clusterkonferenz 2022\t\t\t<\/a>\n\t\t<\/div>\n\n\t\t<div class=\"anwp-pg-post-teaser__bottom-meta d-flex flex-wrap\">\n\n\t\t\t\t\t\t\t<div class=\"anwp-pg-post-teaser__bottom-meta-item d-flex align-items-center mr-3\">\n\t\t\t\t\t<svg class=\"anwp-pg-icon anwp-pg-icon--s16 mr-1\">\n\t\t\t\t\t\t<use xlink:href=\"#icon-anwp-pg-calendar\"><\/use>\n\t\t\t\t\t<\/svg>\n\t\t\t\t\t<span class=\"posted-on m-0\"><span class=\"screen-reader-text\">Posted on<\/span><time class=\"anwp-pg-published\" datetime=\"2022-04-11T13:22:11+02:00\">11. April 2022<\/time><time class=\"anwp-pg-updated\" datetime=\"2022-09-14T11:29:02+02:00\">14. September 2022<\/time><\/span>\n\t\t\t\t<\/div>\n\t\t\t\t\n\t\t\t\t\t<\/div>\n\n\t\t\t\t\t<div class=\"anwp-pg-post-teaser__excerpt mb-2\">\n\t\t\t\t18.-19.05.2022. Das IMS ist mit vier Vortr\u00e4gen auf der Clusterkonferenz 2022 vertreten.\t\t\t<\/div>\n\t\t\n\t\t\t\t\t<div class=\"w-100 anwp-pg-read-more mt-auto\">\n\t\t\t\t<a href=\"https:\/\/www.ims-chips.de\/?p=9149\" \t\t\t\t\tclass=\"anwp-pg-read-more__btn mt-3 mb-0 &lt;button type=&quot;button&quot; class=&quot;btn btn-link&quot; &gt;Link&lt;\/button&gt;\">\n\t\t\t\t\tweiterlesen &gt;&gt;\t\t\t\t<\/a>\n\t\t\t<\/div>\n\t\t\n\t<\/div>\n\n<\/div>\n<div class=\"anwp-pg-post-teaser anwp-pg-post-teaser--inner-cover-link anwp-pg-post-teaser--layout-d d-flex flex-column anwp-col-lg-3 anwp-col-sm-6 anwp-col-12 anwp-pg-post-teaser--with-read-more \">\n\t<div class=\"anwp-pg-post-teaser__thumbnail position-relative\">\n\n\t\t\n\t\t\n\t\t\t\t\t<img loading=\"lazy\" class=\"anwp-pg-post-teaser__thumbnail-img d-block anwp-pg-height-170 anwp-object-cover m-0 w-100\"\n\t\t\t\talt=\"Projekt HyPerStripes gestartet\"\n\t\t\t\tsrc=\"https:\/\/www.ims-chips.de\/wp-content\/uploads\/2022\/04\/News_Bilde_HyPerStripes_22.jpg\"\/>\n\t\t\n\t\t<div class=\"anwp-pg-post-teaser__thumbnail-bg anwp-position-cover\"><\/div>\n\n\t\t<a class=\"anwp-position-cover anwp-link-without-effects\" href=\"https:\/\/www.ims-chips.de\/?p=9287\" aria-hidden=\"true\" ><\/a>\n\t<\/div>\n\n\t<div class=\"anwp-pg-post-teaser__content flex-grow-1 pt-1 d-flex flex-column\">\n\n\t\t<div class=\"anwp-pg-post-teaser__title anwp-font-heading mt-2\">\n\t\t\t<a class=\"anwp-link-without-effects\" href=\"https:\/\/www.ims-chips.de\/?p=9287\" aria-hidden=\"true\" >\n\t\t\t\tProjekt HyPerStripes gestartet\t\t\t<\/a>\n\t\t<\/div>\n\n\t\t<div class=\"anwp-pg-post-teaser__bottom-meta d-flex flex-wrap\">\n\n\t\t\t\t\t\t\t<div class=\"anwp-pg-post-teaser__bottom-meta-item d-flex align-items-center mr-3\">\n\t\t\t\t\t<svg class=\"anwp-pg-icon anwp-pg-icon--s16 mr-1\">\n\t\t\t\t\t\t<use xlink:href=\"#icon-anwp-pg-calendar\"><\/use>\n\t\t\t\t\t<\/svg>\n\t\t\t\t\t<span class=\"posted-on m-0\"><span class=\"screen-reader-text\">Posted on<\/span><time class=\"anwp-pg-published\" datetime=\"2022-04-10T14:31:09+02:00\">10. April 2022<\/time><time class=\"anwp-pg-updated\" datetime=\"2022-10-20T08:40:37+02:00\">20. Oktober 2022<\/time><\/span>\n\t\t\t\t<\/div>\n\t\t\t\t\n\t\t\t\t\t<\/div>\n\n\t\t\t\t\t<div class=\"anwp-pg-post-teaser__excerpt mb-2\">\n\t\t\t\tIntelligente und flexible Kabel\t\t\t<\/div>\n\t\t\n\t\t\t\t\t<div class=\"w-100 anwp-pg-read-more mt-auto\">\n\t\t\t\t<a href=\"https:\/\/www.ims-chips.de\/?p=9287\" \t\t\t\t\tclass=\"anwp-pg-read-more__btn mt-3 mb-0 &lt;button type=&quot;button&quot; class=&quot;btn btn-link&quot; &gt;Link&lt;\/button&gt;\">\n\t\t\t\t\tweiterlesen &gt;&gt;\t\t\t\t<\/a>\n\t\t\t<\/div>\n\t\t\n\t<\/div>\n\n<\/div>\n<div class=\"anwp-pg-post-teaser anwp-pg-post-teaser--inner-cover-link anwp-pg-post-teaser--layout-d d-flex flex-column anwp-col-lg-3 anwp-col-sm-6 anwp-col-12 anwp-pg-post-teaser--with-read-more \">\n\t<div class=\"anwp-pg-post-teaser__thumbnail position-relative\">\n\n\t\t\n\t\t\n\t\t\t\t\t<img loading=\"lazy\" class=\"anwp-pg-post-teaser__thumbnail-img d-block anwp-pg-height-170 anwp-object-cover m-0 w-100\"\n\t\t\t\talt=\"Photomask Japan 2022\"\n\t\t\t\tsrc=\"https:\/\/www.ims-chips.de\/wp-content\/uploads\/2022\/04\/News_Bild_Photomask_22.jpg\"\/>\n\t\t\n\t\t<div class=\"anwp-pg-post-teaser__thumbnail-bg anwp-position-cover\"><\/div>\n\n\t\t<a class=\"anwp-position-cover anwp-link-without-effects\" href=\"https:\/\/www.ims-chips.de\/?p=9273\" aria-hidden=\"true\" ><\/a>\n\t<\/div>\n\n\t<div class=\"anwp-pg-post-teaser__content flex-grow-1 pt-1 d-flex flex-column\">\n\n\t\t<div class=\"anwp-pg-post-teaser__title anwp-font-heading mt-2\">\n\t\t\t<a class=\"anwp-link-without-effects\" href=\"https:\/\/www.ims-chips.de\/?p=9273\" aria-hidden=\"true\" >\n\t\t\t\tPhotomask Japan 2022\t\t\t<\/a>\n\t\t<\/div>\n\n\t\t<div class=\"anwp-pg-post-teaser__bottom-meta d-flex flex-wrap\">\n\n\t\t\t\t\t\t\t<div class=\"anwp-pg-post-teaser__bottom-meta-item d-flex align-items-center mr-3\">\n\t\t\t\t\t<svg class=\"anwp-pg-icon anwp-pg-icon--s16 mr-1\">\n\t\t\t\t\t\t<use xlink:href=\"#icon-anwp-pg-calendar\"><\/use>\n\t\t\t\t\t<\/svg>\n\t\t\t\t\t<span class=\"posted-on m-0\"><span class=\"screen-reader-text\">Posted on<\/span><time class=\"anwp-pg-published\" datetime=\"2022-04-10T13:45:49+02:00\">10. April 2022<\/time><time class=\"anwp-pg-updated\" datetime=\"2022-07-19T10:27:48+02:00\">19. Juli 2022<\/time><\/span>\n\t\t\t\t<\/div>\n\t\t\t\t\n\t\t\t\t\t<\/div>\n\n\t\t\t\t\t<div class=\"anwp-pg-post-teaser__excerpt mb-2\">\n\t\t\t\t28.04.2022. Das IMS ist mit einem Vortrag auf der Photomask Japan vertreten.\t\t\t<\/div>\n\t\t\n\t\t\t\t\t<div class=\"w-100 anwp-pg-read-more mt-auto\">\n\t\t\t\t<a href=\"https:\/\/www.ims-chips.de\/?p=9273\" \t\t\t\t\tclass=\"anwp-pg-read-more__btn mt-3 mb-0 &lt;button type=&quot;button&quot; class=&quot;btn btn-link&quot; &gt;Link&lt;\/button&gt;\">\n\t\t\t\t\tweiterlesen &gt;&gt;\t\t\t\t<\/a>\n\t\t\t<\/div>\n\t\t\n\t<\/div>\n\n<\/div>\n<div class=\"anwp-pg-post-teaser anwp-pg-post-teaser--inner-cover-link anwp-pg-post-teaser--layout-d d-flex flex-column anwp-col-lg-3 anwp-col-sm-6 anwp-col-12 anwp-pg-post-teaser--with-read-more \">\n\t<div class=\"anwp-pg-post-teaser__thumbnail position-relative\">\n\n\t\t\n\t\t\n\t\t\t\t\t<img loading=\"lazy\" class=\"anwp-pg-post-teaser__thumbnail-img d-block anwp-pg-height-170 anwp-object-cover m-0 w-100\"\n\t\t\t\talt=\"International Forum on NPE 2022\"\n\t\t\t\tsrc=\"https:\/\/www.ims-chips.de\/wp-content\/uploads\/2022\/04\/News_Bild_Forum_NPE_22.jpg\"\/>\n\t\t\n\t\t<div class=\"anwp-pg-post-teaser__thumbnail-bg anwp-position-cover\"><\/div>\n\n\t\t<a class=\"anwp-position-cover anwp-link-without-effects\" href=\"https:\/\/www.ims-chips.de\/?p=9085\" aria-hidden=\"true\" ><\/a>\n\t<\/div>\n\n\t<div class=\"anwp-pg-post-teaser__content flex-grow-1 pt-1 d-flex flex-column\">\n\n\t\t<div class=\"anwp-pg-post-teaser__title anwp-font-heading mt-2\">\n\t\t\t<a class=\"anwp-link-without-effects\" href=\"https:\/\/www.ims-chips.de\/?p=9085\" aria-hidden=\"true\" >\n\t\t\t\tInternational Forum on NPE 2022\t\t\t<\/a>\n\t\t<\/div>\n\n\t\t<div class=\"anwp-pg-post-teaser__bottom-meta d-flex flex-wrap\">\n\n\t\t\t\t\t\t\t<div class=\"anwp-pg-post-teaser__bottom-meta-item d-flex align-items-center mr-3\">\n\t\t\t\t\t<svg class=\"anwp-pg-icon anwp-pg-icon--s16 mr-1\">\n\t\t\t\t\t\t<use xlink:href=\"#icon-anwp-pg-calendar\"><\/use>\n\t\t\t\t\t<\/svg>\n\t\t\t\t\t<span class=\"posted-on m-0\"><span class=\"screen-reader-text\">Posted on<\/span><time class=\"anwp-pg-published\" datetime=\"2022-04-05T09:50:22+02:00\">5. April 2022<\/time><time class=\"anwp-pg-updated\" datetime=\"2022-07-01T11:27:07+02:00\">1. Juli 2022<\/time><\/span>\n\t\t\t\t<\/div>\n\t\t\t\t\n\t\t\t\t\t<\/div>\n\n\t\t\t\t\t<div class=\"anwp-pg-post-teaser__excerpt mb-2\">\n\t\t\t\t12.04.2022. Das IMS ist mit einem Vortrag auf dem International Forum on NPE vertreten.\t\t\t<\/div>\n\t\t\n\t\t\t\t\t<div class=\"w-100 anwp-pg-read-more mt-auto\">\n\t\t\t\t<a href=\"https:\/\/www.ims-chips.de\/?p=9085\" \t\t\t\t\tclass=\"anwp-pg-read-more__btn mt-3 mb-0 &lt;button type=&quot;button&quot; class=&quot;btn btn-link&quot; &gt;Link&lt;\/button&gt;\">\n\t\t\t\t\tweiterlesen &gt;&gt;\t\t\t\t<\/a>\n\t\t\t<\/div>\n\t\t\n\t<\/div>\n\n<\/div>\n<div class=\"anwp-pg-post-teaser anwp-pg-post-teaser--inner-cover-link anwp-pg-post-teaser--layout-d d-flex flex-column anwp-col-lg-3 anwp-col-sm-6 anwp-col-12 anwp-pg-post-teaser--with-read-more \">\n\t<div class=\"anwp-pg-post-teaser__thumbnail position-relative\">\n\n\t\t\n\t\t\n\t\t\t\t\t<img loading=\"lazy\" class=\"anwp-pg-post-teaser__thumbnail-img d-block anwp-pg-height-170 anwp-object-cover m-0 w-100\"\n\t\t\t\talt=\"Nanopatterning Cluster+ Phase 2\"\n\t\t\t\tsrc=\"https:\/\/www.ims-chips.de\/wp-content\/uploads\/2022\/03\/News_Bild_NanoClu-Phase-2_22.jpg\"\/>\n\t\t\n\t\t<div class=\"anwp-pg-post-teaser__thumbnail-bg anwp-position-cover\"><\/div>\n\n\t\t<a class=\"anwp-position-cover anwp-link-without-effects\" href=\"https:\/\/www.ims-chips.de\/?p=9047\" aria-hidden=\"true\" ><\/a>\n\t<\/div>\n\n\t<div class=\"anwp-pg-post-teaser__content flex-grow-1 pt-1 d-flex flex-column\">\n\n\t\t<div class=\"anwp-pg-post-teaser__title anwp-font-heading mt-2\">\n\t\t\t<a class=\"anwp-link-without-effects\" href=\"https:\/\/www.ims-chips.de\/?p=9047\" aria-hidden=\"true\" >\n\t\t\t\tNanopatterning Cluster+ Phase 2\t\t\t<\/a>\n\t\t<\/div>\n\n\t\t<div class=\"anwp-pg-post-teaser__bottom-meta d-flex flex-wrap\">\n\n\t\t\t\t\t\t\t<div class=\"anwp-pg-post-teaser__bottom-meta-item d-flex align-items-center mr-3\">\n\t\t\t\t\t<svg class=\"anwp-pg-icon anwp-pg-icon--s16 mr-1\">\n\t\t\t\t\t\t<use xlink:href=\"#icon-anwp-pg-calendar\"><\/use>\n\t\t\t\t\t<\/svg>\n\t\t\t\t\t<span class=\"posted-on m-0\"><span class=\"screen-reader-text\">Posted on<\/span><time class=\"anwp-pg-published\" datetime=\"2022-03-25T10:04:28+01:00\">25. M\u00e4rz 2022<\/time><time class=\"anwp-pg-updated\" datetime=\"2022-07-01T11:27:35+02:00\">1. Juli 2022<\/time><\/span>\n\t\t\t\t<\/div>\n\t\t\t\t\n\t\t\t\t\t<\/div>\n\n\t\t\t\t\t<div class=\"anwp-pg-post-teaser__excerpt mb-2\">\n\t\t\t\tDas Institut f\u00fcr Mikroelektronik Stuttgart erh\u00e4lt eine Zuwendung im Rahmen des Europ\u00e4ischen Fonds f\u00fcr regionale Entwicklung (EFRE).\t\t\t<\/div>\n\t\t\n\t\t\t\t\t<div class=\"w-100 anwp-pg-read-more mt-auto\">\n\t\t\t\t<a href=\"https:\/\/www.ims-chips.de\/?p=9047\" \t\t\t\t\tclass=\"anwp-pg-read-more__btn mt-3 mb-0 &lt;button type=&quot;button&quot; class=&quot;btn btn-link&quot; &gt;Link&lt;\/button&gt;\">\n\t\t\t\t\tweiterlesen &gt;&gt;\t\t\t\t<\/a>\n\t\t\t<\/div>\n\t\t\n\t<\/div>\n\n<\/div>\n<div class=\"anwp-pg-post-teaser anwp-pg-post-teaser--inner-cover-link anwp-pg-post-teaser--layout-d d-flex flex-column anwp-col-lg-3 anwp-col-sm-6 anwp-col-12 anwp-pg-post-teaser--with-read-more \">\n\t<div class=\"anwp-pg-post-teaser__thumbnail position-relative\">\n\n\t\t\n\t\t\n\t\t\t\t\t<img loading=\"lazy\" class=\"anwp-pg-post-teaser__thumbnail-img d-block anwp-pg-height-170 anwp-object-cover m-0 w-100\"\n\t\t\t\talt=\"Flexible Foliensysteme f\u00fcr zuverl\u00e4ssige Elektronik\"\n\t\t\t\tsrc=\"https:\/\/www.ims-chips.de\/wp-content\/uploads\/2022\/02\/News_Bild_Projekt_SensIC_22.jpg\"\/>\n\t\t\n\t\t<div class=\"anwp-pg-post-teaser__thumbnail-bg anwp-position-cover\"><\/div>\n\n\t\t<a class=\"anwp-position-cover anwp-link-without-effects\" href=\"https:\/\/www.ims-chips.de\/?p=8997\" aria-hidden=\"true\" ><\/a>\n\t<\/div>\n\n\t<div class=\"anwp-pg-post-teaser__content flex-grow-1 pt-1 d-flex flex-column\">\n\n\t\t<div class=\"anwp-pg-post-teaser__title anwp-font-heading mt-2\">\n\t\t\t<a class=\"anwp-link-without-effects\" href=\"https:\/\/www.ims-chips.de\/?p=8997\" aria-hidden=\"true\" >\n\t\t\t\tFlexible Foliensysteme f\u00fcr zuverl\u00e4ssige Elektronik\t\t\t<\/a>\n\t\t<\/div>\n\n\t\t<div class=\"anwp-pg-post-teaser__bottom-meta d-flex flex-wrap\">\n\n\t\t\t\t\t\t\t<div class=\"anwp-pg-post-teaser__bottom-meta-item d-flex align-items-center mr-3\">\n\t\t\t\t\t<svg class=\"anwp-pg-icon anwp-pg-icon--s16 mr-1\">\n\t\t\t\t\t\t<use xlink:href=\"#icon-anwp-pg-calendar\"><\/use>\n\t\t\t\t\t<\/svg>\n\t\t\t\t\t<span class=\"posted-on m-0\"><span class=\"screen-reader-text\">Posted on<\/span><time class=\"anwp-pg-published\" datetime=\"2022-02-07T09:18:36+01:00\">7. Februar 2022<\/time><time class=\"anwp-pg-updated\" datetime=\"2022-05-04T11:34:50+02:00\">4. Mai 2022<\/time><\/span>\n\t\t\t\t<\/div>\n\t\t\t\t\n\t\t\t\t\t<\/div>\n\n\t\t\t\t\t<div class=\"anwp-pg-post-teaser__excerpt mb-2\">\n\t\t\t\tIMS unterst\u00fctzt das KIT bei Forschungsvorhaben SensIC.\t\t\t<\/div>\n\t\t\n\t\t\t\t\t<div class=\"w-100 anwp-pg-read-more mt-auto\">\n\t\t\t\t<a href=\"https:\/\/www.ims-chips.de\/?p=8997\" \t\t\t\t\tclass=\"anwp-pg-read-more__btn mt-3 mb-0 &lt;button type=&quot;button&quot; class=&quot;btn btn-link&quot; &gt;Link&lt;\/button&gt;\">\n\t\t\t\t\tweiterlesen &gt;&gt;\t\t\t\t<\/a>\n\t\t\t<\/div>\n\t\t\n\t<\/div>\n\n<\/div>\n<div class=\"anwp-pg-post-teaser anwp-pg-post-teaser--inner-cover-link anwp-pg-post-teaser--layout-d d-flex flex-column anwp-col-lg-3 anwp-col-sm-6 anwp-col-12 anwp-pg-post-teaser--with-read-more \">\n\t<div class=\"anwp-pg-post-teaser__thumbnail position-relative\">\n\n\t\t\n\t\t\n\t\t\t\t\t<img loading=\"lazy\" class=\"anwp-pg-post-teaser__thumbnail-img d-block anwp-pg-height-170 anwp-object-cover m-0 w-100\"\n\t\t\t\talt=\"16 Millionen Euro f\u00fcr photonische Quantenprozessoren\"\n\t\t\t\tsrc=\"https:\/\/www.ims-chips.de\/wp-content\/uploads\/2022\/01\/News_Bild_Projekt_PhotonQ_22.jpg\"\/>\n\t\t\n\t\t<div class=\"anwp-pg-post-teaser__thumbnail-bg anwp-position-cover\"><\/div>\n\n\t\t<a class=\"anwp-position-cover anwp-link-without-effects\" href=\"https:\/\/www.ims-chips.de\/?p=8931\" aria-hidden=\"true\" ><\/a>\n\t<\/div>\n\n\t<div class=\"anwp-pg-post-teaser__content flex-grow-1 pt-1 d-flex flex-column\">\n\n\t\t<div class=\"anwp-pg-post-teaser__title anwp-font-heading mt-2\">\n\t\t\t<a class=\"anwp-link-without-effects\" href=\"https:\/\/www.ims-chips.de\/?p=8931\" aria-hidden=\"true\" >\n\t\t\t\t16 Millionen Euro f\u00fcr photonische Quantenprozessoren\t\t\t<\/a>\n\t\t<\/div>\n\n\t\t<div class=\"anwp-pg-post-teaser__bottom-meta d-flex flex-wrap\">\n\n\t\t\t\t\t\t\t<div class=\"anwp-pg-post-teaser__bottom-meta-item d-flex align-items-center mr-3\">\n\t\t\t\t\t<svg class=\"anwp-pg-icon anwp-pg-icon--s16 mr-1\">\n\t\t\t\t\t\t<use xlink:href=\"#icon-anwp-pg-calendar\"><\/use>\n\t\t\t\t\t<\/svg>\n\t\t\t\t\t<span class=\"posted-on m-0\"><span class=\"screen-reader-text\">Posted on<\/span><time class=\"anwp-pg-published\" datetime=\"2022-01-20T13:53:55+01:00\">20. Januar 2022<\/time><time class=\"anwp-pg-updated\" datetime=\"2022-04-29T09:04:39+02:00\">29. April 2022<\/time><\/span>\n\t\t\t\t<\/div>\n\t\t\t\t\n\t\t\t\t\t<\/div>\n\n\t\t\t\t\t<div class=\"anwp-pg-post-teaser__excerpt mb-2\">\n\t\t\t\tBMBF-Projekt PhotonQ vereinigt sieben Universit\u00e4ten und Forschungseinrichtungen sowie Industriepartner.\t\t\t<\/div>\n\t\t\n\t\t\t\t\t<div class=\"w-100 anwp-pg-read-more mt-auto\">\n\t\t\t\t<a href=\"https:\/\/www.ims-chips.de\/?p=8931\" \t\t\t\t\tclass=\"anwp-pg-read-more__btn mt-3 mb-0 &lt;button type=&quot;button&quot; class=&quot;btn btn-link&quot; &gt;Link&lt;\/button&gt;\">\n\t\t\t\t\tweiterlesen &gt;&gt;\t\t\t\t<\/a>\n\t\t\t<\/div>\n\t\t\n\t<\/div>\n\n<\/div>\n<div class=\"anwp-pg-post-teaser anwp-pg-post-teaser--inner-cover-link anwp-pg-post-teaser--layout-d d-flex flex-column anwp-col-lg-3 anwp-col-sm-6 anwp-col-12 anwp-pg-post-teaser--with-read-more \">\n\t<div class=\"anwp-pg-post-teaser__thumbnail position-relative\">\n\n\t\t\n\t\t\n\t\t\t\t\t<img loading=\"lazy\" class=\"anwp-pg-post-teaser__thumbnail-img d-block anwp-pg-height-170 anwp-object-cover m-0 w-100\"\n\t\t\t\talt=\"Best Paper Award f\u00fcr IMS CHIPS\"\n\t\t\t\tsrc=\"https:\/\/www.ims-chips.de\/wp-content\/uploads\/2021\/11\/News_Bild_Best_Paper_Award_21.jpg\"\/>\n\t\t\n\t\t<div class=\"anwp-pg-post-teaser__thumbnail-bg anwp-position-cover\"><\/div>\n\n\t\t<a class=\"anwp-position-cover anwp-link-without-effects\" href=\"https:\/\/www.ims-chips.de\/?p=8846\" aria-hidden=\"true\" ><\/a>\n\t<\/div>\n\n\t<div class=\"anwp-pg-post-teaser__content flex-grow-1 pt-1 d-flex flex-column\">\n\n\t\t<div class=\"anwp-pg-post-teaser__title anwp-font-heading mt-2\">\n\t\t\t<a class=\"anwp-link-without-effects\" href=\"https:\/\/www.ims-chips.de\/?p=8846\" aria-hidden=\"true\" >\n\t\t\t\tBest Paper Award f\u00fcr IMS CHIPS\t\t\t<\/a>\n\t\t<\/div>\n\n\t\t<div class=\"anwp-pg-post-teaser__bottom-meta d-flex flex-wrap\">\n\n\t\t\t\t\t\t\t<div class=\"anwp-pg-post-teaser__bottom-meta-item d-flex align-items-center mr-3\">\n\t\t\t\t\t<svg class=\"anwp-pg-icon anwp-pg-icon--s16 mr-1\">\n\t\t\t\t\t\t<use xlink:href=\"#icon-anwp-pg-calendar\"><\/use>\n\t\t\t\t\t<\/svg>\n\t\t\t\t\t<span class=\"posted-on m-0\"><span class=\"screen-reader-text\">Posted on<\/span><time class=\"anwp-pg-published\" datetime=\"2021-11-23T10:53:45+01:00\">23. November 2021<\/time><time class=\"anwp-pg-updated\" datetime=\"2022-04-20T13:50:27+02:00\">20. April 2022<\/time><\/span>\n\t\t\t\t<\/div>\n\t\t\t\t\n\t\t\t\t\t<\/div>\n\n\t\t\t\t\t<div class=\"anwp-pg-post-teaser__excerpt mb-2\">\n\t\t\t\tBei der IEEE SENSORS gewann Zili Yu von IMS CHIPS und die Co-Autoren den 1st Place Best Paper Award.\t\t\t<\/div>\n\t\t\n\t\t\t\t\t<div class=\"w-100 anwp-pg-read-more mt-auto\">\n\t\t\t\t<a href=\"https:\/\/www.ims-chips.de\/?p=8846\" \t\t\t\t\tclass=\"anwp-pg-read-more__btn mt-3 mb-0 &lt;button type=&quot;button&quot; class=&quot;btn btn-link&quot; &gt;Link&lt;\/button&gt;\">\n\t\t\t\t\tweiterlesen &gt;&gt;\t\t\t\t<\/a>\n\t\t\t<\/div>\n\t\t\n\t<\/div>\n\n<\/div>\n<div class=\"anwp-pg-post-teaser anwp-pg-post-teaser--inner-cover-link anwp-pg-post-teaser--layout-d d-flex flex-column anwp-col-lg-3 anwp-col-sm-6 anwp-col-12 anwp-pg-post-teaser--with-read-more \">\n\t<div class=\"anwp-pg-post-teaser__thumbnail position-relative\">\n\n\t\t\n\t\t\n\t\t\t\t\t<img loading=\"lazy\" class=\"anwp-pg-post-teaser__thumbnail-img d-block anwp-pg-height-170 anwp-object-cover m-0 w-100\"\n\t\t\t\talt=\"IMS Newsletter 2\/21\"\n\t\t\t\tsrc=\"https:\/\/www.ims-chips.de\/wp-content\/uploads\/2021\/11\/DE.jpg\"\/>\n\t\t\n\t\t<div class=\"anwp-pg-post-teaser__thumbnail-bg anwp-position-cover\"><\/div>\n\n\t\t<a class=\"anwp-position-cover anwp-link-without-effects\" href=\"https:\/\/www.ims-chips.de\/?p=8834\" aria-hidden=\"true\" ><\/a>\n\t<\/div>\n\n\t<div class=\"anwp-pg-post-teaser__content flex-grow-1 pt-1 d-flex flex-column\">\n\n\t\t<div class=\"anwp-pg-post-teaser__title anwp-font-heading mt-2\">\n\t\t\t<a class=\"anwp-link-without-effects\" href=\"https:\/\/www.ims-chips.de\/?p=8834\" aria-hidden=\"true\" >\n\t\t\t\tIMS Newsletter 2\/21\t\t\t<\/a>\n\t\t<\/div>\n\n\t\t<div class=\"anwp-pg-post-teaser__bottom-meta d-flex flex-wrap\">\n\n\t\t\t\t\t\t\t<div class=\"anwp-pg-post-teaser__bottom-meta-item d-flex align-items-center mr-3\">\n\t\t\t\t\t<svg class=\"anwp-pg-icon anwp-pg-icon--s16 mr-1\">\n\t\t\t\t\t\t<use xlink:href=\"#icon-anwp-pg-calendar\"><\/use>\n\t\t\t\t\t<\/svg>\n\t\t\t\t\t<span class=\"posted-on m-0\"><span class=\"screen-reader-text\">Posted on<\/span><time class=\"anwp-pg-published\" datetime=\"2021-11-16T09:25:22+01:00\">16. November 2021<\/time><time class=\"anwp-pg-updated\" datetime=\"2022-04-12T13:30:20+02:00\">12. April 2022<\/time><\/span>\n\t\t\t\t<\/div>\n\t\t\t\t\n\t\t\t\t\t<\/div>\n\n\t\t\t\t\t<div class=\"anwp-pg-post-teaser__excerpt mb-2\">\n\t\t\t\tMit dem Newsletter2\/2021 m\u00f6chten wir Sie \u00fcber aktuelle Aktivit\u00e4ten am Institut f\u00fcr Mikroelektronik Stuttgart informieren.\t\t\t<\/div>\n\t\t\n\t\t\t\t\t<div class=\"w-100 anwp-pg-read-more mt-auto\">\n\t\t\t\t<a href=\"https:\/\/www.ims-chips.de\/?p=8834\" \t\t\t\t\tclass=\"anwp-pg-read-more__btn mt-3 mb-0 &lt;button type=&quot;button&quot; class=&quot;btn btn-link&quot; &gt;Link&lt;\/button&gt;\">\n\t\t\t\t\tweiterlesen &gt;&gt;\t\t\t\t<\/a>\n\t\t\t<\/div>\n\t\t\n\t<\/div>\n\n<\/div>\n<div class=\"anwp-pg-post-teaser anwp-pg-post-teaser--inner-cover-link anwp-pg-post-teaser--layout-d d-flex flex-column anwp-col-lg-3 anwp-col-sm-6 anwp-col-12 anwp-pg-post-teaser--with-read-more \">\n\t<div class=\"anwp-pg-post-teaser__thumbnail position-relative\">\n\n\t\t\n\t\t\n\t\t\t\t\t<img loading=\"lazy\" class=\"anwp-pg-post-teaser__thumbnail-img d-block anwp-pg-height-170 anwp-object-cover m-0 w-100\"\n\t\t\t\talt=\"IEEE Engineering in Medicine and Biology Society Conference 2021\"\n\t\t\t\tsrc=\"https:\/\/www.ims-chips.de\/wp-content\/uploads\/2021\/10\/News_Bild_EMBC_Konferenz_21.jpg\"\/>\n\t\t\n\t\t<div class=\"anwp-pg-post-teaser__thumbnail-bg anwp-position-cover\"><\/div>\n\n\t\t<a class=\"anwp-position-cover anwp-link-without-effects\" href=\"https:\/\/www.ims-chips.de\/?p=8709\" aria-hidden=\"true\" ><\/a>\n\t<\/div>\n\n\t<div class=\"anwp-pg-post-teaser__content flex-grow-1 pt-1 d-flex flex-column\">\n\n\t\t<div class=\"anwp-pg-post-teaser__title anwp-font-heading mt-2\">\n\t\t\t<a class=\"anwp-link-without-effects\" href=\"https:\/\/www.ims-chips.de\/?p=8709\" aria-hidden=\"true\" >\n\t\t\t\tIEEE Engineering in Medicine and Biology Society Conference 2021\t\t\t<\/a>\n\t\t<\/div>\n\n\t\t<div class=\"anwp-pg-post-teaser__bottom-meta d-flex flex-wrap\">\n\n\t\t\t\t\t\t\t<div class=\"anwp-pg-post-teaser__bottom-meta-item d-flex align-items-center mr-3\">\n\t\t\t\t\t<svg class=\"anwp-pg-icon anwp-pg-icon--s16 mr-1\">\n\t\t\t\t\t\t<use xlink:href=\"#icon-anwp-pg-calendar\"><\/use>\n\t\t\t\t\t<\/svg>\n\t\t\t\t\t<span class=\"posted-on m-0\"><span class=\"screen-reader-text\">Posted on<\/span><time class=\"anwp-pg-published\" datetime=\"2021-10-26T12:38:08+02:00\">26. Oktober 2021<\/time><time class=\"anwp-pg-updated\" datetime=\"2022-04-11T13:30:30+02:00\">11. April 2022<\/time><\/span>\n\t\t\t\t<\/div>\n\t\t\t\t\n\t\t\t\t\t<\/div>\n\n\t\t\t\t\t<div class=\"anwp-pg-post-teaser__excerpt mb-2\">\n\t\t\t\t01.-05.11.2021. Die Konferenz findet als Online-Veranstaltung statt.\t\t\t<\/div>\n\t\t\n\t\t\t\t\t<div class=\"w-100 anwp-pg-read-more mt-auto\">\n\t\t\t\t<a href=\"https:\/\/www.ims-chips.de\/?p=8709\" \t\t\t\t\tclass=\"anwp-pg-read-more__btn mt-3 mb-0 &lt;button type=&quot;button&quot; class=&quot;btn btn-link&quot; &gt;Link&lt;\/button&gt;\">\n\t\t\t\t\tweiterlesen &gt;&gt;\t\t\t\t<\/a>\n\t\t\t<\/div>\n\t\t\n\t<\/div>\n\n<\/div>\n<div class=\"anwp-pg-post-teaser anwp-pg-post-teaser--inner-cover-link anwp-pg-post-teaser--layout-d d-flex flex-column anwp-col-lg-3 anwp-col-sm-6 anwp-col-12 anwp-pg-post-teaser--with-read-more \">\n\t<div class=\"anwp-pg-post-teaser__thumbnail position-relative\">\n\n\t\t\n\t\t\n\t\t\t\t\t<img loading=\"lazy\" class=\"anwp-pg-post-teaser__thumbnail-img d-block anwp-pg-height-170 anwp-object-cover m-0 w-100\"\n\t\t\t\talt=\"MikroSystemTechnik Kongress 2021\"\n\t\t\t\tsrc=\"https:\/\/www.ims-chips.de\/wp-content\/uploads\/2021\/10\/News_Bild_MST-Kongress_21.jpg\"\/>\n\t\t\n\t\t<div class=\"anwp-pg-post-teaser__thumbnail-bg anwp-position-cover\"><\/div>\n\n\t\t<a class=\"anwp-position-cover anwp-link-without-effects\" href=\"https:\/\/www.ims-chips.de\/?p=8624\" aria-hidden=\"true\" ><\/a>\n\t<\/div>\n\n\t<div class=\"anwp-pg-post-teaser__content flex-grow-1 pt-1 d-flex flex-column\">\n\n\t\t<div class=\"anwp-pg-post-teaser__title anwp-font-heading mt-2\">\n\t\t\t<a class=\"anwp-link-without-effects\" href=\"https:\/\/www.ims-chips.de\/?p=8624\" aria-hidden=\"true\" >\n\t\t\t\tMikroSystemTechnik Kongress 2021\t\t\t<\/a>\n\t\t<\/div>\n\n\t\t<div class=\"anwp-pg-post-teaser__bottom-meta d-flex flex-wrap\">\n\n\t\t\t\t\t\t\t<div class=\"anwp-pg-post-teaser__bottom-meta-item d-flex align-items-center mr-3\">\n\t\t\t\t\t<svg class=\"anwp-pg-icon anwp-pg-icon--s16 mr-1\">\n\t\t\t\t\t\t<use xlink:href=\"#icon-anwp-pg-calendar\"><\/use>\n\t\t\t\t\t<\/svg>\n\t\t\t\t\t<span class=\"posted-on m-0\"><span class=\"screen-reader-text\">Posted on<\/span><time class=\"anwp-pg-published\" datetime=\"2021-10-26T10:44:11+02:00\">26. Oktober 2021<\/time><time class=\"anwp-pg-updated\" datetime=\"2022-04-05T09:51:59+02:00\">5. April 2022<\/time><\/span>\n\t\t\t\t<\/div>\n\t\t\t\t\n\t\t\t\t\t<\/div>\n\n\t\t\t\t\t<div class=\"anwp-pg-post-teaser__excerpt mb-2\">\n\t\t\t\tDer MikroSystemTechnik Kongress wird vom 08. \u2013 10. November 2021 in Ludwigsburg stattfinden.\t\t\t<\/div>\n\t\t\n\t\t\t\t\t<div class=\"w-100 anwp-pg-read-more mt-auto\">\n\t\t\t\t<a href=\"https:\/\/www.ims-chips.de\/?p=8624\" \t\t\t\t\tclass=\"anwp-pg-read-more__btn mt-3 mb-0 &lt;button type=&quot;button&quot; class=&quot;btn btn-link&quot; &gt;Link&lt;\/button&gt;\">\n\t\t\t\t\tweiterlesen &gt;&gt;\t\t\t\t<\/a>\n\t\t\t<\/div>\n\t\t\n\t<\/div>\n\n<\/div>\n<div class=\"anwp-pg-post-teaser anwp-pg-post-teaser--inner-cover-link anwp-pg-post-teaser--layout-d d-flex flex-column anwp-col-lg-3 anwp-col-sm-6 anwp-col-12 anwp-pg-post-teaser--with-read-more \">\n\t<div class=\"anwp-pg-post-teaser__thumbnail position-relative\">\n\n\t\t\n\t\t\n\t\t\t\t\t<img loading=\"lazy\" class=\"anwp-pg-post-teaser__thumbnail-img d-block anwp-pg-height-170 anwp-object-cover m-0 w-100\"\n\t\t\t\talt=\"IEEE SENSORS 2021\"\n\t\t\t\tsrc=\"https:\/\/www.ims-chips.de\/wp-content\/uploads\/2021\/10\/News_Bild_IEEE_Sensors_21.jpg\"\/>\n\t\t\n\t\t<div class=\"anwp-pg-post-teaser__thumbnail-bg anwp-position-cover\"><\/div>\n\n\t\t<a class=\"anwp-position-cover anwp-link-without-effects\" href=\"https:\/\/www.ims-chips.de\/?p=8693\" aria-hidden=\"true\" ><\/a>\n\t<\/div>\n\n\t<div class=\"anwp-pg-post-teaser__content flex-grow-1 pt-1 d-flex flex-column\">\n\n\t\t<div class=\"anwp-pg-post-teaser__title anwp-font-heading mt-2\">\n\t\t\t<a class=\"anwp-link-without-effects\" href=\"https:\/\/www.ims-chips.de\/?p=8693\" aria-hidden=\"true\" >\n\t\t\t\tIEEE SENSORS 2021\t\t\t<\/a>\n\t\t<\/div>\n\n\t\t<div class=\"anwp-pg-post-teaser__bottom-meta d-flex flex-wrap\">\n\n\t\t\t\t\t\t\t<div class=\"anwp-pg-post-teaser__bottom-meta-item d-flex align-items-center mr-3\">\n\t\t\t\t\t<svg class=\"anwp-pg-icon anwp-pg-icon--s16 mr-1\">\n\t\t\t\t\t\t<use xlink:href=\"#icon-anwp-pg-calendar\"><\/use>\n\t\t\t\t\t<\/svg>\n\t\t\t\t\t<span class=\"posted-on m-0\"><span class=\"screen-reader-text\">Posted on<\/span><time class=\"anwp-pg-published\" datetime=\"2021-10-25T11:18:20+02:00\">25. Oktober 2021<\/time><time class=\"anwp-pg-updated\" datetime=\"2022-03-30T11:49:48+02:00\">30. M\u00e4rz 2022<\/time><\/span>\n\t\t\t\t<\/div>\n\t\t\t\t\n\t\t\t\t\t<\/div>\n\n\t\t\t\t\t<div class=\"anwp-pg-post-teaser__excerpt mb-2\">\n\t\t\t\t31.10-04.11.2021. Virtual Conference..\t\t\t<\/div>\n\t\t\n\t\t\t\t\t<div class=\"w-100 anwp-pg-read-more mt-auto\">\n\t\t\t\t<a href=\"https:\/\/www.ims-chips.de\/?p=8693\" \t\t\t\t\tclass=\"anwp-pg-read-more__btn mt-3 mb-0 &lt;button type=&quot;button&quot; class=&quot;btn btn-link&quot; &gt;Link&lt;\/button&gt;\">\n\t\t\t\t\tweiterlesen &gt;&gt;\t\t\t\t<\/a>\n\t\t\t<\/div>\n\t\t\n\t<\/div>\n\n<\/div>\n<div class=\"anwp-pg-post-teaser anwp-pg-post-teaser--inner-cover-link anwp-pg-post-teaser--layout-d d-flex flex-column anwp-col-lg-3 anwp-col-sm-6 anwp-col-12 anwp-pg-post-teaser--with-read-more \">\n\t<div class=\"anwp-pg-post-teaser__thumbnail position-relative\">\n\n\t\t\n\t\t\n\t\t\t\t\t<img loading=\"lazy\" class=\"anwp-pg-post-teaser__thumbnail-img d-block anwp-pg-height-170 anwp-object-cover m-0 w-100\"\n\t\t\t\talt=\"Workshop Beams &#038; More IMS CHIPS 2021\"\n\t\t\t\tsrc=\"https:\/\/www.ims-chips.de\/wp-content\/uploads\/2021\/10\/News_Bild_BeamsMore_21-1.jpg\"\/>\n\t\t\n\t\t<div class=\"anwp-pg-post-teaser__thumbnail-bg anwp-position-cover\"><\/div>\n\n\t\t<a class=\"anwp-position-cover anwp-link-without-effects\" href=\"https:\/\/www.ims-chips.de\/?p=8675\" aria-hidden=\"true\" ><\/a>\n\t<\/div>\n\n\t<div class=\"anwp-pg-post-teaser__content flex-grow-1 pt-1 d-flex flex-column\">\n\n\t\t<div class=\"anwp-pg-post-teaser__title anwp-font-heading mt-2\">\n\t\t\t<a class=\"anwp-link-without-effects\" href=\"https:\/\/www.ims-chips.de\/?p=8675\" aria-hidden=\"true\" >\n\t\t\t\tWorkshop Beams &#038; More IMS CHIPS 2021\t\t\t<\/a>\n\t\t<\/div>\n\n\t\t<div class=\"anwp-pg-post-teaser__bottom-meta d-flex flex-wrap\">\n\n\t\t\t\t\t\t\t<div class=\"anwp-pg-post-teaser__bottom-meta-item d-flex align-items-center mr-3\">\n\t\t\t\t\t<svg class=\"anwp-pg-icon anwp-pg-icon--s16 mr-1\">\n\t\t\t\t\t\t<use xlink:href=\"#icon-anwp-pg-calendar\"><\/use>\n\t\t\t\t\t<\/svg>\n\t\t\t\t\t<span class=\"posted-on m-0\"><span class=\"screen-reader-text\">Posted on<\/span><time class=\"anwp-pg-published\" datetime=\"2021-10-08T10:38:25+02:00\">8. Oktober 2021<\/time><time class=\"anwp-pg-updated\" datetime=\"2022-03-30T11:27:29+02:00\">30. M\u00e4rz 2022<\/time><\/span>\n\t\t\t\t<\/div>\n\t\t\t\t\n\t\t\t\t\t<\/div>\n\n\t\t\t\t\t<div class=\"anwp-pg-post-teaser__excerpt mb-2\">\n\t\t\t\tWir freuen uns, Sie zu unserem 18. Workshop Beams &amp; More einladen zu d\u00fcrfen. Das Webinar findet am 18. November 2021 statt.\t\t\t<\/div>\n\t\t\n\t\t\t\t\t<div class=\"w-100 anwp-pg-read-more mt-auto\">\n\t\t\t\t<a href=\"https:\/\/www.ims-chips.de\/?p=8675\" \t\t\t\t\tclass=\"anwp-pg-read-more__btn mt-3 mb-0 &lt;button type=&quot;button&quot; class=&quot;btn btn-link&quot; &gt;Link&lt;\/button&gt;\">\n\t\t\t\t\tweiterlesen &gt;&gt;\t\t\t\t<\/a>\n\t\t\t<\/div>\n\t\t\n\t<\/div>\n\n<\/div>\n<div class=\"anwp-pg-post-teaser anwp-pg-post-teaser--inner-cover-link anwp-pg-post-teaser--layout-d d-flex flex-column anwp-col-lg-3 anwp-col-sm-6 anwp-col-12 anwp-pg-post-teaser--with-read-more \">\n\t<div class=\"anwp-pg-post-teaser__thumbnail position-relative\">\n\n\t\t\n\t\t\n\t\t\t\t\t<img loading=\"lazy\" class=\"anwp-pg-post-teaser__thumbnail-img d-block anwp-pg-height-170 anwp-object-cover m-0 w-100\"\n\t\t\t\talt=\"Mikroelektronik-Technologieseminar\"\n\t\t\t\tsrc=\"https:\/\/www.ims-chips.de\/wp-content\/uploads\/2021\/10\/News_Bild_TAE_Lehrgang_21.jpg\"\/>\n\t\t\n\t\t<div class=\"anwp-pg-post-teaser__thumbnail-bg anwp-position-cover\"><\/div>\n\n\t\t<a class=\"anwp-position-cover anwp-link-without-effects\" href=\"https:\/\/www.ims-chips.de\/?p=8615\" aria-hidden=\"true\" ><\/a>\n\t<\/div>\n\n\t<div class=\"anwp-pg-post-teaser__content flex-grow-1 pt-1 d-flex flex-column\">\n\n\t\t<div class=\"anwp-pg-post-teaser__title anwp-font-heading mt-2\">\n\t\t\t<a class=\"anwp-link-without-effects\" href=\"https:\/\/www.ims-chips.de\/?p=8615\" aria-hidden=\"true\" >\n\t\t\t\tMikroelektronik-Technologieseminar\t\t\t<\/a>\n\t\t<\/div>\n\n\t\t<div class=\"anwp-pg-post-teaser__bottom-meta d-flex flex-wrap\">\n\n\t\t\t\t\t\t\t<div class=\"anwp-pg-post-teaser__bottom-meta-item d-flex align-items-center mr-3\">\n\t\t\t\t\t<svg class=\"anwp-pg-icon anwp-pg-icon--s16 mr-1\">\n\t\t\t\t\t\t<use xlink:href=\"#icon-anwp-pg-calendar\"><\/use>\n\t\t\t\t\t<\/svg>\n\t\t\t\t\t<span class=\"posted-on m-0\"><span class=\"screen-reader-text\">Posted on<\/span><time class=\"anwp-pg-published\" datetime=\"2021-10-04T09:01:15+02:00\">4. Oktober 2021<\/time><time class=\"anwp-pg-updated\" datetime=\"2022-02-03T09:32:26+01:00\">3. Februar 2022<\/time><\/span>\n\t\t\t\t<\/div>\n\t\t\t\t\n\t\t\t\t\t<\/div>\n\n\t\t\t\t\t<div class=\"anwp-pg-post-teaser__excerpt mb-2\">\n\t\t\t\tSeminar der Technischen Akademie Esslingen; Webex Live Online Seminar, 13.10.2021 - 15.10.2021\t\t\t<\/div>\n\t\t\n\t\t\t\t\t<div class=\"w-100 anwp-pg-read-more mt-auto\">\n\t\t\t\t<a href=\"https:\/\/www.ims-chips.de\/?p=8615\" \t\t\t\t\tclass=\"anwp-pg-read-more__btn mt-3 mb-0 &lt;button type=&quot;button&quot; class=&quot;btn btn-link&quot; &gt;Link&lt;\/button&gt;\">\n\t\t\t\t\tweiterlesen &gt;&gt;\t\t\t\t<\/a>\n\t\t\t<\/div>\n\t\t\n\t<\/div>\n\n<\/div>\n<div class=\"anwp-pg-post-teaser anwp-pg-post-teaser--inner-cover-link anwp-pg-post-teaser--layout-d d-flex flex-column anwp-col-lg-3 anwp-col-sm-6 anwp-col-12 anwp-pg-post-teaser--with-read-more \">\n\t<div class=\"anwp-pg-post-teaser__thumbnail position-relative\">\n\n\t\t\n\t\t\n\t\t\t\t\t<img loading=\"lazy\" class=\"anwp-pg-post-teaser__thumbnail-img d-block anwp-pg-height-170 anwp-object-cover m-0 w-100\"\n\t\t\t\talt=\"European Technology Platform on Smart Systems Integration 2021\"\n\t\t\t\tsrc=\"https:\/\/www.ims-chips.de\/wp-content\/uploads\/2021\/09\/News_Bild_EPOSS_Konferenz_21.jpg\"\/>\n\t\t\n\t\t<div class=\"anwp-pg-post-teaser__thumbnail-bg anwp-position-cover\"><\/div>\n\n\t\t<a class=\"anwp-position-cover anwp-link-without-effects\" href=\"https:\/\/www.ims-chips.de\/?p=8600\" aria-hidden=\"true\" ><\/a>\n\t<\/div>\n\n\t<div class=\"anwp-pg-post-teaser__content flex-grow-1 pt-1 d-flex flex-column\">\n\n\t\t<div class=\"anwp-pg-post-teaser__title anwp-font-heading mt-2\">\n\t\t\t<a class=\"anwp-link-without-effects\" href=\"https:\/\/www.ims-chips.de\/?p=8600\" aria-hidden=\"true\" >\n\t\t\t\tEuropean Technology Platform on Smart Systems Integration 2021\t\t\t<\/a>\n\t\t<\/div>\n\n\t\t<div class=\"anwp-pg-post-teaser__bottom-meta d-flex flex-wrap\">\n\n\t\t\t\t\t\t\t<div class=\"anwp-pg-post-teaser__bottom-meta-item d-flex align-items-center mr-3\">\n\t\t\t\t\t<svg class=\"anwp-pg-icon anwp-pg-icon--s16 mr-1\">\n\t\t\t\t\t\t<use xlink:href=\"#icon-anwp-pg-calendar\"><\/use>\n\t\t\t\t\t<\/svg>\n\t\t\t\t\t<span class=\"posted-on m-0\"><span class=\"screen-reader-text\">Posted on<\/span><time class=\"anwp-pg-published\" datetime=\"2021-09-28T10:59:04+02:00\">28. September 2021<\/time><time class=\"anwp-pg-updated\" datetime=\"2022-01-20T14:06:28+01:00\">20. Januar 2022<\/time><\/span>\n\t\t\t\t<\/div>\n\t\t\t\t\n\t\t\t\t\t<\/div>\n\n\t\t\t\t\t<div class=\"anwp-pg-post-teaser__excerpt mb-2\">\n\t\t\t\tDas IMS ist mit einem Vortrag auf der European Technology Platform on Smart Systems Integration (EPOSS) 2021 vertreten.\t\t\t<\/div>\n\t\t\n\t\t\t\t\t<div class=\"w-100 anwp-pg-read-more mt-auto\">\n\t\t\t\t<a href=\"https:\/\/www.ims-chips.de\/?p=8600\" \t\t\t\t\tclass=\"anwp-pg-read-more__btn mt-3 mb-0 &lt;button type=&quot;button&quot; class=&quot;btn btn-link&quot; &gt;Link&lt;\/button&gt;\">\n\t\t\t\t\tweiterlesen &gt;&gt;\t\t\t\t<\/a>\n\t\t\t<\/div>\n\t\t\n\t<\/div>\n\n<\/div>\n<div class=\"anwp-pg-post-teaser anwp-pg-post-teaser--inner-cover-link anwp-pg-post-teaser--layout-d d-flex flex-column anwp-col-lg-3 anwp-col-sm-6 anwp-col-12 anwp-pg-post-teaser--with-read-more \">\n\t<div class=\"anwp-pg-post-teaser__thumbnail position-relative\">\n\n\t\t\n\t\t\n\t\t\t\t\t<img loading=\"lazy\" class=\"anwp-pg-post-teaser__thumbnail-img d-block anwp-pg-height-170 anwp-object-cover m-0 w-100\"\n\t\t\t\talt=\"2021 International Image Sensor Workshop (IISW)\"\n\t\t\t\tsrc=\"https:\/\/www.ims-chips.de\/wp-content\/uploads\/2021\/09\/News_Bild_IISW_Workshop_21.jpg\"\/>\n\t\t\n\t\t<div class=\"anwp-pg-post-teaser__thumbnail-bg anwp-position-cover\"><\/div>\n\n\t\t<a class=\"anwp-position-cover anwp-link-without-effects\" href=\"https:\/\/www.ims-chips.de\/?p=8566\" aria-hidden=\"true\" ><\/a>\n\t<\/div>\n\n\t<div class=\"anwp-pg-post-teaser__content flex-grow-1 pt-1 d-flex flex-column\">\n\n\t\t<div class=\"anwp-pg-post-teaser__title anwp-font-heading mt-2\">\n\t\t\t<a class=\"anwp-link-without-effects\" href=\"https:\/\/www.ims-chips.de\/?p=8566\" aria-hidden=\"true\" >\n\t\t\t\t2021 International Image Sensor Workshop (IISW)\t\t\t<\/a>\n\t\t<\/div>\n\n\t\t<div class=\"anwp-pg-post-teaser__bottom-meta d-flex flex-wrap\">\n\n\t\t\t\t\t\t\t<div class=\"anwp-pg-post-teaser__bottom-meta-item d-flex align-items-center mr-3\">\n\t\t\t\t\t<svg class=\"anwp-pg-icon anwp-pg-icon--s16 mr-1\">\n\t\t\t\t\t\t<use xlink:href=\"#icon-anwp-pg-calendar\"><\/use>\n\t\t\t\t\t<\/svg>\n\t\t\t\t\t<span class=\"posted-on m-0\"><span class=\"screen-reader-text\">Posted on<\/span><time class=\"anwp-pg-published\" datetime=\"2021-09-17T09:56:55+02:00\">17. September 2021<\/time><time class=\"anwp-pg-updated\" datetime=\"2021-11-25T08:50:42+01:00\">25. November 2021<\/time><\/span>\n\t\t\t\t<\/div>\n\t\t\t\t\n\t\t\t\t\t<\/div>\n\n\t\t\t\t\t<div class=\"anwp-pg-post-teaser__excerpt mb-2\">\n\t\t\t\tDas IMS ist mit einem Vortrag auf dem International Image Sensor Workshop 2021 vertreten.\t\t\t<\/div>\n\t\t\n\t\t\t\t\t<div class=\"w-100 anwp-pg-read-more mt-auto\">\n\t\t\t\t<a href=\"https:\/\/www.ims-chips.de\/?p=8566\" \t\t\t\t\tclass=\"anwp-pg-read-more__btn mt-3 mb-0 &lt;button type=&quot;button&quot; class=&quot;btn btn-link&quot; &gt;Link&lt;\/button&gt;\">\n\t\t\t\t\tweiterlesen &gt;&gt;\t\t\t\t<\/a>\n\t\t\t<\/div>\n\t\t\n\t<\/div>\n\n<\/div>\n<div class=\"anwp-pg-post-teaser anwp-pg-post-teaser--inner-cover-link anwp-pg-post-teaser--layout-d d-flex flex-column anwp-col-lg-3 anwp-col-sm-6 anwp-col-12 anwp-pg-post-teaser--with-read-more \">\n\t<div class=\"anwp-pg-post-teaser__thumbnail position-relative\">\n\n\t\t\n\t\t\n\t\t\t\t\t<img loading=\"lazy\" class=\"anwp-pg-post-teaser__thumbnail-img d-block anwp-pg-height-170 anwp-object-cover m-0 w-100\"\n\t\t\t\talt=\"ID2PPAC \u2013 Integration von Prozessen und Modulen f\u00fcr den 2-nm-Knoten\"\n\t\t\t\tsrc=\"https:\/\/www.ims-chips.de\/wp-content\/uploads\/2021\/07\/News_Projekt_ID2PPAC_21.jpg\"\/>\n\t\t\n\t\t<div class=\"anwp-pg-post-teaser__thumbnail-bg anwp-position-cover\"><\/div>\n\n\t\t<a class=\"anwp-position-cover anwp-link-without-effects\" href=\"https:\/\/www.ims-chips.de\/?p=8497\" aria-hidden=\"true\" ><\/a>\n\t<\/div>\n\n\t<div class=\"anwp-pg-post-teaser__content flex-grow-1 pt-1 d-flex flex-column\">\n\n\t\t<div class=\"anwp-pg-post-teaser__title anwp-font-heading mt-2\">\n\t\t\t<a class=\"anwp-link-without-effects\" href=\"https:\/\/www.ims-chips.de\/?p=8497\" aria-hidden=\"true\" >\n\t\t\t\tID2PPAC \u2013 Integration von Prozessen und Modulen f\u00fcr den 2-nm-Knoten\t\t\t<\/a>\n\t\t<\/div>\n\n\t\t<div class=\"anwp-pg-post-teaser__bottom-meta d-flex flex-wrap\">\n\n\t\t\t\t\t\t\t<div class=\"anwp-pg-post-teaser__bottom-meta-item d-flex align-items-center mr-3\">\n\t\t\t\t\t<svg class=\"anwp-pg-icon anwp-pg-icon--s16 mr-1\">\n\t\t\t\t\t\t<use xlink:href=\"#icon-anwp-pg-calendar\"><\/use>\n\t\t\t\t\t<\/svg>\n\t\t\t\t\t<span class=\"posted-on m-0\"><span class=\"screen-reader-text\">Posted on<\/span><time class=\"anwp-pg-published\" datetime=\"2021-07-15T09:31:45+02:00\">15. Juli 2021<\/time><time class=\"anwp-pg-updated\" datetime=\"2021-11-16T13:01:54+01:00\">16. November 2021<\/time><\/span>\n\t\t\t\t<\/div>\n\t\t\t\t\n\t\t\t\t\t<\/div>\n\n\t\t\t\t\t<div class=\"anwp-pg-post-teaser__excerpt mb-2\">\n\t\t\t\tIm Projekt ID2PPAC werden die im Vorg\u00e4ngerprojekt IT2 identifizierten Technologiel\u00f6sungen f\u00fcr den 2-nm-Knoten konsolidiert und integriert.\t\t\t<\/div>\n\t\t\n\t\t\t\t\t<div class=\"w-100 anwp-pg-read-more mt-auto\">\n\t\t\t\t<a href=\"https:\/\/www.ims-chips.de\/?p=8497\" \t\t\t\t\tclass=\"anwp-pg-read-more__btn mt-3 mb-0 &lt;button type=&quot;button&quot; class=&quot;btn btn-link&quot; &gt;Link&lt;\/button&gt;\">\n\t\t\t\t\tweiterlesen &gt;&gt;\t\t\t\t<\/a>\n\t\t\t<\/div>\n\t\t\n\t<\/div>\n\n<\/div>\n<div class=\"anwp-pg-post-teaser anwp-pg-post-teaser--inner-cover-link anwp-pg-post-teaser--layout-d d-flex flex-column anwp-col-lg-3 anwp-col-sm-6 anwp-col-12 anwp-pg-post-teaser--with-read-more \">\n\t<div class=\"anwp-pg-post-teaser__thumbnail position-relative\">\n\n\t\t\n\t\t\n\t\t\t\t\t<img loading=\"lazy\" class=\"anwp-pg-post-teaser__thumbnail-img d-block anwp-pg-height-170 anwp-object-cover m-0 w-100\"\n\t\t\t\talt=\"Open Innovation Kongress Baden-W\u00fcrttemberg 2021\"\n\t\t\t\tsrc=\"https:\/\/www.ims-chips.de\/wp-content\/uploads\/2021\/06\/News_Bild_Open-Innovation-Kongress_21_eng.jpg\"\/>\n\t\t\n\t\t<div class=\"anwp-pg-post-teaser__thumbnail-bg anwp-position-cover\"><\/div>\n\n\t\t<a class=\"anwp-position-cover anwp-link-without-effects\" href=\"https:\/\/www.ims-chips.de\/?p=8465\" aria-hidden=\"true\" ><\/a>\n\t<\/div>\n\n\t<div class=\"anwp-pg-post-teaser__content flex-grow-1 pt-1 d-flex flex-column\">\n\n\t\t<div class=\"anwp-pg-post-teaser__title anwp-font-heading mt-2\">\n\t\t\t<a class=\"anwp-link-without-effects\" href=\"https:\/\/www.ims-chips.de\/?p=8465\" aria-hidden=\"true\" >\n\t\t\t\tOpen Innovation Kongress Baden-W\u00fcrttemberg 2021\t\t\t<\/a>\n\t\t<\/div>\n\n\t\t<div class=\"anwp-pg-post-teaser__bottom-meta d-flex flex-wrap\">\n\n\t\t\t\t\t\t\t<div class=\"anwp-pg-post-teaser__bottom-meta-item d-flex align-items-center mr-3\">\n\t\t\t\t\t<svg class=\"anwp-pg-icon anwp-pg-icon--s16 mr-1\">\n\t\t\t\t\t\t<use xlink:href=\"#icon-anwp-pg-calendar\"><\/use>\n\t\t\t\t\t<\/svg>\n\t\t\t\t\t<span class=\"posted-on m-0\"><span class=\"screen-reader-text\">Posted on<\/span><time class=\"anwp-pg-published\" datetime=\"2021-06-14T10:17:32+02:00\">14. Juni 2021<\/time><time class=\"anwp-pg-updated\" datetime=\"2021-10-26T12:42:58+02:00\">26. Oktober 2021<\/time><\/span>\n\t\t\t\t<\/div>\n\t\t\t\t\n\t\t\t\t\t<\/div>\n\n\t\t\t\t\t<div class=\"anwp-pg-post-teaser__excerpt mb-2\">\n\t\t\t\tEs erwarten Sie viele spannende Diskussionen und Einblicke in Open Innovation aus der Praxis. Montag, 28.06.2021, 9:30\u201316:00 Uhr. Virtuelle Veranstaltung.\t\t\t<\/div>\n\t\t\n\t\t\t\t\t<div class=\"w-100 anwp-pg-read-more mt-auto\">\n\t\t\t\t<a href=\"https:\/\/www.ims-chips.de\/?p=8465\" \t\t\t\t\tclass=\"anwp-pg-read-more__btn mt-3 mb-0 &lt;button type=&quot;button&quot; class=&quot;btn btn-link&quot; &gt;Link&lt;\/button&gt;\">\n\t\t\t\t\tweiterlesen &gt;&gt;\t\t\t\t<\/a>\n\t\t\t<\/div>\n\t\t\n\t<\/div>\n\n<\/div>\n<div class=\"anwp-pg-post-teaser anwp-pg-post-teaser--inner-cover-link anwp-pg-post-teaser--layout-d d-flex flex-column anwp-col-lg-3 anwp-col-sm-6 anwp-col-12 anwp-pg-post-teaser--with-read-more \">\n\t<div class=\"anwp-pg-post-teaser__thumbnail position-relative\">\n\n\t\t\n\t\t\n\t\t\t\t\t<img loading=\"lazy\" class=\"anwp-pg-post-teaser__thumbnail-img d-block anwp-pg-height-170 anwp-object-cover m-0 w-100\"\n\t\t\t\talt=\"IMS Newsletter 1\/21\"\n\t\t\t\tsrc=\"https:\/\/www.ims-chips.de\/wp-content\/uploads\/2021\/06\/News_Bild_Newsletter_1_21.jpg\"\/>\n\t\t\n\t\t<div class=\"anwp-pg-post-teaser__thumbnail-bg anwp-position-cover\"><\/div>\n\n\t\t<a class=\"anwp-position-cover anwp-link-without-effects\" href=\"https:\/\/www.ims-chips.de\/?p=8454\" aria-hidden=\"true\" ><\/a>\n\t<\/div>\n\n\t<div class=\"anwp-pg-post-teaser__content flex-grow-1 pt-1 d-flex flex-column\">\n\n\t\t<div class=\"anwp-pg-post-teaser__title anwp-font-heading mt-2\">\n\t\t\t<a class=\"anwp-link-without-effects\" href=\"https:\/\/www.ims-chips.de\/?p=8454\" aria-hidden=\"true\" >\n\t\t\t\tIMS Newsletter 1\/21\t\t\t<\/a>\n\t\t<\/div>\n\n\t\t<div class=\"anwp-pg-post-teaser__bottom-meta d-flex flex-wrap\">\n\n\t\t\t\t\t\t\t<div class=\"anwp-pg-post-teaser__bottom-meta-item d-flex align-items-center mr-3\">\n\t\t\t\t\t<svg class=\"anwp-pg-icon anwp-pg-icon--s16 mr-1\">\n\t\t\t\t\t\t<use xlink:href=\"#icon-anwp-pg-calendar\"><\/use>\n\t\t\t\t\t<\/svg>\n\t\t\t\t\t<span class=\"posted-on m-0\"><span class=\"screen-reader-text\">Posted on<\/span><time class=\"anwp-pg-published\" datetime=\"2021-06-09T11:08:48+02:00\">9. Juni 2021<\/time><time class=\"anwp-pg-updated\" datetime=\"2021-10-25T11:24:16+02:00\">25. Oktober 2021<\/time><\/span>\n\t\t\t\t<\/div>\n\t\t\t\t\n\t\t\t\t\t<\/div>\n\n\t\t\t\t\t<div class=\"anwp-pg-post-teaser__excerpt mb-2\">\n\t\t\t\tMit dem Newsletter1\/2021 m\u00f6chten wir Sie \u00fcber aktuelle Aktivit\u00e4ten am Institut f\u00fcr Mikroelektronik Stuttgart informieren.\t\t\t<\/div>\n\t\t\n\t\t\t\t\t<div class=\"w-100 anwp-pg-read-more mt-auto\">\n\t\t\t\t<a href=\"https:\/\/www.ims-chips.de\/?p=8454\" \t\t\t\t\tclass=\"anwp-pg-read-more__btn mt-3 mb-0 &lt;button type=&quot;button&quot; class=&quot;btn btn-link&quot; &gt;Link&lt;\/button&gt;\">\n\t\t\t\t\tweiterlesen &gt;&gt;\t\t\t\t<\/a>\n\t\t\t<\/div>\n\t\t\n\t<\/div>\n\n<\/div>\n<div class=\"anwp-pg-post-teaser anwp-pg-post-teaser--inner-cover-link anwp-pg-post-teaser--layout-d d-flex flex-column anwp-col-lg-3 anwp-col-sm-6 anwp-col-12 anwp-pg-post-teaser--with-read-more \">\n\t<div class=\"anwp-pg-post-teaser__thumbnail position-relative\">\n\n\t\t\n\t\t\n\t\t\t\t\t<img loading=\"lazy\" class=\"anwp-pg-post-teaser__thumbnail-img d-block anwp-pg-height-170 anwp-object-cover m-0 w-100\"\n\t\t\t\talt=\"Edge-AI: K\u00fcnstliche Intelligenz f\u00fcr die industrielle Anwendung\"\n\t\t\t\tsrc=\"https:\/\/www.ims-chips.de\/wp-content\/uploads\/2021\/05\/News_Projekt_DoRiE_21.jpg\"\/>\n\t\t\n\t\t<div class=\"anwp-pg-post-teaser__thumbnail-bg anwp-position-cover\"><\/div>\n\n\t\t<a class=\"anwp-position-cover anwp-link-without-effects\" href=\"https:\/\/www.ims-chips.de\/?p=8359\" aria-hidden=\"true\" ><\/a>\n\t<\/div>\n\n\t<div class=\"anwp-pg-post-teaser__content flex-grow-1 pt-1 d-flex flex-column\">\n\n\t\t<div class=\"anwp-pg-post-teaser__title anwp-font-heading mt-2\">\n\t\t\t<a class=\"anwp-link-without-effects\" href=\"https:\/\/www.ims-chips.de\/?p=8359\" aria-hidden=\"true\" >\n\t\t\t\tEdge-AI: K\u00fcnstliche Intelligenz f\u00fcr die industrielle Anwendung\t\t\t<\/a>\n\t\t<\/div>\n\n\t\t<div class=\"anwp-pg-post-teaser__bottom-meta d-flex flex-wrap\">\n\n\t\t\t\t\t\t\t<div class=\"anwp-pg-post-teaser__bottom-meta-item d-flex align-items-center mr-3\">\n\t\t\t\t\t<svg class=\"anwp-pg-icon anwp-pg-icon--s16 mr-1\">\n\t\t\t\t\t\t<use xlink:href=\"#icon-anwp-pg-calendar\"><\/use>\n\t\t\t\t\t<\/svg>\n\t\t\t\t\t<span class=\"posted-on m-0\"><span class=\"screen-reader-text\">Posted on<\/span><time class=\"anwp-pg-published\" datetime=\"2021-05-17T09:31:00+02:00\">17. Mai 2021<\/time><time class=\"anwp-pg-updated\" datetime=\"2021-10-08T10:44:04+02:00\">8. Oktober 2021<\/time><\/span>\n\t\t\t\t<\/div>\n\t\t\t\t\n\t\t\t\t\t<\/div>\n\n\t\t\t\t\t<div class=\"anwp-pg-post-teaser__excerpt mb-2\">\n\t\t\t\tDas Ministerium f\u00fcr Wirtschaft, Arbeit und Tourismus Baden-W\u00fcrttemberg f\u00f6rdert das Verbundprojekt DoRiE.\t\t\t<\/div>\n\t\t\n\t\t\t\t\t<div class=\"w-100 anwp-pg-read-more mt-auto\">\n\t\t\t\t<a href=\"https:\/\/www.ims-chips.de\/?p=8359\" \t\t\t\t\tclass=\"anwp-pg-read-more__btn mt-3 mb-0 &lt;button type=&quot;button&quot; class=&quot;btn btn-link&quot; &gt;Link&lt;\/button&gt;\">\n\t\t\t\t\tweiterlesen &gt;&gt;\t\t\t\t<\/a>\n\t\t\t<\/div>\n\t\t\n\t<\/div>\n\n<\/div>\n<div class=\"anwp-pg-post-teaser anwp-pg-post-teaser--inner-cover-link anwp-pg-post-teaser--layout-d d-flex flex-column anwp-col-lg-3 anwp-col-sm-6 anwp-col-12 anwp-pg-post-teaser--with-read-more \">\n\t<div class=\"anwp-pg-post-teaser__thumbnail position-relative\">\n\n\t\t\n\t\t\n\t\t\t\t\t<img loading=\"lazy\" class=\"anwp-pg-post-teaser__thumbnail-img d-block anwp-pg-height-170 anwp-object-cover m-0 w-100\"\n\t\t\t\talt=\"\u201e100 Orte\u201c f\u00fcr Industrie 4.0 virtuell erleben! bei IMS CHIPS\"\n\t\t\t\tsrc=\"https:\/\/www.ims-chips.de\/wp-content\/uploads\/2021\/05\/News_Bild_100_Orte_21.jpg\"\/>\n\t\t\n\t\t<div class=\"anwp-pg-post-teaser__thumbnail-bg anwp-position-cover\"><\/div>\n\n\t\t<a class=\"anwp-position-cover anwp-link-without-effects\" href=\"https:\/\/www.ims-chips.de\/?p=8347\" aria-hidden=\"true\" ><\/a>\n\t<\/div>\n\n\t<div class=\"anwp-pg-post-teaser__content flex-grow-1 pt-1 d-flex flex-column\">\n\n\t\t<div class=\"anwp-pg-post-teaser__title anwp-font-heading mt-2\">\n\t\t\t<a class=\"anwp-link-without-effects\" href=\"https:\/\/www.ims-chips.de\/?p=8347\" aria-hidden=\"true\" >\n\t\t\t\t\u201e100 Orte\u201c f\u00fcr Industrie 4.0 virtuell erleben! bei IMS CHIPS\t\t\t<\/a>\n\t\t<\/div>\n\n\t\t<div class=\"anwp-pg-post-teaser__bottom-meta d-flex flex-wrap\">\n\n\t\t\t\t\t\t\t<div class=\"anwp-pg-post-teaser__bottom-meta-item d-flex align-items-center mr-3\">\n\t\t\t\t\t<svg class=\"anwp-pg-icon anwp-pg-icon--s16 mr-1\">\n\t\t\t\t\t\t<use xlink:href=\"#icon-anwp-pg-calendar\"><\/use>\n\t\t\t\t\t<\/svg>\n\t\t\t\t\t<span class=\"posted-on m-0\"><span class=\"screen-reader-text\">Posted on<\/span><time class=\"anwp-pg-published\" datetime=\"2021-05-10T11:24:49+02:00\">10. Mai 2021<\/time><time class=\"anwp-pg-updated\" datetime=\"2021-10-05T10:51:37+02:00\">5. Oktober 2021<\/time><\/span>\n\t\t\t\t<\/div>\n\t\t\t\t\n\t\t\t\t\t<\/div>\n\n\t\t\t\t\t<div class=\"anwp-pg-post-teaser__excerpt mb-2\">\n\t\t\t\tWir laden Sie herzlich zu dem Event aus der Reihe \u201e100 Orte f\u00fcr Industrie 4.0 virtuell erleben\u201c ein. Am Donnerstag, 17.06.2021, 14:00\u201316:00 Uhr. Online, mit GoToMeeting.\t\t\t<\/div>\n\t\t\n\t\t\t\t\t<div class=\"w-100 anwp-pg-read-more mt-auto\">\n\t\t\t\t<a href=\"https:\/\/www.ims-chips.de\/?p=8347\" \t\t\t\t\tclass=\"anwp-pg-read-more__btn mt-3 mb-0 &lt;button type=&quot;button&quot; class=&quot;btn btn-link&quot; &gt;Link&lt;\/button&gt;\">\n\t\t\t\t\tweiterlesen &gt;&gt;\t\t\t\t<\/a>\n\t\t\t<\/div>\n\t\t\n\t<\/div>\n\n<\/div>\n<div class=\"anwp-pg-post-teaser anwp-pg-post-teaser--inner-cover-link anwp-pg-post-teaser--layout-d d-flex flex-column anwp-col-lg-3 anwp-col-sm-6 anwp-col-12 anwp-pg-post-teaser--with-read-more \">\n\t<div class=\"anwp-pg-post-teaser__thumbnail position-relative\">\n\n\t\t\n\t\t\n\t\t\t\t\t<img loading=\"lazy\" class=\"anwp-pg-post-teaser__thumbnail-img d-block anwp-pg-height-170 anwp-object-cover m-0 w-100\"\n\t\t\t\talt=\"Hannover Messe HMI 2021\"\n\t\t\t\tsrc=\"https:\/\/www.ims-chips.de\/wp-content\/uploads\/2021\/04\/News_Hannover_Messe_21.jpg\"\/>\n\t\t\n\t\t<div class=\"anwp-pg-post-teaser__thumbnail-bg anwp-position-cover\"><\/div>\n\n\t\t<a class=\"anwp-position-cover anwp-link-without-effects\" href=\"https:\/\/www.ims-chips.de\/?p=7929\" aria-hidden=\"true\" ><\/a>\n\t<\/div>\n\n\t<div class=\"anwp-pg-post-teaser__content flex-grow-1 pt-1 d-flex flex-column\">\n\n\t\t<div class=\"anwp-pg-post-teaser__title anwp-font-heading mt-2\">\n\t\t\t<a class=\"anwp-link-without-effects\" href=\"https:\/\/www.ims-chips.de\/?p=7929\" aria-hidden=\"true\" >\n\t\t\t\tHannover Messe HMI 2021\t\t\t<\/a>\n\t\t<\/div>\n\n\t\t<div class=\"anwp-pg-post-teaser__bottom-meta d-flex flex-wrap\">\n\n\t\t\t\t\t\t\t<div class=\"anwp-pg-post-teaser__bottom-meta-item d-flex align-items-center mr-3\">\n\t\t\t\t\t<svg class=\"anwp-pg-icon anwp-pg-icon--s16 mr-1\">\n\t\t\t\t\t\t<use xlink:href=\"#icon-anwp-pg-calendar\"><\/use>\n\t\t\t\t\t<\/svg>\n\t\t\t\t\t<span class=\"posted-on m-0\"><span class=\"screen-reader-text\">Posted on<\/span><time class=\"anwp-pg-published\" datetime=\"2021-04-08T09:50:28+02:00\">8. April 2021<\/time><time class=\"anwp-pg-updated\" datetime=\"2021-10-04T09:16:22+02:00\">4. Oktober 2021<\/time><\/span>\n\t\t\t\t<\/div>\n\t\t\t\t\n\t\t\t\t\t<\/div>\n\n\t\t\t\t\t<div class=\"anwp-pg-post-teaser__excerpt mb-2\">\n\t\t\t\tIMS CHIPS ist Aussteller im Baden-W\u00fcrttemberg Pavillion auf der virtuellen Hannover Messe 2021.\t\t\t<\/div>\n\t\t\n\t\t\t\t\t<div class=\"w-100 anwp-pg-read-more mt-auto\">\n\t\t\t\t<a href=\"https:\/\/www.ims-chips.de\/?p=7929\" \t\t\t\t\tclass=\"anwp-pg-read-more__btn mt-3 mb-0 &lt;button type=&quot;button&quot; class=&quot;btn btn-link&quot; &gt;Link&lt;\/button&gt;\">\n\t\t\t\t\tweiterlesen &gt;&gt;\t\t\t\t<\/a>\n\t\t\t<\/div>\n\t\t\n\t<\/div>\n\n<\/div>\n<div class=\"anwp-pg-post-teaser anwp-pg-post-teaser--inner-cover-link anwp-pg-post-teaser--layout-d d-flex flex-column anwp-col-lg-3 anwp-col-sm-6 anwp-col-12 anwp-pg-post-teaser--with-read-more \">\n\t<div class=\"anwp-pg-post-teaser__thumbnail position-relative\">\n\n\t\t\n\t\t\n\t\t\t\t\t<img loading=\"lazy\" class=\"anwp-pg-post-teaser__thumbnail-img d-block anwp-pg-height-170 anwp-object-cover m-0 w-100\"\n\t\t\t\talt=\"Grundfinanzierung f\u00fcr Forschungsinstitute der InnBW\"\n\t\t\t\tsrc=\"https:\/\/www.ims-chips.de\/wp-content\/uploads\/2021\/04\/News_Grundfinanzierung_innBW_21.jpg\"\/>\n\t\t\n\t\t<div class=\"anwp-pg-post-teaser__thumbnail-bg anwp-position-cover\"><\/div>\n\n\t\t<a class=\"anwp-position-cover anwp-link-without-effects\" href=\"https:\/\/www.ims-chips.de\/?p=8068\" aria-hidden=\"true\" ><\/a>\n\t<\/div>\n\n\t<div class=\"anwp-pg-post-teaser__content flex-grow-1 pt-1 d-flex flex-column\">\n\n\t\t<div class=\"anwp-pg-post-teaser__title anwp-font-heading mt-2\">\n\t\t\t<a class=\"anwp-link-without-effects\" href=\"https:\/\/www.ims-chips.de\/?p=8068\" aria-hidden=\"true\" >\n\t\t\t\tGrundfinanzierung f\u00fcr Forschungsinstitute der InnBW\t\t\t<\/a>\n\t\t<\/div>\n\n\t\t<div class=\"anwp-pg-post-teaser__bottom-meta d-flex flex-wrap\">\n\n\t\t\t\t\t\t\t<div class=\"anwp-pg-post-teaser__bottom-meta-item d-flex align-items-center mr-3\">\n\t\t\t\t\t<svg class=\"anwp-pg-icon anwp-pg-icon--s16 mr-1\">\n\t\t\t\t\t\t<use xlink:href=\"#icon-anwp-pg-calendar\"><\/use>\n\t\t\t\t\t<\/svg>\n\t\t\t\t\t<span class=\"posted-on m-0\"><span class=\"screen-reader-text\">Posted on<\/span><time class=\"anwp-pg-published\" datetime=\"2021-03-17T10:12:27+01:00\">17. M\u00e4rz 2021<\/time><time class=\"anwp-pg-updated\" datetime=\"2021-09-28T11:05:21+02:00\">28. September 2021<\/time><\/span>\n\t\t\t\t<\/div>\n\t\t\t\t\n\t\t\t\t\t<\/div>\n\n\t\t\t\t\t<div class=\"anwp-pg-post-teaser__excerpt mb-2\">\n\t\t\t\t35,2 Millionen Euro f\u00fcr Forschungsinstitute der Innovationsallianz Baden-W\u00fcrttemberg (InnBW)\t\t\t<\/div>\n\t\t\n\t\t\t\t\t<div class=\"w-100 anwp-pg-read-more mt-auto\">\n\t\t\t\t<a href=\"https:\/\/www.ims-chips.de\/?p=8068\" \t\t\t\t\tclass=\"anwp-pg-read-more__btn mt-3 mb-0 &lt;button type=&quot;button&quot; class=&quot;btn btn-link&quot; &gt;Link&lt;\/button&gt;\">\n\t\t\t\t\tweiterlesen &gt;&gt;\t\t\t\t<\/a>\n\t\t\t<\/div>\n\t\t\n\t<\/div>\n\n<\/div>\n<div class=\"anwp-pg-post-teaser anwp-pg-post-teaser--inner-cover-link anwp-pg-post-teaser--layout-d d-flex flex-column anwp-col-lg-3 anwp-col-sm-6 anwp-col-12 anwp-pg-post-teaser--with-read-more \">\n\t<div class=\"anwp-pg-post-teaser__thumbnail position-relative\">\n\n\t\t\n\t\t\n\t\t\t\t\t<img loading=\"lazy\" class=\"anwp-pg-post-teaser__thumbnail-img d-block anwp-pg-height-170 anwp-object-cover m-0 w-100\"\n\t\t\t\talt=\"microTEC S\u00fcdwest Clusterkonferenz (digital) 2021\"\n\t\t\t\tsrc=\"https:\/\/www.ims-chips.de\/wp-content\/uploads\/2021\/03\/News_Bild_Clusterkonferenz_21.jpg\"\/>\n\t\t\n\t\t<div class=\"anwp-pg-post-teaser__thumbnail-bg anwp-position-cover\"><\/div>\n\n\t\t<a class=\"anwp-position-cover anwp-link-without-effects\" href=\"https:\/\/www.ims-chips.de\/?p=7164\" aria-hidden=\"true\" ><\/a>\n\t<\/div>\n\n\t<div class=\"anwp-pg-post-teaser__content flex-grow-1 pt-1 d-flex flex-column\">\n\n\t\t<div class=\"anwp-pg-post-teaser__title anwp-font-heading mt-2\">\n\t\t\t<a class=\"anwp-link-without-effects\" href=\"https:\/\/www.ims-chips.de\/?p=7164\" aria-hidden=\"true\" >\n\t\t\t\tmicroTEC S\u00fcdwest Clusterkonferenz (digital) 2021\t\t\t<\/a>\n\t\t<\/div>\n\n\t\t<div class=\"anwp-pg-post-teaser__bottom-meta d-flex flex-wrap\">\n\n\t\t\t\t\t\t\t<div class=\"anwp-pg-post-teaser__bottom-meta-item d-flex align-items-center mr-3\">\n\t\t\t\t\t<svg class=\"anwp-pg-icon anwp-pg-icon--s16 mr-1\">\n\t\t\t\t\t\t<use xlink:href=\"#icon-anwp-pg-calendar\"><\/use>\n\t\t\t\t\t<\/svg>\n\t\t\t\t\t<span class=\"posted-on m-0\"><span class=\"screen-reader-text\">Posted on<\/span><time class=\"anwp-pg-published\" datetime=\"2021-03-12T10:11:38+01:00\">12. M\u00e4rz 2021<\/time><time class=\"anwp-pg-updated\" datetime=\"2021-09-17T10:48:30+02:00\">17. September 2021<\/time><\/span>\n\t\t\t\t<\/div>\n\t\t\t\t\n\t\t\t\t\t<\/div>\n\n\t\t\t\t\t<div class=\"anwp-pg-post-teaser__excerpt mb-2\">\n\t\t\t\tDas IMS ist mit drei Vortr\u00e4gen auf der Clusterkonferenz (digital) 2021 vertreten.\t\t\t<\/div>\n\t\t\n\t\t\t\t\t<div class=\"w-100 anwp-pg-read-more mt-auto\">\n\t\t\t\t<a href=\"https:\/\/www.ims-chips.de\/?p=7164\" \t\t\t\t\tclass=\"anwp-pg-read-more__btn mt-3 mb-0 &lt;button type=&quot;button&quot; class=&quot;btn btn-link&quot; &gt;Link&lt;\/button&gt;\">\n\t\t\t\t\tweiterlesen &gt;&gt;\t\t\t\t<\/a>\n\t\t\t<\/div>\n\t\t\n\t<\/div>\n\n<\/div>\n<div class=\"anwp-pg-post-teaser anwp-pg-post-teaser--inner-cover-link anwp-pg-post-teaser--layout-d d-flex flex-column anwp-col-lg-3 anwp-col-sm-6 anwp-col-12 anwp-pg-post-teaser--with-read-more \">\n\t<div class=\"anwp-pg-post-teaser__thumbnail position-relative\">\n\n\t\t\n\t\t\n\t\t\t\t\t<img loading=\"lazy\" class=\"anwp-pg-post-teaser__thumbnail-img d-block anwp-pg-height-170 anwp-object-cover m-0 w-100\"\n\t\t\t\talt=\"Neuer Ausstellungsbereich Mikroelektronik im Heinz Nixdorf MuseumsForum\"\n\t\t\t\tsrc=\"https:\/\/www.ims-chips.de\/wp-content\/uploads\/2021\/03\/News_Bild_Heinz_Nixdorf_Museum_21.jpg\"\/>\n\t\t\n\t\t<div class=\"anwp-pg-post-teaser__thumbnail-bg anwp-position-cover\"><\/div>\n\n\t\t<a class=\"anwp-position-cover anwp-link-without-effects\" href=\"https:\/\/www.ims-chips.de\/?p=7152\" aria-hidden=\"true\" ><\/a>\n\t<\/div>\n\n\t<div class=\"anwp-pg-post-teaser__content flex-grow-1 pt-1 d-flex flex-column\">\n\n\t\t<div class=\"anwp-pg-post-teaser__title anwp-font-heading mt-2\">\n\t\t\t<a class=\"anwp-link-without-effects\" href=\"https:\/\/www.ims-chips.de\/?p=7152\" aria-hidden=\"true\" >\n\t\t\t\tNeuer Ausstellungsbereich Mikroelektronik im Heinz Nixdorf MuseumsForum\t\t\t<\/a>\n\t\t<\/div>\n\n\t\t<div class=\"anwp-pg-post-teaser__bottom-meta d-flex flex-wrap\">\n\n\t\t\t\t\t\t\t<div class=\"anwp-pg-post-teaser__bottom-meta-item d-flex align-items-center mr-3\">\n\t\t\t\t\t<svg class=\"anwp-pg-icon anwp-pg-icon--s16 mr-1\">\n\t\t\t\t\t\t<use xlink:href=\"#icon-anwp-pg-calendar\"><\/use>\n\t\t\t\t\t<\/svg>\n\t\t\t\t\t<span class=\"posted-on m-0\"><span class=\"screen-reader-text\">Posted on<\/span><time class=\"anwp-pg-published\" datetime=\"2021-03-10T09:37:00+01:00\">10. M\u00e4rz 2021<\/time><time class=\"anwp-pg-updated\" datetime=\"2021-07-15T09:42:45+02:00\">15. Juli 2021<\/time><\/span>\n\t\t\t\t<\/div>\n\t\t\t\t\n\t\t\t\t\t<\/div>\n\n\t\t\t\t\t<div class=\"anwp-pg-post-teaser__excerpt mb-2\">\n\t\t\t\tDas Institut f\u00fcr Mikroelektronik Stuttgart (IMS CHIPS) und der Automatisierungsspezialist PILZ gratulieren dem Heinz Nixdorf MuseumsForum zum neuen Ausstellungsbereich \u201eMikroelektronik\t\t\t<\/div>\n\t\t\n\t\t\t\t\t<div class=\"w-100 anwp-pg-read-more mt-auto\">\n\t\t\t\t<a href=\"https:\/\/www.ims-chips.de\/?p=7152\" \t\t\t\t\tclass=\"anwp-pg-read-more__btn mt-3 mb-0 &lt;button type=&quot;button&quot; class=&quot;btn btn-link&quot; &gt;Link&lt;\/button&gt;\">\n\t\t\t\t\tweiterlesen &gt;&gt;\t\t\t\t<\/a>\n\t\t\t<\/div>\n\t\t\n\t<\/div>\n\n<\/div>\n<div class=\"anwp-pg-post-teaser anwp-pg-post-teaser--inner-cover-link anwp-pg-post-teaser--layout-d d-flex flex-column anwp-col-lg-3 anwp-col-sm-6 anwp-col-12 anwp-pg-post-teaser--with-read-more \">\n\t<div class=\"anwp-pg-post-teaser__thumbnail position-relative\">\n\n\t\t\n\t\t\n\t\t\t\t\t<img loading=\"lazy\" class=\"anwp-pg-post-teaser__thumbnail-img d-block anwp-pg-height-170 anwp-object-cover m-0 w-100\"\n\t\t\t\talt=\"1 DLR GaN Workshop\"\n\t\t\t\tsrc=\"https:\/\/www.ims-chips.de\/wp-content\/uploads\/2021\/03\/News_Bild_1_DLR_GaN_Workshop_21.jpg\"\/>\n\t\t\n\t\t<div class=\"anwp-pg-post-teaser__thumbnail-bg anwp-position-cover\"><\/div>\n\n\t\t<a class=\"anwp-position-cover anwp-link-without-effects\" href=\"https:\/\/www.ims-chips.de\/?p=6639\" aria-hidden=\"true\" ><\/a>\n\t<\/div>\n\n\t<div class=\"anwp-pg-post-teaser__content flex-grow-1 pt-1 d-flex flex-column\">\n\n\t\t<div class=\"anwp-pg-post-teaser__title anwp-font-heading mt-2\">\n\t\t\t<a class=\"anwp-link-without-effects\" href=\"https:\/\/www.ims-chips.de\/?p=6639\" aria-hidden=\"true\" >\n\t\t\t\t1 DLR GaN Workshop\t\t\t<\/a>\n\t\t<\/div>\n\n\t\t<div class=\"anwp-pg-post-teaser__bottom-meta d-flex flex-wrap\">\n\n\t\t\t\t\t\t\t<div class=\"anwp-pg-post-teaser__bottom-meta-item d-flex align-items-center mr-3\">\n\t\t\t\t\t<svg class=\"anwp-pg-icon anwp-pg-icon--s16 mr-1\">\n\t\t\t\t\t\t<use xlink:href=\"#icon-anwp-pg-calendar\"><\/use>\n\t\t\t\t\t<\/svg>\n\t\t\t\t\t<span class=\"posted-on m-0\"><span class=\"screen-reader-text\">Posted on<\/span><time class=\"anwp-pg-published\" datetime=\"2021-03-01T09:51:40+01:00\">1. M\u00e4rz 2021<\/time><time class=\"anwp-pg-updated\" datetime=\"2021-06-14T10:25:10+02:00\">14. Juni 2021<\/time><\/span>\n\t\t\t\t<\/div>\n\t\t\t\t\n\t\t\t\t\t<\/div>\n\n\t\t\t\t\t<div class=\"anwp-pg-post-teaser__excerpt mb-2\">\n\t\t\t\tDas IMS ist mit einem Vortrag auf dem 1. DLR GaN Workshop vertreten.\t\t\t<\/div>\n\t\t\n\t\t\t\t\t<div class=\"w-100 anwp-pg-read-more mt-auto\">\n\t\t\t\t<a href=\"https:\/\/www.ims-chips.de\/?p=6639\" \t\t\t\t\tclass=\"anwp-pg-read-more__btn mt-3 mb-0 &lt;button type=&quot;button&quot; class=&quot;btn btn-link&quot; &gt;Link&lt;\/button&gt;\">\n\t\t\t\t\tweiterlesen &gt;&gt;\t\t\t\t<\/a>\n\t\t\t<\/div>\n\t\t\n\t<\/div>\n\n<\/div>\n<div class=\"anwp-pg-post-teaser anwp-pg-post-teaser--inner-cover-link anwp-pg-post-teaser--layout-d d-flex flex-column anwp-col-lg-3 anwp-col-sm-6 anwp-col-12 anwp-pg-post-teaser--with-read-more \">\n\t<div class=\"anwp-pg-post-teaser__thumbnail position-relative\">\n\n\t\t\n\t\t\n\t\t\t\t\t<img loading=\"lazy\" class=\"anwp-pg-post-teaser__thumbnail-img d-block anwp-pg-height-170 anwp-object-cover m-0 w-100\"\n\t\t\t\talt=\"SPIE Advanced Lithography 2021\"\n\t\t\t\tsrc=\"https:\/\/www.ims-chips.de\/wp-content\/uploads\/2021\/02\/News_Bild_SPIE_Advanced_Lithography_21.jpg\"\/>\n\t\t\n\t\t<div class=\"anwp-pg-post-teaser__thumbnail-bg anwp-position-cover\"><\/div>\n\n\t\t<a class=\"anwp-position-cover anwp-link-without-effects\" href=\"https:\/\/www.ims-chips.de\/?p=5711\" aria-hidden=\"true\" ><\/a>\n\t<\/div>\n\n\t<div class=\"anwp-pg-post-teaser__content flex-grow-1 pt-1 d-flex flex-column\">\n\n\t\t<div class=\"anwp-pg-post-teaser__title anwp-font-heading mt-2\">\n\t\t\t<a class=\"anwp-link-without-effects\" href=\"https:\/\/www.ims-chips.de\/?p=5711\" aria-hidden=\"true\" >\n\t\t\t\tSPIE Advanced Lithography 2021\t\t\t<\/a>\n\t\t<\/div>\n\n\t\t<div class=\"anwp-pg-post-teaser__bottom-meta d-flex flex-wrap\">\n\n\t\t\t\t\t\t\t<div class=\"anwp-pg-post-teaser__bottom-meta-item d-flex align-items-center mr-3\">\n\t\t\t\t\t<svg class=\"anwp-pg-icon anwp-pg-icon--s16 mr-1\">\n\t\t\t\t\t\t<use xlink:href=\"#icon-anwp-pg-calendar\"><\/use>\n\t\t\t\t\t<\/svg>\n\t\t\t\t\t<span class=\"posted-on m-0\"><span class=\"screen-reader-text\">Posted on<\/span><time class=\"anwp-pg-published\" datetime=\"2021-02-18T09:18:32+01:00\">18. Februar 2021<\/time><time class=\"anwp-pg-updated\" datetime=\"2021-06-10T11:13:56+02:00\">10. Juni 2021<\/time><\/span>\n\t\t\t\t<\/div>\n\t\t\t\t\n\t\t\t\t\t<\/div>\n\n\t\t\t\t\t<div class=\"anwp-pg-post-teaser__excerpt mb-2\">\n\t\t\t\tDas IMS ist mit einem Vortrag bei der SPIE Advanced Lithography 2021 San Jose, USA vertreten.\t\t\t<\/div>\n\t\t\n\t\t\t\t\t<div class=\"w-100 anwp-pg-read-more mt-auto\">\n\t\t\t\t<a href=\"https:\/\/www.ims-chips.de\/?p=5711\" \t\t\t\t\tclass=\"anwp-pg-read-more__btn mt-3 mb-0 &lt;button type=&quot;button&quot; class=&quot;btn btn-link&quot; &gt;Link&lt;\/button&gt;\">\n\t\t\t\t\tweiterlesen &gt;&gt;\t\t\t\t<\/a>\n\t\t\t<\/div>\n\t\t\n\t<\/div>\n\n<\/div>\n<div class=\"anwp-pg-post-teaser anwp-pg-post-teaser--inner-cover-link anwp-pg-post-teaser--layout-d d-flex flex-column anwp-col-lg-3 anwp-col-sm-6 anwp-col-12 anwp-pg-post-teaser--with-read-more \">\n\t<div class=\"anwp-pg-post-teaser__thumbnail position-relative\">\n\n\t\t\n\t\t\n\t\t\t\t\t<img loading=\"lazy\" class=\"anwp-pg-post-teaser__thumbnail-img d-block anwp-pg-height-170 anwp-object-cover m-0 w-100\"\n\t\t\t\talt=\"Zukunftscluster QSens ist Gewinner im Wettbewerb\"\n\t\t\t\tsrc=\"https:\/\/www.ims-chips.de\/wp-content\/uploads\/2021\/02\/News_Bild_Zukunftscluster_QSens_21.jpg\"\/>\n\t\t\n\t\t<div class=\"anwp-pg-post-teaser__thumbnail-bg anwp-position-cover\"><\/div>\n\n\t\t<a class=\"anwp-position-cover anwp-link-without-effects\" href=\"https:\/\/www.ims-chips.de\/?p=5480\" aria-hidden=\"true\" ><\/a>\n\t<\/div>\n\n\t<div class=\"anwp-pg-post-teaser__content flex-grow-1 pt-1 d-flex flex-column\">\n\n\t\t<div class=\"anwp-pg-post-teaser__title anwp-font-heading mt-2\">\n\t\t\t<a class=\"anwp-link-without-effects\" href=\"https:\/\/www.ims-chips.de\/?p=5480\" aria-hidden=\"true\" >\n\t\t\t\tZukunftscluster QSens ist Gewinner im Wettbewerb\t\t\t<\/a>\n\t\t<\/div>\n\n\t\t<div class=\"anwp-pg-post-teaser__bottom-meta d-flex flex-wrap\">\n\n\t\t\t\t\t\t\t<div class=\"anwp-pg-post-teaser__bottom-meta-item d-flex align-items-center mr-3\">\n\t\t\t\t\t<svg class=\"anwp-pg-icon anwp-pg-icon--s16 mr-1\">\n\t\t\t\t\t\t<use xlink:href=\"#icon-anwp-pg-calendar\"><\/use>\n\t\t\t\t\t<\/svg>\n\t\t\t\t\t<span class=\"posted-on m-0\"><span class=\"screen-reader-text\">Posted on<\/span><time class=\"anwp-pg-published\" datetime=\"2021-02-04T09:42:12+01:00\">4. Februar 2021<\/time><time class=\"anwp-pg-updated\" datetime=\"2023-03-16T14:44:05+01:00\">16. M\u00e4rz 2023<\/time><\/span>\n\t\t\t\t<\/div>\n\t\t\t\t\n\t\t\t\t\t<\/div>\n\n\t\t\t\t\t<div class=\"anwp-pg-post-teaser__excerpt mb-2\">\n\t\t\t\tBundesforschungsministerin Anja Karliczek hat in Berlin die Sieger der ersten Runde des &quot;Clusters4Future&quot;-Wettbewerbs des Bundesministeriums f\u00fcr Bildung und Forschung (BMBF) bekanntgegeben.\t\t\t<\/div>\n\t\t\n\t\t\t\t\t<div class=\"w-100 anwp-pg-read-more mt-auto\">\n\t\t\t\t<a href=\"https:\/\/www.ims-chips.de\/?p=5480\" \t\t\t\t\tclass=\"anwp-pg-read-more__btn mt-3 mb-0 &lt;button type=&quot;button&quot; class=&quot;btn btn-link&quot; &gt;Link&lt;\/button&gt;\">\n\t\t\t\t\tweiterlesen &gt;&gt;\t\t\t\t<\/a>\n\t\t\t<\/div>\n\t\t\n\t<\/div>\n\n<\/div>\n<div class=\"anwp-pg-post-teaser anwp-pg-post-teaser--inner-cover-link anwp-pg-post-teaser--layout-d d-flex flex-column anwp-col-lg-3 anwp-col-sm-6 anwp-col-12 anwp-pg-post-teaser--with-read-more \">\n\t<div class=\"anwp-pg-post-teaser__thumbnail position-relative\">\n\n\t\t\n\t\t\n\t\t\t\t\t<img loading=\"lazy\" class=\"anwp-pg-post-teaser__thumbnail-img d-block anwp-pg-height-170 anwp-object-cover m-0 w-100\"\n\t\t\t\talt=\"Publikationspreise der Uni Stuttgart\"\n\t\t\t\tsrc=\"https:\/\/www.ims-chips.de\/wp-content\/uploads\/2021\/02\/News_Bild_Publikationspreis_Uni_Stuttgart_21.jpg\"\/>\n\t\t\n\t\t<div class=\"anwp-pg-post-teaser__thumbnail-bg anwp-position-cover\"><\/div>\n\n\t\t<a class=\"anwp-position-cover anwp-link-without-effects\" href=\"https:\/\/www.ims-chips.de\/?p=5291\" aria-hidden=\"true\" ><\/a>\n\t<\/div>\n\n\t<div class=\"anwp-pg-post-teaser__content flex-grow-1 pt-1 d-flex flex-column\">\n\n\t\t<div class=\"anwp-pg-post-teaser__title anwp-font-heading mt-2\">\n\t\t\t<a class=\"anwp-link-without-effects\" href=\"https:\/\/www.ims-chips.de\/?p=5291\" aria-hidden=\"true\" >\n\t\t\t\tPublikationspreise der Uni Stuttgart\t\t\t<\/a>\n\t\t<\/div>\n\n\t\t<div class=\"anwp-pg-post-teaser__bottom-meta d-flex flex-wrap\">\n\n\t\t\t\t\t\t\t<div class=\"anwp-pg-post-teaser__bottom-meta-item d-flex align-items-center mr-3\">\n\t\t\t\t\t<svg class=\"anwp-pg-icon anwp-pg-icon--s16 mr-1\">\n\t\t\t\t\t\t<use xlink:href=\"#icon-anwp-pg-calendar\"><\/use>\n\t\t\t\t\t<\/svg>\n\t\t\t\t\t<span class=\"posted-on m-0\"><span class=\"screen-reader-text\">Posted on<\/span><time class=\"anwp-pg-published\" datetime=\"2021-01-28T11:21:00+01:00\">28. Januar 2021<\/time><time class=\"anwp-pg-updated\" datetime=\"2021-04-09T10:25:50+02:00\">9. April 2021<\/time><\/span>\n\t\t\t\t<\/div>\n\t\t\t\t\n\t\t\t\t\t<\/div>\n\n\t\t\t\t\t<div class=\"anwp-pg-post-teaser__excerpt mb-2\">\n\t\t\t\tPublikationspreise der Uni Stuttgart J\u00e4hrlich verleiht die Universit\u00e4t Stuttgart Preise f\u00fcr herausragende Ver\u00f6ffentlichungen aus jeder der zehn Fakult\u00e4ten Mit dem Preis m\u00f6chte die Universit\u00e4t Ver\u00f6ffentlichungen \u00fcber herausragende Forschungsleistungen w\u00fcrdigen und ...\t\t\t<\/div>\n\t\t\n\t\t\t\t\t<div class=\"w-100 anwp-pg-read-more mt-auto\">\n\t\t\t\t<a href=\"https:\/\/www.ims-chips.de\/?p=5291\" \t\t\t\t\tclass=\"anwp-pg-read-more__btn mt-3 mb-0 &lt;button type=&quot;button&quot; class=&quot;btn btn-link&quot; &gt;Link&lt;\/button&gt;\">\n\t\t\t\t\tweiterlesen &gt;&gt;\t\t\t\t<\/a>\n\t\t\t<\/div>\n\t\t\n\t<\/div>\n\n<\/div>\n<div class=\"anwp-pg-post-teaser anwp-pg-post-teaser--inner-cover-link anwp-pg-post-teaser--layout-d d-flex flex-column anwp-col-lg-3 anwp-col-sm-6 anwp-col-12 anwp-pg-post-teaser--with-read-more \">\n\t<div class=\"anwp-pg-post-teaser__thumbnail position-relative\">\n\n\t\t\n\t\t\n\t\t\t\t\t<img loading=\"lazy\" class=\"anwp-pg-post-teaser__thumbnail-img d-block anwp-pg-height-170 anwp-object-cover m-0 w-100\"\n\t\t\t\talt=\"IJMWT Best Paper Award\"\n\t\t\t\tsrc=\"https:\/\/www.ims-chips.de\/wp-content\/uploads\/2021\/01\/News_Bild_IJMWT_Best_Paper_Award_21.jpg\"\/>\n\t\t\n\t\t<div class=\"anwp-pg-post-teaser__thumbnail-bg anwp-position-cover\"><\/div>\n\n\t\t<a class=\"anwp-position-cover anwp-link-without-effects\" href=\"https:\/\/www.ims-chips.de\/?p=4758\" aria-hidden=\"true\" ><\/a>\n\t<\/div>\n\n\t<div class=\"anwp-pg-post-teaser__content flex-grow-1 pt-1 d-flex flex-column\">\n\n\t\t<div class=\"anwp-pg-post-teaser__title anwp-font-heading mt-2\">\n\t\t\t<a class=\"anwp-link-without-effects\" href=\"https:\/\/www.ims-chips.de\/?p=4758\" aria-hidden=\"true\" >\n\t\t\t\tIJMWT Best Paper Award\t\t\t<\/a>\n\t\t<\/div>\n\n\t\t<div class=\"anwp-pg-post-teaser__bottom-meta d-flex flex-wrap\">\n\n\t\t\t\t\t\t\t<div class=\"anwp-pg-post-teaser__bottom-meta-item d-flex align-items-center mr-3\">\n\t\t\t\t\t<svg class=\"anwp-pg-icon anwp-pg-icon--s16 mr-1\">\n\t\t\t\t\t\t<use xlink:href=\"#icon-anwp-pg-calendar\"><\/use>\n\t\t\t\t\t<\/svg>\n\t\t\t\t\t<span class=\"posted-on m-0\"><span class=\"screen-reader-text\">Posted on<\/span><time class=\"anwp-pg-published\" datetime=\"2021-01-13T14:55:57+01:00\">13. Januar 2021<\/time><time class=\"anwp-pg-updated\" datetime=\"2021-04-08T09:57:36+02:00\">8. April 2021<\/time><\/span>\n\t\t\t\t<\/div>\n\t\t\t\t\n\t\t\t\t\t<\/div>\n\n\t\t\t\t\t<div class=\"anwp-pg-post-teaser__excerpt mb-2\">\n\t\t\t\t2020 International Journal of Microwave and Wireless Technologies Best Paper Award Im Rahmen des Programms FFlexCom (2016-18) der Deutschen Forschungsgemeinschaft arbeiteten Forscher der Institute INES, IHF und INT der Universit\u00e4t ...\t\t\t<\/div>\n\t\t\n\t\t\t\t\t<div class=\"w-100 anwp-pg-read-more mt-auto\">\n\t\t\t\t<a href=\"https:\/\/www.ims-chips.de\/?p=4758\" \t\t\t\t\tclass=\"anwp-pg-read-more__btn mt-3 mb-0 &lt;button type=&quot;button&quot; class=&quot;btn btn-link&quot; &gt;Link&lt;\/button&gt;\">\n\t\t\t\t\tweiterlesen &gt;&gt;\t\t\t\t<\/a>\n\t\t\t<\/div>\n\t\t\n\t<\/div>\n\n<\/div>\n<div class=\"anwp-pg-post-teaser anwp-pg-post-teaser--inner-cover-link anwp-pg-post-teaser--layout-d d-flex flex-column anwp-col-lg-3 anwp-col-sm-6 anwp-col-12 anwp-pg-post-teaser--with-read-more \">\n\t<div class=\"anwp-pg-post-teaser__thumbnail position-relative\">\n\n\t\t\n\t\t\n\t\t\t\t\t<img loading=\"lazy\" class=\"anwp-pg-post-teaser__thumbnail-img d-block anwp-pg-height-170 anwp-object-cover m-0 w-100\"\n\t\t\t\talt=\"Mikrosysteme f\u00fcr KI\"\n\t\t\t\tsrc=\"https:\/\/www.ims-chips.de\/wp-content\/uploads\/2020\/11\/News_Bild_WS_KI_20.jpg\"\/>\n\t\t\n\t\t<div class=\"anwp-pg-post-teaser__thumbnail-bg anwp-position-cover\"><\/div>\n\n\t\t<a class=\"anwp-position-cover anwp-link-without-effects\" href=\"https:\/\/www.ims-chips.de\/?p=2071\" aria-hidden=\"true\" ><\/a>\n\t<\/div>\n\n\t<div class=\"anwp-pg-post-teaser__content flex-grow-1 pt-1 d-flex flex-column\">\n\n\t\t<div class=\"anwp-pg-post-teaser__title anwp-font-heading mt-2\">\n\t\t\t<a class=\"anwp-link-without-effects\" href=\"https:\/\/www.ims-chips.de\/?p=2071\" aria-hidden=\"true\" >\n\t\t\t\tMikrosysteme f\u00fcr KI\t\t\t<\/a>\n\t\t<\/div>\n\n\t\t<div class=\"anwp-pg-post-teaser__bottom-meta d-flex flex-wrap\">\n\n\t\t\t\t\t\t\t<div class=\"anwp-pg-post-teaser__bottom-meta-item d-flex align-items-center mr-3\">\n\t\t\t\t\t<svg class=\"anwp-pg-icon anwp-pg-icon--s16 mr-1\">\n\t\t\t\t\t\t<use xlink:href=\"#icon-anwp-pg-calendar\"><\/use>\n\t\t\t\t\t<\/svg>\n\t\t\t\t\t<span class=\"posted-on m-0\"><span class=\"screen-reader-text\">Posted on<\/span><time class=\"anwp-pg-published\" datetime=\"2020-12-03T10:05:37+01:00\">3. Dezember 2020<\/time><time class=\"anwp-pg-updated\" datetime=\"2021-05-17T10:20:11+02:00\">17. Mai 2021<\/time><\/span>\n\t\t\t\t<\/div>\n\t\t\t\t\n\t\t\t\t\t<\/div>\n\n\t\t\t\t\t<div class=\"anwp-pg-post-teaser__excerpt mb-2\">\n\t\t\t\tMikrosysteme f\u00fcr KI \u2013 KI f\u00fcr Mikrosysteme: von neuromorpher Hardware und intelligenter Sensorik Dieser Workshop stellt die wechselseitige Bedeutung von Mikrosystemtechnik (MST) und K\u00fcnstlicher Intelligenz in den Fokus. Das Thema ...\t\t\t<\/div>\n\t\t\n\t\t\t\t\t<div class=\"w-100 anwp-pg-read-more mt-auto\">\n\t\t\t\t<a href=\"https:\/\/www.ims-chips.de\/?p=2071\" \t\t\t\t\tclass=\"anwp-pg-read-more__btn mt-3 mb-0 &lt;button type=&quot;button&quot; class=&quot;btn btn-link&quot; &gt;Link&lt;\/button&gt;\">\n\t\t\t\t\tweiterlesen &gt;&gt;\t\t\t\t<\/a>\n\t\t\t<\/div>\n\t\t\n\t<\/div>\n\n<\/div>\n<div class=\"anwp-pg-post-teaser anwp-pg-post-teaser--inner-cover-link anwp-pg-post-teaser--layout-d d-flex flex-column anwp-col-lg-3 anwp-col-sm-6 anwp-col-12 anwp-pg-post-teaser--with-read-more \">\n\t<div class=\"anwp-pg-post-teaser__thumbnail position-relative\">\n\n\t\t\n\t\t\n\t\t\t\t\t<img loading=\"lazy\" class=\"anwp-pg-post-teaser__thumbnail-img d-block anwp-pg-height-170 anwp-object-cover m-0 w-100\"\n\t\t\t\talt=\"Webinar IMS CHIPS 2020\"\n\t\t\t\tsrc=\"https:\/\/www.ims-chips.de\/wp-content\/uploads\/2020\/11\/News_Bild_WS_Litho_20.jpg\"\/>\n\t\t\n\t\t<div class=\"anwp-pg-post-teaser__thumbnail-bg anwp-position-cover\"><\/div>\n\n\t\t<a class=\"anwp-position-cover anwp-link-without-effects\" href=\"https:\/\/www.ims-chips.de\/?p=2077\" aria-hidden=\"true\" ><\/a>\n\t<\/div>\n\n\t<div class=\"anwp-pg-post-teaser__content flex-grow-1 pt-1 d-flex flex-column\">\n\n\t\t<div class=\"anwp-pg-post-teaser__title anwp-font-heading mt-2\">\n\t\t\t<a class=\"anwp-link-without-effects\" href=\"https:\/\/www.ims-chips.de\/?p=2077\" aria-hidden=\"true\" >\n\t\t\t\tWebinar IMS CHIPS 2020\t\t\t<\/a>\n\t\t<\/div>\n\n\t\t<div class=\"anwp-pg-post-teaser__bottom-meta d-flex flex-wrap\">\n\n\t\t\t\t\t\t\t<div class=\"anwp-pg-post-teaser__bottom-meta-item d-flex align-items-center mr-3\">\n\t\t\t\t\t<svg class=\"anwp-pg-icon anwp-pg-icon--s16 mr-1\">\n\t\t\t\t\t\t<use xlink:href=\"#icon-anwp-pg-calendar\"><\/use>\n\t\t\t\t\t<\/svg>\n\t\t\t\t\t<span class=\"posted-on m-0\"><span class=\"screen-reader-text\">Posted on<\/span><time class=\"anwp-pg-published\" datetime=\"2020-11-19T10:25:06+01:00\">19. November 2020<\/time><time class=\"anwp-pg-updated\" datetime=\"2021-03-01T09:56:10+01:00\">1. M\u00e4rz 2021<\/time><\/span>\n\t\t\t\t<\/div>\n\t\t\t\t\n\t\t\t\t\t<\/div>\n\n\t\t\t\t\t<div class=\"anwp-pg-post-teaser__excerpt mb-2\">\n\t\t\t\tWebinar IMS CHIPS 2020 Am 19. November 2020 veranstaltete IMS CHIPS ein kostenfreies Webinar mit IMS-Experten. Aufgrund der weltweiten Covid-19-Situation konnte der 18. Workshop Beams &amp; More, der f\u00fcr den ...\t\t\t<\/div>\n\t\t\n\t\t\t\t\t<div class=\"w-100 anwp-pg-read-more mt-auto\">\n\t\t\t\t<a href=\"https:\/\/www.ims-chips.de\/?p=2077\" \t\t\t\t\tclass=\"anwp-pg-read-more__btn mt-3 mb-0 &lt;button type=&quot;button&quot; class=&quot;btn btn-link&quot; &gt;Link&lt;\/button&gt;\">\n\t\t\t\t\tweiterlesen &gt;&gt;\t\t\t\t<\/a>\n\t\t\t<\/div>\n\t\t\n\t<\/div>\n\n<\/div>\n<div class=\"anwp-pg-post-teaser anwp-pg-post-teaser--inner-cover-link anwp-pg-post-teaser--layout-d d-flex flex-column anwp-col-lg-3 anwp-col-sm-6 anwp-col-12 anwp-pg-post-teaser--with-read-more \">\n\t<div class=\"anwp-pg-post-teaser__thumbnail position-relative\">\n\n\t\t\n\t\t\n\t\t\t\t\t<img loading=\"lazy\" class=\"anwp-pg-post-teaser__thumbnail-img d-block anwp-pg-height-170 anwp-object-cover m-0 w-100\"\n\t\t\t\talt=\"IMS Newsletter 2\/20\"\n\t\t\t\tsrc=\"https:\/\/www.ims-chips.de\/wp-content\/uploads\/2020\/11\/News_Bild_Newsletter_2_20.jpg\"\/>\n\t\t\n\t\t<div class=\"anwp-pg-post-teaser__thumbnail-bg anwp-position-cover\"><\/div>\n\n\t\t<a class=\"anwp-position-cover anwp-link-without-effects\" href=\"https:\/\/www.ims-chips.de\/?p=2019\" aria-hidden=\"true\" ><\/a>\n\t<\/div>\n\n\t<div class=\"anwp-pg-post-teaser__content flex-grow-1 pt-1 d-flex flex-column\">\n\n\t\t<div class=\"anwp-pg-post-teaser__title anwp-font-heading mt-2\">\n\t\t\t<a class=\"anwp-link-without-effects\" href=\"https:\/\/www.ims-chips.de\/?p=2019\" aria-hidden=\"true\" >\n\t\t\t\tIMS Newsletter 2\/20\t\t\t<\/a>\n\t\t<\/div>\n\n\t\t<div class=\"anwp-pg-post-teaser__bottom-meta d-flex flex-wrap\">\n\n\t\t\t\t\t\t\t<div class=\"anwp-pg-post-teaser__bottom-meta-item d-flex align-items-center mr-3\">\n\t\t\t\t\t<svg class=\"anwp-pg-icon anwp-pg-icon--s16 mr-1\">\n\t\t\t\t\t\t<use xlink:href=\"#icon-anwp-pg-calendar\"><\/use>\n\t\t\t\t\t<\/svg>\n\t\t\t\t\t<span class=\"posted-on m-0\"><span class=\"screen-reader-text\">Posted on<\/span><time class=\"anwp-pg-published\" datetime=\"2020-11-06T13:10:50+01:00\">6. November 2020<\/time><time class=\"anwp-pg-updated\" datetime=\"2021-03-01T11:28:02+01:00\">1. M\u00e4rz 2021<\/time><\/span>\n\t\t\t\t<\/div>\n\t\t\t\t\n\t\t\t\t\t<\/div>\n\n\t\t\t\t\t<div class=\"anwp-pg-post-teaser__excerpt mb-2\">\n\t\t\t\tIMS Newsletter 2\/2020 Mit dem Newsletter 2\/2020 m\u00f6chten wir Sie \u00fcber aktuelle Aktivit\u00e4ten am Institut f\u00fcr Mikroelektronik Stuttgart informieren.\u00a0 Die Themen in der aktuellen Ausgabe sind: POSITION II \u2013 Pilotlinie ...\t\t\t<\/div>\n\t\t\n\t\t\t\t\t<div class=\"w-100 anwp-pg-read-more mt-auto\">\n\t\t\t\t<a href=\"https:\/\/www.ims-chips.de\/?p=2019\" \t\t\t\t\tclass=\"anwp-pg-read-more__btn mt-3 mb-0 &lt;button type=&quot;button&quot; class=&quot;btn btn-link&quot; &gt;Link&lt;\/button&gt;\">\n\t\t\t\t\tweiterlesen &gt;&gt;\t\t\t\t<\/a>\n\t\t\t<\/div>\n\t\t\n\t<\/div>\n\n<\/div>\n<div class=\"anwp-pg-post-teaser anwp-pg-post-teaser--inner-cover-link anwp-pg-post-teaser--layout-d d-flex flex-column anwp-col-lg-3 anwp-col-sm-6 anwp-col-12 anwp-pg-post-teaser--with-read-more \">\n\t<div class=\"anwp-pg-post-teaser__thumbnail position-relative\">\n\n\t\t\n\t\t\n\t\t\t\t\t<img loading=\"lazy\" class=\"anwp-pg-post-teaser__thumbnail-img d-block anwp-pg-height-170 anwp-object-cover m-0 w-100\"\n\t\t\t\talt=\"Nature-Artikel\"\n\t\t\t\tsrc=\"https:\/\/www.ims-chips.de\/wp-content\/uploads\/2020\/10\/News_Bild_Nature_Artikel_20.jpg\"\/>\n\t\t\n\t\t<div class=\"anwp-pg-post-teaser__thumbnail-bg anwp-position-cover\"><\/div>\n\n\t\t<a class=\"anwp-position-cover anwp-link-without-effects\" href=\"https:\/\/www.ims-chips.de\/?p=2158\" aria-hidden=\"true\" ><\/a>\n\t<\/div>\n\n\t<div class=\"anwp-pg-post-teaser__content flex-grow-1 pt-1 d-flex flex-column\">\n\n\t\t<div class=\"anwp-pg-post-teaser__title anwp-font-heading mt-2\">\n\t\t\t<a class=\"anwp-link-without-effects\" href=\"https:\/\/www.ims-chips.de\/?p=2158\" aria-hidden=\"true\" >\n\t\t\t\tNature-Artikel\t\t\t<\/a>\n\t\t<\/div>\n\n\t\t<div class=\"anwp-pg-post-teaser__bottom-meta d-flex flex-wrap\">\n\n\t\t\t\t\t\t\t<div class=\"anwp-pg-post-teaser__bottom-meta-item d-flex align-items-center mr-3\">\n\t\t\t\t\t<svg class=\"anwp-pg-icon anwp-pg-icon--s16 mr-1\">\n\t\t\t\t\t\t<use xlink:href=\"#icon-anwp-pg-calendar\"><\/use>\n\t\t\t\t\t<\/svg>\n\t\t\t\t\t<span class=\"posted-on m-0\"><span class=\"screen-reader-text\">Posted on<\/span><time class=\"anwp-pg-published\" datetime=\"2020-09-08T13:30:03+02:00\">8. September 2020<\/time><time class=\"anwp-pg-updated\" datetime=\"2021-02-08T09:47:56+01:00\">8. Februar 2021<\/time><\/span>\n\t\t\t\t<\/div>\n\t\t\t\t\n\t\t\t\t\t<\/div>\n\n\t\t\t\t\t<div class=\"anwp-pg-post-teaser__excerpt mb-2\">\n\t\t\t\tNature-Artikel: CMOS-Chip von IMS CHIPS als Hologrammprojektor Wissenschaftler am Max Planck Institut f\u00fcr Intelligente Systeme und der Universit\u00e4t Stuttgart entwickelten einen Ultraschallprojektor f\u00fcr hochaufl\u00f6sende bewegte holografische Bilder. Dar\u00fcber berichten die ...\t\t\t<\/div>\n\t\t\n\t\t\t\t\t<div class=\"w-100 anwp-pg-read-more mt-auto\">\n\t\t\t\t<a href=\"https:\/\/www.ims-chips.de\/?p=2158\" \t\t\t\t\tclass=\"anwp-pg-read-more__btn mt-3 mb-0 &lt;button type=&quot;button&quot; class=&quot;btn btn-link&quot; &gt;Link&lt;\/button&gt;\">\n\t\t\t\t\tweiterlesen &gt;&gt;\t\t\t\t<\/a>\n\t\t\t<\/div>\n\t\t\n\t<\/div>\n\n<\/div>\n<div class=\"anwp-pg-post-teaser anwp-pg-post-teaser--inner-cover-link anwp-pg-post-teaser--layout-d d-flex flex-column anwp-col-lg-3 anwp-col-sm-6 anwp-col-12 anwp-pg-post-teaser--with-read-more \">\n\t<div class=\"anwp-pg-post-teaser__thumbnail position-relative\">\n\n\t\t\n\t\t\n\t\t\t\t\t<img loading=\"lazy\" class=\"anwp-pg-post-teaser__thumbnail-img d-block anwp-pg-height-170 anwp-object-cover m-0 w-100\"\n\t\t\t\talt=\"PanaMEA\"\n\t\t\t\tsrc=\"https:\/\/www.ims-chips.de\/wp-content\/uploads\/2020\/09\/News_Bild_PanaMEA_20.jpg\"\/>\n\t\t\n\t\t<div class=\"anwp-pg-post-teaser__thumbnail-bg anwp-position-cover\"><\/div>\n\n\t\t<a class=\"anwp-position-cover anwp-link-without-effects\" href=\"https:\/\/www.ims-chips.de\/?p=510\" aria-hidden=\"true\" ><\/a>\n\t<\/div>\n\n\t<div class=\"anwp-pg-post-teaser__content flex-grow-1 pt-1 d-flex flex-column\">\n\n\t\t<div class=\"anwp-pg-post-teaser__title anwp-font-heading mt-2\">\n\t\t\t<a class=\"anwp-link-without-effects\" href=\"https:\/\/www.ims-chips.de\/?p=510\" aria-hidden=\"true\" >\n\t\t\t\tPanaMEA\t\t\t<\/a>\n\t\t<\/div>\n\n\t\t<div class=\"anwp-pg-post-teaser__bottom-meta d-flex flex-wrap\">\n\n\t\t\t\t\t\t\t<div class=\"anwp-pg-post-teaser__bottom-meta-item d-flex align-items-center mr-3\">\n\t\t\t\t\t<svg class=\"anwp-pg-icon anwp-pg-icon--s16 mr-1\">\n\t\t\t\t\t\t<use xlink:href=\"#icon-anwp-pg-calendar\"><\/use>\n\t\t\t\t\t<\/svg>\n\t\t\t\t\t<span class=\"posted-on m-0\"><span class=\"screen-reader-text\">Posted on<\/span><time class=\"anwp-pg-published\" datetime=\"2020-06-29T07:41:11+02:00\">29. Juni 2020<\/time><time class=\"anwp-pg-updated\" datetime=\"2023-03-07T10:20:23+01:00\">7. M\u00e4rz 2023<\/time><\/span>\n\t\t\t\t<\/div>\n\t\t\t\t\n\t\t\t\t\t<\/div>\n\n\t\t\t\t\t<div class=\"anwp-pg-post-teaser__excerpt mb-2\">\n\t\t\t\tZiel des vom BMBF gef\u00f6rderten Projekts ist die Entwicklung eines intelligenten Implantats zur Messung des Blutzuckerspiegels bis zum In-vivo proof of concept.\t\t\t<\/div>\n\t\t\n\t\t\t\t\t<div class=\"w-100 anwp-pg-read-more mt-auto\">\n\t\t\t\t<a href=\"https:\/\/www.ims-chips.de\/?p=510\" \t\t\t\t\tclass=\"anwp-pg-read-more__btn mt-3 mb-0 &lt;button type=&quot;button&quot; class=&quot;btn btn-link&quot; &gt;Link&lt;\/button&gt;\">\n\t\t\t\t\tweiterlesen &gt;&gt;\t\t\t\t<\/a>\n\t\t\t<\/div>\n\t\t\n\t<\/div>\n\n<\/div>\n<div class=\"anwp-pg-post-teaser anwp-pg-post-teaser--inner-cover-link anwp-pg-post-teaser--layout-d d-flex flex-column anwp-col-lg-3 anwp-col-sm-6 anwp-col-12 anwp-pg-post-teaser--with-read-more \">\n\t<div class=\"anwp-pg-post-teaser__thumbnail position-relative\">\n\n\t\t\n\t\t\n\t\t\t\t\t<img loading=\"lazy\" class=\"anwp-pg-post-teaser__thumbnail-img d-block anwp-pg-height-170 anwp-object-cover m-0 w-100\"\n\t\t\t\talt=\"Innovationsallianz BW\"\n\t\t\t\tsrc=\"https:\/\/www.ims-chips.de\/wp-content\/uploads\/2020\/09\/News_Bild_innBW_Verein_20.jpg\"\/>\n\t\t\n\t\t<div class=\"anwp-pg-post-teaser__thumbnail-bg anwp-position-cover\"><\/div>\n\n\t\t<a class=\"anwp-position-cover anwp-link-without-effects\" href=\"https:\/\/www.ims-chips.de\/?p=507\" aria-hidden=\"true\" ><\/a>\n\t<\/div>\n\n\t<div class=\"anwp-pg-post-teaser__content flex-grow-1 pt-1 d-flex flex-column\">\n\n\t\t<div class=\"anwp-pg-post-teaser__title anwp-font-heading mt-2\">\n\t\t\t<a class=\"anwp-link-without-effects\" href=\"https:\/\/www.ims-chips.de\/?p=507\" aria-hidden=\"true\" >\n\t\t\t\tInnovationsallianz BW\t\t\t<\/a>\n\t\t<\/div>\n\n\t\t<div class=\"anwp-pg-post-teaser__bottom-meta d-flex flex-wrap\">\n\n\t\t\t\t\t\t\t<div class=\"anwp-pg-post-teaser__bottom-meta-item d-flex align-items-center mr-3\">\n\t\t\t\t\t<svg class=\"anwp-pg-icon anwp-pg-icon--s16 mr-1\">\n\t\t\t\t\t\t<use xlink:href=\"#icon-anwp-pg-calendar\"><\/use>\n\t\t\t\t\t<\/svg>\n\t\t\t\t\t<span class=\"posted-on m-0\"><span class=\"screen-reader-text\">Posted on<\/span><time class=\"anwp-pg-published\" datetime=\"2020-06-24T06:37:14+02:00\">24. Juni 2020<\/time><time class=\"anwp-pg-updated\" datetime=\"2021-05-17T13:57:05+02:00\">17. Mai 2021<\/time><\/span>\n\t\t\t\t<\/div>\n\t\t\t\t\n\t\t\t\t\t<\/div>\n\n\t\t\t\t\t<div class=\"anwp-pg-post-teaser__excerpt mb-2\">\n\t\t\t\tInnovationsallianz Baden-W\u00fcrttemberg erh\u00e4lt Gesch\u00e4ftsstelle in Stuttgart und gr\u00fcndet Verein. Ziel ist die Intensivierung der Aktivit\u00e4ten. Viele Unternehmen im Land brauchen mehr Innovationen. Die Innovationsallianz Baden-W\u00fcrttemberg (innBW) unterst\u00fctzt seit Jahren den ...\t\t\t<\/div>\n\t\t\n\t\t\t\t\t<div class=\"w-100 anwp-pg-read-more mt-auto\">\n\t\t\t\t<a href=\"https:\/\/www.ims-chips.de\/?p=507\" \t\t\t\t\tclass=\"anwp-pg-read-more__btn mt-3 mb-0 &lt;button type=&quot;button&quot; class=&quot;btn btn-link&quot; &gt;Link&lt;\/button&gt;\">\n\t\t\t\t\tweiterlesen &gt;&gt;\t\t\t\t<\/a>\n\t\t\t<\/div>\n\t\t\n\t<\/div>\n\n<\/div>\n<div class=\"anwp-pg-post-teaser anwp-pg-post-teaser--inner-cover-link anwp-pg-post-teaser--layout-d d-flex flex-column anwp-col-lg-3 anwp-col-sm-6 anwp-col-12 anwp-pg-post-teaser--with-read-more \">\n\t<div class=\"anwp-pg-post-teaser__thumbnail position-relative\">\n\n\t\t\n\t\t\n\t\t\t\t\t<img loading=\"lazy\" class=\"anwp-pg-post-teaser__thumbnail-img d-block anwp-pg-height-170 anwp-object-cover m-0 w-100\"\n\t\t\t\talt=\"ESTC 2020\"\n\t\t\t\tsrc=\"https:\/\/www.ims-chips.de\/wp-content\/uploads\/2020\/09\/News_Newsseite_ESTC_20.jpg\"\/>\n\t\t\n\t\t<div class=\"anwp-pg-post-teaser__thumbnail-bg anwp-position-cover\"><\/div>\n\n\t\t<a class=\"anwp-position-cover anwp-link-without-effects\" href=\"https:\/\/www.ims-chips.de\/?p=515\" aria-hidden=\"true\" ><\/a>\n\t<\/div>\n\n\t<div class=\"anwp-pg-post-teaser__content flex-grow-1 pt-1 d-flex flex-column\">\n\n\t\t<div class=\"anwp-pg-post-teaser__title anwp-font-heading mt-2\">\n\t\t\t<a class=\"anwp-link-without-effects\" href=\"https:\/\/www.ims-chips.de\/?p=515\" aria-hidden=\"true\" >\n\t\t\t\tESTC 2020\t\t\t<\/a>\n\t\t<\/div>\n\n\t\t<div class=\"anwp-pg-post-teaser__bottom-meta d-flex flex-wrap\">\n\n\t\t\t\t\t\t\t<div class=\"anwp-pg-post-teaser__bottom-meta-item d-flex align-items-center mr-3\">\n\t\t\t\t\t<svg class=\"anwp-pg-icon anwp-pg-icon--s16 mr-1\">\n\t\t\t\t\t\t<use xlink:href=\"#icon-anwp-pg-calendar\"><\/use>\n\t\t\t\t\t<\/svg>\n\t\t\t\t\t<span class=\"posted-on m-0\"><span class=\"screen-reader-text\">Posted on<\/span><time class=\"anwp-pg-published\" datetime=\"2020-06-15T10:51:45+02:00\">15. Juni 2020<\/time><time class=\"anwp-pg-updated\" datetime=\"2021-02-02T10:59:00+01:00\">2. Februar 2021<\/time><\/span>\n\t\t\t\t<\/div>\n\t\t\t\t\n\t\t\t\t\t<\/div>\n\n\t\t\t\t\t<div class=\"anwp-pg-post-teaser__excerpt mb-2\">\n\t\t\t\tESTC 2020 8th Electronics System-Integration Technology Conference ESTC 2020, Vestfold, Norway Das IMS ist mit einem Vortrag bei der Electronics System-Integration Technology Conference ESTC 2020 Vestfold, Norwegen vertreten. Donnerstag, 17 ...\t\t\t<\/div>\n\t\t\n\t\t\t\t\t<div class=\"w-100 anwp-pg-read-more mt-auto\">\n\t\t\t\t<a href=\"https:\/\/www.ims-chips.de\/?p=515\" \t\t\t\t\tclass=\"anwp-pg-read-more__btn mt-3 mb-0 &lt;button type=&quot;button&quot; class=&quot;btn btn-link&quot; &gt;Link&lt;\/button&gt;\">\n\t\t\t\t\tweiterlesen &gt;&gt;\t\t\t\t<\/a>\n\t\t\t<\/div>\n\t\t\n\t<\/div>\n\n<\/div>\n<div class=\"anwp-pg-post-teaser anwp-pg-post-teaser--inner-cover-link anwp-pg-post-teaser--layout-d d-flex flex-column anwp-col-lg-3 anwp-col-sm-6 anwp-col-12 anwp-pg-post-teaser--with-read-more \">\n\t<div class=\"anwp-pg-post-teaser__thumbnail position-relative\">\n\n\t\t\n\t\t\n\t\t\t\t\t<img loading=\"lazy\" class=\"anwp-pg-post-teaser__thumbnail-img d-block anwp-pg-height-170 anwp-object-cover m-0 w-100\"\n\t\t\t\talt=\"IEEE 2020\"\n\t\t\t\tsrc=\"https:\/\/www.ims-chips.de\/wp-content\/uploads\/2020\/05\/News_Bild_IEEE_FLEPS_20.jpg\"\/>\n\t\t\n\t\t<div class=\"anwp-pg-post-teaser__thumbnail-bg anwp-position-cover\"><\/div>\n\n\t\t<a class=\"anwp-position-cover anwp-link-without-effects\" href=\"https:\/\/www.ims-chips.de\/?p=461\" aria-hidden=\"true\" ><\/a>\n\t<\/div>\n\n\t<div class=\"anwp-pg-post-teaser__content flex-grow-1 pt-1 d-flex flex-column\">\n\n\t\t<div class=\"anwp-pg-post-teaser__title anwp-font-heading mt-2\">\n\t\t\t<a class=\"anwp-link-without-effects\" href=\"https:\/\/www.ims-chips.de\/?p=461\" aria-hidden=\"true\" >\n\t\t\t\tIEEE 2020\t\t\t<\/a>\n\t\t<\/div>\n\n\t\t<div class=\"anwp-pg-post-teaser__bottom-meta d-flex flex-wrap\">\n\n\t\t\t\t\t\t\t<div class=\"anwp-pg-post-teaser__bottom-meta-item d-flex align-items-center mr-3\">\n\t\t\t\t\t<svg class=\"anwp-pg-icon anwp-pg-icon--s16 mr-1\">\n\t\t\t\t\t\t<use xlink:href=\"#icon-anwp-pg-calendar\"><\/use>\n\t\t\t\t\t<\/svg>\n\t\t\t\t\t<span class=\"posted-on m-0\"><span class=\"screen-reader-text\">Posted on<\/span><time class=\"anwp-pg-published\" datetime=\"2020-05-17T15:11:00+02:00\">17. Mai 2020<\/time><time class=\"anwp-pg-updated\" datetime=\"2020-10-12T11:55:53+02:00\">12. Oktober 2020<\/time><\/span>\n\t\t\t\t<\/div>\n\t\t\t\t\n\t\t\t\t\t<\/div>\n\n\t\t\t\t\t<div class=\"anwp-pg-post-teaser__excerpt mb-2\">\n\t\t\t\tIEEE 2020 IEEE International Conference on Flexible and Printable Sensors and Systems 2020, Manchester, UK Das IMS ist mit einem Vortrag bei der IEEE International Conference on Flexible and Printable ...\t\t\t<\/div>\n\t\t\n\t\t\t\t\t<div class=\"w-100 anwp-pg-read-more mt-auto\">\n\t\t\t\t<a href=\"https:\/\/www.ims-chips.de\/?p=461\" \t\t\t\t\tclass=\"anwp-pg-read-more__btn mt-3 mb-0 &lt;button type=&quot;button&quot; class=&quot;btn btn-link&quot; &gt;Link&lt;\/button&gt;\">\n\t\t\t\t\tweiterlesen &gt;&gt;\t\t\t\t<\/a>\n\t\t\t<\/div>\n\t\t\n\t<\/div>\n\n<\/div>\n<div class=\"anwp-pg-post-teaser anwp-pg-post-teaser--inner-cover-link anwp-pg-post-teaser--layout-d d-flex flex-column anwp-col-lg-3 anwp-col-sm-6 anwp-col-12 anwp-pg-post-teaser--with-read-more \">\n\t<div class=\"anwp-pg-post-teaser__thumbnail position-relative\">\n\n\t\t\n\t\t\n\t\t\t\t\t<img loading=\"lazy\" class=\"anwp-pg-post-teaser__thumbnail-img d-block anwp-pg-height-170 anwp-object-cover m-0 w-100\"\n\t\t\t\talt=\"Sensorik der Zukunft\"\n\t\t\t\tsrc=\"https:\/\/www.ims-chips.de\/wp-content\/uploads\/2020\/05\/News_Bild_Sensorik_der_Zukunft_20.jpg\"\/>\n\t\t\n\t\t<div class=\"anwp-pg-post-teaser__thumbnail-bg anwp-position-cover\"><\/div>\n\n\t\t<a class=\"anwp-position-cover anwp-link-without-effects\" href=\"https:\/\/www.ims-chips.de\/?p=1546\" aria-hidden=\"true\" ><\/a>\n\t<\/div>\n\n\t<div class=\"anwp-pg-post-teaser__content flex-grow-1 pt-1 d-flex flex-column\">\n\n\t\t<div class=\"anwp-pg-post-teaser__title anwp-font-heading mt-2\">\n\t\t\t<a class=\"anwp-link-without-effects\" href=\"https:\/\/www.ims-chips.de\/?p=1546\" aria-hidden=\"true\" >\n\t\t\t\tSensorik der Zukunft\t\t\t<\/a>\n\t\t<\/div>\n\n\t\t<div class=\"anwp-pg-post-teaser__bottom-meta d-flex flex-wrap\">\n\n\t\t\t\t\t\t\t<div class=\"anwp-pg-post-teaser__bottom-meta-item d-flex align-items-center mr-3\">\n\t\t\t\t\t<svg class=\"anwp-pg-icon anwp-pg-icon--s16 mr-1\">\n\t\t\t\t\t\t<use xlink:href=\"#icon-anwp-pg-calendar\"><\/use>\n\t\t\t\t\t<\/svg>\n\t\t\t\t\t<span class=\"posted-on m-0\"><span class=\"screen-reader-text\">Posted on<\/span><time class=\"anwp-pg-published\" datetime=\"2020-05-16T14:28:12+02:00\">16. Mai 2020<\/time><time class=\"anwp-pg-updated\" datetime=\"2020-10-12T12:04:05+02:00\">12. Oktober 2020<\/time><\/span>\n\t\t\t\t<\/div>\n\t\t\t\t\n\t\t\t\t\t<\/div>\n\n\t\t\t\t\t<div class=\"anwp-pg-post-teaser__excerpt mb-2\">\n\t\t\t\tSensorik der Zukunft Die Cluster-Initiativen Cluster Elektromobilit\u00e4t S\u00fcd-West l\u00e4d zu der gemeinsamen Veranstaltung \u201eSensorik der Zukunft \u2013 Hardware-\/Softwareinnovationen und K\u00fcnstliche Intelligenz\u201c am 29. Juni 2020 von 13:00 Uhr bis 16:00 ...\t\t\t<\/div>\n\t\t\n\t\t\t\t\t<div class=\"w-100 anwp-pg-read-more mt-auto\">\n\t\t\t\t<a href=\"https:\/\/www.ims-chips.de\/?p=1546\" \t\t\t\t\tclass=\"anwp-pg-read-more__btn mt-3 mb-0 &lt;button type=&quot;button&quot; class=&quot;btn btn-link&quot; &gt;Link&lt;\/button&gt;\">\n\t\t\t\t\tweiterlesen &gt;&gt;\t\t\t\t<\/a>\n\t\t\t<\/div>\n\t\t\n\t<\/div>\n\n<\/div>\n<div class=\"anwp-pg-post-teaser anwp-pg-post-teaser--inner-cover-link anwp-pg-post-teaser--layout-d d-flex flex-column anwp-col-lg-3 anwp-col-sm-6 anwp-col-12 anwp-pg-post-teaser--with-read-more \">\n\t<div class=\"anwp-pg-post-teaser__thumbnail position-relative\">\n\n\t\t\n\t\t\n\t\t\t\t\t<img loading=\"lazy\" class=\"anwp-pg-post-teaser__thumbnail-img d-block anwp-pg-height-170 anwp-object-cover m-0 w-100\"\n\t\t\t\talt=\"IMS Newsletter\"\n\t\t\t\tsrc=\"https:\/\/www.ims-chips.de\/wp-content\/uploads\/2020\/05\/News_Bild_Newsletter_1_20.jpg\"\/>\n\t\t\n\t\t<div class=\"anwp-pg-post-teaser__thumbnail-bg anwp-position-cover\"><\/div>\n\n\t\t<a class=\"anwp-position-cover anwp-link-without-effects\" href=\"https:\/\/www.ims-chips.de\/?p=583\" aria-hidden=\"true\" ><\/a>\n\t<\/div>\n\n\t<div class=\"anwp-pg-post-teaser__content flex-grow-1 pt-1 d-flex flex-column\">\n\n\t\t<div class=\"anwp-pg-post-teaser__title anwp-font-heading mt-2\">\n\t\t\t<a class=\"anwp-link-without-effects\" href=\"https:\/\/www.ims-chips.de\/?p=583\" aria-hidden=\"true\" >\n\t\t\t\tIMS Newsletter\t\t\t<\/a>\n\t\t<\/div>\n\n\t\t<div class=\"anwp-pg-post-teaser__bottom-meta d-flex flex-wrap\">\n\n\t\t\t\t\t\t\t<div class=\"anwp-pg-post-teaser__bottom-meta-item d-flex align-items-center mr-3\">\n\t\t\t\t\t<svg class=\"anwp-pg-icon anwp-pg-icon--s16 mr-1\">\n\t\t\t\t\t\t<use xlink:href=\"#icon-anwp-pg-calendar\"><\/use>\n\t\t\t\t\t<\/svg>\n\t\t\t\t\t<span class=\"posted-on m-0\"><span class=\"screen-reader-text\">Posted on<\/span><time class=\"anwp-pg-published\" datetime=\"2020-05-15T13:25:53+02:00\">15. Mai 2020<\/time><time class=\"anwp-pg-updated\" datetime=\"2021-03-01T11:25:31+01:00\">1. M\u00e4rz 2021<\/time><\/span>\n\t\t\t\t<\/div>\n\t\t\t\t\n\t\t\t\t\t<\/div>\n\n\t\t\t\t\t<div class=\"anwp-pg-post-teaser__excerpt mb-2\">\n\t\t\t\tIMS Newsletter 1\/2020 Mit dem Newsletter 1\/2020 m\u00f6chten wir Sie \u00fcber aktuelle Aktivit\u00e4ten am Institut f\u00fcr Mikroelektronik Stuttgart informieren.\u00a0 Die Themen in der aktuellen Ausgabe sind: FLEXMAX \u2013 Flexible aktive ...\t\t\t<\/div>\n\t\t\n\t\t\t\t\t<div class=\"w-100 anwp-pg-read-more mt-auto\">\n\t\t\t\t<a href=\"https:\/\/www.ims-chips.de\/?p=583\" \t\t\t\t\tclass=\"anwp-pg-read-more__btn mt-3 mb-0 &lt;button type=&quot;button&quot; class=&quot;btn btn-link&quot; &gt;Link&lt;\/button&gt;\">\n\t\t\t\t\tweiterlesen &gt;&gt;\t\t\t\t<\/a>\n\t\t\t<\/div>\n\t\t\n\t<\/div>\n\n<\/div>\n<div class=\"anwp-pg-post-teaser anwp-pg-post-teaser--inner-cover-link anwp-pg-post-teaser--layout-d d-flex flex-column anwp-col-lg-3 anwp-col-sm-6 anwp-col-12 anwp-pg-post-teaser--with-read-more \">\n\t<div class=\"anwp-pg-post-teaser__thumbnail position-relative\">\n\n\t\t\n\t\t\n\t\t\t\t\t<img loading=\"lazy\" class=\"anwp-pg-post-teaser__thumbnail-img d-block anwp-pg-height-170 anwp-object-cover m-0 w-100\"\n\t\t\t\talt=\"QSens\"\n\t\t\t\tsrc=\"https:\/\/www.ims-chips.de\/wp-content\/uploads\/2020\/03\/News_Bild_QSens_20.jpg\"\/>\n\t\t\n\t\t<div class=\"anwp-pg-post-teaser__thumbnail-bg anwp-position-cover\"><\/div>\n\n\t\t<a class=\"anwp-position-cover anwp-link-without-effects\" href=\"https:\/\/www.ims-chips.de\/?p=1451\" aria-hidden=\"true\" ><\/a>\n\t<\/div>\n\n\t<div class=\"anwp-pg-post-teaser__content flex-grow-1 pt-1 d-flex flex-column\">\n\n\t\t<div class=\"anwp-pg-post-teaser__title anwp-font-heading mt-2\">\n\t\t\t<a class=\"anwp-link-without-effects\" href=\"https:\/\/www.ims-chips.de\/?p=1451\" aria-hidden=\"true\" >\n\t\t\t\tQSens\t\t\t<\/a>\n\t\t<\/div>\n\n\t\t<div class=\"anwp-pg-post-teaser__bottom-meta d-flex flex-wrap\">\n\n\t\t\t\t\t\t\t<div class=\"anwp-pg-post-teaser__bottom-meta-item d-flex align-items-center mr-3\">\n\t\t\t\t\t<svg class=\"anwp-pg-icon anwp-pg-icon--s16 mr-1\">\n\t\t\t\t\t\t<use xlink:href=\"#icon-anwp-pg-calendar\"><\/use>\n\t\t\t\t\t<\/svg>\n\t\t\t\t\t<span class=\"posted-on m-0\"><span class=\"screen-reader-text\">Posted on<\/span><time class=\"anwp-pg-published\" datetime=\"2020-03-16T11:55:23+01:00\">16. M\u00e4rz 2020<\/time><time class=\"anwp-pg-updated\" datetime=\"2020-10-12T11:58:25+02:00\">12. Oktober 2020<\/time><\/span>\n\t\t\t\t<\/div>\n\t\t\t\t\n\t\t\t\t\t<\/div>\n\n\t\t\t\t\t<div class=\"anwp-pg-post-teaser__excerpt mb-2\">\n\t\t\t\tZukunftscluster \u201eQSens\u201c &#8211; Quantensensoren f\u00fcr die Zukunft Zukunftscluster \u201eQSens\u201c der Universit\u00e4ten Stuttgart und Ulm im Finale des BMBF-Wettbewerbs Clusters4Future \u201eClusters4future\u201c ist ein neuer Wettbewerb im Rahmen der Hightech-Strategie 2025 der ...\t\t\t<\/div>\n\t\t\n\t\t\t\t\t<div class=\"w-100 anwp-pg-read-more mt-auto\">\n\t\t\t\t<a href=\"https:\/\/www.ims-chips.de\/?p=1451\" \t\t\t\t\tclass=\"anwp-pg-read-more__btn mt-3 mb-0 &lt;button type=&quot;button&quot; class=&quot;btn btn-link&quot; &gt;Link&lt;\/button&gt;\">\n\t\t\t\t\tweiterlesen &gt;&gt;\t\t\t\t<\/a>\n\t\t\t<\/div>\n\t\t\n\t<\/div>\n\n<\/div>\n<div class=\"anwp-pg-post-teaser anwp-pg-post-teaser--inner-cover-link anwp-pg-post-teaser--layout-d d-flex flex-column anwp-col-lg-3 anwp-col-sm-6 anwp-col-12 anwp-pg-post-teaser--with-read-more \">\n\t<div class=\"anwp-pg-post-teaser__thumbnail position-relative\">\n\n\t\t\n\t\t\n\t\t\t\t\t<img loading=\"lazy\" class=\"anwp-pg-post-teaser__thumbnail-img d-block anwp-pg-height-170 anwp-object-cover m-0 w-100\"\n\t\t\t\talt=\"NeMoH\"\n\t\t\t\tsrc=\"https:\/\/www.ims-chips.de\/wp-content\/uploads\/2020\/10\/Projekte_Bild_NeMoH_20.jpg\"\/>\n\t\t\n\t\t<div class=\"anwp-pg-post-teaser__thumbnail-bg anwp-position-cover\"><\/div>\n\n\t\t<a class=\"anwp-position-cover anwp-link-without-effects\" href=\"https:\/\/www.ims-chips.de\/?p=1439\" aria-hidden=\"true\" ><\/a>\n\t<\/div>\n\n\t<div class=\"anwp-pg-post-teaser__content flex-grow-1 pt-1 d-flex flex-column\">\n\n\t\t<div class=\"anwp-pg-post-teaser__title anwp-font-heading mt-2\">\n\t\t\t<a class=\"anwp-link-without-effects\" href=\"https:\/\/www.ims-chips.de\/?p=1439\" aria-hidden=\"true\" >\n\t\t\t\tNeMoH\t\t\t<\/a>\n\t\t<\/div>\n\n\t\t<div class=\"anwp-pg-post-teaser__bottom-meta d-flex flex-wrap\">\n\n\t\t\t\t\t\t\t<div class=\"anwp-pg-post-teaser__bottom-meta-item d-flex align-items-center mr-3\">\n\t\t\t\t\t<svg class=\"anwp-pg-icon anwp-pg-icon--s16 mr-1\">\n\t\t\t\t\t\t<use xlink:href=\"#icon-anwp-pg-calendar\"><\/use>\n\t\t\t\t\t<\/svg>\n\t\t\t\t\t<span class=\"posted-on m-0\"><span class=\"screen-reader-text\">Posted on<\/span><time class=\"anwp-pg-published\" datetime=\"2020-02-18T10:55:27+01:00\">18. Februar 2020<\/time><time class=\"anwp-pg-updated\" datetime=\"2020-10-09T15:46:32+02:00\">9. Oktober 2020<\/time><\/span>\n\t\t\t\t<\/div>\n\t\t\t\t\n\t\t\t\t\t<\/div>\n\n\t\t\t\t\t<div class=\"anwp-pg-post-teaser__excerpt mb-2\">\n\t\t\t\tNeMoH Hardware-KI: Use-Cases und Anforderungen aus Sicht des Mittelstands Die Landesregierung Baden-W\u00fcrttemberg und das Ministerium f\u00fcr Wirtschaft, Arbeit und Wohnungsbau Baden-W\u00fcrttemberg f\u00f6rdern die Forschung im Bereich der K\u00fcnstlichen Intelligenz. Das ...\t\t\t<\/div>\n\t\t\n\t\t\t\t\t<div class=\"w-100 anwp-pg-read-more mt-auto\">\n\t\t\t\t<a href=\"https:\/\/www.ims-chips.de\/?p=1439\" \t\t\t\t\tclass=\"anwp-pg-read-more__btn mt-3 mb-0 &lt;button type=&quot;button&quot; class=&quot;btn btn-link&quot; &gt;Link&lt;\/button&gt;\">\n\t\t\t\t\tweiterlesen &gt;&gt;\t\t\t\t<\/a>\n\t\t\t<\/div>\n\t\t\n\t<\/div>\n\n<\/div>\n<div class=\"anwp-pg-post-teaser anwp-pg-post-teaser--inner-cover-link anwp-pg-post-teaser--layout-d d-flex flex-column anwp-col-lg-3 anwp-col-sm-6 anwp-col-12 anwp-pg-post-teaser--with-read-more \">\n\t<div class=\"anwp-pg-post-teaser__thumbnail position-relative\">\n\n\t\t\n\t\t\n\t\t\t\t\t<img loading=\"lazy\" class=\"anwp-pg-post-teaser__thumbnail-img d-block anwp-pg-height-170 anwp-object-cover m-0 w-100\"\n\t\t\t\talt=\"INOSENS\"\n\t\t\t\tsrc=\"https:\/\/www.ims-chips.de\/wp-content\/uploads\/2020\/09\/Projekte_Bild_INOSENS_20.jpg\"\/>\n\t\t\n\t\t<div class=\"anwp-pg-post-teaser__thumbnail-bg anwp-position-cover\"><\/div>\n\n\t\t<a class=\"anwp-position-cover anwp-link-without-effects\" href=\"https:\/\/www.ims-chips.de\/?p=12\" aria-hidden=\"true\" ><\/a>\n\t<\/div>\n\n\t<div class=\"anwp-pg-post-teaser__content flex-grow-1 pt-1 d-flex flex-column\">\n\n\t\t<div class=\"anwp-pg-post-teaser__title anwp-font-heading mt-2\">\n\t\t\t<a class=\"anwp-link-without-effects\" href=\"https:\/\/www.ims-chips.de\/?p=12\" aria-hidden=\"true\" >\n\t\t\t\tINOSENS\t\t\t<\/a>\n\t\t<\/div>\n\n\t\t<div class=\"anwp-pg-post-teaser__bottom-meta d-flex flex-wrap\">\n\n\t\t\t\t\t\t\t<div class=\"anwp-pg-post-teaser__bottom-meta-item d-flex align-items-center mr-3\">\n\t\t\t\t\t<svg class=\"anwp-pg-icon anwp-pg-icon--s16 mr-1\">\n\t\t\t\t\t\t<use xlink:href=\"#icon-anwp-pg-calendar\"><\/use>\n\t\t\t\t\t<\/svg>\n\t\t\t\t\t<span class=\"posted-on m-0\"><span class=\"screen-reader-text\">Posted on<\/span><time class=\"anwp-pg-published\" datetime=\"2020-01-23T14:51:40+01:00\">23. Januar 2020<\/time><time class=\"anwp-pg-updated\" datetime=\"2020-10-09T15:46:37+02:00\">9. Oktober 2020<\/time><\/span>\n\t\t\t\t<\/div>\n\t\t\t\t\n\t\t\t\t\t<\/div>\n\n\t\t\t\t\t<div class=\"anwp-pg-post-teaser__excerpt mb-2\">\n\t\t\t\tINOSENS INOSENS &#8211; Untersuchungen zu einem innovativen optischen Drehwinkelsensor Miniaturisierte Drehgeberwinkelsensoren sind auf dem Vormarsch. So sind bereits heute Drehwinkelsensoren mit sehr hoher Aufl\u00f6sung kommerziell verf\u00fcgbar. Ziel ist es die ...\t\t\t<\/div>\n\t\t\n\t\t\t\t\t<div class=\"w-100 anwp-pg-read-more mt-auto\">\n\t\t\t\t<a href=\"https:\/\/www.ims-chips.de\/?p=12\" \t\t\t\t\tclass=\"anwp-pg-read-more__btn mt-3 mb-0 &lt;button type=&quot;button&quot; class=&quot;btn btn-link&quot; &gt;Link&lt;\/button&gt;\">\n\t\t\t\t\tweiterlesen &gt;&gt;\t\t\t\t<\/a>\n\t\t\t<\/div>\n\t\t\n\t<\/div>\n\n<\/div>\n\t<\/div>\n\t\n\t<\/div>\n\t\t\t\t<\/div>\n\t\t\t\t<\/div>\n\t\t\t\t\t<\/div>\n\t\t<\/div>\n\t\t\t\t\t<\/div>\n\t\t<\/section>\n\t\t\t\t<section class=\"elementor-section elementor-top-section elementor-element elementor-element-3412442 elementor-section-boxed elementor-section-height-default elementor-section-height-default exad-glass-effect-no exad-sticky-section-no\" data-id=\"3412442\" data-element_type=\"section\" data-e-type=\"section\">\n\t\t\t\t\t\t<div class=\"elementor-container elementor-column-gap-default\">\n\t\t\t\t\t<div class=\"elementor-column elementor-col-100 elementor-top-column elementor-element elementor-element-cb27b70 exad-glass-effect-no exad-sticky-section-no\" data-id=\"cb27b70\" data-element_type=\"column\" data-e-type=\"column\">\n\t\t\t<div class=\"elementor-widget-wrap elementor-element-populated\">\n\t\t\t\t\t\t<div class=\"elementor-element elementor-element-d322dc5 exad-sticky-section-no exad-glass-effect-no elementor-widget elementor-widget-spacer\" data-id=\"d322dc5\" data-element_type=\"widget\" data-e-type=\"widget\" data-widget_type=\"spacer.default\">\n\t\t\t\t<div class=\"elementor-widget-container\">\n\t\t\t\t\t\t\t<div class=\"elementor-spacer\">\n\t\t\t<div class=\"elementor-spacer-inner\"><\/div>\n\t\t<\/div>\n\t\t\t\t\t\t<\/div>\n\t\t\t\t<\/div>\n\t\t\t\t\t<\/div>\n\t\t<\/div>\n\t\t\t\t\t<\/div>\n\t\t<\/section>\n\t\t\t\t<\/div>\n\t\t","protected":false},"excerpt":{"rendered":"<p>News-Archiv Newsletter abonnieren microTEC S\u00fcdwest Clusterkonferenz 2023 Posted on12. April 20239. Oktober 2023 Das IMS ist mit 2 Vortr\u00e4gen auf der Clusterkonferenz 2023 vertreten. weiterlesen &gt;&gt; Hannover Messe 2023 Posted on29. M\u00e4rz 20234. Oktober 2023 17.-21.04.2023. Das IMS ist auf dem Gemeinschaftsstand von Baden-W\u00fcrttemberg International vertreten. weiterlesen &gt;&gt; Projekt HyPerStripes [&hellip;]<\/p>\n","protected":false},"author":1,"featured_media":0,"parent":0,"menu_order":0,"comment_status":"closed","ping_status":"closed","template":"page-templates\/template-pagebuilder-full-width.php","meta":{"footnotes":""},"class_list":["post-7968","page","type-page","status-publish","hentry"],"yoast_head":"<!-- This site is optimized with the Yoast SEO plugin v27.4 - https:\/\/yoast.com\/product\/yoast-seo-wordpress\/ -->\n<title>News Archiv - Institut f\u00fcr Mikroelektronik Stuttgart<\/title>\n<meta name=\"description\" content=\"European Technology Platform on Smart Systems Integration, International Image Sensor Workshop (IISW), ID2PPAC \u2013 Integration von Prozessen und Modulen f\u00fcr den 2-nm-Knoten\" \/>\n<meta name=\"robots\" content=\"index, follow, max-snippet:-1, max-image-preview:large, max-video-preview:-1\" \/>\n<link rel=\"canonical\" href=\"https:\/\/www.ims-chips.de\/?page_id=7968\" \/>\n<meta property=\"og:locale\" content=\"de_DE\" \/>\n<meta property=\"og:type\" content=\"article\" \/>\n<meta property=\"og:title\" content=\"News Archiv - Institut f\u00fcr Mikroelektronik Stuttgart\" \/>\n<meta property=\"og:description\" content=\"European Technology Platform on Smart Systems Integration, International Image Sensor Workshop (IISW), ID2PPAC \u2013 Integration von Prozessen und Modulen f\u00fcr den 2-nm-Knoten\" \/>\n<meta property=\"og:url\" content=\"https:\/\/www.ims-chips.de\/?page_id=7968\" \/>\n<meta property=\"og:site_name\" content=\"Institut f\u00fcr Mikroelektronik Stuttgart\" \/>\n<meta property=\"article:modified_time\" content=\"2023-10-13T09:49:03+00:00\" \/>\n<meta property=\"og:image\" content=\"https:\/\/www.ims-chips.de\/wp-content\/uploads\/2023\/04\/News_Bild_Clusterkonferenz_23.jpg\" \/>\n<meta name=\"twitter:card\" content=\"summary_large_image\" \/>\n<meta name=\"twitter:label1\" content=\"Gesch\u00e4tzte Lesezeit\" \/>\n\t<meta name=\"twitter:data1\" content=\"4\u00a0Minuten\" \/>\n<script type=\"application\/ld+json\" class=\"yoast-schema-graph\">{\"@context\":\"https:\\\/\\\/schema.org\",\"@graph\":[{\"@type\":\"WebPage\",\"@id\":\"https:\\\/\\\/www.ims-chips.de\\\/?page_id=7968\",\"url\":\"https:\\\/\\\/www.ims-chips.de\\\/?page_id=7968\",\"name\":\"News Archiv - Institut f\u00fcr Mikroelektronik Stuttgart\",\"isPartOf\":{\"@id\":\"https:\\\/\\\/www.ims-chips.de\\\/#website\"},\"primaryImageOfPage\":{\"@id\":\"https:\\\/\\\/www.ims-chips.de\\\/?page_id=7968#primaryimage\"},\"image\":{\"@id\":\"https:\\\/\\\/www.ims-chips.de\\\/?page_id=7968#primaryimage\"},\"thumbnailUrl\":\"https:\\\/\\\/www.ims-chips.de\\\/wp-content\\\/uploads\\\/2023\\\/04\\\/News_Bild_Clusterkonferenz_23.jpg\",\"datePublished\":\"2021-04-08T09:54:08+00:00\",\"dateModified\":\"2023-10-13T09:49:03+00:00\",\"description\":\"European Technology Platform on Smart Systems Integration, International Image Sensor Workshop (IISW), ID2PPAC \u2013 Integration von Prozessen und Modulen f\u00fcr den 2-nm-Knoten\",\"breadcrumb\":{\"@id\":\"https:\\\/\\\/www.ims-chips.de\\\/?page_id=7968#breadcrumb\"},\"inLanguage\":\"de\",\"potentialAction\":[{\"@type\":\"ReadAction\",\"target\":[\"https:\\\/\\\/www.ims-chips.de\\\/?page_id=7968\"]}]},{\"@type\":\"ImageObject\",\"inLanguage\":\"de\",\"@id\":\"https:\\\/\\\/www.ims-chips.de\\\/?page_id=7968#primaryimage\",\"url\":\"https:\\\/\\\/www.ims-chips.de\\\/wp-content\\\/uploads\\\/2023\\\/04\\\/News_Bild_Clusterkonferenz_23.jpg\",\"contentUrl\":\"https:\\\/\\\/www.ims-chips.de\\\/wp-content\\\/uploads\\\/2023\\\/04\\\/News_Bild_Clusterkonferenz_23.jpg\",\"width\":344,\"height\":211,\"caption\":\"microTEC S\u00fcdwest Clusterkonferenz 2023\"},{\"@type\":\"BreadcrumbList\",\"@id\":\"https:\\\/\\\/www.ims-chips.de\\\/?page_id=7968#breadcrumb\",\"itemListElement\":[{\"@type\":\"ListItem\",\"position\":1,\"name\":\"Startseite\",\"item\":\"https:\\\/\\\/www.ims-chips.de\\\/\"},{\"@type\":\"ListItem\",\"position\":2,\"name\":\"News Archiv\"}]},{\"@type\":\"WebSite\",\"@id\":\"https:\\\/\\\/www.ims-chips.de\\\/#website\",\"url\":\"https:\\\/\\\/www.ims-chips.de\\\/\",\"name\":\"Institut f\u00fcr Mikroelektronik Stuttgart\",\"description\":\"\",\"publisher\":{\"@id\":\"https:\\\/\\\/www.ims-chips.de\\\/#organization\"},\"potentialAction\":[{\"@type\":\"SearchAction\",\"target\":{\"@type\":\"EntryPoint\",\"urlTemplate\":\"https:\\\/\\\/www.ims-chips.de\\\/?s={search_term_string}\"},\"query-input\":{\"@type\":\"PropertyValueSpecification\",\"valueRequired\":true,\"valueName\":\"search_term_string\"}}],\"inLanguage\":\"de\"},{\"@type\":\"Organization\",\"@id\":\"https:\\\/\\\/www.ims-chips.de\\\/#organization\",\"name\":\"Institut f\u00fcr Mikroelektronik Stuttgart\",\"alternateName\":\"IMS CHIPS\",\"url\":\"https:\\\/\\\/www.ims-chips.de\\\/\",\"logo\":{\"@type\":\"ImageObject\",\"inLanguage\":\"de\",\"@id\":\"https:\\\/\\\/www.ims-chips.de\\\/#\\\/schema\\\/logo\\\/image\\\/\",\"url\":\"https:\\\/\\\/www.ims-chips.de\\\/wp-content\\\/uploads\\\/2020\\\/09\\\/logo_ims.png\",\"contentUrl\":\"https:\\\/\\\/www.ims-chips.de\\\/wp-content\\\/uploads\\\/2020\\\/09\\\/logo_ims.png\",\"width\":262,\"height\":65,\"caption\":\"Institut f\u00fcr Mikroelektronik Stuttgart\"},\"image\":{\"@id\":\"https:\\\/\\\/www.ims-chips.de\\\/#\\\/schema\\\/logo\\\/image\\\/\"}}]}<\/script>\n<!-- \/ Yoast SEO plugin. -->","yoast_head_json":{"title":"News Archiv - Institut f\u00fcr Mikroelektronik Stuttgart","description":"European Technology Platform on Smart Systems Integration, International Image Sensor Workshop (IISW), ID2PPAC \u2013 Integration von Prozessen und Modulen f\u00fcr den 2-nm-Knoten","robots":{"index":"index","follow":"follow","max-snippet":"max-snippet:-1","max-image-preview":"max-image-preview:large","max-video-preview":"max-video-preview:-1"},"canonical":"https:\/\/www.ims-chips.de\/?page_id=7968","og_locale":"de_DE","og_type":"article","og_title":"News Archiv - Institut f\u00fcr Mikroelektronik Stuttgart","og_description":"European Technology Platform on Smart Systems Integration, International Image Sensor Workshop (IISW), ID2PPAC \u2013 Integration von Prozessen und Modulen f\u00fcr den 2-nm-Knoten","og_url":"https:\/\/www.ims-chips.de\/?page_id=7968","og_site_name":"Institut f\u00fcr Mikroelektronik Stuttgart","article_modified_time":"2023-10-13T09:49:03+00:00","og_image":[{"url":"https:\/\/www.ims-chips.de\/wp-content\/uploads\/2023\/04\/News_Bild_Clusterkonferenz_23.jpg","type":"","width":"","height":""}],"twitter_card":"summary_large_image","twitter_misc":{"Gesch\u00e4tzte Lesezeit":"4\u00a0Minuten"},"schema":{"@context":"https:\/\/schema.org","@graph":[{"@type":"WebPage","@id":"https:\/\/www.ims-chips.de\/?page_id=7968","url":"https:\/\/www.ims-chips.de\/?page_id=7968","name":"News Archiv - Institut f\u00fcr Mikroelektronik Stuttgart","isPartOf":{"@id":"https:\/\/www.ims-chips.de\/#website"},"primaryImageOfPage":{"@id":"https:\/\/www.ims-chips.de\/?page_id=7968#primaryimage"},"image":{"@id":"https:\/\/www.ims-chips.de\/?page_id=7968#primaryimage"},"thumbnailUrl":"https:\/\/www.ims-chips.de\/wp-content\/uploads\/2023\/04\/News_Bild_Clusterkonferenz_23.jpg","datePublished":"2021-04-08T09:54:08+00:00","dateModified":"2023-10-13T09:49:03+00:00","description":"European Technology Platform on Smart Systems Integration, International Image Sensor Workshop (IISW), ID2PPAC \u2013 Integration von Prozessen und Modulen f\u00fcr den 2-nm-Knoten","breadcrumb":{"@id":"https:\/\/www.ims-chips.de\/?page_id=7968#breadcrumb"},"inLanguage":"de","potentialAction":[{"@type":"ReadAction","target":["https:\/\/www.ims-chips.de\/?page_id=7968"]}]},{"@type":"ImageObject","inLanguage":"de","@id":"https:\/\/www.ims-chips.de\/?page_id=7968#primaryimage","url":"https:\/\/www.ims-chips.de\/wp-content\/uploads\/2023\/04\/News_Bild_Clusterkonferenz_23.jpg","contentUrl":"https:\/\/www.ims-chips.de\/wp-content\/uploads\/2023\/04\/News_Bild_Clusterkonferenz_23.jpg","width":344,"height":211,"caption":"microTEC S\u00fcdwest Clusterkonferenz 2023"},{"@type":"BreadcrumbList","@id":"https:\/\/www.ims-chips.de\/?page_id=7968#breadcrumb","itemListElement":[{"@type":"ListItem","position":1,"name":"Startseite","item":"https:\/\/www.ims-chips.de\/"},{"@type":"ListItem","position":2,"name":"News Archiv"}]},{"@type":"WebSite","@id":"https:\/\/www.ims-chips.de\/#website","url":"https:\/\/www.ims-chips.de\/","name":"Institut f\u00fcr Mikroelektronik Stuttgart","description":"","publisher":{"@id":"https:\/\/www.ims-chips.de\/#organization"},"potentialAction":[{"@type":"SearchAction","target":{"@type":"EntryPoint","urlTemplate":"https:\/\/www.ims-chips.de\/?s={search_term_string}"},"query-input":{"@type":"PropertyValueSpecification","valueRequired":true,"valueName":"search_term_string"}}],"inLanguage":"de"},{"@type":"Organization","@id":"https:\/\/www.ims-chips.de\/#organization","name":"Institut f\u00fcr Mikroelektronik Stuttgart","alternateName":"IMS CHIPS","url":"https:\/\/www.ims-chips.de\/","logo":{"@type":"ImageObject","inLanguage":"de","@id":"https:\/\/www.ims-chips.de\/#\/schema\/logo\/image\/","url":"https:\/\/www.ims-chips.de\/wp-content\/uploads\/2020\/09\/logo_ims.png","contentUrl":"https:\/\/www.ims-chips.de\/wp-content\/uploads\/2020\/09\/logo_ims.png","width":262,"height":65,"caption":"Institut f\u00fcr Mikroelektronik Stuttgart"},"image":{"@id":"https:\/\/www.ims-chips.de\/#\/schema\/logo\/image\/"}}]}},"_links":{"self":[{"href":"https:\/\/www.ims-chips.de\/index.php?rest_route=\/wp\/v2\/pages\/7968","targetHints":{"allow":["GET"]}}],"collection":[{"href":"https:\/\/www.ims-chips.de\/index.php?rest_route=\/wp\/v2\/pages"}],"about":[{"href":"https:\/\/www.ims-chips.de\/index.php?rest_route=\/wp\/v2\/types\/page"}],"author":[{"embeddable":true,"href":"https:\/\/www.ims-chips.de\/index.php?rest_route=\/wp\/v2\/users\/1"}],"replies":[{"embeddable":true,"href":"https:\/\/www.ims-chips.de\/index.php?rest_route=%2Fwp%2Fv2%2Fcomments&post=7968"}],"version-history":[{"count":0,"href":"https:\/\/www.ims-chips.de\/index.php?rest_route=\/wp\/v2\/pages\/7968\/revisions"}],"wp:attachment":[{"href":"https:\/\/www.ims-chips.de\/index.php?rest_route=%2Fwp%2Fv2%2Fmedia&parent=7968"}],"curies":[{"name":"wp","href":"https:\/\/api.w.org\/{rel}","templated":true}]}}